{"id":1173,"date":"2018-05-15T21:20:20","date_gmt":"2018-05-15T19:20:20","guid":{"rendered":"https:\/\/akademia-zdrowia.pl\/kielce\/?page_id=1173"},"modified":"2023-08-28T13:08:13","modified_gmt":"2023-08-28T11:08:13","slug":"swietokrzyskie-dla-aktywnych","status":"publish","type":"page","link":"https:\/\/akademia-zdrowia.pl\/kielce\/oferta-szkoleniowa\/projekty-unijne\/swietokrzyskie-dla-aktywnych\/","title":{"rendered":"\u015awi\u0119tokrzyskie dla aktywnych"},"content":{"rendered":"\t\t<div data-elementor-type=\"wp-page\" data-elementor-id=\"1173\" class=\"elementor elementor-1173\" data-elementor-post-type=\"page\">\n\t\t\t\t\t\t<section class=\"elementor-section elementor-top-section elementor-element elementor-element-64297cf elementor-section-boxed elementor-section-height-default elementor-section-height-default\" data-id=\"64297cf\" data-element_type=\"section\" data-e-type=\"section\">\n\t\t\t\t\t\t<div class=\"elementor-container elementor-column-gap-default\">\n\t\t\t\t\t<div class=\"elementor-column elementor-col-66 elementor-top-column elementor-element elementor-element-0d29667\" data-id=\"0d29667\" data-element_type=\"column\" data-e-type=\"column\">\n\t\t\t<div class=\"elementor-widget-wrap elementor-element-populated\">\n\t\t\t\t\t\t<div class=\"elementor-element elementor-element-b30463b elementor-tabs-view-horizontal elementor-widget elementor-widget-tabs\" data-id=\"b30463b\" data-element_type=\"widget\" data-e-type=\"widget\" data-widget_type=\"tabs.default\">\n\t\t\t\t<div class=\"elementor-widget-container\">\n\t\t\t\t\t\t\t<div class=\"elementor-tabs\">\n\t\t\t<div class=\"elementor-tabs-wrapper\" role=\"tablist\" >\n\t\t\t\t\t\t\t\t\t<div id=\"elementor-tab-title-1871\" class=\"elementor-tab-title elementor-tab-desktop-title\" aria-selected=\"true\" data-tab=\"1\" role=\"tab\" tabindex=\"0\" aria-controls=\"elementor-tab-content-1871\" aria-expanded=\"false\">O PROJEKCIE<\/div>\n\t\t\t\t\t\t\t\t\t<div id=\"elementor-tab-title-1872\" class=\"elementor-tab-title elementor-tab-desktop-title\" aria-selected=\"false\" data-tab=\"2\" role=\"tab\" tabindex=\"-1\" aria-controls=\"elementor-tab-content-1872\" aria-expanded=\"false\">ZAPYTANIA OFERTOWE\/ROZEZNANIE RYNKU<\/div>\n\t\t\t\t\t\t\t<\/div>\n\t\t\t<div class=\"elementor-tabs-content-wrapper\" role=\"tablist\" aria-orientation=\"vertical\">\n\t\t\t\t\t\t\t\t\t<div class=\"elementor-tab-title elementor-tab-mobile-title\" aria-selected=\"true\" data-tab=\"1\" role=\"tab\" tabindex=\"0\" aria-controls=\"elementor-tab-content-1871\" aria-expanded=\"false\">O PROJEKCIE<\/div>\n\t\t\t\t\t<div id=\"elementor-tab-content-1871\" class=\"elementor-tab-content elementor-clearfix\" data-tab=\"1\" role=\"tabpanel\" aria-labelledby=\"elementor-tab-title-1871\" tabindex=\"0\" hidden=\"false\"><div class=\"col-12\"><div class=\"header\"><h3>Pliki do pobrania:<\/h3><\/div><ul class=\"linki\"><li><a class=\"download\" href=\"\/kielce\/wp-content\/uploads\/2019\/06\/Regulamin-projektu-swietokrzyskie-dla-aktywnych.pdf\" download=\"\">Regulamin-projektu-\u015awi\u0119tokrzyskie-dla-aktywnych.pdf<\/a><\/li><li><a class=\"download\" href=\"\/kielce\/wp-content\/uploads\/2019\/06\/regulamin-rekrutacji-swietokrzyskie-dla-aktywnych.pdf\" download=\"\">regulamin-rekrutacji-\u015awi\u0119tokrzyskie-dla-aktywnych.pdf<\/a><\/li><\/ul><\/div><div class=\"col-12 opis\"><div class=\"header\"><h3>Opis:<\/h3><\/div><p><img decoding=\"async\" class=\"aligncenter wp-image-1349 size-full\" src=\"https:\/\/akademia-zdrowia.pl\/kielce\/wp-content\/uploads\/2019\/06\/486x60.png\" alt=\"\" width=\"486\" height=\"60\" srcset=\"https:\/\/akademia-zdrowia.pl\/kielce\/wp-content\/uploads\/2019\/06\/486x60.png 486w, https:\/\/akademia-zdrowia.pl\/kielce\/wp-content\/uploads\/2019\/06\/486x60-300x37.png 300w\" sizes=\"(max-width: 486px) 100vw, 486px\" \/><\/p><p>\u00a0<\/p><p>Projekt\u00a0<strong>\u201c\u015awi\u0119tokrzyskie dla aktywnych\u201d\u00a0<\/strong>\u00a0jest wsp\u00f3\u0142finansowany ze \u015brodk\u00f3w\u00a0<strong>Europejskiego Funduszu Spo\u0142ecznego<\/strong>\u00a0w ramach Dzia\u0142ania RPSW.08.05.00 Rozw\u00f3j i wysoka jako\u015b\u0107 szkolnictwa zawodowego i kszta\u0142cenia ustawicznego\u00a0<strong>Regionalnego Programu Operacyjnego Wojew\u00f3dztwa \u015awi\u0119tokrzyskiego 2014-2020.<\/strong><\/p><p><strong>\u00a0<\/strong><\/p><p><strong>O projekcie:<\/strong><\/p><p>Projekt\u00a0 kierowany jest dla os\u00f3b niezale\u017cnie od ich sytuacji spo\u0142eczno- zawodowej, ( zar\u00f3wno dla os\u00f3b bez zatrudnienia, jak r\u00f3wnie\u017c pracuj\u0105cych). Preferowane b\u0119d\u0105 osoby nisko wykwalifikowane (osoby z max. gimnazjalnym wykszta\u0142ceniem) oraz osoby w wieku 50 lat i wi\u0119cej. Projekt ma na celu uzupe\u0142nienie, podwy\u017cszenie umiej\u0119tno\u015bci, kompetencji i kwalifikacji zawodowych.<\/p><p>\u00a0<\/p><p><strong>Do zada\u0144 realizowanych w projekcie nale\u017c\u0105:<\/strong><\/p><ul><li>indywidualne DORADZTWO ZAWODOWE po\u0142\u0105czone z przygotowaniem Indywidualnego Planu Dzia\u0142ania<\/li><li>wysokiej jako\u015bci kursy ? zako\u0144czone stosownymi za\u015bwiadczeniami\/ certyfikatami tj.<\/li><li>Kurs przygotowuj\u0105cy do egzaminu czeladniczego \u2013 fryzjer,<\/li><li>Kurs przygotowuj\u0105cy do egzaminu czeladniczego \u2013 kosmetyczka,<\/li><li>Kurs masa\u017c klasyczny i leczniczy,<\/li><li>Kurs florysta z elementami docoupage,<\/li><li>Kurs dietetyka,<\/li><li>Kurs sekretarka,<\/li><li>Kurs kadry i p\u0142ace,<\/li><li>Kurs opiekun os\u00f3b starszych,<\/li><li>Kurs rejestratorka medyczna.<\/li><\/ul><p>\u00a0<\/p><p><strong><u>Informacje i zapisy w biurze projektu:<\/u><\/strong><\/p><p>Akademia Zdrowia<\/p><p>Al. IX Wiek\u00f3w Kielc 8\/24<\/p><p>25-516 Kielce<\/p><p>Tel. 41\/368-00-66; 41\/360-00-66<\/p><p>e-mail:\u00a0<a href=\"mailto:kielce@akademia-zdrowia.pl\">kielce@akademia-zdrowia.pl<\/a><\/p><p>Biuro czynne od poniedzia\u0142ku do pi\u0105tku w godzinach od 8.00 do 16.00<\/p><\/div><\/div>\n\t\t\t\t\t\t\t\t\t<div class=\"elementor-tab-title elementor-tab-mobile-title\" aria-selected=\"false\" data-tab=\"2\" role=\"tab\" tabindex=\"-1\" aria-controls=\"elementor-tab-content-1872\" aria-expanded=\"false\">ZAPYTANIA OFERTOWE\/ROZEZNANIE RYNKU<\/div>\n\t\t\t\t\t<div id=\"elementor-tab-content-1872\" class=\"elementor-tab-content elementor-clearfix\" data-tab=\"2\" role=\"tabpanel\" aria-labelledby=\"elementor-tab-title-1872\" tabindex=\"0\" hidden=\"hidden\"><div class=\"header\"><h3>Pliki do pobrania:<\/h3><\/div><ul class=\"linki\"><li><a class=\"download\" href=\"\/kielce\/wp-content\/uploads\/2018\/09\/zapytanie-ofertowe-numer-1.pdf\" download=\"\">zapytanie-ofertowe-numer-1.pdf<\/a><\/li><li><a class=\"download\" href=\"\/kielce\/wp-content\/uploads\/2018\/09\/zapytanie-ofertowe-numer-2.pdf\" download=\"\">zapytanie-ofertowe-numer-2.pdf<\/a><\/li><li><a class=\"download\" href=\"\/kielce\/wp-content\/uploads\/2018\/09\/zapytanie-ofertowe-numer-3-1.pdf\" download=\"\">zapytanie-ofertowe-numer-3-1.pdf<\/a><\/li><li><a class=\"download\" href=\"\/kielce\/wp-content\/uploads\/2018\/09\/zapytanie-ofertowe-numer-4.pdf\" download=\"\">zapytanie-ofertowe-numer-4.pdf<\/a><\/li><li><a class=\"download\" href=\"\/kielce\/wp-content\/uploads\/2018\/09\/zapytanie-ofertowe-numer-5.pdf\" download=\"\">zapytanie-ofertowe-numer-5.pdf<\/a><\/li><li><a class=\"download\" href=\"\/kielce\/wp-content\/uploads\/2018\/09\/zapytanie-ofertowe-numer-6.pdf\" download=\"\">zapytanie-ofertowe-numer-6.pdf<\/a><\/li><li><a class=\"download\" href=\"\/kielce\/wp-content\/uploads\/2018\/09\/zapytanie-ofertowe-numer-7.pdf\" download=\"\">zapytanie-ofertowe-numer-7.pdf<\/a><\/li><li><a class=\"download\" href=\"\/kielce\/wp-content\/uploads\/2018\/09\/zapytanie-ofertowe-numer-8.pdf\" download=\"\">zapytanie-ofertowe-numer-8.pdf<\/a><\/li><li><a class=\"download\" href=\"\/kielce\/wp-content\/uploads\/2018\/09\/zapytanie-ofertowe-numer-9.pdf\" download=\"\">zapytanie-ofertowe-numer-9.pdf<\/a><\/li><li><a class=\"download\" href=\"\/kielce\/wp-content\/uploads\/2018\/09\/zapytanie-ofertowe-numer-10.pdf\" download=\"\">zapytanie-ofertowe-numer-10.pdf<\/a><\/li><li><a class=\"download\" href=\"\/kielce\/wp-content\/uploads\/2018\/09\/zapytanie-ofertowe-numer-11.pdf\" download=\"\">zapytanie-ofertowe-numer-11.pdf<\/a><\/li><li><a class=\"download\" href=\"\/kielce\/wp-content\/uploads\/2018\/09\/zapytanie-ofertowe-numer-12.pdf\" download=\"\">zapytanie-ofertowe-numer-12.pdf<\/a><\/li><li><a class=\"download\" href=\"\/kielce\/wp-content\/uploads\/2018\/09\/zapytanie-ofertowe-numer-13.pdf\" download=\"\">zapytanie-ofertowe-numer-13.pdf<\/a><\/li><li><a class=\"download\" href=\"\/kielce\/wp-content\/uploads\/2018\/05\/rozeznanie-rynku-nr-1-rejestratorka-medyczna.pdf\" download=\"\">rozeznanie-rynku-nr-1-rejestratorka-medyczna.pdf<\/a><\/li><li><a class=\"download\" href=\"\/kielce\/wp-content\/uploads\/2018\/05\/rozeznanie-rynku-nr-2-kadry-i-place.pdf\" download=\"\">rozeznanie-rynku-nr-2-kadry-i-p\u0142ace.pdf<\/a><\/li><li><a class=\"download\" href=\"\/kielce\/wp-content\/uploads\/2018\/10\/zapytanie-ofertowe-nr-18-doradztwo-zawodowe.pdf\" download=\"\">zapytanie-ofertowe-nr-18-doradztwo-zawodowe.pdf<\/a><\/li><li><a class=\"download\" href=\"\/kielce\/wp-content\/uploads\/2019\/06\/rozeznanie-rynku-nr-3-badania.pdf\" download=\"\">rozeznanie-rynku-nr-3-badania.pdf<\/a><\/li><li><a class=\"download\" href=\"\/kielce\/wp-content\/uploads\/2019\/06\/notatka-rozeznanie-rynku-nr-3-badania-lekarskie.pdf\" download=\"\">notatka-rozeznanie-rynku-nr-3-badania-lekarskie.pdf<\/a><\/li><\/ul><\/div>\n\t\t\t\t\t\t\t<\/div>\n\t\t<\/div>\n\t\t\t\t\t\t<\/div>\n\t\t\t\t<\/div>\n\t\t\t\t\t<\/div>\n\t\t<\/div>\n\t\t\t\t<div class=\"elementor-column elementor-col-33 elementor-top-column elementor-element elementor-element-514a93d\" data-id=\"514a93d\" data-element_type=\"column\" data-e-type=\"column\">\n\t\t\t<div class=\"elementor-widget-wrap elementor-element-populated\">\n\t\t\t\t\t\t<div class=\"elementor-element elementor-element-0682c1c elementor-widget elementor-widget-rs-image\" data-id=\"0682c1c\" data-element_type=\"widget\" data-e-type=\"widget\" data-widget_type=\"rs-image.default\">\n\t\t\t\t<div class=\"elementor-widget-container\">\n\t\t\t\t\t\n        <div class=\"rs-image \">\n                            <img decoding=\"async\" class=\"rs-multi-image \" src=\"https:\/\/akademia-zdrowia.pl\/kielce\/wp-content\/uploads\/2023\/08\/AZ-KIELCE-1.jpg\" alt=\"image\"\/>\n                    <\/div>\n\n              \n    \t\t\t\t<\/div>\n\t\t\t\t<\/div>\n\t\t\t\t<div class=\"elementor-element elementor-element-349714c elementor-widget elementor-widget-text-editor\" data-id=\"349714c\" data-element_type=\"widget\" data-e-type=\"widget\" data-widget_type=\"text-editor.default\">\n\t\t\t\t<div class=\"elementor-widget-container\">\n\t\t\t\t\t\t\t\t\t<div class=\"adres\"><p style=\"text-align: center;\">al. IX Wiek\u00f3w Kielc 8\/24<br \/>25-516 Kielce<\/p><p style=\"text-align: center;\"><img decoding=\"async\" style=\"color: var( --e-global-color-text ); font-family: var( --e-global-typography-text-font-family ), Sans-serif; font-weight: var( --e-global-typography-text-font-weight );\" src=\"https:\/\/www.akademia-zdrowia.pl\/lodz\/wp-content\/themes\/akademia-podstrona\/img\/phone-ico_red.png\" alt=\"marker\" \/><span style=\"color: var( --e-global-color-text ); font-family: var( --e-global-typography-text-font-family ), Sans-serif; font-weight: var( --e-global-typography-text-font-weight );\">\u00a0\u00a0<\/span><span style=\"color: var( --e-global-color-text ); font-family: var( --e-global-typography-text-font-family ), Sans-serif; font-weight: var( --e-global-typography-text-font-weight );\">tel.\u00a0<\/span><a style=\"font-family: var( --e-global-typography-text-font-family ), Sans-serif; font-weight: var( --e-global-typography-text-font-weight ); background-color: #ffffff;\" href=\"tel:41 3680066\">41 3680066<\/a><span style=\"color: var( --e-global-color-text ); font-family: var( --e-global-typography-text-font-family ), Sans-serif; font-weight: var( --e-global-typography-text-font-weight );\"><br \/><\/span><span style=\"color: var( --e-global-color-text ); font-family: var( --e-global-typography-text-font-family ), Sans-serif; font-weight: var( --e-global-typography-text-font-weight );\">tel.\/fax\u00a0<\/span><a style=\"font-family: var( --e-global-typography-text-font-family ), Sans-serif; font-weight: var( --e-global-typography-text-font-weight ); background-color: #ffffff;\" href=\"tel:41 3600066\">41 3600066<\/a><\/p><p>\u00a0 \u00a0 \u00a0 \u00a0 \u00a0 \u00a0 \u00a0 \u00a0 \u00a0 \u00a0 \u00a0 \u00a0 <img decoding=\"async\" class=\"wp-image-6175 alignnone\" src=\"https:\/\/akademia-zdrowia.pl\/kielce\/wp-content\/uploads\/2023\/08\/whatsapp-logo-png-2288.png\" alt=\"\" width=\"28\" height=\"28\" srcset=\"https:\/\/akademia-zdrowia.pl\/kielce\/wp-content\/uploads\/2023\/08\/whatsapp-logo-png-2288.png 256w, https:\/\/akademia-zdrowia.pl\/kielce\/wp-content\/uploads\/2023\/08\/whatsapp-logo-png-2288-150x150.png 150w, https:\/\/akademia-zdrowia.pl\/kielce\/wp-content\/uploads\/2023\/08\/whatsapp-logo-png-2288-120x120.png 120w, https:\/\/akademia-zdrowia.pl\/kielce\/wp-content\/uploads\/2023\/08\/whatsapp-logo-png-2288-220x220.png 220w\" sizes=\"(max-width: 28px) 100vw, 28px\" \/> tel. <a href=\"http:\/\/662-536-086\" data-wplink-url-error=\"true\">662-536-086<\/a><\/p><\/div><div class=\"dodatkowe\"><p style=\"text-align: center;\">Sekretariat czynny od poniedzia\u0142ku do pi\u0105tku w godzinach 9.00-16.00<\/p><p style=\"text-align: center;\"><span style=\"color: #000080; font-family: var( --e-global-typography-text-font-family ), Sans-serif;\"><b>Zarezerwuj miejsce ju\u017c dzi\u015b!<\/b><\/span><\/p><\/div>\t\t\t\t\t\t\t\t<\/div>\n\t\t\t\t<\/div>\n\t\t\t\t\t<\/div>\n\t\t<\/div>\n\t\t\t\t\t<\/div>\n\t\t<\/section>\n\t\t\t\t<\/div>\n\t\t","protected":false},"excerpt":{"rendered":"<p>O PROJEKCIE ZAPYTANIA OFERTOWE\/ROZEZNANIE RYNKU O PROJEKCIE Pliki do pobrania: Regulamin-projektu-\u015awi\u0119tokrzyskie-dla-aktywnych.pdf regulamin-rekrutacji-\u015awi\u0119tokrzyskie-dla-aktywnych.pdf Opis: \u00a0 Projekt\u00a0\u201c\u015awi\u0119tokrzyskie dla aktywnych\u201d\u00a0\u00a0jest wsp\u00f3\u0142finansowany ze \u015brodk\u00f3w\u00a0Europejskiego Funduszu Spo\u0142ecznego\u00a0w ramach Dzia\u0142ania RPSW.08.05.00 Rozw\u00f3j i wysoka jako\u015b\u0107 szkolnictwa zawodowego i kszta\u0142cenia ustawicznego\u00a0Regionalnego Programu Operacyjnego Wojew\u00f3dztwa \u015awi\u0119tokrzyskiego 2014-2020. \u00a0 O projekcie: Projekt\u00a0 kierowany jest dla os\u00f3b niezale\u017cnie od ich sytuacji spo\u0142eczno- zawodowej, ( zar\u00f3wno&#8230;<\/p>\n","protected":false},"author":1,"featured_media":0,"parent":55,"menu_order":0,"comment_status":"closed","ping_status":"closed","template":"","meta":{"footnotes":""},"class_list":["post-1173","page","type-page","status-publish","hentry"],"yoast_head":"<!-- This site is optimized with the Yoast SEO plugin v26.9 - https:\/\/yoast.com\/product\/yoast-seo-wordpress\/ -->\n<title>\u015awi\u0119tokrzyskie dla aktywnych - Akademia Zdrowia Kielce<\/title>\n<meta name=\"robots\" content=\"index, follow, max-snippet:-1, max-image-preview:large, max-video-preview:-1\" \/>\n<link rel=\"canonical\" href=\"https:\/\/akademia-zdrowia.pl\/kielce\/oferta-szkoleniowa\/projekty-unijne\/swietokrzyskie-dla-aktywnych\/\" \/>\n<meta property=\"og:locale\" content=\"pl_PL\" \/>\n<meta property=\"og:type\" content=\"article\" \/>\n<meta property=\"og:title\" content=\"\u015awi\u0119tokrzyskie dla aktywnych - Akademia Zdrowia Kielce\" \/>\n<meta property=\"og:description\" content=\"O PROJEKCIE ZAPYTANIA OFERTOWE\/ROZEZNANIE RYNKU O PROJEKCIE Pliki do pobrania: Regulamin-projektu-\u015awi\u0119tokrzyskie-dla-aktywnych.pdf regulamin-rekrutacji-\u015awi\u0119tokrzyskie-dla-aktywnych.pdf Opis: \u00a0 Projekt\u00a0\u201c\u015awi\u0119tokrzyskie dla aktywnych\u201d\u00a0\u00a0jest wsp\u00f3\u0142finansowany ze \u015brodk\u00f3w\u00a0Europejskiego Funduszu Spo\u0142ecznego\u00a0w ramach Dzia\u0142ania RPSW.08.05.00 Rozw\u00f3j i wysoka jako\u015b\u0107 szkolnictwa zawodowego i kszta\u0142cenia ustawicznego\u00a0Regionalnego Programu Operacyjnego Wojew\u00f3dztwa \u015awi\u0119tokrzyskiego 2014-2020. \u00a0 O projekcie: Projekt\u00a0 kierowany jest dla os\u00f3b niezale\u017cnie od ich sytuacji spo\u0142eczno- zawodowej, ( zar\u00f3wno...\" \/>\n<meta property=\"og:url\" content=\"https:\/\/akademia-zdrowia.pl\/kielce\/oferta-szkoleniowa\/projekty-unijne\/swietokrzyskie-dla-aktywnych\/\" \/>\n<meta property=\"og:site_name\" content=\"Akademia Zdrowia Kielce\" \/>\n<meta property=\"article:modified_time\" content=\"2023-08-28T11:08:13+00:00\" \/>\n<meta property=\"og:image\" content=\"https:\/\/akademia-zdrowia.pl\/kielce\/wp-content\/uploads\/2019\/06\/486x60.png\" \/>\n<meta name=\"twitter:card\" content=\"summary_large_image\" \/>\n<meta name=\"twitter:label1\" content=\"Szacowany czas czytania\" \/>\n\t<meta name=\"twitter:data1\" content=\"3 minuty\" \/>\n<script type=\"application\/ld+json\" class=\"yoast-schema-graph\">{\"@context\":\"https:\/\/schema.org\",\"@graph\":[{\"@type\":\"WebPage\",\"@id\":\"https:\/\/akademia-zdrowia.pl\/kielce\/oferta-szkoleniowa\/projekty-unijne\/swietokrzyskie-dla-aktywnych\/\",\"url\":\"https:\/\/akademia-zdrowia.pl\/kielce\/oferta-szkoleniowa\/projekty-unijne\/swietokrzyskie-dla-aktywnych\/\",\"name\":\"\u015awi\u0119tokrzyskie dla aktywnych - Akademia Zdrowia Kielce\",\"isPartOf\":{\"@id\":\"https:\/\/akademia-zdrowia.pl\/kielce\/#website\"},\"primaryImageOfPage\":{\"@id\":\"https:\/\/akademia-zdrowia.pl\/kielce\/oferta-szkoleniowa\/projekty-unijne\/swietokrzyskie-dla-aktywnych\/#primaryimage\"},\"image\":{\"@id\":\"https:\/\/akademia-zdrowia.pl\/kielce\/oferta-szkoleniowa\/projekty-unijne\/swietokrzyskie-dla-aktywnych\/#primaryimage\"},\"thumbnailUrl\":\"https:\/\/akademia-zdrowia.pl\/kielce\/wp-content\/uploads\/2019\/06\/486x60.png\",\"datePublished\":\"2018-05-15T19:20:20+00:00\",\"dateModified\":\"2023-08-28T11:08:13+00:00\",\"breadcrumb\":{\"@id\":\"https:\/\/akademia-zdrowia.pl\/kielce\/oferta-szkoleniowa\/projekty-unijne\/swietokrzyskie-dla-aktywnych\/#breadcrumb\"},\"inLanguage\":\"pl-PL\",\"potentialAction\":[{\"@type\":\"ReadAction\",\"target\":[\"https:\/\/akademia-zdrowia.pl\/kielce\/oferta-szkoleniowa\/projekty-unijne\/swietokrzyskie-dla-aktywnych\/\"]}]},{\"@type\":\"ImageObject\",\"inLanguage\":\"pl-PL\",\"@id\":\"https:\/\/akademia-zdrowia.pl\/kielce\/oferta-szkoleniowa\/projekty-unijne\/swietokrzyskie-dla-aktywnych\/#primaryimage\",\"url\":\"https:\/\/akademia-zdrowia.pl\/kielce\/wp-content\/uploads\/2019\/06\/486x60.png\",\"contentUrl\":\"https:\/\/akademia-zdrowia.pl\/kielce\/wp-content\/uploads\/2019\/06\/486x60.png\",\"width\":486,\"height\":60},{\"@type\":\"BreadcrumbList\",\"@id\":\"https:\/\/akademia-zdrowia.pl\/kielce\/oferta-szkoleniowa\/projekty-unijne\/swietokrzyskie-dla-aktywnych\/#breadcrumb\",\"itemListElement\":[{\"@type\":\"ListItem\",\"position\":1,\"name\":\"Strona g\u0142\u00f3wna\",\"item\":\"https:\/\/akademia-zdrowia.pl\/kielce\/\"},{\"@type\":\"ListItem\",\"position\":2,\"name\":\"Oferta szkoleniowa\",\"item\":\"https:\/\/akademia-zdrowia.pl\/kielce\/oferta-szkoleniowa\/\"},{\"@type\":\"ListItem\",\"position\":3,\"name\":\"Projekty unijne\",\"item\":\"https:\/\/akademia-zdrowia.pl\/kielce\/oferta-szkoleniowa\/projekty-unijne\/\"},{\"@type\":\"ListItem\",\"position\":4,\"name\":\"\u015awi\u0119tokrzyskie dla aktywnych\"}]},{\"@type\":\"WebSite\",\"@id\":\"https:\/\/akademia-zdrowia.pl\/kielce\/#website\",\"url\":\"https:\/\/akademia-zdrowia.pl\/kielce\/\",\"name\":\"Akademia Zdrowia Kielce\",\"description\":\"Kolejna witryna oparta na WordPressie\",\"potentialAction\":[{\"@type\":\"SearchAction\",\"target\":{\"@type\":\"EntryPoint\",\"urlTemplate\":\"https:\/\/akademia-zdrowia.pl\/kielce\/?s={search_term_string}\"},\"query-input\":{\"@type\":\"PropertyValueSpecification\",\"valueRequired\":true,\"valueName\":\"search_term_string\"}}],\"inLanguage\":\"pl-PL\"}]}<\/script>\n<!-- \/ Yoast SEO plugin. -->","yoast_head_json":{"title":"\u015awi\u0119tokrzyskie dla aktywnych - Akademia Zdrowia Kielce","robots":{"index":"index","follow":"follow","max-snippet":"max-snippet:-1","max-image-preview":"max-image-preview:large","max-video-preview":"max-video-preview:-1"},"canonical":"https:\/\/akademia-zdrowia.pl\/kielce\/oferta-szkoleniowa\/projekty-unijne\/swietokrzyskie-dla-aktywnych\/","og_locale":"pl_PL","og_type":"article","og_title":"\u015awi\u0119tokrzyskie dla aktywnych - Akademia Zdrowia Kielce","og_description":"O PROJEKCIE ZAPYTANIA OFERTOWE\/ROZEZNANIE RYNKU O PROJEKCIE Pliki do pobrania: Regulamin-projektu-\u015awi\u0119tokrzyskie-dla-aktywnych.pdf regulamin-rekrutacji-\u015awi\u0119tokrzyskie-dla-aktywnych.pdf Opis: \u00a0 Projekt\u00a0\u201c\u015awi\u0119tokrzyskie dla aktywnych\u201d\u00a0\u00a0jest wsp\u00f3\u0142finansowany ze \u015brodk\u00f3w\u00a0Europejskiego Funduszu Spo\u0142ecznego\u00a0w ramach Dzia\u0142ania RPSW.08.05.00 Rozw\u00f3j i wysoka jako\u015b\u0107 szkolnictwa zawodowego i kszta\u0142cenia ustawicznego\u00a0Regionalnego Programu Operacyjnego Wojew\u00f3dztwa \u015awi\u0119tokrzyskiego 2014-2020. \u00a0 O projekcie: Projekt\u00a0 kierowany jest dla os\u00f3b niezale\u017cnie od ich sytuacji spo\u0142eczno- zawodowej, ( zar\u00f3wno...","og_url":"https:\/\/akademia-zdrowia.pl\/kielce\/oferta-szkoleniowa\/projekty-unijne\/swietokrzyskie-dla-aktywnych\/","og_site_name":"Akademia Zdrowia Kielce","article_modified_time":"2023-08-28T11:08:13+00:00","og_image":[{"url":"https:\/\/akademia-zdrowia.pl\/kielce\/wp-content\/uploads\/2019\/06\/486x60.png","type":"","width":"","height":""}],"twitter_card":"summary_large_image","twitter_misc":{"Szacowany czas czytania":"3 minuty"},"schema":{"@context":"https:\/\/schema.org","@graph":[{"@type":"WebPage","@id":"https:\/\/akademia-zdrowia.pl\/kielce\/oferta-szkoleniowa\/projekty-unijne\/swietokrzyskie-dla-aktywnych\/","url":"https:\/\/akademia-zdrowia.pl\/kielce\/oferta-szkoleniowa\/projekty-unijne\/swietokrzyskie-dla-aktywnych\/","name":"\u015awi\u0119tokrzyskie dla aktywnych - Akademia Zdrowia Kielce","isPartOf":{"@id":"https:\/\/akademia-zdrowia.pl\/kielce\/#website"},"primaryImageOfPage":{"@id":"https:\/\/akademia-zdrowia.pl\/kielce\/oferta-szkoleniowa\/projekty-unijne\/swietokrzyskie-dla-aktywnych\/#primaryimage"},"image":{"@id":"https:\/\/akademia-zdrowia.pl\/kielce\/oferta-szkoleniowa\/projekty-unijne\/swietokrzyskie-dla-aktywnych\/#primaryimage"},"thumbnailUrl":"https:\/\/akademia-zdrowia.pl\/kielce\/wp-content\/uploads\/2019\/06\/486x60.png","datePublished":"2018-05-15T19:20:20+00:00","dateModified":"2023-08-28T11:08:13+00:00","breadcrumb":{"@id":"https:\/\/akademia-zdrowia.pl\/kielce\/oferta-szkoleniowa\/projekty-unijne\/swietokrzyskie-dla-aktywnych\/#breadcrumb"},"inLanguage":"pl-PL","potentialAction":[{"@type":"ReadAction","target":["https:\/\/akademia-zdrowia.pl\/kielce\/oferta-szkoleniowa\/projekty-unijne\/swietokrzyskie-dla-aktywnych\/"]}]},{"@type":"ImageObject","inLanguage":"pl-PL","@id":"https:\/\/akademia-zdrowia.pl\/kielce\/oferta-szkoleniowa\/projekty-unijne\/swietokrzyskie-dla-aktywnych\/#primaryimage","url":"https:\/\/akademia-zdrowia.pl\/kielce\/wp-content\/uploads\/2019\/06\/486x60.png","contentUrl":"https:\/\/akademia-zdrowia.pl\/kielce\/wp-content\/uploads\/2019\/06\/486x60.png","width":486,"height":60},{"@type":"BreadcrumbList","@id":"https:\/\/akademia-zdrowia.pl\/kielce\/oferta-szkoleniowa\/projekty-unijne\/swietokrzyskie-dla-aktywnych\/#breadcrumb","itemListElement":[{"@type":"ListItem","position":1,"name":"Strona g\u0142\u00f3wna","item":"https:\/\/akademia-zdrowia.pl\/kielce\/"},{"@type":"ListItem","position":2,"name":"Oferta szkoleniowa","item":"https:\/\/akademia-zdrowia.pl\/kielce\/oferta-szkoleniowa\/"},{"@type":"ListItem","position":3,"name":"Projekty unijne","item":"https:\/\/akademia-zdrowia.pl\/kielce\/oferta-szkoleniowa\/projekty-unijne\/"},{"@type":"ListItem","position":4,"name":"\u015awi\u0119tokrzyskie dla aktywnych"}]},{"@type":"WebSite","@id":"https:\/\/akademia-zdrowia.pl\/kielce\/#website","url":"https:\/\/akademia-zdrowia.pl\/kielce\/","name":"Akademia Zdrowia Kielce","description":"Kolejna witryna oparta na WordPressie","potentialAction":[{"@type":"SearchAction","target":{"@type":"EntryPoint","urlTemplate":"https:\/\/akademia-zdrowia.pl\/kielce\/?s={search_term_string}"},"query-input":{"@type":"PropertyValueSpecification","valueRequired":true,"valueName":"search_term_string"}}],"inLanguage":"pl-PL"}]}},"_links":{"self":[{"href":"https:\/\/akademia-zdrowia.pl\/kielce\/wp-json\/wp\/v2\/pages\/1173","targetHints":{"allow":["GET"]}}],"collection":[{"href":"https:\/\/akademia-zdrowia.pl\/kielce\/wp-json\/wp\/v2\/pages"}],"about":[{"href":"https:\/\/akademia-zdrowia.pl\/kielce\/wp-json\/wp\/v2\/types\/page"}],"author":[{"embeddable":true,"href":"https:\/\/akademia-zdrowia.pl\/kielce\/wp-json\/wp\/v2\/users\/1"}],"replies":[{"embeddable":true,"href":"https:\/\/akademia-zdrowia.pl\/kielce\/wp-json\/wp\/v2\/comments?post=1173"}],"version-history":[{"count":15,"href":"https:\/\/akademia-zdrowia.pl\/kielce\/wp-json\/wp\/v2\/pages\/1173\/revisions"}],"predecessor-version":[{"id":6521,"href":"https:\/\/akademia-zdrowia.pl\/kielce\/wp-json\/wp\/v2\/pages\/1173\/revisions\/6521"}],"up":[{"embeddable":true,"href":"https:\/\/akademia-zdrowia.pl\/kielce\/wp-json\/wp\/v2\/pages\/55"}],"wp:attachment":[{"href":"https:\/\/akademia-zdrowia.pl\/kielce\/wp-json\/wp\/v2\/media?parent=1173"}],"curies":[{"name":"wp","href":"https:\/\/api.w.org\/{rel}","templated":true}]}}