{"id":1233,"date":"2018-09-07T08:45:09","date_gmt":"2018-09-07T06:45:09","guid":{"rendered":"https:\/\/akademia-zdrowia.pl\/kielce\/?page_id=1233"},"modified":"2018-09-07T08:45:09","modified_gmt":"2018-09-07T06:45:09","slug":"1233-2","status":"publish","type":"page","link":"https:\/\/akademia-zdrowia.pl\/kielce\/1233-2\/","title":{"rendered":"Bezp\u0142atne kursy i szkolenia"},"content":{"rendered":"<p>Zapraszamy na bezp\u0142atne szkolenia\u00a0 na kierunkach:<\/p>\n<p>&nbsp;<\/p>\n<p>-kosmetyczka;<\/p>\n<p>-opiekun os\u00f3b starszych;<\/p>\n<p>-dietetyka;<\/p>\n<p>-florysta z elementami decoupage;<\/p>\n<p>&#8211; masa\u017c klasyczny i leczniczy;<\/p>\n<p>-fryzjer;<\/p>\n<p>-sekretarka;<\/p>\n<p>-kadry i p\u0142ace.<\/p>\n<p>&nbsp;<\/p>\n<p>Kursy realizowane w ramach projektu ?\u015awi\u0119tokrzyskie dla aktywnych? wsp\u00f3\u0142finansowanego z EFS w ramach Dzia\u0142ania RPSW.08.05.00 Rozw\u00f3j i wysoka jako\u015b\u0107 szkolnictwa zawodowego<br \/>\ni kszta\u0142cenia ustawicznego\u00a0<strong>Regionalnego Programu Operacyjnego Wojew\u00f3dztwa \u015awi\u0119tokrzyskiego 2014-2020<\/strong>. Projekt\u00a0 kierowany jest dla os\u00f3b niezale\u017cnie od ich sytuacji spo\u0142eczno- zawodowej, ( zar\u00f3wno dla os\u00f3b bez zatrudnienia, jak r\u00f3wnie\u017c pracuj\u0105cych). Preferowane osoby 50 lat i wi\u0119cej, jak i r\u00f3wnie\u017c osoby doros\u0142e posiadaj\u0105ce niskie kwalifikacje. Projekt przewiduje kilka edycji szkole\u0144 w\u00a0 roku 2018 i 2019.<\/p>\n<p>&nbsp;<\/p>\n<p>Nie czekaj zdob\u0105d\u017a nowy zaw\u00f3d za darmo!!<\/p>\n<p>Szczeg\u00f3\u0142owe informacje udziela sekretariat Akademii Zdrowia pod nr telefonu: 413680066.<\/p>\n<p>&nbsp;<\/p>\n<p>?&#8230;&#8230;&#8230;&#8230;&#8230;&#8230;&#8230;&#8230;&#8230;&#8230;&#8230;&#8230;&#8230;&#8230;&#8230;&#8230;&#8230;&#8230;&#8230;&#8230;&#8230;&#8230;&#8230;&#8230;&#8230;&#8230;&#8230;..<\/p>\n<p>&nbsp;<\/p>\n<p><strong>KURS SPAWACZ MIG I MAG\u00a0 skorzystaj bezp\u0142atnie<\/strong><\/p>\n<p>&nbsp;<\/p>\n<p>Zapraszamy do skorzystania z mo\u017cliwo\u015bci nabycia praktycznych umiej\u0119tno\u015bci spawalniczych. Szkolenie przeznaczone dla os\u00f3b, kt\u00f3re nie maj\u0105 \u017cadnego do\u015bwiadczenia, jak i tych kt\u00f3rzy nie posiadaj\u0105 uprawnie\u0144.<\/p>\n<p>Program obejmuj\u0119 zar\u00f3wno wprowadzenie teoretyczne do zawodu jak i szeroko rozbudowane zaj\u0119cia praktyczne. Szkolenie prowadzone jest \u015bci\u015ble wed\u0142ug wytycznych Instytutu Spawalnictwa w Gliwicach. Kurs ko\u0144czy si\u0119 egzaminem kwalifikacyjnym przed Komisj\u0105 Spawalnicz\u0105 nadaj\u0105c\u0105 uprawnienia. Po zdaniu egzaminu uczestnik otrzymuj\u0119 \u015bwiadectwo egzaminu spawacza oraz ksi\u0105\u017ck\u0119 spawacza wraz z odpowiednim wpisem dotycz\u0105cym uprawnie\u0144.<\/p>\n<p>&nbsp;<\/p>\n<p>W ramach projektu mo\u017cna skorzysta\u0107 z:<\/p>\n<p>-bezp\u0142atnego szkolenia;<\/p>\n<p>-p\u0142atnego sta\u017cu;<\/p>\n<p>-stypendium szkoleniowego;<\/p>\n<p>-zwrotu koszt\u00f3w dojazdu.<\/p>\n<p>&nbsp;<\/p>\n<p>&nbsp;<\/p>\n<p>Osoby, kt\u00f3re mog\u0105 wzi\u0105\u0107 udzia\u0142 w kursie:<\/p>\n<p>-wiek 18-29 lat;<\/p>\n<p>-osoby bierne zawodowo;<\/p>\n<p>-osoby nie ucz\u0105ca si\u0119 i nie kszta\u0142c\u0105ca w systemie dziennym;<\/p>\n<p>-osoby z woj. \u015bwi\u0119tokrzyskiego.<\/p>\n<p>&nbsp;<\/p>\n<p>&nbsp;<\/p>\n<p>Je\u015bli uwa\u017casz, \u017ce ten kierunek jest dla Ciebie, nie czekaj! Zapisz si\u0119 !<\/p>\n<p>&nbsp;<\/p>\n<p>Kurs realizowany w ramach projektu ?M\u0142odzi zmieniaj\u0105 \u015bwi\u0119tokrzyski rynek pracy? wsp\u00f3\u0142finansowanego\u00a0 ze \u015brodk\u00f3w Europejskiego Funduszu Spo\u0142ecznego w ramach\u00a0<strong>Dzia\u0142ania 1.2 Wsparcie os\u00f3b m\u0142odych pozostaj\u0105cych bez pracy na regionalnym rynku pracy.<\/strong><\/p>\n<p>&nbsp;<\/p>\n<p>&nbsp;<\/p>\n<p>Zapisy w sekretariacie Akademii Zdrowia przy al. IX Wiek\u00f3w Kielc\u00a0 8\/24 w Kielcach.<\/p>\n<p>&nbsp;<\/p>\n<p>Akademia Zdrowia<\/p>\n<p>Al. IX Wiek\u00f3w Kielc 8\/24<\/p>\n<p>25-516 Kielce<\/p>\n<p>Tel. 41\/368-00-66; 41\/360-00-66<\/p>\n<p>e-mail:\u00a0<a href=\"mailto:kielce@akademia-zdrowia.pl\">kielce@akademia-zdrowia.pl<\/a><\/p>\n<p>Biuro czynne od poniedzia\u0142ku do pi\u0105tku w godzinach od 8.00 do 16.00<\/p>\n<p>&nbsp;<\/p>\n<p>?&#8230;&#8230;&#8230;&#8230;&#8230;&#8230;&#8230;&#8230;&#8230;&#8230;&#8230;&#8230;&#8230;&#8230;&#8230;&#8230;&#8230;&#8230;&#8230;&#8230;&#8230;&#8230;&#8230;&#8230;&#8230;.<\/p>\n<p>&nbsp;<\/p>\n<p>&nbsp;<\/p>\n<p><strong>UWAGA! BEZP\u0141ATNA SPECJALIZACJA DLA PIEL\u0118GNIAREK<\/strong><\/p>\n<p>&nbsp;<\/p>\n<p>&nbsp;<\/p>\n<p>Akademia Zdrowia zaprasza piel\u0119gniarki, kt\u00f3re chc\u0105 poszerzy\u0107 swoje kwalifikacj\u0119 do odbycia bezp\u0142atnej specjalizacji w dziedzinie PIEL\u0118GNIARSTWA RODZINNEGO.<\/p>\n<p>&nbsp;<\/p>\n<p>Specjalizacja przeznaczona dla piel\u0119gniarek. Celem kszta\u0142cenia jest przygotowanie piel\u0119gniarki do samodzielnego wykonywania skomplikowanych i problemowych zada\u0144 zawodowych w dziedzinie piel\u0119gniarstwa rodzinnego, realizacji \u015bwiadcze\u0144 zdrowotnych zgodnie z posiadanymi kompetencjami specjalisty w dziedzinie piel\u0119gniarstwa rodzinnego, kierowania zespo\u0142em pracownik\u00f3w oraz prowadzenia bada\u0144 naukowych.<\/p>\n<p>&nbsp;<\/p>\n<p>WYMAGANIA REKRUTACYJNE CO DO UCZESTNIK\u00d3W:<\/p>\n<p>&nbsp;<\/p>\n<ul>\n<li>udokumentowane min. 2 lata sta\u017cu pracy w ci\u0105gu ostatnich 5 lat;<\/li>\n<li>ksero prawa wykonywania zawodu;<\/li>\n<li>wype\u0142nione zg\u0142oszenie na szkolenie specjalizacyjne.<\/li>\n<\/ul>\n<p>&nbsp;<\/p>\n<p>&nbsp;<\/p>\n<p>Planowane rozpocz\u0119cie wrzesie\u0144\/pa\u017adziernik 2018.<\/p>\n<p>Je\u017celi chcesz poszerzy\u0107 swoje kwalifikacje nie czekaj zapisz si\u0119 ju\u017c dzi\u015b !!<\/p>\n<p>&nbsp;<\/p>\n<p>POMAGAMY W ZAK\u0141ADANIU KONT I SK\u0141ADANIU ELEKTRONICZNYCH WNIOSK\u00d3W W SYSTEMIE <strong>SMK.<\/strong><\/p>\n<p><strong>\u00a0<\/strong><\/p>\n<p>Szczeg\u00f3\u0142owe informacje udziela sekretariat Akademii Zdrowia pod nr telefonu: 413680066 lub osobi\u015bcie Kielce, al. IX Wiek\u00f3w Kielc 8\/24.<\/p>\n<p>&nbsp;<\/p>\n<p><strong>\u00a0<\/strong><\/p>\n<p><strong>\u00a0<\/strong><\/p>\n<p><strong>\u00a0<\/strong><\/p>\n<p><strong>\u00a0<\/strong><\/p>\n<p><strong>Trwa nab\u00f3r na bezp\u0142atne kursy FRYZJER i PRACOWNIK BIUROWY + ECDL<\/strong><\/p>\n<p>&nbsp;<\/p>\n<p>Akademia Zdrowia zaprasza na bezp\u0142atny kurs fryzjer ? czeladnik, kt\u00f3ry przygotuje Ci\u0119 do wykonywania zawodu. Na kursie dowiesz si\u0119 wszystkich niezb\u0119dnych informacji oraz b\u0119dziesz mia\u0142 mo\u017cliwo\u015b\u0107 zastosowa\u0107 je w praktyce w naszej pracowni fryzjerskiej.<\/p>\n<p>Zapraszamy r\u00f3wnie\u017c na bezp\u0142atny kurs ? pracownik biurowy + ECDL. Kurs ten umo\u017cliwi Ci przygotowanie do pracy na stanowisku pracownik administracyjno ? biurowy, zar\u00f3wno poprzez dostarczenie wiedzy teoretycznej jak i praktycznej. Dodatkowo otrzymasz Europejski Certyfikat Umiej\u0119tno\u015bci Komputerowych<\/p>\n<p>&nbsp;<\/p>\n<p>Szkolenia organizowane s\u0105 w ramach projektu ?M\u0142odzi zmieniaj\u0105 \u015bwi\u0119tokrzyski rynek pracy? Dzia\u0142ania kierowane \u00a0s\u0105 dla os\u00f3b do 29 roku \u017cycia, nie pracuj\u0105cych oraz zamieszkuj\u0105cych wojew\u00f3dztwo \u015bwi\u0119tokrzyskie. Projekt\u00a0jest wsp\u00f3\u0142finansowany ze \u015brodk\u00f3w Europejskiego Funduszu Spo\u0142ecznego w ramach\u00a0<strong>Dzia\u0142ania 1.2 Wsparcie os\u00f3b m\u0142odych pozostaj\u0105cych bez pracy na regionalnym rynku pracy.\u00a0<\/strong>W ramach kurs\u00f3w zapewniamy:<\/p>\n<p>&nbsp;<\/p>\n<p>&#8211; stypendium szkoleniowe<\/p>\n<p>&#8211; zwrot koszt\u00f3w dojazdu<\/p>\n<p>&#8211; catering<\/p>\n<p>&#8211; sta\u017ce zawodowe<\/p>\n<p>&nbsp;<\/p>\n<p>Ch\u0119tne osoby zapraszamy do wype\u0142nienia formularza zg\u0142oszeniowego w Akademii Zdrowia, al. IX Wiek\u00f3w Kielc 8\/24 lub do kontaktu telefonicznego.<\/p>\n<p>&nbsp;<\/p>\n<p>Akademia Zdrowia<\/p>\n<p>Al. IX Wiek\u00f3w Kielc 8\/24<\/p>\n<p>25-516 Kielce<\/p>\n<p>Tel. 41\/368-00-66; 41\/360-00-66<\/p>\n<p>e-mail:\u00a0<a href=\"mailto:kielce@akademia-zdrowia.pl\">kielce@akademia-zdrowia.pl<\/a><\/p>\n<p>Biuro czynne od poniedzia\u0142ku do pi\u0105tku w godzinach od 8.00 do 16.00<\/p>\n<p>&nbsp;<\/p>\n<p>.<\/p>\n<p>&nbsp;<\/p>\n<p><strong>\u00a0<\/strong><\/p>\n","protected":false},"excerpt":{"rendered":"<p>Zapraszamy na bezp\u0142atne szkolenia\u00a0 na kierunkach: &nbsp; -kosmetyczka; -opiekun os\u00f3b starszych; -dietetyka; -florysta z elementami decoupage; &#8211; masa\u017c klasyczny i leczniczy; -fryzjer; -sekretarka; -kadry i p\u0142ace. &nbsp; Kursy realizowane w ramach projektu ?\u015awi\u0119tokrzyskie dla aktywnych? wsp\u00f3\u0142finansowanego z EFS w ramach Dzia\u0142ania RPSW.08.05.00 Rozw\u00f3j i wysoka jako\u015b\u0107 szkolnictwa zawodowego i kszta\u0142cenia ustawicznego\u00a0Regionalnego Programu Operacyjnego Wojew\u00f3dztwa \u015awi\u0119tokrzyskiego&#8230;<\/p>\n","protected":false},"author":1,"featured_media":1145,"parent":0,"menu_order":0,"comment_status":"closed","ping_status":"closed","template":"","meta":{"footnotes":""},"class_list":["post-1233","page","type-page","status-publish","has-post-thumbnail","hentry"],"yoast_head":"<!-- This site is optimized with the Yoast SEO plugin v26.9 - https:\/\/yoast.com\/product\/yoast-seo-wordpress\/ -->\n<title>Bezp\u0142atne kursy i szkolenia - Akademia Zdrowia Kielce<\/title>\n<meta name=\"robots\" content=\"index, follow, max-snippet:-1, max-image-preview:large, max-video-preview:-1\" \/>\n<link rel=\"canonical\" href=\"https:\/\/akademia-zdrowia.pl\/kielce\/1233-2\/\" \/>\n<meta property=\"og:locale\" content=\"pl_PL\" \/>\n<meta property=\"og:type\" content=\"article\" \/>\n<meta property=\"og:title\" content=\"Bezp\u0142atne kursy i szkolenia - Akademia Zdrowia Kielce\" \/>\n<meta property=\"og:description\" content=\"Zapraszamy na bezp\u0142atne szkolenia\u00a0 na kierunkach: &nbsp; -kosmetyczka; -opiekun os\u00f3b starszych; -dietetyka; -florysta z elementami decoupage; &#8211; masa\u017c klasyczny i leczniczy; -fryzjer; -sekretarka; -kadry i p\u0142ace. &nbsp; Kursy realizowane w ramach projektu ?\u015awi\u0119tokrzyskie dla aktywnych? wsp\u00f3\u0142finansowanego z EFS w ramach Dzia\u0142ania RPSW.08.05.00 Rozw\u00f3j i wysoka jako\u015b\u0107 szkolnictwa zawodowego i kszta\u0142cenia ustawicznego\u00a0Regionalnego Programu Operacyjnego Wojew\u00f3dztwa \u015awi\u0119tokrzyskiego...\" \/>\n<meta property=\"og:url\" content=\"https:\/\/akademia-zdrowia.pl\/kielce\/1233-2\/\" \/>\n<meta property=\"og:site_name\" content=\"Akademia Zdrowia Kielce\" \/>\n<meta property=\"og:image\" content=\"https:\/\/akademia-zdrowia.pl\/kielce\/wp-content\/uploads\/2018\/02\/KWSz.jpg\" \/>\n\t<meta property=\"og:image:width\" content=\"150\" \/>\n\t<meta property=\"og:image:height\" content=\"150\" \/>\n\t<meta property=\"og:image:type\" content=\"image\/jpeg\" \/>\n<meta name=\"twitter:card\" content=\"summary_large_image\" \/>\n<meta name=\"twitter:label1\" content=\"Szacowany czas czytania\" \/>\n\t<meta name=\"twitter:data1\" content=\"4 minuty\" \/>\n<script type=\"application\/ld+json\" class=\"yoast-schema-graph\">{\"@context\":\"https:\/\/schema.org\",\"@graph\":[{\"@type\":\"WebPage\",\"@id\":\"https:\/\/akademia-zdrowia.pl\/kielce\/1233-2\/\",\"url\":\"https:\/\/akademia-zdrowia.pl\/kielce\/1233-2\/\",\"name\":\"Bezp\u0142atne kursy i szkolenia - Akademia Zdrowia Kielce\",\"isPartOf\":{\"@id\":\"https:\/\/akademia-zdrowia.pl\/kielce\/#website\"},\"primaryImageOfPage\":{\"@id\":\"https:\/\/akademia-zdrowia.pl\/kielce\/1233-2\/#primaryimage\"},\"image\":{\"@id\":\"https:\/\/akademia-zdrowia.pl\/kielce\/1233-2\/#primaryimage\"},\"thumbnailUrl\":\"https:\/\/akademia-zdrowia.pl\/kielce\/wp-content\/uploads\/2018\/02\/KWSz.jpg\",\"datePublished\":\"2018-09-07T06:45:09+00:00\",\"breadcrumb\":{\"@id\":\"https:\/\/akademia-zdrowia.pl\/kielce\/1233-2\/#breadcrumb\"},\"inLanguage\":\"pl-PL\",\"potentialAction\":[{\"@type\":\"ReadAction\",\"target\":[\"https:\/\/akademia-zdrowia.pl\/kielce\/1233-2\/\"]}]},{\"@type\":\"ImageObject\",\"inLanguage\":\"pl-PL\",\"@id\":\"https:\/\/akademia-zdrowia.pl\/kielce\/1233-2\/#primaryimage\",\"url\":\"https:\/\/akademia-zdrowia.pl\/kielce\/wp-content\/uploads\/2018\/02\/KWSz.jpg\",\"contentUrl\":\"https:\/\/akademia-zdrowia.pl\/kielce\/wp-content\/uploads\/2018\/02\/KWSz.jpg\",\"width\":150,\"height\":150},{\"@type\":\"BreadcrumbList\",\"@id\":\"https:\/\/akademia-zdrowia.pl\/kielce\/1233-2\/#breadcrumb\",\"itemListElement\":[{\"@type\":\"ListItem\",\"position\":1,\"name\":\"Strona g\u0142\u00f3wna\",\"item\":\"https:\/\/akademia-zdrowia.pl\/kielce\/\"},{\"@type\":\"ListItem\",\"position\":2,\"name\":\"Bezp\u0142atne kursy i szkolenia\"}]},{\"@type\":\"WebSite\",\"@id\":\"https:\/\/akademia-zdrowia.pl\/kielce\/#website\",\"url\":\"https:\/\/akademia-zdrowia.pl\/kielce\/\",\"name\":\"Akademia Zdrowia Kielce\",\"description\":\"Kolejna witryna oparta na WordPressie\",\"potentialAction\":[{\"@type\":\"SearchAction\",\"target\":{\"@type\":\"EntryPoint\",\"urlTemplate\":\"https:\/\/akademia-zdrowia.pl\/kielce\/?s={search_term_string}\"},\"query-input\":{\"@type\":\"PropertyValueSpecification\",\"valueRequired\":true,\"valueName\":\"search_term_string\"}}],\"inLanguage\":\"pl-PL\"}]}<\/script>\n<!-- \/ Yoast SEO plugin. -->","yoast_head_json":{"title":"Bezp\u0142atne kursy i szkolenia - Akademia Zdrowia Kielce","robots":{"index":"index","follow":"follow","max-snippet":"max-snippet:-1","max-image-preview":"max-image-preview:large","max-video-preview":"max-video-preview:-1"},"canonical":"https:\/\/akademia-zdrowia.pl\/kielce\/1233-2\/","og_locale":"pl_PL","og_type":"article","og_title":"Bezp\u0142atne kursy i szkolenia - Akademia Zdrowia Kielce","og_description":"Zapraszamy na bezp\u0142atne szkolenia\u00a0 na kierunkach: &nbsp; -kosmetyczka; -opiekun os\u00f3b starszych; -dietetyka; -florysta z elementami decoupage; &#8211; masa\u017c klasyczny i leczniczy; -fryzjer; -sekretarka; -kadry i p\u0142ace. &nbsp; Kursy realizowane w ramach projektu ?\u015awi\u0119tokrzyskie dla aktywnych? wsp\u00f3\u0142finansowanego z EFS w ramach Dzia\u0142ania RPSW.08.05.00 Rozw\u00f3j i wysoka jako\u015b\u0107 szkolnictwa zawodowego i kszta\u0142cenia ustawicznego\u00a0Regionalnego Programu Operacyjnego Wojew\u00f3dztwa \u015awi\u0119tokrzyskiego...","og_url":"https:\/\/akademia-zdrowia.pl\/kielce\/1233-2\/","og_site_name":"Akademia Zdrowia Kielce","og_image":[{"width":150,"height":150,"url":"https:\/\/akademia-zdrowia.pl\/kielce\/wp-content\/uploads\/2018\/02\/KWSz.jpg","type":"image\/jpeg"}],"twitter_card":"summary_large_image","twitter_misc":{"Szacowany czas czytania":"4 minuty"},"schema":{"@context":"https:\/\/schema.org","@graph":[{"@type":"WebPage","@id":"https:\/\/akademia-zdrowia.pl\/kielce\/1233-2\/","url":"https:\/\/akademia-zdrowia.pl\/kielce\/1233-2\/","name":"Bezp\u0142atne kursy i szkolenia - Akademia Zdrowia Kielce","isPartOf":{"@id":"https:\/\/akademia-zdrowia.pl\/kielce\/#website"},"primaryImageOfPage":{"@id":"https:\/\/akademia-zdrowia.pl\/kielce\/1233-2\/#primaryimage"},"image":{"@id":"https:\/\/akademia-zdrowia.pl\/kielce\/1233-2\/#primaryimage"},"thumbnailUrl":"https:\/\/akademia-zdrowia.pl\/kielce\/wp-content\/uploads\/2018\/02\/KWSz.jpg","datePublished":"2018-09-07T06:45:09+00:00","breadcrumb":{"@id":"https:\/\/akademia-zdrowia.pl\/kielce\/1233-2\/#breadcrumb"},"inLanguage":"pl-PL","potentialAction":[{"@type":"ReadAction","target":["https:\/\/akademia-zdrowia.pl\/kielce\/1233-2\/"]}]},{"@type":"ImageObject","inLanguage":"pl-PL","@id":"https:\/\/akademia-zdrowia.pl\/kielce\/1233-2\/#primaryimage","url":"https:\/\/akademia-zdrowia.pl\/kielce\/wp-content\/uploads\/2018\/02\/KWSz.jpg","contentUrl":"https:\/\/akademia-zdrowia.pl\/kielce\/wp-content\/uploads\/2018\/02\/KWSz.jpg","width":150,"height":150},{"@type":"BreadcrumbList","@id":"https:\/\/akademia-zdrowia.pl\/kielce\/1233-2\/#breadcrumb","itemListElement":[{"@type":"ListItem","position":1,"name":"Strona g\u0142\u00f3wna","item":"https:\/\/akademia-zdrowia.pl\/kielce\/"},{"@type":"ListItem","position":2,"name":"Bezp\u0142atne kursy i szkolenia"}]},{"@type":"WebSite","@id":"https:\/\/akademia-zdrowia.pl\/kielce\/#website","url":"https:\/\/akademia-zdrowia.pl\/kielce\/","name":"Akademia Zdrowia Kielce","description":"Kolejna witryna oparta na WordPressie","potentialAction":[{"@type":"SearchAction","target":{"@type":"EntryPoint","urlTemplate":"https:\/\/akademia-zdrowia.pl\/kielce\/?s={search_term_string}"},"query-input":{"@type":"PropertyValueSpecification","valueRequired":true,"valueName":"search_term_string"}}],"inLanguage":"pl-PL"}]}},"_links":{"self":[{"href":"https:\/\/akademia-zdrowia.pl\/kielce\/wp-json\/wp\/v2\/pages\/1233","targetHints":{"allow":["GET"]}}],"collection":[{"href":"https:\/\/akademia-zdrowia.pl\/kielce\/wp-json\/wp\/v2\/pages"}],"about":[{"href":"https:\/\/akademia-zdrowia.pl\/kielce\/wp-json\/wp\/v2\/types\/page"}],"author":[{"embeddable":true,"href":"https:\/\/akademia-zdrowia.pl\/kielce\/wp-json\/wp\/v2\/users\/1"}],"replies":[{"embeddable":true,"href":"https:\/\/akademia-zdrowia.pl\/kielce\/wp-json\/wp\/v2\/comments?post=1233"}],"version-history":[{"count":0,"href":"https:\/\/akademia-zdrowia.pl\/kielce\/wp-json\/wp\/v2\/pages\/1233\/revisions"}],"wp:featuredmedia":[{"embeddable":true,"href":"https:\/\/akademia-zdrowia.pl\/kielce\/wp-json\/wp\/v2\/media\/1145"}],"wp:attachment":[{"href":"https:\/\/akademia-zdrowia.pl\/kielce\/wp-json\/wp\/v2\/media?parent=1233"}],"curies":[{"name":"wp","href":"https:\/\/api.w.org\/{rel}","templated":true}]}}