{"id":1903,"date":"2021-08-18T16:21:30","date_gmt":"2021-08-18T14:21:30","guid":{"rendered":"https:\/\/akademia-zdrowia.pl\/kielce\/?page_id=1903"},"modified":"2023-08-28T12:59:26","modified_gmt":"2023-08-28T10:59:26","slug":"akademia-nowych-kwalifikacji","status":"publish","type":"page","link":"https:\/\/akademia-zdrowia.pl\/kielce\/oferta-szkoleniowa\/projekty-unijne\/akademia-nowych-kwalifikacji\/","title":{"rendered":"Akademia nowych kwalifikacji"},"content":{"rendered":"\t\t<div data-elementor-type=\"wp-page\" data-elementor-id=\"1903\" class=\"elementor elementor-1903\" data-elementor-post-type=\"page\">\n\t\t\t\t\t\t<section class=\"elementor-section elementor-top-section elementor-element elementor-element-ad200a1 elementor-section-boxed elementor-section-height-default elementor-section-height-default\" data-id=\"ad200a1\" data-element_type=\"section\" data-e-type=\"section\">\n\t\t\t\t\t\t<div class=\"elementor-container elementor-column-gap-default\">\n\t\t\t\t\t<div class=\"elementor-column elementor-col-66 elementor-top-column elementor-element elementor-element-89a3062\" data-id=\"89a3062\" data-element_type=\"column\" data-e-type=\"column\">\n\t\t\t<div class=\"elementor-widget-wrap elementor-element-populated\">\n\t\t\t\t\t\t<div class=\"elementor-element elementor-element-8936c55 elementor-tabs-view-horizontal elementor-widget elementor-widget-tabs\" data-id=\"8936c55\" data-element_type=\"widget\" data-e-type=\"widget\" data-widget_type=\"tabs.default\">\n\t\t\t\t<div class=\"elementor-widget-container\">\n\t\t\t\t\t\t\t<div class=\"elementor-tabs\">\n\t\t\t<div class=\"elementor-tabs-wrapper\" role=\"tablist\" >\n\t\t\t\t\t\t\t\t\t<div id=\"elementor-tab-title-1431\" class=\"elementor-tab-title elementor-tab-desktop-title\" aria-selected=\"true\" data-tab=\"1\" role=\"tab\" tabindex=\"0\" aria-controls=\"elementor-tab-content-1431\" aria-expanded=\"false\">O PROJEKCIE<\/div>\n\t\t\t\t\t\t\t\t\t<div id=\"elementor-tab-title-1432\" class=\"elementor-tab-title elementor-tab-desktop-title\" aria-selected=\"false\" data-tab=\"2\" role=\"tab\" tabindex=\"-1\" aria-controls=\"elementor-tab-content-1432\" aria-expanded=\"false\">REKRUTACJA<\/div>\n\t\t\t\t\t\t\t\t\t<div id=\"elementor-tab-title-1433\" class=\"elementor-tab-title elementor-tab-desktop-title\" aria-selected=\"false\" data-tab=\"3\" role=\"tab\" tabindex=\"-1\" aria-controls=\"elementor-tab-content-1433\" aria-expanded=\"false\">HARMONOGRAM DZIA\u0141A\u0143<\/div>\n\t\t\t\t\t\t\t\t\t<div id=\"elementor-tab-title-1434\" class=\"elementor-tab-title elementor-tab-desktop-title\" aria-selected=\"false\" data-tab=\"4\" role=\"tab\" tabindex=\"-1\" aria-controls=\"elementor-tab-content-1434\" aria-expanded=\"false\">ZAPYTANIA OFERTOWE\/ROZEZNANIE RYNKU<\/div>\n\t\t\t\t\t\t\t<\/div>\n\t\t\t<div class=\"elementor-tabs-content-wrapper\" role=\"tablist\" aria-orientation=\"vertical\">\n\t\t\t\t\t\t\t\t\t<div class=\"elementor-tab-title elementor-tab-mobile-title\" aria-selected=\"true\" data-tab=\"1\" role=\"tab\" tabindex=\"0\" aria-controls=\"elementor-tab-content-1431\" aria-expanded=\"false\">O PROJEKCIE<\/div>\n\t\t\t\t\t<div id=\"elementor-tab-content-1431\" class=\"elementor-tab-content elementor-clearfix\" data-tab=\"1\" role=\"tabpanel\" aria-labelledby=\"elementor-tab-title-1431\" tabindex=\"0\" hidden=\"false\"><div class=\"header\">\n<p><img decoding=\"async\" width=\"486\" height=\"60\" class=\"aligncenter wp-image-1349\" src=\"\/kielce\/wp-content\/uploads\/2019\/06\/486x60.png\" srcset=\"https:\/\/akademia-zdrowia.pl\/kielce\/wp-content\/uploads\/2019\/06\/486x60.png 486w, https:\/\/akademia-zdrowia.pl\/kielce\/wp-content\/uploads\/2019\/06\/486x60-300x37.png 300w\" sizes=\"(max-width: 486px) 100vw, 486px\" \/><\/p>\n<p>Projekt \u201c<strong>Akademia nowych kwalifikacji\u201d&nbsp;<\/strong>&nbsp;jest wsp\u00f3\u0142finansowany ze \u015brodk\u00f3w&nbsp;<strong>Europejskiego Funduszu Spo\u0142ecznego<\/strong>&nbsp;w ramach Dzia\u0142ania RPSW.08.05.00 Rozw\u00f3j i wysoka jako\u015b\u0107 szkolnictwa zawodowego i kszta\u0142cenia ustawicznego&nbsp;<strong>Regionalnego Programu Operacyjnego Wojew\u00f3dztwa \u015awi\u0119tokrzyskiego 2014-2020.<\/strong><\/p>\n<p><strong>Celem g\u0142\u00f3wnym projektu jest<\/strong>&nbsp;nabycie kwalifikacji\/ kompetencji istotnych na rynku pracy przez 172 osoby doros\u0142e&nbsp; &nbsp; ( 108 K\/ 64 M) w wieku 18 lat i wi\u0119cej, kt\u00f3re ucz\u0105 si\u0119, pracuj\u0105 lub&nbsp;<strong>zamieszkuj\u0105 na obszarze Kielc lub powiatu kieleckiego i<\/strong>&nbsp;<strong>s\u0105 zainteresowane<\/strong>&nbsp;( z w\u0142asnej inicjatywy)&nbsp;&nbsp;<strong>zdobyciem, uzupe\u0142nieniem lub podnoszeniem kompetencji lub kwalifikacji zawodowych.<\/strong><\/p>\n<p><strong>O PROJEKCIE :&nbsp;<\/strong><\/p>\n<p>Projekt&nbsp; kierowany jest dla os\u00f3b niezale\u017cnie od ich sytuacji spo\u0142eczno- zawodowej, ( zar\u00f3wno dla os\u00f3b bez zatrudnienia, jak r\u00f3wnie\u017c pracuj\u0105cych). Preferowane b\u0119d\u0105 osoby nisko wykwalifikowane (osoby z max. gimnazjalnym wykszta\u0142ceniem) oraz osoby w wieku 50 lat i wi\u0119cej. Projekt ma na celu uzupe\u0142nienie, podwy\u017cszenie umiej\u0119tno\u015bci, kompetencji i kwalifikacji zawodowych.<\/p>\n<p><strong>Do zada\u0144 realizowanych w projekcie nale\u017c\u0105:<\/strong><\/p>\n<ul>\n<li>Indywidualne zdiagnozowanie zapotrzebowania ka\u017cdego uczestnika\/uczestniczki projektu,<\/li>\n<li>Kurs przygotowuj\u0105cy do egzaminu czeladniczego w&nbsp;<strong>zawodzie Fryzjera,<\/strong><\/li>\n<li>Kurs przygotowuj\u0105cy do egzaminu czeladniczego w&nbsp;<strong>zawodzie Kosmetyczka,<\/strong><\/li>\n<li>Kurs zawodowy \u2013&nbsp;<strong>masa\u017c klasyczny i leczniczy,<\/strong><\/li>\n<li>Kurs zawodowy \u2013&nbsp;<strong>operator \u017curawia wie\u017cowego,<br>\n<\/strong><\/li>\n<li>Kurs zawodowy \u2013&nbsp;<strong>operator koparko \u0142adowarek,<\/strong><\/li>\n<li>Kurs zawodowy \u2013&nbsp;<strong>rejestratorka medyczna.<br>\n<\/strong><\/li>\n<\/ul>\n<p><strong>Uczestnikami projektu b\u0119d\u0105:<\/strong><br>\n172 osoby doros\u0142e w tym: 108 kobiet i 64 m\u0119\u017cczyzn<\/p>\n<p><strong>Okres realizacji projektu:<\/strong><\/p>\n<p>01.09.2020 \u2013 30.04.20221<\/p>\n<p><strong>Ca\u0142kowita warto\u015b\u0107 projektu wynosi: 1 018 320,00 z\u0142<\/strong><br>\nz tego:<br>\n885 938,40z\u0142 ze \u015brodk\u00f3w UE<br>\n132 381,60 z\u0142 wk\u0142ad w\u0142asny<\/p>\n<p>&nbsp;<\/p>\n<p><img fetchpriority=\"high\" decoding=\"async\" width=\"1024\" height=\"101\" class=\"aligncenter size-full wp-image-1393\" src=\"\/kielce\/wp-content\/uploads\/2019\/11\/loganastronekopia.jpg\" srcset=\"https:\/\/akademia-zdrowia.pl\/kielce\/wp-content\/uploads\/2019\/11\/loganastronekopia.jpg 1024w, https:\/\/akademia-zdrowia.pl\/kielce\/wp-content\/uploads\/2019\/11\/loganastronekopia-300x30.jpg 300w, https:\/\/akademia-zdrowia.pl\/kielce\/wp-content\/uploads\/2019\/11\/loganastronekopia-768x76.jpg 768w, https:\/\/akademia-zdrowia.pl\/kielce\/wp-content\/uploads\/2019\/11\/loganastronekopia-500x49.jpg 500w\" sizes=\"(max-width: 1024px) 100vw, 1024px\" \/><\/p>\n<p>&nbsp;<\/p>\n<p><strong><u>Informacje i zapisy w biurze projektu:<\/u><\/strong><\/p>\n<p>Akademia Zdrowia<\/p>\n<p>Al. IX Wiek\u00f3w Kielc 8\/24<\/p>\n<p>25-516 Kielce<\/p>\n<p>tel. 41\/368-00-66; 41\/360-00-66<\/p>\n<p>e-mail:&nbsp;<a href=\"mailto:kielce@akademia-zdrowia.pl\">kielce@akademia-zdrowia.pl<\/a><\/p>\n<p>&nbsp;<\/p>\n<p><strong>Biuro czynne od poniedzia\u0142ku do pi\u0105tku w godzinach od 8.00 do 16.00<\/strong><\/p>\n<\/div><\/div>\n\t\t\t\t\t\t\t\t\t<div class=\"elementor-tab-title elementor-tab-mobile-title\" aria-selected=\"false\" data-tab=\"2\" role=\"tab\" tabindex=\"-1\" aria-controls=\"elementor-tab-content-1432\" aria-expanded=\"false\">REKRUTACJA<\/div>\n\t\t\t\t\t<div id=\"elementor-tab-content-1432\" class=\"elementor-tab-content elementor-clearfix\" data-tab=\"2\" role=\"tabpanel\" aria-labelledby=\"elementor-tab-title-1432\" tabindex=\"0\" hidden=\"hidden\"><div class=\"header\">\n<p><img decoding=\"async\" width=\"486\" height=\"60\" class=\"aligncenter wp-image-1349\" src=\"\/kielce\/wp-content\/uploads\/2019\/06\/486x60.png\" srcset=\"https:\/\/akademia-zdrowia.pl\/kielce\/wp-content\/uploads\/2019\/06\/486x60.png 486w, https:\/\/akademia-zdrowia.pl\/kielce\/wp-content\/uploads\/2019\/06\/486x60-300x37.png 300w\" sizes=\"(max-width: 486px) 100vw, 486px\" \/><\/p>\n<p><strong>Akademia Zdrowia w Kielcach&nbsp; w ramach realizowanego projektu \u201d<em>Akademia nowych kwalifikacji\u201d,<\/em>&nbsp;zaprasza wszystkich zainteresowanych, zamieszkuj\u0105cych na terenie Kielc oraz powiatu kieleckiego&nbsp;do udzia\u0142u w dzia\u0142aniach projektowych. Projekt jest kierowany do os\u00f3b, kt\u00f3re chcia\u0142yby podnie\u015b\u0107 swoje kwalifikacje lub kompetencje oraz zwi\u0119kszy\u0107 szanse na zatrudnienie.<\/strong><\/p>\n<p>Nab\u00f3r uczestnik\u00f3w\/uczestniczek projektu prowadzony jest w spos\u00f3b ci\u0105g\u0142y, a\u017c do chwili wyczerpania wszystkich miejsc na kursie.<\/p>\n<p><strong>Z uwagi na zako\u0144czenie wszystkich edycji szkole\u0144 z zakresu obs\u0142ugi koparko-\u0142adowarek oraz&nbsp; rejestratorki medycznej nie prowadzimy ju\u017c naboru na t\u0119 \u015bcie\u017ck\u0119 zawodow\u0105.<\/strong><\/p>\n<p>Pozosta\u0142e szkolenia s\u0105 w trakcie realizacji. Serdecznie zapraszamy.<\/p>\n<p><strong>Kryteria uczestnik\u00f3w projektu:<\/strong><\/p>\n<ul>\n<li>osoby ucz\u0105ce si\u0119\/pracuj\u0105ce\/zamieszkuj\u0105ce na obszarze Kielc lub powiatu kieleckiego,<\/li>\n<li>osoby powy\u017cej 18 roku \u017cycia,<\/li>\n<li>osoby zg\u0142aszaj\u0105ce ch\u0119\u0107 udzia\u0142u w projekcie z w\u0142asnej inicjatywy,<\/li>\n<li>obecnie nie korzystaj\u0105 z tego samego wsparcia w innych projektach wsp\u00f3\u0142finansowanych ze \u015brodk\u00f3w Europejskiego Funduszu Spo\u0142ecznego.<\/li>\n<\/ul>\n<p><strong>Kryteria pierwsze\u0144stwa<\/strong><strong>:<\/strong><\/p>\n<ul>\n<li>osoby z niskimi kwalifikacjami,<\/li>\n<li>osoby w wieku 50+,<\/li>\n<li>kobiety powracaj\u0105ce na rynek pracy po urodzeniu dziecka,<\/li>\n<li>osoby z niepe\u0142nosprawno\u015bciami,<\/li>\n<li>osoby pozostaj\u0105ce bez zatrudnienia.<\/li>\n<\/ul>\n<p><strong>Dokumenty do pobrania<\/strong><strong>:<\/strong><\/p>\n<p>&nbsp;<\/p>\n<ul>\n<li><a href=\"\/kielce\/wp-content\/uploads\/2021\/08\/REGULAMIN-REKRUTACJI.doc\">REGULAMIN REKRUTACJI<\/a><\/li>\n<li><a href=\"\/kielce\/wp-content\/uploads\/2021\/08\/REGULAMIN-PROJEKTU.doc\">REGULAMIN PROJEKTU<\/a><\/li>\n<li><a href=\"\/kielce\/wp-content\/uploads\/2021\/08\/FORMULARZ-REKRUTACYJNY-1.doc\">FORMULARZ-REKRUTACYJNY-1<\/a><\/li>\n<li><a href=\"\/kielce\/wp-content\/uploads\/2021\/08\/DEKLARCJA-UCZESTNICTWA-W-PROJEKCIE-1.docx\">DEKLARCJA-UCZESTNICTWA-W-PROJEKCIE<\/a><\/li>\n<\/ul>\n<p><strong>Udzia\u0142 w Projekcie jest bezp\u0142atny!<\/strong><\/p>\n<p>Wi\u0119cej informacji znajd\u0105 Pa\u0144stwo w zak\u0142adce:&nbsp;<a href=\"\/kielce\/oferta-szkoleniowa\/projekty-unijne\/kurs-na-rozwoj-w-swietokrzyskim\/o-projekcie\/\">o projekcie&nbsp;<\/a><\/p>\n<p><img fetchpriority=\"high\" decoding=\"async\" width=\"1024\" height=\"101\" class=\"aligncenter size-full wp-image-1393\" src=\"\/kielce\/wp-content\/uploads\/2019\/11\/loganastronekopia.jpg\" srcset=\"https:\/\/akademia-zdrowia.pl\/kielce\/wp-content\/uploads\/2019\/11\/loganastronekopia.jpg 1024w, https:\/\/akademia-zdrowia.pl\/kielce\/wp-content\/uploads\/2019\/11\/loganastronekopia-300x30.jpg 300w, https:\/\/akademia-zdrowia.pl\/kielce\/wp-content\/uploads\/2019\/11\/loganastronekopia-768x76.jpg 768w, https:\/\/akademia-zdrowia.pl\/kielce\/wp-content\/uploads\/2019\/11\/loganastronekopia-500x49.jpg 500w\" sizes=\"(max-width: 1024px) 100vw, 1024px\" \/><\/p>\n<\/div><\/div>\n\t\t\t\t\t\t\t\t\t<div class=\"elementor-tab-title elementor-tab-mobile-title\" aria-selected=\"false\" data-tab=\"3\" role=\"tab\" tabindex=\"-1\" aria-controls=\"elementor-tab-content-1433\" aria-expanded=\"false\">HARMONOGRAM DZIA\u0141A\u0143<\/div>\n\t\t\t\t\t<div id=\"elementor-tab-content-1433\" class=\"elementor-tab-content elementor-clearfix\" data-tab=\"3\" role=\"tabpanel\" aria-labelledby=\"elementor-tab-title-1433\" tabindex=\"0\" hidden=\"hidden\"><div class=\"header\">\n<header class=\"entry-header\">\n<h1><img decoding=\"async\" width=\"486\" height=\"60\" class=\"aligncenter wp-image-1349\" src=\"\/kielce\/wp-content\/uploads\/2019\/06\/486x60.png\" srcset=\"https:\/\/akademia-zdrowia.pl\/kielce\/wp-content\/uploads\/2019\/06\/486x60.png 486w, https:\/\/akademia-zdrowia.pl\/kielce\/wp-content\/uploads\/2019\/06\/486x60-300x37.png 300w\" sizes=\"(max-width: 486px) 100vw, 486px\" \/><\/h1>\n<h1 class=\"entry-title\">HARMONOGRAM DZIA\u0141A\u0143<\/h1>\n<\/header>\n<div class=\"entry-content\">\n<p><strong>POSZCZEG\u00d3LNE ETAPY DZIA\u0141A\u0143 W PROJEKCIE PRZEDSTAWIAJ\u0104 SI\u0118 NAST\u0118PUJ\u0104CO:<\/strong><\/p>\n<p><strong><em>&nbsp; &nbsp; &nbsp; &nbsp; 1.Rekrutacja uczestnik\u00f3w :<\/em><\/strong><\/p>\n<p>Od dnia 01.09.2020 rozpocz\u0119\u0142a si\u0119 rekrutacja uczestnik\u00f3w projektu, kt\u00f3ra jest prowadzona w spos\u00f3b ci\u0105g\u0142y, a\u017c do momentu zebrania ostatniej grupy uczestnik\u00f3w\/uczestniczek projektu.<\/p>\n<p><strong>&nbsp; &nbsp; &nbsp;&nbsp; 2<em>. Doradztwo zawodowe dla zakwalifikowanych uczestnik\u00f3w projektu:&nbsp;<\/em><\/strong><\/p>\n<p>Osoby zakwalifikowane do projektu rozpoczn\u0105 indywidualne doradztwo zawodowe w wymiarze 2 h na jednego uczestnika\/uczestniczk\u0119 projektu.&nbsp; Wsp\u00f3\u0142praca doradcy zawodowego z uczestnikami\/ uczestniczkami projektu rozpoczyna si\u0119 od wywiadu, kt\u00f3rego celem jest okre\u015blenie cech osobowo\u015bciowych,&nbsp; zdefiniowanie kompetencji zawodowych oraz okre\u015blenie kierunku rozwoju zgodnie z zaproponowanymi w projekcie profilami szkole\u0144.<\/p>\n<p><strong>Harmonogram doradztwa zawodowego:<\/strong><\/p>\n<p><a href=\"\/kielce\/wp-content\/uploads\/2021\/08\/Harmonogram-doradca-listopad-2020.docx\">Harmonogram \u2013 doradca \u2013 listopad 2020<\/a><\/p>\n<p><a href=\"\/kielce\/wp-content\/uploads\/2021\/08\/Harmonogram-doradca-luty-2021.docx\">Harmonogram \u2013 doradca \u2013 luty 2021<\/a><\/p>\n<p><a href=\"\/kielce\/wp-content\/uploads\/2021\/08\/Harmonogram-doradca-marzec-2021.docx\">Harmonogram \u2013 doradca \u2013 marzec 2021<\/a><\/p>\n<p><a href=\"\/kielce\/wp-content\/uploads\/2021\/08\/Harmonogram-doradca-maj-2021.docx\">Harmonogram \u2013 doradca \u2013 maj 2021<\/a><\/p>\n<p><a href=\"\/kielce\/wp-content\/uploads\/2021\/08\/Harmonogram-doradca-czerwiec-2021.docx\">Harmonogram \u2013 doradca \u2013 czerwiec 2021<\/a><\/p>\n<p><a href=\"\/kielce\/wp-content\/uploads\/2021\/08\/Harmonogram-doradca-lipiec-20213.docx\">Harmonogram \u2013 doradca \u2013 lipiec 2021(3)<\/a><\/p>\n<p><strong>&nbsp;3. Kursy i szkolenia zawodowe<\/strong><\/p>\n<p>Uczestnicy\/uczestniczki projektu, kt\u00f3rzy zdecyduj\u0105 si\u0119 na kontynuacj\u0119 projektu zostaj\u0105 skierowani na badania lekarskie oraz kursy zawodowe dobrane przez doradc\u0119 zgodnie z predyspozycjami.<\/p>\n<\/div>\n<p><strong>Harmonogramy kurs\u00f3w zawodowych:<\/strong><\/p>\n<p><a href=\"\/kielce\/wp-content\/uploads\/2021\/08\/Rejestratorka-medyczna-edycja-I-kurs-zako%C5%84czony.pdf\">Rejestratorka medyczna edycja I \u2013 kurs zako\u0144czony<\/a><\/p>\n<p><a href=\"\/kielce\/wp-content\/uploads\/2021\/08\/Rejestratorka-medyczna-edycja-II-kurs-zako%C5%84czony.pdf\">Rejestratorka medyczna edycja II- kurs zako\u0144czony<\/a><\/p>\n<p><a href=\"\/kielce\/wp-content\/uploads\/2021\/08\/Operator-koparkoladowarki-edycja-I-kurs-zako%C5%84czony.pdf\">Operator koparkoladowarki edycja I -kurs zako\u0144czony<\/a><\/p>\n<p><a href=\"\/kielce\/wp-content\/uploads\/2021\/08\/Operator-koparko%C5%82adowarki-edycja-II-kurs-zako%C5%84czony.pdf\">Operator koparko\u0142adowarki edycja II -kurs zako\u0144czony<\/a><\/p>\n<p><a href=\"\/kielce\/wp-content\/uploads\/2021\/08\/Operator-koparko%C5%82adowarki-edycja-III-kurs-zako%C5%84czony.pdf\">Operator koparko\u0142adowarki edycja III \u2013 kurs zako\u0144czony<\/a><\/p>\n<p><a href=\"\/kielce\/wp-content\/uploads\/2021\/08\/Fryzjer-czeladnik-edycja-I-kurs-zako%C5%84czony.pdf\">Fryzjer czeladnik edycja I -kurs zako\u0144czony<\/a><\/p>\n<p><a href=\"\/kielce\/wp-content\/uploads\/2021\/08\/Kosmetyczka-czeladnik-edycja-I-kurs-w-trakcie-realziacji.pdf\">Kosmetyczka czeladnik edycja I \u2013 kurs w trakcie realizacji<\/a><\/p>\n<p>&nbsp;<\/p>\n<p><strong>Kursy zaplanowane od wrze\u015bnia 2021 :<\/strong><\/p>\n<p>Masa\u017c klasyczny i leczniczy \u2013 edycja I<\/p>\n<p>Fryzjer czeladnik \u2013 edycja II<\/p>\n<p>Operator \u017curawia wie\u017cowego \u2013 edycja I<\/p>\n<p><strong>Zapraszamy do kontaktu celem uzyskania szczeg\u00f3\u0142owych informacji.<\/strong><\/p>\n<\/div><\/div>\n\t\t\t\t\t\t\t\t\t<div class=\"elementor-tab-title elementor-tab-mobile-title\" aria-selected=\"false\" data-tab=\"4\" role=\"tab\" tabindex=\"-1\" aria-controls=\"elementor-tab-content-1434\" aria-expanded=\"false\">ZAPYTANIA OFERTOWE\/ROZEZNANIE RYNKU<\/div>\n\t\t\t\t\t<div id=\"elementor-tab-content-1434\" class=\"elementor-tab-content elementor-clearfix\" data-tab=\"4\" role=\"tabpanel\" aria-labelledby=\"elementor-tab-title-1434\" tabindex=\"0\" hidden=\"hidden\"><p><strong>ROZEZNANIA RYNKU<\/strong><\/p>\n<p><a href=\"\/kielce\/wp-content\/uploads\/2021\/08\/Zaproszenie-do-zlozenia-oferty-na-doradce-zawodowego.doc\">Zaproszenie do z\u0142o\u017cenia oferty na doradc\u0119 zawodowego<\/a><br>\n<a href=\"\/kielce\/wp-content\/uploads\/2021\/08\/Zawiadomienie-o-wyborze-oferty-Doradca-zawodowy.pdf\">Zawiadomienie o wyborze oferty \u2013 Doradca zawodowy<\/a><br>\n&nbsp;<br>\n<a href=\"\/kielce\/wp-content\/uploads\/2021\/08\/zaproszenie-do-zlozenia-oferty-na-materialy-szkoleniowe.doc\">Zaproszenie do z\u0142o\u017cenia oferty na materia\u0142y szkoleniowe<\/a><br>\n&nbsp;<br>\n<a href=\"\/kielce\/wp-content\/uploads\/2021\/08\/zaproszenie-do-zlozenia-oferty-na-badania-medycyny-pracy-.doc\">Zaproszenie do z\u0142o\u017cenia oferty na badania medycyny pracy<\/a><br>\n<a href=\"\/kielce\/wp-content\/uploads\/2021\/08\/Zawiadomienie-o-wyborze-najkorzystniejszej-oferty-badania-lekarskie.pdf\">Zawiadomienie o wyborze najkorzystniejszej oferty \u2013 badania lekarskie<\/a><br>\n&nbsp;<\/p>\n<p><strong>ZAPYTANIA OFERTOWE<\/strong><\/p>\n<p><a href=\"\/kielce\/wp-content\/uploads\/2021\/08\/Zapytanie-ofertowe-numer-1-CATERING.doc\">Zapytanie ofertowe numer 1- CATERING<\/a><br>\n<a href=\"\/kielce\/wp-content\/uploads\/2021\/08\/Zalacznik-numer-1-Opis-przedmiotu-zamowienia.doc\">Za\u0142\u0105cznik numer 1 \u2013 Opis przedmiotu zam\u00f3wienia<\/a><br>\n<a href=\"\/kielce\/wp-content\/uploads\/2021\/08\/Zalacznik-numer-2-Umowa.doc\">Za\u0142\u0105cznik numer 2 \u2013 Umowa<\/a><br>\n<a href=\"\/kielce\/wp-content\/uploads\/2021\/08\/Zalacznik-numer-3-Formularz-ofertowy.doc\">Za\u0142\u0105cznik numer 3 \u2013 Formularz ofertowy<\/a><br>\n<a href=\"\/kielce\/wp-content\/uploads\/2021\/08\/Zalacznik-numer-4-Oswiadczenie-o-spelnianiu-warunkow-i-niepodleganiu-wykluczeniu-podmiotu-z-udzialu-w-postepowaniu.doc\">Za\u0142\u0105cznik numer 4- O\u015bwiadczenie o spe\u0142nianiu warunk\u00f3w i niepodleganiu wykluczeniu podmiotu z udzia\u0142u w postepowaniu<\/a><br>\n<a href=\"\/kielce\/wp-content\/uploads\/2021\/08\/Zawiadomienie-o-wyborze-najkorzystniejszej-oferty-Catering.pdf\">Zawiadomienie o wyborze najkorzystniejszej oferty \u2013 Catering<\/a><br>\n&nbsp;<br>\n<a href=\"\/kielce\/wp-content\/uploads\/2021\/08\/Zapytanie-ofertowe-numer-2-Kurs-rejestratorka-medyczna.doc\">Zapytanie ofertowe numer 2 \u2013 Kurs rejestratorka medyczna<\/a><br>\n<a href=\"\/kielce\/wp-content\/uploads\/2021\/08\/Zalacznik-numer-1-opis-przedmiotu-zamowienia.doc\">Za\u0142\u0105cznik numer 1 \u2013 opis przedmiotu zam\u00f3wienia<\/a><br>\n<a href=\"\/kielce\/wp-content\/uploads\/2021\/08\/Zalacznik-numer-2-umowa.doc\">Za\u0142\u0105cznik numer 2 \u2013 umowa<\/a><br>\n<a href=\"\/kielce\/wp-content\/uploads\/2021\/08\/Zalacznik-numer-3-formularz-oferty.doc\">Za\u0142\u0105cznik numer 3 \u2013 formularz oferty<\/a><br>\n<a href=\"\/kielce\/wp-content\/uploads\/2021\/08\/ZACZNI2-1.doc\">Za\u0142\u0105cznik numer 4- o\u015bwiadczenie<\/a><br>\n<a href=\"\/kielce\/wp-content\/uploads\/2021\/08\/Zalacznik-numer-4-a-wykaz-osob.doc\">Za\u0142\u0105cznik numer 4 a \u2013 wykaz os\u00f3b<\/a><br>\n<a href=\"\/kielce\/wp-content\/uploads\/2021\/08\/Zalacznik-numer-5-RODO.doc\">Za\u0142\u0105cznik numer 5 \u2013 RODO<\/a><br>\n<a href=\"\/kielce\/wp-content\/uploads\/2021\/08\/Zawiadomienie-o-wyborze-oferty-kurs-Rejestratork-medyczna.pdf\">Zawiadomienie o wyborze oferty \u2013 kurs Rejestratorka medyczna<\/a><br>\n&nbsp;<br>\n<a href=\"\/kielce\/wp-content\/uploads\/2021\/08\/Zapytanie-ofertowe-numer-3-kurs-Fryzjer.doc\">Zapytanie ofertowe numer 3 \u2013 kurs Fryzjer<\/a><br>\n<a href=\"\/kielce\/wp-content\/uploads\/2021\/08\/Zalacznik-numer-1-opis-przedmiotu-zamowienia-1.doc\">Za\u0142\u0105cznik numer 1 \u2013 opis przedmiotu zam\u00f3wienia<\/a><br>\n<a href=\"\/kielce\/wp-content\/uploads\/2021\/08\/Zalacznik-numer-2-umowa-1.doc\">Za\u0142\u0105cznik numer 2 \u2013 umowa<\/a><br>\n<a href=\"\/kielce\/wp-content\/uploads\/2021\/08\/Zalacznik-numer-3-formularz-oferty-1.doc\">Za\u0142\u0105cznik numer 3 \u2013 formularz oferty<\/a><br>\n<a href=\"\/kielce\/wp-content\/uploads\/2021\/08\/Zalacznik-numer-4-Oswiadczenie-o-spelnianiu-warunkow-i-niepodleganiu-wykluczeniu-podmiotu-z-udzialu-w-postepowaniu.doc\">Za\u0142\u0105cznik numer 4 \u2013 O\u015bwiadczenie o spe\u0142nianiu warunk\u00f3w i niepodleganiu wykluczeniu podmiotu z udzia\u0142u w post\u0119powaniu<\/a><br>\n<a href=\"\/kielce\/wp-content\/uploads\/2021\/08\/Zalacznik-numer-4-a-wykaz-osob-1.doc\">Za\u0142\u0105cznik numer 4 a \u2013 wykaz os\u00f3b<\/a><br>\n<a href=\"\/kielce\/wp-content\/uploads\/2021\/08\/Zalacznik-numer-5-RODO-1.doc\">Za\u0142\u0105cznik numer 5 \u2013 RODO<\/a><br>\n<a href=\"\/kielce\/wp-content\/uploads\/2021\/08\/Zawiadomienie-o-wyborze-najkorzystniejszej-oferty-kurs-Fyzjer.pdf\">Zawiadomienie o wyborze najkorzystniejszej oferty \u2013 kurs Fryzjer<\/a><br>\n&nbsp;<br>\n<a href=\"\/kielce\/wp-content\/uploads\/2021\/08\/Zapytanie-ofertowe-numer-4-kurs-kosmetyczka.doc\">Zapytanie ofertowe numer 4 \u2013 kurs kosmetyczka<\/a><br>\n<a href=\"\/kielce\/wp-content\/uploads\/2021\/08\/Zalacznik-numer-1-opis-przedmiotu-zamowienia-2.doc\">Za\u0142\u0105cznik numer 1 \u2013 opis przedmiotu zam\u00f3wienia<\/a><br>\n<a href=\"\/kielce\/wp-content\/uploads\/2021\/08\/Zalacznik-numer-2-umowa-2.doc\">Za\u0142\u0105cznik numer 2 \u2013 umowa<\/a><br>\n<a href=\"\/kielce\/wp-content\/uploads\/2021\/08\/Zalacznik-numer-3-formularz-oferty-2.doc\">Za\u0142\u0105cznik numer 3 \u2013 formularz oferty<\/a><br>\n<a href=\"\/kielce\/wp-content\/uploads\/2021\/08\/Zalacznik-numer-4-Oswiadczenie-o-spelnianiu-warunkow-i-niepodleganiu-wykluczeniu-podmiotu-z-udzialu-w-postepowaniu-1.doc\">Za\u0142\u0105cznik numer 4 \u2013 O\u015bwiadczenie o spe\u0142nianiu warunk\u00f3w i niepodleganiu wykluczeniu podmiotu z udzia\u0142u w post\u0119powaniu<\/a><br>\n<a href=\"\/kielce\/wp-content\/uploads\/2021\/08\/Zalacznik-numer-4-a-wykaz-osob-2.doc\">Za\u0142\u0105cznik numer 4 a \u2013 wykaz os\u00f3b<\/a><br>\n<a href=\"\/kielce\/wp-content\/uploads\/2021\/08\/Zalacznik-numer-5-RODO-2.doc\">Za\u0142\u0105cznik numer 5 \u2013 RODO<\/a><br>\n<a href=\"\/kielce\/wp-content\/uploads\/2021\/08\/Zawiadomienie-o-wyborze-najkorzystniejszej-oferty-Kurs-kosmetyczka.pdf\">Zawiadomienie o wyborze najkorzystniejszej oferty \u2013 Kurs kosmetyczka<\/a><br>\n&nbsp;<br>\n<a href=\"\/kielce\/wp-content\/uploads\/2021\/08\/Zapytanie-ofertowe-numer-5-masaz-klasyczny-i-leczniczy.doc\">Zapytanie ofertowe numer 5 \u2013 masa\u017c klasyczny i leczniczy<\/a><br>\n<a href=\"\/kielce\/wp-content\/uploads\/2021\/08\/Zalacznik-numer-1-opis-przedmiotu-zamowienia-4.doc\">Za\u0142\u0105cznik numer 1 \u2013 opis przedmiotu zam\u00f3wienia<\/a><br>\n<a href=\"\/kielce\/wp-content\/uploads\/2021\/08\/Zalacznik-numer-2-umowa-4.doc\">Za\u0142\u0105cznik numer 2 \u2013 umowa<\/a><br>\n<a href=\"\/kielce\/wp-content\/uploads\/2021\/08\/Zalacznik-numer-3-formularz-oferty-4.doc\">Za\u0142\u0105cznik numer 3 \u2013 formularz oferty<\/a><br>\n<a href=\"\/kielce\/wp-content\/uploads\/2021\/08\/Zalacznik-numer-4-Oswiadczenie-o-spelnianiu-warunkow-i-niepodleganiu-wykluczeniu-podmiotu-z-udzialu-w-postepowaniu-3.doc\">Za\u0142\u0105cznik numer 4 \u2013 O\u015bwiadczenie o spe\u0142nianiu warunk\u00f3w i niepodleganiu wykluczeniu podmiotu z udzia\u0142u w post\u0119powaniu<\/a><br>\n<a href=\"\/kielce\/wp-content\/uploads\/2021\/08\/Zalacznik-numer-4-a-wykaz-osob-4.doc\">Za\u0142\u0105cznik numer 4 a \u2013 wykaz os\u00f3b<\/a><br>\n<a href=\"\/kielce\/wp-content\/uploads\/2021\/08\/Zalacznik-numer-5-RODO-3.doc\">Za\u0142\u0105cznik numer 5 \u2013 RODO<\/a><br>\n<a href=\"\/kielce\/wp-content\/uploads\/2021\/08\/Zawiadomienie-o-wyborze-oferty-Masaz-klasyczny-i-leczniczy.pdf\">Zawiadomienie o wyborze oferty \u2013 Masa\u017c klasyczny i leczniczy<\/a><br>\n&nbsp;<br>\n<a href=\"\/kielce\/wp-content\/uploads\/2021\/08\/Zapytanie-ofertowe-numer-6-operator-koparkoladowarki.doc\">Zapytanie ofertowe numer 6 \u2013 operator koparko\u0142adowarki<\/a><br>\n<a href=\"\/kielce\/wp-content\/uploads\/2021\/08\/Zalacznik-numer-1-opis-przedmiotu-zamowienia-5.doc\">Za\u0142\u0105cznik numer 1 \u2013 opis przedmiotu zam\u00f3wienia<\/a><br>\n<a href=\"\/kielce\/wp-content\/uploads\/2021\/08\/Zalacznik-numer-2-umowa-5.doc\">Za\u0142\u0105cznik numer 2 \u2013 umowa<\/a><br>\n<a href=\"\/kielce\/wp-content\/uploads\/2021\/08\/Zalacznik-numer-3-formularz-oferty-5.doc\">Za\u0142\u0105cznik numer 3 \u2013 formularz oferty<\/a><br>\n<a href=\"\/kielce\/wp-content\/uploads\/2021\/08\/ZACZNI4.doc\">Za\u0142\u0105cznik numer 4 \u2013 o\u015bwiadczenie<\/a><br>\n<a href=\"\/kielce\/wp-content\/uploads\/2021\/08\/Zalacznik-numer-4-a-wykaz-osob-5.doc\">Za\u0142\u0105cznik numer 4 a \u2013 wykaz os\u00f3b<\/a><br>\n<a href=\"\/kielce\/wp-content\/uploads\/2021\/08\/Zalacznik-numer-5-RODO-4.doc\">Za\u0142\u0105cznik numer 5 \u2013 RODO<\/a><br>\n&nbsp;<br>\n&nbsp;<br>\n<a href=\"\/kielce\/wp-content\/uploads\/2021\/08\/Zapytanie-ofertowe-numer-7-zakup-i-dostawa-materialow-zuzywalnych.doc\">Zapytanie ofertowe numer 7 zakup i dostawa materia\u0142\u00f3w zu\u017cywalnych<\/a><\/p><\/div>\n\t\t\t\t\t\t\t<\/div>\n\t\t<\/div>\n\t\t\t\t\t\t<\/div>\n\t\t\t\t<\/div>\n\t\t\t\t\t<\/div>\n\t\t<\/div>\n\t\t\t\t<div class=\"elementor-column elementor-col-33 elementor-top-column elementor-element elementor-element-356dfe6\" data-id=\"356dfe6\" data-element_type=\"column\" data-e-type=\"column\">\n\t\t\t<div class=\"elementor-widget-wrap elementor-element-populated\">\n\t\t\t\t\t\t<div class=\"elementor-element elementor-element-e63c78b elementor-widget elementor-widget-rs-image\" data-id=\"e63c78b\" data-element_type=\"widget\" data-e-type=\"widget\" data-widget_type=\"rs-image.default\">\n\t\t\t\t<div class=\"elementor-widget-container\">\n\t\t\t\t\t\n        <div class=\"rs-image \">\n                            <img decoding=\"async\" class=\"rs-multi-image \" src=\"https:\/\/akademia-zdrowia.pl\/kielce\/wp-content\/uploads\/2023\/08\/AZ-KIELCE-1.jpg\" alt=\"image\"\/>\n                    <\/div>\n\n              \n    \t\t\t\t<\/div>\n\t\t\t\t<\/div>\n\t\t\t\t<div class=\"elementor-element elementor-element-5953931 elementor-widget elementor-widget-text-editor\" data-id=\"5953931\" data-element_type=\"widget\" data-e-type=\"widget\" data-widget_type=\"text-editor.default\">\n\t\t\t\t<div class=\"elementor-widget-container\">\n\t\t\t\t\t\t\t\t\t<div class=\"adres\"><p style=\"text-align: center;\">al. IX Wiek\u00f3w Kielc 8\/24<br \/>25-516 Kielce<\/p><p style=\"text-align: center;\"><img decoding=\"async\" style=\"color: var( --e-global-color-text ); font-family: var( --e-global-typography-text-font-family ), Sans-serif; font-weight: var( --e-global-typography-text-font-weight );\" src=\"https:\/\/www.akademia-zdrowia.pl\/lodz\/wp-content\/themes\/akademia-podstrona\/img\/phone-ico_red.png\" alt=\"marker\" \/><span style=\"color: var( --e-global-color-text ); font-family: var( --e-global-typography-text-font-family ), Sans-serif; font-weight: var( --e-global-typography-text-font-weight );\">\u00a0\u00a0<\/span><span style=\"color: var( --e-global-color-text ); font-family: var( --e-global-typography-text-font-family ), Sans-serif; font-weight: var( --e-global-typography-text-font-weight );\">tel.\u00a0<\/span><a style=\"font-family: var( --e-global-typography-text-font-family ), Sans-serif; font-weight: var( --e-global-typography-text-font-weight ); background-color: #ffffff;\" href=\"tel:41 3680066\">41 3680066<\/a><span style=\"color: var( --e-global-color-text ); font-family: var( --e-global-typography-text-font-family ), Sans-serif; font-weight: var( --e-global-typography-text-font-weight );\"><br \/><\/span><span style=\"color: var( --e-global-color-text ); font-family: var( --e-global-typography-text-font-family ), Sans-serif; font-weight: var( --e-global-typography-text-font-weight );\">tel.\/fax\u00a0<\/span><a style=\"font-family: var( --e-global-typography-text-font-family ), Sans-serif; font-weight: var( --e-global-typography-text-font-weight ); background-color: #ffffff;\" href=\"tel:41 3600066\">41 3600066<\/a><\/p><p>\u00a0 \u00a0 \u00a0 \u00a0 \u00a0 \u00a0 \u00a0 \u00a0 \u00a0 \u00a0 \u00a0 \u00a0<img decoding=\"async\" class=\"wp-image-6175 alignnone\" src=\"https:\/\/akademia-zdrowia.pl\/kielce\/wp-content\/uploads\/2023\/08\/whatsapp-logo-png-2288.png\" alt=\"\" width=\"28\" height=\"28\" srcset=\"https:\/\/akademia-zdrowia.pl\/kielce\/wp-content\/uploads\/2023\/08\/whatsapp-logo-png-2288.png 256w, https:\/\/akademia-zdrowia.pl\/kielce\/wp-content\/uploads\/2023\/08\/whatsapp-logo-png-2288-150x150.png 150w, https:\/\/akademia-zdrowia.pl\/kielce\/wp-content\/uploads\/2023\/08\/whatsapp-logo-png-2288-120x120.png 120w, https:\/\/akademia-zdrowia.pl\/kielce\/wp-content\/uploads\/2023\/08\/whatsapp-logo-png-2288-220x220.png 220w\" sizes=\"(max-width: 28px) 100vw, 28px\" \/> tel. <a href=\"http:\/\/662-536-086\" data-wplink-url-error=\"true\">662-536-086<\/a><\/p><\/div><div class=\"dodatkowe\"><p style=\"text-align: center;\">Sekretariat czynny od poniedzia\u0142ku do pi\u0105tku w godzinach 9.00-16.00<\/p><p style=\"text-align: center;\"><span style=\"color: #000080; font-family: var( --e-global-typography-text-font-family ), Sans-serif;\"><b>Zarezerwuj miejsce ju\u017c dzi\u015b!<\/b><\/span><\/p><\/div>\t\t\t\t\t\t\t\t<\/div>\n\t\t\t\t<\/div>\n\t\t\t\t\t<\/div>\n\t\t<\/div>\n\t\t\t\t\t<\/div>\n\t\t<\/section>\n\t\t\t\t<\/div>\n\t\t","protected":false},"excerpt":{"rendered":"<p>O PROJEKCIE REKRUTACJA HARMONOGRAM DZIA\u0141A\u0143 ZAPYTANIA OFERTOWE\/ROZEZNANIE RYNKU O PROJEKCIE Projekt \u201cAkademia nowych kwalifikacji\u201d&nbsp;&nbsp;jest wsp\u00f3\u0142finansowany ze \u015brodk\u00f3w&nbsp;Europejskiego Funduszu Spo\u0142ecznego&nbsp;w ramach Dzia\u0142ania RPSW.08.05.00 Rozw\u00f3j i wysoka jako\u015b\u0107 szkolnictwa zawodowego i kszta\u0142cenia ustawicznego&nbsp;Regionalnego Programu Operacyjnego Wojew\u00f3dztwa \u015awi\u0119tokrzyskiego 2014-2020. Celem g\u0142\u00f3wnym projektu jest&nbsp;nabycie kwalifikacji\/ kompetencji istotnych na rynku pracy przez 172 osoby doros\u0142e&nbsp; &nbsp; ( 108 K\/ 64&#8230;<\/p>\n","protected":false},"author":1,"featured_media":0,"parent":55,"menu_order":0,"comment_status":"closed","ping_status":"closed","template":"","meta":{"footnotes":""},"class_list":["post-1903","page","type-page","status-publish","hentry"],"yoast_head":"<!-- This site is optimized with the Yoast SEO plugin v26.9 - https:\/\/yoast.com\/product\/yoast-seo-wordpress\/ -->\n<title>Akademia nowych kwalifikacji - Akademia Zdrowia Kielce<\/title>\n<meta name=\"robots\" content=\"index, follow, max-snippet:-1, max-image-preview:large, max-video-preview:-1\" \/>\n<link rel=\"canonical\" href=\"https:\/\/akademia-zdrowia.pl\/kielce\/oferta-szkoleniowa\/projekty-unijne\/akademia-nowych-kwalifikacji\/\" \/>\n<meta property=\"og:locale\" content=\"pl_PL\" \/>\n<meta property=\"og:type\" content=\"article\" \/>\n<meta property=\"og:title\" content=\"Akademia nowych kwalifikacji - Akademia Zdrowia Kielce\" \/>\n<meta property=\"og:description\" content=\"O PROJEKCIE REKRUTACJA HARMONOGRAM DZIA\u0141A\u0143 ZAPYTANIA OFERTOWE\/ROZEZNANIE RYNKU O PROJEKCIE Projekt \u201cAkademia nowych kwalifikacji\u201d&nbsp;&nbsp;jest wsp\u00f3\u0142finansowany ze \u015brodk\u00f3w&nbsp;Europejskiego Funduszu Spo\u0142ecznego&nbsp;w ramach Dzia\u0142ania RPSW.08.05.00 Rozw\u00f3j i wysoka jako\u015b\u0107 szkolnictwa zawodowego i kszta\u0142cenia ustawicznego&nbsp;Regionalnego Programu Operacyjnego Wojew\u00f3dztwa \u015awi\u0119tokrzyskiego 2014-2020. Celem g\u0142\u00f3wnym projektu jest&nbsp;nabycie kwalifikacji\/ kompetencji istotnych na rynku pracy przez 172 osoby doros\u0142e&nbsp; &nbsp; ( 108 K\/ 64...\" \/>\n<meta property=\"og:url\" content=\"https:\/\/akademia-zdrowia.pl\/kielce\/oferta-szkoleniowa\/projekty-unijne\/akademia-nowych-kwalifikacji\/\" \/>\n<meta property=\"og:site_name\" content=\"Akademia Zdrowia Kielce\" \/>\n<meta property=\"article:modified_time\" content=\"2023-08-28T10:59:26+00:00\" \/>\n<meta property=\"og:image\" content=\"https:\/\/akademia-zdrowia.pl\/kielce\/wp-content\/uploads\/2023\/08\/AZ-KIELCE-1.jpg\" \/>\n<meta name=\"twitter:card\" content=\"summary_large_image\" \/>\n<meta name=\"twitter:label1\" content=\"Szacowany czas czytania\" \/>\n\t<meta name=\"twitter:data1\" content=\"8 minut\" \/>\n<script type=\"application\/ld+json\" class=\"yoast-schema-graph\">{\"@context\":\"https:\/\/schema.org\",\"@graph\":[{\"@type\":\"WebPage\",\"@id\":\"https:\/\/akademia-zdrowia.pl\/kielce\/oferta-szkoleniowa\/projekty-unijne\/akademia-nowych-kwalifikacji\/\",\"url\":\"https:\/\/akademia-zdrowia.pl\/kielce\/oferta-szkoleniowa\/projekty-unijne\/akademia-nowych-kwalifikacji\/\",\"name\":\"Akademia nowych kwalifikacji - Akademia Zdrowia Kielce\",\"isPartOf\":{\"@id\":\"https:\/\/akademia-zdrowia.pl\/kielce\/#website\"},\"primaryImageOfPage\":{\"@id\":\"https:\/\/akademia-zdrowia.pl\/kielce\/oferta-szkoleniowa\/projekty-unijne\/akademia-nowych-kwalifikacji\/#primaryimage\"},\"image\":{\"@id\":\"https:\/\/akademia-zdrowia.pl\/kielce\/oferta-szkoleniowa\/projekty-unijne\/akademia-nowych-kwalifikacji\/#primaryimage\"},\"thumbnailUrl\":\"https:\/\/akademia-zdrowia.pl\/kielce\/wp-content\/uploads\/2023\/08\/AZ-KIELCE-1.jpg\",\"datePublished\":\"2021-08-18T14:21:30+00:00\",\"dateModified\":\"2023-08-28T10:59:26+00:00\",\"breadcrumb\":{\"@id\":\"https:\/\/akademia-zdrowia.pl\/kielce\/oferta-szkoleniowa\/projekty-unijne\/akademia-nowych-kwalifikacji\/#breadcrumb\"},\"inLanguage\":\"pl-PL\",\"potentialAction\":[{\"@type\":\"ReadAction\",\"target\":[\"https:\/\/akademia-zdrowia.pl\/kielce\/oferta-szkoleniowa\/projekty-unijne\/akademia-nowych-kwalifikacji\/\"]}]},{\"@type\":\"ImageObject\",\"inLanguage\":\"pl-PL\",\"@id\":\"https:\/\/akademia-zdrowia.pl\/kielce\/oferta-szkoleniowa\/projekty-unijne\/akademia-nowych-kwalifikacji\/#primaryimage\",\"url\":\"https:\/\/akademia-zdrowia.pl\/kielce\/wp-content\/uploads\/2023\/08\/AZ-KIELCE-1.jpg\",\"contentUrl\":\"https:\/\/akademia-zdrowia.pl\/kielce\/wp-content\/uploads\/2023\/08\/AZ-KIELCE-1.jpg\",\"width\":1200,\"height\":801},{\"@type\":\"BreadcrumbList\",\"@id\":\"https:\/\/akademia-zdrowia.pl\/kielce\/oferta-szkoleniowa\/projekty-unijne\/akademia-nowych-kwalifikacji\/#breadcrumb\",\"itemListElement\":[{\"@type\":\"ListItem\",\"position\":1,\"name\":\"Strona g\u0142\u00f3wna\",\"item\":\"https:\/\/akademia-zdrowia.pl\/kielce\/\"},{\"@type\":\"ListItem\",\"position\":2,\"name\":\"Oferta szkoleniowa\",\"item\":\"https:\/\/akademia-zdrowia.pl\/kielce\/oferta-szkoleniowa\/\"},{\"@type\":\"ListItem\",\"position\":3,\"name\":\"Projekty unijne\",\"item\":\"https:\/\/akademia-zdrowia.pl\/kielce\/oferta-szkoleniowa\/projekty-unijne\/\"},{\"@type\":\"ListItem\",\"position\":4,\"name\":\"Akademia nowych kwalifikacji\"}]},{\"@type\":\"WebSite\",\"@id\":\"https:\/\/akademia-zdrowia.pl\/kielce\/#website\",\"url\":\"https:\/\/akademia-zdrowia.pl\/kielce\/\",\"name\":\"Akademia Zdrowia Kielce\",\"description\":\"Kolejna witryna oparta na WordPressie\",\"potentialAction\":[{\"@type\":\"SearchAction\",\"target\":{\"@type\":\"EntryPoint\",\"urlTemplate\":\"https:\/\/akademia-zdrowia.pl\/kielce\/?s={search_term_string}\"},\"query-input\":{\"@type\":\"PropertyValueSpecification\",\"valueRequired\":true,\"valueName\":\"search_term_string\"}}],\"inLanguage\":\"pl-PL\"}]}<\/script>\n<!-- \/ Yoast SEO plugin. -->","yoast_head_json":{"title":"Akademia nowych kwalifikacji - Akademia Zdrowia Kielce","robots":{"index":"index","follow":"follow","max-snippet":"max-snippet:-1","max-image-preview":"max-image-preview:large","max-video-preview":"max-video-preview:-1"},"canonical":"https:\/\/akademia-zdrowia.pl\/kielce\/oferta-szkoleniowa\/projekty-unijne\/akademia-nowych-kwalifikacji\/","og_locale":"pl_PL","og_type":"article","og_title":"Akademia nowych kwalifikacji - Akademia Zdrowia Kielce","og_description":"O PROJEKCIE REKRUTACJA HARMONOGRAM DZIA\u0141A\u0143 ZAPYTANIA OFERTOWE\/ROZEZNANIE RYNKU O PROJEKCIE Projekt \u201cAkademia nowych kwalifikacji\u201d&nbsp;&nbsp;jest wsp\u00f3\u0142finansowany ze \u015brodk\u00f3w&nbsp;Europejskiego Funduszu Spo\u0142ecznego&nbsp;w ramach Dzia\u0142ania RPSW.08.05.00 Rozw\u00f3j i wysoka jako\u015b\u0107 szkolnictwa zawodowego i kszta\u0142cenia ustawicznego&nbsp;Regionalnego Programu Operacyjnego Wojew\u00f3dztwa \u015awi\u0119tokrzyskiego 2014-2020. Celem g\u0142\u00f3wnym projektu jest&nbsp;nabycie kwalifikacji\/ kompetencji istotnych na rynku pracy przez 172 osoby doros\u0142e&nbsp; &nbsp; ( 108 K\/ 64...","og_url":"https:\/\/akademia-zdrowia.pl\/kielce\/oferta-szkoleniowa\/projekty-unijne\/akademia-nowych-kwalifikacji\/","og_site_name":"Akademia Zdrowia Kielce","article_modified_time":"2023-08-28T10:59:26+00:00","og_image":[{"url":"https:\/\/akademia-zdrowia.pl\/kielce\/wp-content\/uploads\/2023\/08\/AZ-KIELCE-1.jpg","type":"","width":"","height":""}],"twitter_card":"summary_large_image","twitter_misc":{"Szacowany czas czytania":"8 minut"},"schema":{"@context":"https:\/\/schema.org","@graph":[{"@type":"WebPage","@id":"https:\/\/akademia-zdrowia.pl\/kielce\/oferta-szkoleniowa\/projekty-unijne\/akademia-nowych-kwalifikacji\/","url":"https:\/\/akademia-zdrowia.pl\/kielce\/oferta-szkoleniowa\/projekty-unijne\/akademia-nowych-kwalifikacji\/","name":"Akademia nowych kwalifikacji - Akademia Zdrowia Kielce","isPartOf":{"@id":"https:\/\/akademia-zdrowia.pl\/kielce\/#website"},"primaryImageOfPage":{"@id":"https:\/\/akademia-zdrowia.pl\/kielce\/oferta-szkoleniowa\/projekty-unijne\/akademia-nowych-kwalifikacji\/#primaryimage"},"image":{"@id":"https:\/\/akademia-zdrowia.pl\/kielce\/oferta-szkoleniowa\/projekty-unijne\/akademia-nowych-kwalifikacji\/#primaryimage"},"thumbnailUrl":"https:\/\/akademia-zdrowia.pl\/kielce\/wp-content\/uploads\/2023\/08\/AZ-KIELCE-1.jpg","datePublished":"2021-08-18T14:21:30+00:00","dateModified":"2023-08-28T10:59:26+00:00","breadcrumb":{"@id":"https:\/\/akademia-zdrowia.pl\/kielce\/oferta-szkoleniowa\/projekty-unijne\/akademia-nowych-kwalifikacji\/#breadcrumb"},"inLanguage":"pl-PL","potentialAction":[{"@type":"ReadAction","target":["https:\/\/akademia-zdrowia.pl\/kielce\/oferta-szkoleniowa\/projekty-unijne\/akademia-nowych-kwalifikacji\/"]}]},{"@type":"ImageObject","inLanguage":"pl-PL","@id":"https:\/\/akademia-zdrowia.pl\/kielce\/oferta-szkoleniowa\/projekty-unijne\/akademia-nowych-kwalifikacji\/#primaryimage","url":"https:\/\/akademia-zdrowia.pl\/kielce\/wp-content\/uploads\/2023\/08\/AZ-KIELCE-1.jpg","contentUrl":"https:\/\/akademia-zdrowia.pl\/kielce\/wp-content\/uploads\/2023\/08\/AZ-KIELCE-1.jpg","width":1200,"height":801},{"@type":"BreadcrumbList","@id":"https:\/\/akademia-zdrowia.pl\/kielce\/oferta-szkoleniowa\/projekty-unijne\/akademia-nowych-kwalifikacji\/#breadcrumb","itemListElement":[{"@type":"ListItem","position":1,"name":"Strona g\u0142\u00f3wna","item":"https:\/\/akademia-zdrowia.pl\/kielce\/"},{"@type":"ListItem","position":2,"name":"Oferta szkoleniowa","item":"https:\/\/akademia-zdrowia.pl\/kielce\/oferta-szkoleniowa\/"},{"@type":"ListItem","position":3,"name":"Projekty unijne","item":"https:\/\/akademia-zdrowia.pl\/kielce\/oferta-szkoleniowa\/projekty-unijne\/"},{"@type":"ListItem","position":4,"name":"Akademia nowych kwalifikacji"}]},{"@type":"WebSite","@id":"https:\/\/akademia-zdrowia.pl\/kielce\/#website","url":"https:\/\/akademia-zdrowia.pl\/kielce\/","name":"Akademia Zdrowia Kielce","description":"Kolejna witryna oparta na WordPressie","potentialAction":[{"@type":"SearchAction","target":{"@type":"EntryPoint","urlTemplate":"https:\/\/akademia-zdrowia.pl\/kielce\/?s={search_term_string}"},"query-input":{"@type":"PropertyValueSpecification","valueRequired":true,"valueName":"search_term_string"}}],"inLanguage":"pl-PL"}]}},"_links":{"self":[{"href":"https:\/\/akademia-zdrowia.pl\/kielce\/wp-json\/wp\/v2\/pages\/1903","targetHints":{"allow":["GET"]}}],"collection":[{"href":"https:\/\/akademia-zdrowia.pl\/kielce\/wp-json\/wp\/v2\/pages"}],"about":[{"href":"https:\/\/akademia-zdrowia.pl\/kielce\/wp-json\/wp\/v2\/types\/page"}],"author":[{"embeddable":true,"href":"https:\/\/akademia-zdrowia.pl\/kielce\/wp-json\/wp\/v2\/users\/1"}],"replies":[{"embeddable":true,"href":"https:\/\/akademia-zdrowia.pl\/kielce\/wp-json\/wp\/v2\/comments?post=1903"}],"version-history":[{"count":18,"href":"https:\/\/akademia-zdrowia.pl\/kielce\/wp-json\/wp\/v2\/pages\/1903\/revisions"}],"predecessor-version":[{"id":6512,"href":"https:\/\/akademia-zdrowia.pl\/kielce\/wp-json\/wp\/v2\/pages\/1903\/revisions\/6512"}],"up":[{"embeddable":true,"href":"https:\/\/akademia-zdrowia.pl\/kielce\/wp-json\/wp\/v2\/pages\/55"}],"wp:attachment":[{"href":"https:\/\/akademia-zdrowia.pl\/kielce\/wp-json\/wp\/v2\/media?parent=1903"}],"curies":[{"name":"wp","href":"https:\/\/api.w.org\/{rel}","templated":true}]}}