{"id":322,"date":"2018-01-10T09:37:23","date_gmt":"2018-01-10T08:37:23","guid":{"rendered":"http:\/\/www.akademia-zdrowia.pl\/lodz\/?page_id=322"},"modified":"2023-12-18T16:07:29","modified_gmt":"2023-12-18T15:07:29","slug":"stylizacja-paznokci","status":"publish","type":"page","link":"https:\/\/akademia-zdrowia.pl\/kielce\/oferta-szkoleniowa\/kursy-i-szkolenia\/kursy-kosmetyczno-fryzjerskie\/stylizacja-paznokci\/","title":{"rendered":"Stylizacja paznokci"},"content":{"rendered":"\t\t<div data-elementor-type=\"wp-page\" data-elementor-id=\"322\" class=\"elementor elementor-322\" data-elementor-post-type=\"page\">\n\t\t\t\t\t\t<section class=\"elementor-section elementor-top-section elementor-element elementor-element-8c6d239 elementor-section-stretched elementor-section-boxed elementor-section-height-default elementor-section-height-default\" data-id=\"8c6d239\" data-element_type=\"section\" data-e-type=\"section\" data-settings=\"{&quot;stretch_section&quot;:&quot;section-stretched&quot;}\">\n\t\t\t\t\t\t<div class=\"elementor-container elementor-column-gap-default\">\n\t\t\t\t\t<div class=\"elementor-column elementor-col-66 elementor-top-column elementor-element elementor-element-053742c\" data-id=\"053742c\" data-element_type=\"column\" data-e-type=\"column\">\n\t\t\t<div class=\"elementor-widget-wrap elementor-element-populated\">\n\t\t\t\t\t\t<div class=\"elementor-element elementor-element-8d505a0 elementor-widget elementor-widget-text-editor\" data-id=\"8d505a0\" data-element_type=\"widget\" data-e-type=\"widget\" data-widget_type=\"text-editor.default\">\n\t\t\t\t<div class=\"elementor-widget-container\">\n\t\t\t\t\t\t\t\t\t<h2 align=\"left\">Stylizacja paznokci<\/h2><p align=\"left\">Kurs zaplanowany na<strong>\u00a030 godzin dydaktycznych.<\/strong><\/p><p align=\"left\"><strong>Agnieszka \u2013 <img decoding=\"async\" class=\"wp-image-6175 alignnone\" src=\"https:\/\/akademia-zdrowia.pl\/kielce\/wp-content\/uploads\/2023\/08\/whatsapp-logo-png-2288.png\" alt=\"\" width=\"28\" height=\"28\" srcset=\"https:\/\/akademia-zdrowia.pl\/kielce\/wp-content\/uploads\/2023\/08\/whatsapp-logo-png-2288.png 256w, https:\/\/akademia-zdrowia.pl\/kielce\/wp-content\/uploads\/2023\/08\/whatsapp-logo-png-2288-150x150.png 150w, https:\/\/akademia-zdrowia.pl\/kielce\/wp-content\/uploads\/2023\/08\/whatsapp-logo-png-2288-120x120.png 120w, https:\/\/akademia-zdrowia.pl\/kielce\/wp-content\/uploads\/2023\/08\/whatsapp-logo-png-2288-220x220.png 220w\" sizes=\"(max-width: 28px) 100vw, 28px\" \/> <a href=\"http:\/\/662-536-086\">662-536-086<\/a> , <\/strong><strong>Karolina &#8211; <img decoding=\"async\" class=\"wp-image-6175 alignnone\" src=\"https:\/\/akademia-zdrowia.pl\/kielce\/wp-content\/uploads\/2023\/08\/whatsapp-logo-png-2288.png\" alt=\"\" width=\"28\" height=\"28\" srcset=\"https:\/\/akademia-zdrowia.pl\/kielce\/wp-content\/uploads\/2023\/08\/whatsapp-logo-png-2288.png 256w, https:\/\/akademia-zdrowia.pl\/kielce\/wp-content\/uploads\/2023\/08\/whatsapp-logo-png-2288-150x150.png 150w, https:\/\/akademia-zdrowia.pl\/kielce\/wp-content\/uploads\/2023\/08\/whatsapp-logo-png-2288-120x120.png 120w, https:\/\/akademia-zdrowia.pl\/kielce\/wp-content\/uploads\/2023\/08\/whatsapp-logo-png-2288-220x220.png 220w\" sizes=\"(max-width: 28px) 100vw, 28px\" \/> \u00a0<a href=\"tel:+48698742885\">698-742-885<\/a><\/strong><\/p><p align=\"left\"><strong><a href=\"\/kielce\/zapisz-sie-na-kurs\/\">ZAPISZ SI\u0118!<\/a><\/strong><\/p><p align=\"left\">Po kr\u00f3tkim wst\u0119pie teoretycznym pozostaje ju\u017c tylko\u00a0<strong>praktyka<\/strong>!<\/p><p align=\"left\"><strong>Czas trwania szkolenia:<\/strong><\/p><p align=\"left\">w tygodniu \u2013 5 dni, zaj\u0119cia odbywaj\u0105 si\u0119 w godzinach od 9:00 do 15:00.<\/p><p align=\"left\">w weekendy \u2013 4 dni, zaj\u0119cia odbywaj\u0105 si\u0119 w godzinach od 9:00 do 17:00.<\/p><p align=\"left\"><strong>W programie m.in.:<\/strong><\/p><ul><li>choroby i budowa paznokci czyli teoretyczny niezb\u0119dnik<\/li><li>manicure i pedicure czyli abc zadbanych paznokci<\/li><li>masa\u017c d\u0142oni i st\u00f3p czyli co\u015b dla zdrowia<\/li><li>przed\u0142u\u017canie paznokci metod\u0105 akrylow\u0105 czyli sztuka modelowania<\/li><li>przed\u0142u\u017canie paznokci metod\u0105 \u017celow\u0105 czyli utwardzanie<\/li><li>elementy zdobnictwa czyli upi\u0119kszanie<\/li><li>manicure hybrydowy<\/li><\/ul><p align=\"left\"><strong>Po zako\u0144czeniu szkolenia Uczestnicy kursu otrzymaj\u0105 od nas:<\/strong><\/p><ul><li>Certyfikat uko\u0144czenia kursu stylizacji paznokci (w j. polskim oraz w j. angielskim )<\/li><li>Za\u015bwiadczenie na druku MEN<\/li><\/ul><ol><li style=\"list-style-type: none;\">\u00a0<\/li><\/ol>\t\t\t\t\t\t\t\t<\/div>\n\t\t\t\t<\/div>\n\t\t\t\t\t<\/div>\n\t\t<\/div>\n\t\t\t\t<div class=\"elementor-column elementor-col-33 elementor-top-column elementor-element elementor-element-901afc3\" data-id=\"901afc3\" data-element_type=\"column\" data-e-type=\"column\">\n\t\t\t<div class=\"elementor-widget-wrap elementor-element-populated\">\n\t\t\t\t\t\t<div class=\"elementor-element elementor-element-3a93464 elementor-widget elementor-widget-rs-image\" data-id=\"3a93464\" data-element_type=\"widget\" data-e-type=\"widget\" data-widget_type=\"rs-image.default\">\n\t\t\t\t<div class=\"elementor-widget-container\">\n\t\t\t\t\t\n        <div class=\"rs-image \">\n                            <img decoding=\"async\" class=\"rs-multi-image \" src=\"https:\/\/akademia-zdrowia.pl\/kielce\/wp-content\/uploads\/2023\/08\/AZ-KIELCE-1.jpg\" alt=\"image\"\/>\n                    <\/div>\n\n              \n    \t\t\t\t<\/div>\n\t\t\t\t<\/div>\n\t\t\t\t<div class=\"elementor-element elementor-element-f94d84a elementor-widget elementor-widget-text-editor\" data-id=\"f94d84a\" data-element_type=\"widget\" data-e-type=\"widget\" data-widget_type=\"text-editor.default\">\n\t\t\t\t<div class=\"elementor-widget-container\">\n\t\t\t\t\t\t\t\t\t<div class=\"adres\"><p style=\"text-align: center;\">al. IX Wiek\u00f3w Kielc 8\/24<br \/>25-516 Kielce<\/p><p style=\"text-align: center;\"><img decoding=\"async\" style=\"color: var( --e-global-color-text ); font-family: var( --e-global-typography-text-font-family ), Sans-serif; font-weight: var( --e-global-typography-text-font-weight );\" src=\"https:\/\/www.akademia-zdrowia.pl\/lodz\/wp-content\/themes\/akademia-podstrona\/img\/phone-ico_red.png\" alt=\"marker\" \/><span style=\"color: var( --e-global-color-text ); font-family: var( --e-global-typography-text-font-family ), Sans-serif; font-weight: var( --e-global-typography-text-font-weight );\">\u00a0\u00a0<\/span><span style=\"color: var( --e-global-color-text ); font-family: var( --e-global-typography-text-font-family ), Sans-serif; font-weight: var( --e-global-typography-text-font-weight );\">tel.\u00a0<\/span><a style=\"font-family: var( --e-global-typography-text-font-family ), Sans-serif; font-weight: var( --e-global-typography-text-font-weight ); background-color: #ffffff;\" href=\"tel:41 3680066\">41 3680066<\/a><span style=\"color: var( --e-global-color-text ); font-family: var( --e-global-typography-text-font-family ), Sans-serif; font-weight: var( --e-global-typography-text-font-weight );\"><br \/><\/span><span style=\"color: var( --e-global-color-text ); font-family: var( --e-global-typography-text-font-family ), Sans-serif; font-weight: var( --e-global-typography-text-font-weight );\">tel.\/fax\u00a0<\/span><a style=\"font-family: var( --e-global-typography-text-font-family ), Sans-serif; font-weight: var( --e-global-typography-text-font-weight ); background-color: #ffffff;\" href=\"tel:41 3600066\">41 3600066<\/a><\/p><p style=\"text-align: center;\"><img decoding=\"async\" class=\"wp-image-6175 alignnone\" src=\"https:\/\/akademia-zdrowia.pl\/kielce\/wp-content\/uploads\/2023\/08\/whatsapp-logo-png-2288.png\" alt=\"\" width=\"28\" height=\"28\" srcset=\"https:\/\/akademia-zdrowia.pl\/kielce\/wp-content\/uploads\/2023\/08\/whatsapp-logo-png-2288.png 256w, https:\/\/akademia-zdrowia.pl\/kielce\/wp-content\/uploads\/2023\/08\/whatsapp-logo-png-2288-150x150.png 150w, https:\/\/akademia-zdrowia.pl\/kielce\/wp-content\/uploads\/2023\/08\/whatsapp-logo-png-2288-120x120.png 120w, https:\/\/akademia-zdrowia.pl\/kielce\/wp-content\/uploads\/2023\/08\/whatsapp-logo-png-2288-220x220.png 220w\" sizes=\"(max-width: 28px) 100vw, 28px\" \/> tel. <a href=\"http:\/\/662-536-086\">662-536-086<\/a> \u00a0<\/p><p style=\"text-align: center;\"><img decoding=\"async\" class=\"wp-image-6175 alignnone\" src=\"https:\/\/akademia-zdrowia.pl\/kielce\/wp-content\/uploads\/2023\/08\/whatsapp-logo-png-2288.png\" alt=\"\" width=\"28\" height=\"28\" srcset=\"https:\/\/akademia-zdrowia.pl\/kielce\/wp-content\/uploads\/2023\/08\/whatsapp-logo-png-2288.png 256w, https:\/\/akademia-zdrowia.pl\/kielce\/wp-content\/uploads\/2023\/08\/whatsapp-logo-png-2288-150x150.png 150w, https:\/\/akademia-zdrowia.pl\/kielce\/wp-content\/uploads\/2023\/08\/whatsapp-logo-png-2288-120x120.png 120w, https:\/\/akademia-zdrowia.pl\/kielce\/wp-content\/uploads\/2023\/08\/whatsapp-logo-png-2288-220x220.png 220w\" sizes=\"(max-width: 28px) 100vw, 28px\" \/> tel. <a href=\"tel:+48698742885\">698-742-885<\/a><\/p><\/div><div class=\"dodatkowe\"><p style=\"text-align: center;\">Sekretariat czynny od poniedzia\u0142ku do pi\u0105tku w godzinach 9.00-16.00<\/p><p style=\"text-align: center;\"><span style=\"color: #000080; font-family: var( --e-global-typography-text-font-family ), Sans-serif;\"><b>Zarezerwuj miejsce ju\u017c dzi\u015b!<\/b><\/span><\/p><\/div>\t\t\t\t\t\t\t\t<\/div>\n\t\t\t\t<\/div>\n\t\t\t\t\t<\/div>\n\t\t<\/div>\n\t\t\t\t\t<\/div>\n\t\t<\/section>\n\t\t\t\t<\/div>\n\t\t","protected":false},"excerpt":{"rendered":"<p>Stylizacja paznokci Kurs zaplanowany na\u00a030 godzin dydaktycznych. Agnieszka \u2013 662-536-086 , Karolina &#8211; \u00a0698-742-885 ZAPISZ SI\u0118! Po kr\u00f3tkim wst\u0119pie teoretycznym pozostaje ju\u017c tylko\u00a0praktyka! Czas trwania szkolenia: w tygodniu \u2013 5 dni, zaj\u0119cia odbywaj\u0105 si\u0119 w godzinach od 9:00 do 15:00. w weekendy \u2013 4 dni, zaj\u0119cia odbywaj\u0105 si\u0119 w godzinach od 9:00 do 17:00. W&#8230;<\/p>\n","protected":false},"author":1,"featured_media":0,"parent":320,"menu_order":0,"comment_status":"closed","ping_status":"closed","template":"","meta":{"footnotes":""},"class_list":["post-322","page","type-page","status-publish","hentry"],"yoast_head":"<!-- This site is optimized with the Yoast SEO plugin v26.9 - https:\/\/yoast.com\/product\/yoast-seo-wordpress\/ -->\n<title>Stylizacja paznokci - Akademia Zdrowia Kielce<\/title>\n<meta name=\"robots\" content=\"index, follow, max-snippet:-1, max-image-preview:large, max-video-preview:-1\" \/>\n<link rel=\"canonical\" href=\"https:\/\/akademia-zdrowia.pl\/kielce\/oferta-szkoleniowa\/kursy-i-szkolenia\/kursy-kosmetyczno-fryzjerskie\/stylizacja-paznokci\/\" \/>\n<meta property=\"og:locale\" content=\"pl_PL\" \/>\n<meta property=\"og:type\" content=\"article\" \/>\n<meta property=\"og:title\" content=\"Stylizacja paznokci - Akademia Zdrowia Kielce\" \/>\n<meta property=\"og:description\" content=\"Stylizacja paznokci Kurs zaplanowany na\u00a030 godzin dydaktycznych. Agnieszka \u2013 662-536-086 , Karolina &#8211; \u00a0698-742-885 ZAPISZ SI\u0118! Po kr\u00f3tkim wst\u0119pie teoretycznym pozostaje ju\u017c tylko\u00a0praktyka! Czas trwania szkolenia: w tygodniu \u2013 5 dni, zaj\u0119cia odbywaj\u0105 si\u0119 w godzinach od 9:00 do 15:00. w weekendy \u2013 4 dni, zaj\u0119cia odbywaj\u0105 si\u0119 w godzinach od 9:00 do 17:00. W...\" \/>\n<meta property=\"og:url\" content=\"https:\/\/akademia-zdrowia.pl\/kielce\/oferta-szkoleniowa\/kursy-i-szkolenia\/kursy-kosmetyczno-fryzjerskie\/stylizacja-paznokci\/\" \/>\n<meta property=\"og:site_name\" content=\"Akademia Zdrowia Kielce\" \/>\n<meta property=\"article:modified_time\" content=\"2023-12-18T15:07:29+00:00\" \/>\n<meta property=\"og:image\" content=\"https:\/\/akademia-zdrowia.pl\/kielce\/wp-content\/uploads\/2023\/08\/whatsapp-logo-png-2288.png\" \/>\n<meta name=\"twitter:card\" content=\"summary_large_image\" \/>\n<meta name=\"twitter:label1\" content=\"Szacowany czas czytania\" \/>\n\t<meta name=\"twitter:data1\" content=\"3 minuty\" \/>\n<script type=\"application\/ld+json\" class=\"yoast-schema-graph\">{\"@context\":\"https:\/\/schema.org\",\"@graph\":[{\"@type\":\"WebPage\",\"@id\":\"https:\/\/akademia-zdrowia.pl\/kielce\/oferta-szkoleniowa\/kursy-i-szkolenia\/kursy-kosmetyczno-fryzjerskie\/stylizacja-paznokci\/\",\"url\":\"https:\/\/akademia-zdrowia.pl\/kielce\/oferta-szkoleniowa\/kursy-i-szkolenia\/kursy-kosmetyczno-fryzjerskie\/stylizacja-paznokci\/\",\"name\":\"Stylizacja paznokci - Akademia Zdrowia Kielce\",\"isPartOf\":{\"@id\":\"https:\/\/akademia-zdrowia.pl\/kielce\/#website\"},\"primaryImageOfPage\":{\"@id\":\"https:\/\/akademia-zdrowia.pl\/kielce\/oferta-szkoleniowa\/kursy-i-szkolenia\/kursy-kosmetyczno-fryzjerskie\/stylizacja-paznokci\/#primaryimage\"},\"image\":{\"@id\":\"https:\/\/akademia-zdrowia.pl\/kielce\/oferta-szkoleniowa\/kursy-i-szkolenia\/kursy-kosmetyczno-fryzjerskie\/stylizacja-paznokci\/#primaryimage\"},\"thumbnailUrl\":\"https:\/\/akademia-zdrowia.pl\/kielce\/wp-content\/uploads\/2023\/08\/whatsapp-logo-png-2288.png\",\"datePublished\":\"2018-01-10T08:37:23+00:00\",\"dateModified\":\"2023-12-18T15:07:29+00:00\",\"breadcrumb\":{\"@id\":\"https:\/\/akademia-zdrowia.pl\/kielce\/oferta-szkoleniowa\/kursy-i-szkolenia\/kursy-kosmetyczno-fryzjerskie\/stylizacja-paznokci\/#breadcrumb\"},\"inLanguage\":\"pl-PL\",\"potentialAction\":[{\"@type\":\"ReadAction\",\"target\":[\"https:\/\/akademia-zdrowia.pl\/kielce\/oferta-szkoleniowa\/kursy-i-szkolenia\/kursy-kosmetyczno-fryzjerskie\/stylizacja-paznokci\/\"]}]},{\"@type\":\"ImageObject\",\"inLanguage\":\"pl-PL\",\"@id\":\"https:\/\/akademia-zdrowia.pl\/kielce\/oferta-szkoleniowa\/kursy-i-szkolenia\/kursy-kosmetyczno-fryzjerskie\/stylizacja-paznokci\/#primaryimage\",\"url\":\"https:\/\/akademia-zdrowia.pl\/kielce\/wp-content\/uploads\/2023\/08\/whatsapp-logo-png-2288.png\",\"contentUrl\":\"https:\/\/akademia-zdrowia.pl\/kielce\/wp-content\/uploads\/2023\/08\/whatsapp-logo-png-2288.png\",\"width\":256,\"height\":256},{\"@type\":\"BreadcrumbList\",\"@id\":\"https:\/\/akademia-zdrowia.pl\/kielce\/oferta-szkoleniowa\/kursy-i-szkolenia\/kursy-kosmetyczno-fryzjerskie\/stylizacja-paznokci\/#breadcrumb\",\"itemListElement\":[{\"@type\":\"ListItem\",\"position\":1,\"name\":\"Strona g\u0142\u00f3wna\",\"item\":\"https:\/\/akademia-zdrowia.pl\/kielce\/\"},{\"@type\":\"ListItem\",\"position\":2,\"name\":\"Oferta szkoleniowa\",\"item\":\"https:\/\/akademia-zdrowia.pl\/kielce\/oferta-szkoleniowa\/\"},{\"@type\":\"ListItem\",\"position\":3,\"name\":\"Kursy i szkolenia\",\"item\":\"https:\/\/akademia-zdrowia.pl\/kielce\/oferta-szkoleniowa\/kursy-i-szkolenia\/\"},{\"@type\":\"ListItem\",\"position\":4,\"name\":\"Kursy kosmetyczno-fryzjerskie\",\"item\":\"https:\/\/akademia-zdrowia.pl\/kielce\/oferta-szkoleniowa\/kursy-i-szkolenia\/kursy-kosmetyczno-fryzjerskie\/\"},{\"@type\":\"ListItem\",\"position\":5,\"name\":\"Stylizacja paznokci\"}]},{\"@type\":\"WebSite\",\"@id\":\"https:\/\/akademia-zdrowia.pl\/kielce\/#website\",\"url\":\"https:\/\/akademia-zdrowia.pl\/kielce\/\",\"name\":\"Akademia Zdrowia Kielce\",\"description\":\"Kolejna witryna oparta na WordPressie\",\"potentialAction\":[{\"@type\":\"SearchAction\",\"target\":{\"@type\":\"EntryPoint\",\"urlTemplate\":\"https:\/\/akademia-zdrowia.pl\/kielce\/?s={search_term_string}\"},\"query-input\":{\"@type\":\"PropertyValueSpecification\",\"valueRequired\":true,\"valueName\":\"search_term_string\"}}],\"inLanguage\":\"pl-PL\"}]}<\/script>\n<!-- \/ Yoast SEO plugin. -->","yoast_head_json":{"title":"Stylizacja paznokci - Akademia Zdrowia Kielce","robots":{"index":"index","follow":"follow","max-snippet":"max-snippet:-1","max-image-preview":"max-image-preview:large","max-video-preview":"max-video-preview:-1"},"canonical":"https:\/\/akademia-zdrowia.pl\/kielce\/oferta-szkoleniowa\/kursy-i-szkolenia\/kursy-kosmetyczno-fryzjerskie\/stylizacja-paznokci\/","og_locale":"pl_PL","og_type":"article","og_title":"Stylizacja paznokci - Akademia Zdrowia Kielce","og_description":"Stylizacja paznokci Kurs zaplanowany na\u00a030 godzin dydaktycznych. Agnieszka \u2013 662-536-086 , Karolina &#8211; \u00a0698-742-885 ZAPISZ SI\u0118! Po kr\u00f3tkim wst\u0119pie teoretycznym pozostaje ju\u017c tylko\u00a0praktyka! Czas trwania szkolenia: w tygodniu \u2013 5 dni, zaj\u0119cia odbywaj\u0105 si\u0119 w godzinach od 9:00 do 15:00. w weekendy \u2013 4 dni, zaj\u0119cia odbywaj\u0105 si\u0119 w godzinach od 9:00 do 17:00. W...","og_url":"https:\/\/akademia-zdrowia.pl\/kielce\/oferta-szkoleniowa\/kursy-i-szkolenia\/kursy-kosmetyczno-fryzjerskie\/stylizacja-paznokci\/","og_site_name":"Akademia Zdrowia Kielce","article_modified_time":"2023-12-18T15:07:29+00:00","og_image":[{"url":"https:\/\/akademia-zdrowia.pl\/kielce\/wp-content\/uploads\/2023\/08\/whatsapp-logo-png-2288.png","type":"","width":"","height":""}],"twitter_card":"summary_large_image","twitter_misc":{"Szacowany czas czytania":"3 minuty"},"schema":{"@context":"https:\/\/schema.org","@graph":[{"@type":"WebPage","@id":"https:\/\/akademia-zdrowia.pl\/kielce\/oferta-szkoleniowa\/kursy-i-szkolenia\/kursy-kosmetyczno-fryzjerskie\/stylizacja-paznokci\/","url":"https:\/\/akademia-zdrowia.pl\/kielce\/oferta-szkoleniowa\/kursy-i-szkolenia\/kursy-kosmetyczno-fryzjerskie\/stylizacja-paznokci\/","name":"Stylizacja paznokci - Akademia Zdrowia Kielce","isPartOf":{"@id":"https:\/\/akademia-zdrowia.pl\/kielce\/#website"},"primaryImageOfPage":{"@id":"https:\/\/akademia-zdrowia.pl\/kielce\/oferta-szkoleniowa\/kursy-i-szkolenia\/kursy-kosmetyczno-fryzjerskie\/stylizacja-paznokci\/#primaryimage"},"image":{"@id":"https:\/\/akademia-zdrowia.pl\/kielce\/oferta-szkoleniowa\/kursy-i-szkolenia\/kursy-kosmetyczno-fryzjerskie\/stylizacja-paznokci\/#primaryimage"},"thumbnailUrl":"https:\/\/akademia-zdrowia.pl\/kielce\/wp-content\/uploads\/2023\/08\/whatsapp-logo-png-2288.png","datePublished":"2018-01-10T08:37:23+00:00","dateModified":"2023-12-18T15:07:29+00:00","breadcrumb":{"@id":"https:\/\/akademia-zdrowia.pl\/kielce\/oferta-szkoleniowa\/kursy-i-szkolenia\/kursy-kosmetyczno-fryzjerskie\/stylizacja-paznokci\/#breadcrumb"},"inLanguage":"pl-PL","potentialAction":[{"@type":"ReadAction","target":["https:\/\/akademia-zdrowia.pl\/kielce\/oferta-szkoleniowa\/kursy-i-szkolenia\/kursy-kosmetyczno-fryzjerskie\/stylizacja-paznokci\/"]}]},{"@type":"ImageObject","inLanguage":"pl-PL","@id":"https:\/\/akademia-zdrowia.pl\/kielce\/oferta-szkoleniowa\/kursy-i-szkolenia\/kursy-kosmetyczno-fryzjerskie\/stylizacja-paznokci\/#primaryimage","url":"https:\/\/akademia-zdrowia.pl\/kielce\/wp-content\/uploads\/2023\/08\/whatsapp-logo-png-2288.png","contentUrl":"https:\/\/akademia-zdrowia.pl\/kielce\/wp-content\/uploads\/2023\/08\/whatsapp-logo-png-2288.png","width":256,"height":256},{"@type":"BreadcrumbList","@id":"https:\/\/akademia-zdrowia.pl\/kielce\/oferta-szkoleniowa\/kursy-i-szkolenia\/kursy-kosmetyczno-fryzjerskie\/stylizacja-paznokci\/#breadcrumb","itemListElement":[{"@type":"ListItem","position":1,"name":"Strona g\u0142\u00f3wna","item":"https:\/\/akademia-zdrowia.pl\/kielce\/"},{"@type":"ListItem","position":2,"name":"Oferta szkoleniowa","item":"https:\/\/akademia-zdrowia.pl\/kielce\/oferta-szkoleniowa\/"},{"@type":"ListItem","position":3,"name":"Kursy i szkolenia","item":"https:\/\/akademia-zdrowia.pl\/kielce\/oferta-szkoleniowa\/kursy-i-szkolenia\/"},{"@type":"ListItem","position":4,"name":"Kursy kosmetyczno-fryzjerskie","item":"https:\/\/akademia-zdrowia.pl\/kielce\/oferta-szkoleniowa\/kursy-i-szkolenia\/kursy-kosmetyczno-fryzjerskie\/"},{"@type":"ListItem","position":5,"name":"Stylizacja paznokci"}]},{"@type":"WebSite","@id":"https:\/\/akademia-zdrowia.pl\/kielce\/#website","url":"https:\/\/akademia-zdrowia.pl\/kielce\/","name":"Akademia Zdrowia Kielce","description":"Kolejna witryna oparta na WordPressie","potentialAction":[{"@type":"SearchAction","target":{"@type":"EntryPoint","urlTemplate":"https:\/\/akademia-zdrowia.pl\/kielce\/?s={search_term_string}"},"query-input":{"@type":"PropertyValueSpecification","valueRequired":true,"valueName":"search_term_string"}}],"inLanguage":"pl-PL"}]}},"_links":{"self":[{"href":"https:\/\/akademia-zdrowia.pl\/kielce\/wp-json\/wp\/v2\/pages\/322","targetHints":{"allow":["GET"]}}],"collection":[{"href":"https:\/\/akademia-zdrowia.pl\/kielce\/wp-json\/wp\/v2\/pages"}],"about":[{"href":"https:\/\/akademia-zdrowia.pl\/kielce\/wp-json\/wp\/v2\/types\/page"}],"author":[{"embeddable":true,"href":"https:\/\/akademia-zdrowia.pl\/kielce\/wp-json\/wp\/v2\/users\/1"}],"replies":[{"embeddable":true,"href":"https:\/\/akademia-zdrowia.pl\/kielce\/wp-json\/wp\/v2\/comments?post=322"}],"version-history":[{"count":48,"href":"https:\/\/akademia-zdrowia.pl\/kielce\/wp-json\/wp\/v2\/pages\/322\/revisions"}],"predecessor-version":[{"id":7252,"href":"https:\/\/akademia-zdrowia.pl\/kielce\/wp-json\/wp\/v2\/pages\/322\/revisions\/7252"}],"up":[{"embeddable":true,"href":"https:\/\/akademia-zdrowia.pl\/kielce\/wp-json\/wp\/v2\/pages\/320"}],"wp:attachment":[{"href":"https:\/\/akademia-zdrowia.pl\/kielce\/wp-json\/wp\/v2\/media?parent=322"}],"curies":[{"name":"wp","href":"https:\/\/api.w.org\/{rel}","templated":true}]}}