{"id":49,"date":"2018-01-02T13:11:01","date_gmt":"2018-01-02T12:11:01","guid":{"rendered":"http:\/\/www.akademia-zdrowia.pl\/lodz\/?page_id=49"},"modified":"2021-11-12T13:12:39","modified_gmt":"2021-11-12T12:12:39","slug":"kwalifikacyjne-kursy-zawodowe","status":"publish","type":"page","link":"https:\/\/akademia-zdrowia.pl\/kielce\/oferta-szkoleniowa\/kwalifikacyjne-kursy-zawodowe\/","title":{"rendered":"Kwalifikacyjne Kursy zawodowe"},"content":{"rendered":"\t\t<div data-elementor-type=\"wp-page\" data-elementor-id=\"49\" class=\"elementor elementor-49\" data-elementor-post-type=\"page\">\n\t\t\t\t\t\t<section class=\"elementor-section elementor-top-section elementor-element elementor-element-3976609 elementor-section-boxed elementor-section-height-default elementor-section-height-default\" data-id=\"3976609\" data-element_type=\"section\" data-e-type=\"section\">\n\t\t\t\t\t\t<div class=\"elementor-container elementor-column-gap-default\">\n\t\t\t\t\t<div class=\"elementor-column elementor-col-50 elementor-top-column elementor-element elementor-element-8bb0464\" data-id=\"8bb0464\" data-element_type=\"column\" data-e-type=\"column\">\n\t\t\t<div class=\"elementor-widget-wrap elementor-element-populated\">\n\t\t\t\t\t\t<div class=\"elementor-element elementor-element-857a5b1 elementor-widget elementor-widget-text-editor\" data-id=\"857a5b1\" data-element_type=\"widget\" data-e-type=\"widget\" data-widget_type=\"text-editor.default\">\n\t\t\t\t<div class=\"elementor-widget-container\">\n\t\t\t\t\t\t\t\t\t<p align=\"left\">Kwalifikacyjne kursy zawodowe realizuje si\u0119 w celu uzyskania nowych kwalifikacji zawodowych, zdobycia nowego zawodu, zwi\u0119kszenia szans przy poszukiwaniu zatrudnienia lub rozpocz\u0119cia w\u0142asnej dzia\u0142alno\u015bci gospodarczej.<\/p><p align=\"left\"><strong>NA KWALIFIKACYJNY KURS ZAWODOWY MO\u017bE ZAPISA\u0106 SI\u0118 KA\u017bDA PE\u0141NOLETNIA OSOBA<\/strong>\u00a0<strong>bez wzgl\u0119du na wykszta\u0142cenie<\/strong><\/p><p align=\"left\">System nauki na kwalifikacyjnych kursach : wieczorowy lub weekendowy<\/p>\t\t\t\t\t\t\t\t<\/div>\n\t\t\t\t<\/div>\n\t\t\t\t\t<\/div>\n\t\t<\/div>\n\t\t\t\t<div class=\"elementor-column elementor-col-50 elementor-top-column elementor-element elementor-element-86dd826\" data-id=\"86dd826\" data-element_type=\"column\" data-e-type=\"column\">\n\t\t\t<div class=\"elementor-widget-wrap elementor-element-populated\">\n\t\t\t\t\t\t<div class=\"elementor-element elementor-element-8f77151 elementor-widget elementor-widget-text-editor\" data-id=\"8f77151\" data-element_type=\"widget\" data-e-type=\"widget\" data-widget_type=\"text-editor.default\">\n\t\t\t\t<div class=\"elementor-widget-container\">\n\t\t\t\t\t\t\t\t\t<p align=\"left\"><span style=\"font-size: 20px;\">Wymagane dokumenty:<\/span><\/p><ul><li style=\"margin-bottom: 5px;\"><span style=\"font-size: 14px;\">&#8211;\u00a0\u015bwiadectwo uko\u0144czenia wcze\u015bniejszej szko\u0142y (szko\u0142y \u015bredniej, zasadniczej szko\u0142y zawodowej, gimnazjum, dawnej 8-letniej szko\u0142y podstawowej itp.),<\/span><\/li><li style=\"margin-bottom: 5px;\"><span style=\"font-size: 14px;\">&#8211; kserokopia dowodu osobistego,<\/span><\/li><li style=\"margin-bottom: 5px;\"><span style=\"font-size: 14px;\">&#8211; podanie o przyj\u0119cie na kurs,<\/span><\/li><li style=\"margin-bottom: 5px;\"><span style=\"font-size: 14px;\">&#8211; za\u015bwiadczenie od lekarza medycyny pracy o braku przeciwwskaza\u0144 zdrowotnych do podj\u0119cia nauki na wybranym kursie\u00a0(skierowanie do lekarza wystawiane jest w sekretariacie szko\u0142y).<\/span><\/li><\/ul>\t\t\t\t\t\t\t\t<\/div>\n\t\t\t\t<\/div>\n\t\t\t\t\t<\/div>\n\t\t<\/div>\n\t\t\t\t\t<\/div>\n\t\t<\/section>\n\t\t\t\t<section class=\"elementor-section elementor-top-section elementor-element elementor-element-4b3fb68 elementor-section-boxed elementor-section-height-default elementor-section-height-default\" data-id=\"4b3fb68\" data-element_type=\"section\" data-e-type=\"section\">\n\t\t\t\t\t\t<div class=\"elementor-container elementor-column-gap-default\">\n\t\t\t\t\t<div class=\"elementor-column elementor-col-100 elementor-top-column elementor-element elementor-element-c97c2c1\" data-id=\"c97c2c1\" data-element_type=\"column\" data-e-type=\"column\">\n\t\t\t<div class=\"elementor-widget-wrap elementor-element-populated\">\n\t\t\t\t\t\t<div class=\"elementor-element elementor-element-fd2f2cf elementor-widget elementor-widget-text-editor\" data-id=\"fd2f2cf\" data-element_type=\"widget\" data-e-type=\"widget\" data-widget_type=\"text-editor.default\">\n\t\t\t\t<div class=\"elementor-widget-container\">\n\t\t\t\t\t\t\t\t\t<p align=\"left\"><span style=\"font-size: 20px;\">Absolwenci KKZ uzyskuj\u0105:<\/span><\/p><ul><li>&#8211; za\u015bwiadczenie o uko\u0144czeniu kwalifikacyjnego kursu zawodowego na drukach MEN (Ministerstwa Edukacji Narodowej),<\/li><li>&#8211; \u015bwiadectwo potwierdzaj\u0105cego kwalifikacje w zawodzie po pozytywnie zdanym egzaminie pa\u0144stwowym- uprawnienia do wykonywania zawodu w zakresie danej kwalifikacji zawodowej,<\/li><li>&#8211; dyplom pa\u0144stwowy wraz z suplementami po zdobyciu wszystkich kwalifikacji sk\u0142adaj\u0105cych si\u0119 na dany zaw\u00f3d.<\/li><\/ul>\t\t\t\t\t\t\t\t<\/div>\n\t\t\t\t<\/div>\n\t\t\t\t\t<\/div>\n\t\t<\/div>\n\t\t\t\t\t<\/div>\n\t\t<\/section>\n\t\t\t\t<section class=\"elementor-section elementor-top-section elementor-element elementor-element-ad67d93 elementor-section-boxed elementor-section-height-default elementor-section-height-default\" data-id=\"ad67d93\" data-element_type=\"section\" data-e-type=\"section\">\n\t\t\t\t\t\t<div class=\"elementor-container elementor-column-gap-default\">\n\t\t\t\t\t<div class=\"elementor-column elementor-col-100 elementor-top-column elementor-element elementor-element-08fe22b\" data-id=\"08fe22b\" data-element_type=\"column\" data-e-type=\"column\">\n\t\t\t<div class=\"elementor-widget-wrap elementor-element-populated\">\n\t\t\t\t\t\t<div class=\"elementor-element elementor-element-cce8c2d elementor-widget elementor-widget-text-editor\" data-id=\"cce8c2d\" data-element_type=\"widget\" data-e-type=\"widget\" data-widget_type=\"text-editor.default\">\n\t\t\t\t<div class=\"elementor-widget-container\">\n\t\t\t\t\t\t\t\t\t<p style=\"text-align: center;\"><strong style=\"text-align: center;\"><span style=\"color: #ff0000;\"><span style=\"font-size: 20px;\">Warunek!<\/span><br \/><\/span><\/strong><span style=\"text-align: center;\">Posiadanie wykszta\u0142cenia \u015bredniego jest warunkiem do uzyskania dyplomu zgodnie z rozporz\u0105dzeniem MEN w sprawie klasyfikacji zawod\u00f3w szkolnictwa<\/span><br style=\"text-align: center;\" \/><span style=\"text-align: center;\">zawodowego.<\/span><\/p>\t\t\t\t\t\t\t\t<\/div>\n\t\t\t\t<\/div>\n\t\t\t\t\t<\/div>\n\t\t<\/div>\n\t\t\t\t\t<\/div>\n\t\t<\/section>\n\t\t\t\t<section class=\"elementor-section elementor-top-section elementor-element elementor-element-3549420 elementor-section-boxed elementor-section-height-default elementor-section-height-default\" data-id=\"3549420\" data-element_type=\"section\" data-e-type=\"section\">\n\t\t\t\t\t\t<div class=\"elementor-container elementor-column-gap-default\">\n\t\t\t\t\t<div class=\"elementor-column elementor-col-33 elementor-top-column elementor-element elementor-element-f76707b\" data-id=\"f76707b\" data-element_type=\"column\" data-e-type=\"column\">\n\t\t\t<div class=\"elementor-widget-wrap elementor-element-populated\">\n\t\t\t\t\t\t<div class=\"elementor-element elementor-element-4d7a5f1 elementor-position-top elementor-widget elementor-widget-image-box\" data-id=\"4d7a5f1\" data-element_type=\"widget\" data-e-type=\"widget\" data-widget_type=\"image-box.default\">\n\t\t\t\t<div class=\"elementor-widget-container\">\n\t\t\t\t\t<div class=\"elementor-image-box-wrapper\"><figure class=\"elementor-image-box-img\"><a href=\"\/kielce\/oferta-szkoleniowa\/kwalifikacyjne-kursy-zawodowe\/\" tabindex=\"-1\"><img fetchpriority=\"high\" decoding=\"async\" width=\"369\" height=\"299\" src=\"https:\/\/akademia-zdrowia.pl\/kielce\/wp-content\/uploads\/2018\/01\/opiekun_medyczny.jpg\" class=\"elementor-animation-grow attachment-full size-full wp-image-1078\" alt=\"\" srcset=\"https:\/\/akademia-zdrowia.pl\/kielce\/wp-content\/uploads\/2018\/01\/opiekun_medyczny.jpg 369w, https:\/\/akademia-zdrowia.pl\/kielce\/wp-content\/uploads\/2018\/01\/opiekun_medyczny-300x243.jpg 300w\" sizes=\"(max-width: 369px) 100vw, 369px\" \/><\/a><\/figure><div class=\"elementor-image-box-content\"><h3 class=\"elementor-image-box-title\"><a href=\"\/kielce\/oferta-szkoleniowa\/kwalifikacyjne-kursy-zawodowe\/\">Kwalifikacyjne Kursy zawodowe<\/a><\/h3><\/div><\/div>\t\t\t\t<\/div>\n\t\t\t\t<\/div>\n\t\t\t\t\t<\/div>\n\t\t<\/div>\n\t\t\t\t<div class=\"elementor-column elementor-col-33 elementor-top-column elementor-element elementor-element-9f73124\" data-id=\"9f73124\" data-element_type=\"column\" data-e-type=\"column\">\n\t\t\t<div class=\"elementor-widget-wrap elementor-element-populated\">\n\t\t\t\t\t\t<div class=\"elementor-element elementor-element-150b378 elementor-position-top elementor-widget elementor-widget-image-box\" data-id=\"150b378\" data-element_type=\"widget\" data-e-type=\"widget\" data-widget_type=\"image-box.default\">\n\t\t\t\t<div class=\"elementor-widget-container\">\n\t\t\t\t\t<div class=\"elementor-image-box-wrapper\"><figure class=\"elementor-image-box-img\"><a href=\"\/kielce\/oferta-szkoleniowa\/kwalifikacyjne-kursy-zawodowe\/kosmetyka\/\" tabindex=\"-1\"><img decoding=\"async\" width=\"369\" height=\"299\" src=\"https:\/\/akademia-zdrowia.pl\/kielce\/wp-content\/uploads\/2018\/01\/kosmetyczka.jpg\" class=\"elementor-animation-grow attachment-full size-full wp-image-1077\" alt=\"\" srcset=\"https:\/\/akademia-zdrowia.pl\/kielce\/wp-content\/uploads\/2018\/01\/kosmetyczka.jpg 369w, https:\/\/akademia-zdrowia.pl\/kielce\/wp-content\/uploads\/2018\/01\/kosmetyczka-300x243.jpg 300w\" sizes=\"(max-width: 369px) 100vw, 369px\" \/><\/a><\/figure><div class=\"elementor-image-box-content\"><h3 class=\"elementor-image-box-title\"><a href=\"\/kielce\/oferta-szkoleniowa\/kwalifikacyjne-kursy-zawodowe\/kosmetyka\/\">Kosmetyka<\/a><\/h3><\/div><\/div>\t\t\t\t<\/div>\n\t\t\t\t<\/div>\n\t\t\t\t\t<\/div>\n\t\t<\/div>\n\t\t\t\t<div class=\"elementor-column elementor-col-33 elementor-top-column elementor-element elementor-element-3f9b7d6\" data-id=\"3f9b7d6\" data-element_type=\"column\" data-e-type=\"column\">\n\t\t\t<div class=\"elementor-widget-wrap elementor-element-populated\">\n\t\t\t\t\t\t<div class=\"elementor-element elementor-element-5be296e elementor-position-top elementor-widget elementor-widget-image-box\" data-id=\"5be296e\" data-element_type=\"widget\" data-e-type=\"widget\" data-widget_type=\"image-box.default\">\n\t\t\t\t<div class=\"elementor-widget-container\">\n\t\t\t\t\t<div class=\"elementor-image-box-wrapper\"><figure class=\"elementor-image-box-img\"><a href=\"\/kielce\/oferta-szkoleniowa\/kwalifikacyjne-kursy-zawodowe\/fryzjerstwo\/\" tabindex=\"-1\"><img decoding=\"async\" width=\"369\" height=\"299\" src=\"https:\/\/akademia-zdrowia.pl\/kielce\/wp-content\/uploads\/2018\/01\/fryzjerstwo.jpg\" class=\"elementor-animation-grow attachment-full size-full wp-image-1079\" alt=\"\" srcset=\"https:\/\/akademia-zdrowia.pl\/kielce\/wp-content\/uploads\/2018\/01\/fryzjerstwo.jpg 369w, https:\/\/akademia-zdrowia.pl\/kielce\/wp-content\/uploads\/2018\/01\/fryzjerstwo-300x243.jpg 300w\" sizes=\"(max-width: 369px) 100vw, 369px\" \/><\/a><\/figure><div class=\"elementor-image-box-content\"><h3 class=\"elementor-image-box-title\"><a href=\"\/kielce\/oferta-szkoleniowa\/kwalifikacyjne-kursy-zawodowe\/fryzjerstwo\/\">Fryzjerstwo<\/a><\/h3><\/div><\/div>\t\t\t\t<\/div>\n\t\t\t\t<\/div>\n\t\t\t\t\t<\/div>\n\t\t<\/div>\n\t\t\t\t\t<\/div>\n\t\t<\/section>\n\t\t\t\t<\/div>\n\t\t","protected":false},"excerpt":{"rendered":"<p>Kwalifikacyjne kursy zawodowe realizuje si\u0119 w celu uzyskania nowych kwalifikacji zawodowych, zdobycia nowego zawodu, zwi\u0119kszenia szans przy poszukiwaniu zatrudnienia lub rozpocz\u0119cia w\u0142asnej dzia\u0142alno\u015bci gospodarczej. NA KWALIFIKACYJNY KURS ZAWODOWY MO\u017bE ZAPISA\u0106 SI\u0118 KA\u017bDA PE\u0141NOLETNIA OSOBA\u00a0bez wzgl\u0119du na wykszta\u0142cenie System nauki na kwalifikacyjnych kursach : wieczorowy lub weekendowy Wymagane dokumenty: &#8211;\u00a0\u015bwiadectwo uko\u0144czenia wcze\u015bniejszej szko\u0142y (szko\u0142y \u015bredniej, zasadniczej&#8230;<\/p>\n","protected":false},"author":1,"featured_media":0,"parent":29,"menu_order":0,"comment_status":"closed","ping_status":"closed","template":"","meta":{"footnotes":""},"class_list":["post-49","page","type-page","status-publish","hentry"],"yoast_head":"<!-- This site is optimized with the Yoast SEO plugin v26.9 - https:\/\/yoast.com\/product\/yoast-seo-wordpress\/ -->\n<title>Kwalifikacyjne Kursy zawodowe - Akademia Zdrowia Kielce<\/title>\n<meta name=\"robots\" content=\"index, follow, max-snippet:-1, max-image-preview:large, max-video-preview:-1\" \/>\n<link rel=\"canonical\" href=\"https:\/\/akademia-zdrowia.pl\/kielce\/oferta-szkoleniowa\/kwalifikacyjne-kursy-zawodowe\/\" \/>\n<meta property=\"og:locale\" content=\"pl_PL\" \/>\n<meta property=\"og:type\" content=\"article\" \/>\n<meta property=\"og:title\" content=\"Kwalifikacyjne Kursy zawodowe - Akademia Zdrowia Kielce\" \/>\n<meta property=\"og:description\" content=\"Kwalifikacyjne kursy zawodowe realizuje si\u0119 w celu uzyskania nowych kwalifikacji zawodowych, zdobycia nowego zawodu, zwi\u0119kszenia szans przy poszukiwaniu zatrudnienia lub rozpocz\u0119cia w\u0142asnej dzia\u0142alno\u015bci gospodarczej. NA KWALIFIKACYJNY KURS ZAWODOWY MO\u017bE ZAPISA\u0106 SI\u0118 KA\u017bDA PE\u0141NOLETNIA OSOBA\u00a0bez wzgl\u0119du na wykszta\u0142cenie System nauki na kwalifikacyjnych kursach : wieczorowy lub weekendowy Wymagane dokumenty: &#8211;\u00a0\u015bwiadectwo uko\u0144czenia wcze\u015bniejszej szko\u0142y (szko\u0142y \u015bredniej, zasadniczej...\" \/>\n<meta property=\"og:url\" content=\"https:\/\/akademia-zdrowia.pl\/kielce\/oferta-szkoleniowa\/kwalifikacyjne-kursy-zawodowe\/\" \/>\n<meta property=\"og:site_name\" content=\"Akademia Zdrowia Kielce\" \/>\n<meta property=\"article:modified_time\" content=\"2021-11-12T12:12:39+00:00\" \/>\n<meta property=\"og:image\" content=\"https:\/\/akademia-zdrowia.pl\/kielce\/wp-content\/uploads\/2018\/01\/opiekun_medyczny.jpg\" \/>\n<meta name=\"twitter:card\" content=\"summary_large_image\" \/>\n<meta name=\"twitter:label1\" content=\"Szacowany czas czytania\" \/>\n\t<meta name=\"twitter:data1\" content=\"1 minuta\" \/>\n<script type=\"application\/ld+json\" class=\"yoast-schema-graph\">{\"@context\":\"https:\/\/schema.org\",\"@graph\":[{\"@type\":\"WebPage\",\"@id\":\"https:\/\/akademia-zdrowia.pl\/kielce\/oferta-szkoleniowa\/kwalifikacyjne-kursy-zawodowe\/\",\"url\":\"https:\/\/akademia-zdrowia.pl\/kielce\/oferta-szkoleniowa\/kwalifikacyjne-kursy-zawodowe\/\",\"name\":\"Kwalifikacyjne Kursy zawodowe - Akademia Zdrowia Kielce\",\"isPartOf\":{\"@id\":\"https:\/\/akademia-zdrowia.pl\/kielce\/#website\"},\"primaryImageOfPage\":{\"@id\":\"https:\/\/akademia-zdrowia.pl\/kielce\/oferta-szkoleniowa\/kwalifikacyjne-kursy-zawodowe\/#primaryimage\"},\"image\":{\"@id\":\"https:\/\/akademia-zdrowia.pl\/kielce\/oferta-szkoleniowa\/kwalifikacyjne-kursy-zawodowe\/#primaryimage\"},\"thumbnailUrl\":\"https:\/\/akademia-zdrowia.pl\/kielce\/wp-content\/uploads\/2018\/01\/opiekun_medyczny.jpg\",\"datePublished\":\"2018-01-02T12:11:01+00:00\",\"dateModified\":\"2021-11-12T12:12:39+00:00\",\"breadcrumb\":{\"@id\":\"https:\/\/akademia-zdrowia.pl\/kielce\/oferta-szkoleniowa\/kwalifikacyjne-kursy-zawodowe\/#breadcrumb\"},\"inLanguage\":\"pl-PL\",\"potentialAction\":[{\"@type\":\"ReadAction\",\"target\":[\"https:\/\/akademia-zdrowia.pl\/kielce\/oferta-szkoleniowa\/kwalifikacyjne-kursy-zawodowe\/\"]}]},{\"@type\":\"ImageObject\",\"inLanguage\":\"pl-PL\",\"@id\":\"https:\/\/akademia-zdrowia.pl\/kielce\/oferta-szkoleniowa\/kwalifikacyjne-kursy-zawodowe\/#primaryimage\",\"url\":\"https:\/\/akademia-zdrowia.pl\/kielce\/wp-content\/uploads\/2018\/01\/opiekun_medyczny.jpg\",\"contentUrl\":\"https:\/\/akademia-zdrowia.pl\/kielce\/wp-content\/uploads\/2018\/01\/opiekun_medyczny.jpg\",\"width\":369,\"height\":299},{\"@type\":\"BreadcrumbList\",\"@id\":\"https:\/\/akademia-zdrowia.pl\/kielce\/oferta-szkoleniowa\/kwalifikacyjne-kursy-zawodowe\/#breadcrumb\",\"itemListElement\":[{\"@type\":\"ListItem\",\"position\":1,\"name\":\"Strona g\u0142\u00f3wna\",\"item\":\"https:\/\/akademia-zdrowia.pl\/kielce\/\"},{\"@type\":\"ListItem\",\"position\":2,\"name\":\"Oferta szkoleniowa\",\"item\":\"https:\/\/akademia-zdrowia.pl\/kielce\/oferta-szkoleniowa\/\"},{\"@type\":\"ListItem\",\"position\":3,\"name\":\"Kwalifikacyjne Kursy zawodowe\"}]},{\"@type\":\"WebSite\",\"@id\":\"https:\/\/akademia-zdrowia.pl\/kielce\/#website\",\"url\":\"https:\/\/akademia-zdrowia.pl\/kielce\/\",\"name\":\"Akademia Zdrowia Kielce\",\"description\":\"Kolejna witryna oparta na WordPressie\",\"potentialAction\":[{\"@type\":\"SearchAction\",\"target\":{\"@type\":\"EntryPoint\",\"urlTemplate\":\"https:\/\/akademia-zdrowia.pl\/kielce\/?s={search_term_string}\"},\"query-input\":{\"@type\":\"PropertyValueSpecification\",\"valueRequired\":true,\"valueName\":\"search_term_string\"}}],\"inLanguage\":\"pl-PL\"}]}<\/script>\n<!-- \/ Yoast SEO plugin. -->","yoast_head_json":{"title":"Kwalifikacyjne Kursy zawodowe - Akademia Zdrowia Kielce","robots":{"index":"index","follow":"follow","max-snippet":"max-snippet:-1","max-image-preview":"max-image-preview:large","max-video-preview":"max-video-preview:-1"},"canonical":"https:\/\/akademia-zdrowia.pl\/kielce\/oferta-szkoleniowa\/kwalifikacyjne-kursy-zawodowe\/","og_locale":"pl_PL","og_type":"article","og_title":"Kwalifikacyjne Kursy zawodowe - Akademia Zdrowia Kielce","og_description":"Kwalifikacyjne kursy zawodowe realizuje si\u0119 w celu uzyskania nowych kwalifikacji zawodowych, zdobycia nowego zawodu, zwi\u0119kszenia szans przy poszukiwaniu zatrudnienia lub rozpocz\u0119cia w\u0142asnej dzia\u0142alno\u015bci gospodarczej. NA KWALIFIKACYJNY KURS ZAWODOWY MO\u017bE ZAPISA\u0106 SI\u0118 KA\u017bDA PE\u0141NOLETNIA OSOBA\u00a0bez wzgl\u0119du na wykszta\u0142cenie System nauki na kwalifikacyjnych kursach : wieczorowy lub weekendowy Wymagane dokumenty: &#8211;\u00a0\u015bwiadectwo uko\u0144czenia wcze\u015bniejszej szko\u0142y (szko\u0142y \u015bredniej, zasadniczej...","og_url":"https:\/\/akademia-zdrowia.pl\/kielce\/oferta-szkoleniowa\/kwalifikacyjne-kursy-zawodowe\/","og_site_name":"Akademia Zdrowia Kielce","article_modified_time":"2021-11-12T12:12:39+00:00","og_image":[{"url":"https:\/\/akademia-zdrowia.pl\/kielce\/wp-content\/uploads\/2018\/01\/opiekun_medyczny.jpg","type":"","width":"","height":""}],"twitter_card":"summary_large_image","twitter_misc":{"Szacowany czas czytania":"1 minuta"},"schema":{"@context":"https:\/\/schema.org","@graph":[{"@type":"WebPage","@id":"https:\/\/akademia-zdrowia.pl\/kielce\/oferta-szkoleniowa\/kwalifikacyjne-kursy-zawodowe\/","url":"https:\/\/akademia-zdrowia.pl\/kielce\/oferta-szkoleniowa\/kwalifikacyjne-kursy-zawodowe\/","name":"Kwalifikacyjne Kursy zawodowe - Akademia Zdrowia Kielce","isPartOf":{"@id":"https:\/\/akademia-zdrowia.pl\/kielce\/#website"},"primaryImageOfPage":{"@id":"https:\/\/akademia-zdrowia.pl\/kielce\/oferta-szkoleniowa\/kwalifikacyjne-kursy-zawodowe\/#primaryimage"},"image":{"@id":"https:\/\/akademia-zdrowia.pl\/kielce\/oferta-szkoleniowa\/kwalifikacyjne-kursy-zawodowe\/#primaryimage"},"thumbnailUrl":"https:\/\/akademia-zdrowia.pl\/kielce\/wp-content\/uploads\/2018\/01\/opiekun_medyczny.jpg","datePublished":"2018-01-02T12:11:01+00:00","dateModified":"2021-11-12T12:12:39+00:00","breadcrumb":{"@id":"https:\/\/akademia-zdrowia.pl\/kielce\/oferta-szkoleniowa\/kwalifikacyjne-kursy-zawodowe\/#breadcrumb"},"inLanguage":"pl-PL","potentialAction":[{"@type":"ReadAction","target":["https:\/\/akademia-zdrowia.pl\/kielce\/oferta-szkoleniowa\/kwalifikacyjne-kursy-zawodowe\/"]}]},{"@type":"ImageObject","inLanguage":"pl-PL","@id":"https:\/\/akademia-zdrowia.pl\/kielce\/oferta-szkoleniowa\/kwalifikacyjne-kursy-zawodowe\/#primaryimage","url":"https:\/\/akademia-zdrowia.pl\/kielce\/wp-content\/uploads\/2018\/01\/opiekun_medyczny.jpg","contentUrl":"https:\/\/akademia-zdrowia.pl\/kielce\/wp-content\/uploads\/2018\/01\/opiekun_medyczny.jpg","width":369,"height":299},{"@type":"BreadcrumbList","@id":"https:\/\/akademia-zdrowia.pl\/kielce\/oferta-szkoleniowa\/kwalifikacyjne-kursy-zawodowe\/#breadcrumb","itemListElement":[{"@type":"ListItem","position":1,"name":"Strona g\u0142\u00f3wna","item":"https:\/\/akademia-zdrowia.pl\/kielce\/"},{"@type":"ListItem","position":2,"name":"Oferta szkoleniowa","item":"https:\/\/akademia-zdrowia.pl\/kielce\/oferta-szkoleniowa\/"},{"@type":"ListItem","position":3,"name":"Kwalifikacyjne Kursy zawodowe"}]},{"@type":"WebSite","@id":"https:\/\/akademia-zdrowia.pl\/kielce\/#website","url":"https:\/\/akademia-zdrowia.pl\/kielce\/","name":"Akademia Zdrowia Kielce","description":"Kolejna witryna oparta na WordPressie","potentialAction":[{"@type":"SearchAction","target":{"@type":"EntryPoint","urlTemplate":"https:\/\/akademia-zdrowia.pl\/kielce\/?s={search_term_string}"},"query-input":{"@type":"PropertyValueSpecification","valueRequired":true,"valueName":"search_term_string"}}],"inLanguage":"pl-PL"}]}},"_links":{"self":[{"href":"https:\/\/akademia-zdrowia.pl\/kielce\/wp-json\/wp\/v2\/pages\/49","targetHints":{"allow":["GET"]}}],"collection":[{"href":"https:\/\/akademia-zdrowia.pl\/kielce\/wp-json\/wp\/v2\/pages"}],"about":[{"href":"https:\/\/akademia-zdrowia.pl\/kielce\/wp-json\/wp\/v2\/types\/page"}],"author":[{"embeddable":true,"href":"https:\/\/akademia-zdrowia.pl\/kielce\/wp-json\/wp\/v2\/users\/1"}],"replies":[{"embeddable":true,"href":"https:\/\/akademia-zdrowia.pl\/kielce\/wp-json\/wp\/v2\/comments?post=49"}],"version-history":[{"count":6,"href":"https:\/\/akademia-zdrowia.pl\/kielce\/wp-json\/wp\/v2\/pages\/49\/revisions"}],"predecessor-version":[{"id":2847,"href":"https:\/\/akademia-zdrowia.pl\/kielce\/wp-json\/wp\/v2\/pages\/49\/revisions\/2847"}],"up":[{"embeddable":true,"href":"https:\/\/akademia-zdrowia.pl\/kielce\/wp-json\/wp\/v2\/pages\/29"}],"wp:attachment":[{"href":"https:\/\/akademia-zdrowia.pl\/kielce\/wp-json\/wp\/v2\/media?parent=49"}],"curies":[{"name":"wp","href":"https:\/\/api.w.org\/{rel}","templated":true}]}}