{"id":795,"date":"2018-01-11T15:16:25","date_gmt":"2018-01-11T14:16:25","guid":{"rendered":"https:\/\/akademia-zdrowia.pl\/kielce\/?page_id=795"},"modified":"2024-05-07T12:23:13","modified_gmt":"2024-05-07T10:23:13","slug":"mlodzi-na-start","status":"publish","type":"page","link":"https:\/\/akademia-zdrowia.pl\/kielce\/oferta-szkoleniowa\/projekty-unijne\/mlodzi-na-start\/","title":{"rendered":"M\u0142odzi na start"},"content":{"rendered":"\t\t<div data-elementor-type=\"wp-page\" data-elementor-id=\"795\" class=\"elementor elementor-795\" data-elementor-post-type=\"page\">\n\t\t\t\t\t\t<section class=\"elementor-section elementor-top-section elementor-element elementor-element-baea6f5 elementor-section-boxed elementor-section-height-default elementor-section-height-default\" data-id=\"baea6f5\" data-element_type=\"section\" data-e-type=\"section\">\n\t\t\t\t\t\t<div class=\"elementor-container elementor-column-gap-default\">\n\t\t\t\t\t<div class=\"elementor-column elementor-col-66 elementor-top-column elementor-element elementor-element-ba16c53\" data-id=\"ba16c53\" data-element_type=\"column\" data-e-type=\"column\">\n\t\t\t<div class=\"elementor-widget-wrap elementor-element-populated\">\n\t\t\t\t\t\t<div class=\"elementor-element elementor-element-dd19ed9 elementor-tabs-view-horizontal elementor-widget elementor-widget-tabs\" data-id=\"dd19ed9\" data-element_type=\"widget\" data-e-type=\"widget\" data-widget_type=\"tabs.default\">\n\t\t\t\t<div class=\"elementor-widget-container\">\n\t\t\t\t\t\t\t<div class=\"elementor-tabs\">\n\t\t\t<div class=\"elementor-tabs-wrapper\" role=\"tablist\" >\n\t\t\t\t\t\t\t\t\t<div id=\"elementor-tab-title-2311\" class=\"elementor-tab-title elementor-tab-desktop-title\" aria-selected=\"true\" data-tab=\"1\" role=\"tab\" tabindex=\"0\" aria-controls=\"elementor-tab-content-2311\" aria-expanded=\"false\">O PROJEKCIE<\/div>\n\t\t\t\t\t\t\t\t\t<div id=\"elementor-tab-title-2312\" class=\"elementor-tab-title elementor-tab-desktop-title\" aria-selected=\"false\" data-tab=\"2\" role=\"tab\" tabindex=\"-1\" aria-controls=\"elementor-tab-content-2312\" aria-expanded=\"false\">ZAPYTANIA OFERTOWE\/ROZEZNANIE RYNKU<\/div>\n\t\t\t\t\t\t\t\t\t<div id=\"elementor-tab-title-2313\" class=\"elementor-tab-title elementor-tab-desktop-title\" aria-selected=\"false\" data-tab=\"3\" role=\"tab\" tabindex=\"-1\" aria-controls=\"elementor-tab-content-2313\" aria-expanded=\"false\">REKRUTACJA<\/div>\n\t\t\t\t\t\t\t<\/div>\n\t\t\t<div class=\"elementor-tabs-content-wrapper\" role=\"tablist\" aria-orientation=\"vertical\">\n\t\t\t\t\t\t\t\t\t<div class=\"elementor-tab-title elementor-tab-mobile-title\" aria-selected=\"true\" data-tab=\"1\" role=\"tab\" tabindex=\"0\" aria-controls=\"elementor-tab-content-2311\" aria-expanded=\"false\">O PROJEKCIE<\/div>\n\t\t\t\t\t<div id=\"elementor-tab-content-2311\" class=\"elementor-tab-content elementor-clearfix\" data-tab=\"1\" role=\"tabpanel\" aria-labelledby=\"elementor-tab-title-2311\" tabindex=\"0\" hidden=\"false\"><\/div>\n\t\t\t\t\t\t\t\t\t<div class=\"elementor-tab-title elementor-tab-mobile-title\" aria-selected=\"false\" data-tab=\"2\" role=\"tab\" tabindex=\"-1\" aria-controls=\"elementor-tab-content-2312\" aria-expanded=\"false\">ZAPYTANIA OFERTOWE\/ROZEZNANIE RYNKU<\/div>\n\t\t\t\t\t<div id=\"elementor-tab-content-2312\" class=\"elementor-tab-content elementor-clearfix\" data-tab=\"2\" role=\"tabpanel\" aria-labelledby=\"elementor-tab-title-2312\" tabindex=\"0\" hidden=\"hidden\"><ul class=\"linki\"><li><div class=\"header\"><h3>Pliki do pobrania:<\/h3><\/div><ul class=\"linki\"><li><a class=\"download\" href=\"\/kielce\/wp-content\/uploads\/2018\/01\/rozeznanie-rynku-1-Mlodzi-na-start.doc\" download=\"\">rozeznanie-rynku-1-M\u0142odzi-na-start.doc<\/a><\/li><li><a class=\"download\" href=\"\/kielce\/wp-content\/uploads\/2018\/01\/rozeznanie-rynku-2-A.62-Mlodzi-na-start.doc\" download=\"\">rozeznanie-rynku-2-A.62-M\u0142odzi-na-start.doc<\/a><\/li><li><a class=\"download\" href=\"\/kielce\/wp-content\/uploads\/2018\/01\/rozeznanie-rynku-3-magazynier-z-uprawnieniami-i-wjp-Mlodzi-na-start.doc\" download=\"\">rozeznanie-rynku-3-magazynier-z-uprawnieniami-i-wjp-M\u0142odzi-na-start.doc<\/a><\/li><li><a class=\"download\" href=\"\/kielce\/wp-content\/uploads\/2018\/01\/rozeznanie-rynku-4-catering-Mlodzi-na-start.doc\" download=\"\">rozeznanie-rynku-4-catering-M\u0142odzi-na-start.doc<\/a><\/li><li><a class=\"download\" href=\"\/kielce\/wp-content\/uploads\/2018\/01\/rozeznanie-rynku-5-A.62-Mlodzi-na-start.doc\" download=\"\">rozeznanie-rynku-5-A.62-M\u0142odzi-na-start.doc<\/a><\/li><li><a class=\"download\" href=\"\/kielce\/wp-content\/uploads\/2018\/01\/rozeznanie-rynku-5-magazynier.doc\" download=\"\">rozeznanie-rynku-5-magazynier.doc<\/a><\/li><li><a class=\"download\" href=\"\/kielce\/wp-content\/uploads\/2018\/01\/rozeznanie-rynku-6-badania-lekarskie-Mlodzi-na-start.doc\" download=\"\">rozeznanie-rynku-6-badania-lekarskie-M\u0142odzi-na-start.doc<\/a><\/li><li><a class=\"download\" href=\"\/kielce\/wp-content\/uploads\/2018\/01\/rozeznanie-rynku-6-materialy-zuzywalne.doc\" download=\"\">rozeznanie-rynku-6-materia\u0142y-zu\u017cywalne.doc<\/a><\/li><li><a class=\"download\" href=\"\/kielce\/wp-content\/uploads\/2018\/01\/rozeznanie-rynku-7-materialy-zuzywalne.doc\" download=\"\">rozeznanie-rynku-7-materia\u0142y-zu\u017cywalne.doc<\/a><\/li><li><a class=\"download\" href=\"\/kielce\/wp-content\/uploads\/2018\/01\/rozeznanie-rynku-8-fryzjer-Mlodzi-na-start.doc\" download=\"\">rozeznanie-rynku-8-fryzjer-M\u0142odzi-na-start.doc<\/a><\/li><li><a class=\"download\" href=\"\/kielce\/wp-content\/uploads\/2018\/01\/rozeznanie-rynku-10-magazynier.doc\" download=\"\">rozeznanie-rynku-10-magazynier.doc<\/a><\/li><li><a class=\"download\" href=\"\/kielce\/wp-content\/uploads\/2018\/01\/rozeznanie-rynku-11-pracownik-dzialu-ksiegowo-kadrowego-Mlodzi-na-start.doc\" download=\"\">rozeznanie-rynku-11-pracownik-dzia\u0142u-ksi\u0119gowo-kadrowego-M\u0142odzi-na-start.doc<\/a><\/li><li><a class=\"download\" href=\"\/kielce\/wp-content\/uploads\/2018\/01\/zapytanie-ofertowe-operator-koparko-ladowarki-Mlodzi-na-start.doc\" download=\"\">zapytanie-ofertowe-operator-koparko-\u0142adowarki-M\u0142odzi-na-start.doc<\/a><\/li><li><a class=\"download\" href=\"\/kielce\/wp-content\/uploads\/2018\/01\/zapytanie-ofertowe-pracownik-dzialu-kadrowo-ksiegowego-Mlodzi-na-start.doc\" download=\"\">zapytanie-ofertowe-pracownik-dzia\u0142u-kadrowo-ksi\u0119gowego-M\u0142odzi-na-start.doc<\/a><\/li><li><a class=\"download\" href=\"\/kielce\/wp-content\/uploads\/2018\/01\/zawiadomienie-z-zapytania-ofertowego-Mlodzi-na-start.doc\" download=\"\">zawiadomienie-z-zapytania-ofertowego-M\u0142odzi-na-start.doc<\/a><\/li><\/ul><\/li><\/ul><\/div>\n\t\t\t\t\t\t\t\t\t<div class=\"elementor-tab-title elementor-tab-mobile-title\" aria-selected=\"false\" data-tab=\"3\" role=\"tab\" tabindex=\"-1\" aria-controls=\"elementor-tab-content-2313\" aria-expanded=\"false\">REKRUTACJA<\/div>\n\t\t\t\t\t<div id=\"elementor-tab-content-2313\" class=\"elementor-tab-content elementor-clearfix\" data-tab=\"3\" role=\"tabpanel\" aria-labelledby=\"elementor-tab-title-2313\" tabindex=\"0\" hidden=\"hidden\"><\/div>\n\t\t\t\t\t\t\t<\/div>\n\t\t<\/div>\n\t\t\t\t\t\t<\/div>\n\t\t\t\t<\/div>\n\t\t\t\t\t<\/div>\n\t\t<\/div>\n\t\t\t\t<div class=\"elementor-column elementor-col-33 elementor-top-column elementor-element elementor-element-12fab0b\" data-id=\"12fab0b\" data-element_type=\"column\" data-e-type=\"column\">\n\t\t\t<div class=\"elementor-widget-wrap elementor-element-populated\">\n\t\t\t\t\t\t<div class=\"elementor-element elementor-element-e8faaa1 elementor-widget elementor-widget-rs-image\" data-id=\"e8faaa1\" data-element_type=\"widget\" data-e-type=\"widget\" data-widget_type=\"rs-image.default\">\n\t\t\t\t<div class=\"elementor-widget-container\">\n\t\t\t\t\t\n        <div class=\"rs-image \">\n                            <img decoding=\"async\" class=\"rs-multi-image \" src=\"https:\/\/akademia-zdrowia.pl\/kielce\/wp-content\/uploads\/2023\/08\/AZ-KIELCE-1.jpg\" alt=\"image\"\/>\n                    <\/div>\n\n              \n    \t\t\t\t<\/div>\n\t\t\t\t<\/div>\n\t\t\t\t<div class=\"elementor-element elementor-element-dc012e4 elementor-widget elementor-widget-text-editor\" data-id=\"dc012e4\" data-element_type=\"widget\" data-e-type=\"widget\" data-widget_type=\"text-editor.default\">\n\t\t\t\t<div class=\"elementor-widget-container\">\n\t\t\t\t\t\t\t\t\t<div class=\"adres\"><p style=\"text-align: center;\">al. IX Wiek\u00f3w Kielc 8\/24<br \/>25-516 Kielce<\/p><p style=\"text-align: center;\"><img decoding=\"async\" style=\"color: var( --e-global-color-text ); font-family: var( --e-global-typography-text-font-family ), Sans-serif; font-weight: var( --e-global-typography-text-font-weight );\" src=\"https:\/\/www.akademia-zdrowia.pl\/lodz\/wp-content\/themes\/akademia-podstrona\/img\/phone-ico_red.png\" alt=\"marker\" \/><span style=\"color: var( --e-global-color-text ); font-family: var( --e-global-typography-text-font-family ), Sans-serif; font-weight: var( --e-global-typography-text-font-weight );\">\u00a0\u00a0<\/span><span style=\"color: var( --e-global-color-text ); font-family: var( --e-global-typography-text-font-family ), Sans-serif; font-weight: var( --e-global-typography-text-font-weight );\">tel.\u00a0<\/span><a style=\"font-family: var( --e-global-typography-text-font-family ), Sans-serif; font-weight: var( --e-global-typography-text-font-weight ); background-color: #ffffff;\" href=\"tel:41 3680066\">41 3680066<\/a><span style=\"color: var( --e-global-color-text ); font-family: var( --e-global-typography-text-font-family ), Sans-serif; font-weight: var( --e-global-typography-text-font-weight );\"><br \/><\/span><span style=\"color: var( --e-global-color-text ); font-family: var( --e-global-typography-text-font-family ), Sans-serif; font-weight: var( --e-global-typography-text-font-weight );\">tel.\/fax\u00a0<\/span><a style=\"font-family: var( --e-global-typography-text-font-family ), Sans-serif; font-weight: var( --e-global-typography-text-font-weight ); background-color: #ffffff;\" href=\"tel:41 3600066\">41 3600066<\/a><\/p><p>\u00a0 \u00a0 \u00a0 \u00a0 \u00a0 \u00a0 \u00a0 \u00a0 \u00a0 \u00a0 \u00a0 \u00a0 <img decoding=\"async\" class=\"wp-image-6175 alignnone\" src=\"https:\/\/akademia-zdrowia.pl\/kielce\/wp-content\/uploads\/2023\/08\/whatsapp-logo-png-2288.png\" alt=\"\" width=\"28\" height=\"28\" srcset=\"https:\/\/akademia-zdrowia.pl\/kielce\/wp-content\/uploads\/2023\/08\/whatsapp-logo-png-2288.png 256w, https:\/\/akademia-zdrowia.pl\/kielce\/wp-content\/uploads\/2023\/08\/whatsapp-logo-png-2288-150x150.png 150w, https:\/\/akademia-zdrowia.pl\/kielce\/wp-content\/uploads\/2023\/08\/whatsapp-logo-png-2288-120x120.png 120w, https:\/\/akademia-zdrowia.pl\/kielce\/wp-content\/uploads\/2023\/08\/whatsapp-logo-png-2288-220x220.png 220w\" sizes=\"(max-width: 28px) 100vw, 28px\" \/> tel. <a href=\"http:\/\/662-536-086\" data-wplink-url-error=\"true\">662-536-086<\/a><\/p><\/div><div class=\"dodatkowe\"><p style=\"text-align: center;\">Sekretariat czynny od poniedzia\u0142ku do pi\u0105tku w godzinach 9.00-16.00<\/p><p style=\"text-align: center;\"><span style=\"color: #000080; font-family: var( --e-global-typography-text-font-family ), Sans-serif;\"><b>Zarezerwuj miejsce ju\u017c dzi\u015b!<\/b><\/span><\/p><\/div>\t\t\t\t\t\t\t\t<\/div>\n\t\t\t\t<\/div>\n\t\t\t\t\t<\/div>\n\t\t<\/div>\n\t\t\t\t\t<\/div>\n\t\t<\/section>\n\t\t\t\t<\/div>\n\t\t","protected":false},"excerpt":{"rendered":"<p>O PROJEKCIE ZAPYTANIA OFERTOWE\/ROZEZNANIE RYNKU REKRUTACJA O PROJEKCIE ZAPYTANIA OFERTOWE\/ROZEZNANIE RYNKU Pliki do pobrania: rozeznanie-rynku-1-M\u0142odzi-na-start.doc rozeznanie-rynku-2-A.62-M\u0142odzi-na-start.doc rozeznanie-rynku-3-magazynier-z-uprawnieniami-i-wjp-M\u0142odzi-na-start.doc rozeznanie-rynku-4-catering-M\u0142odzi-na-start.doc rozeznanie-rynku-5-A.62-M\u0142odzi-na-start.doc rozeznanie-rynku-5-magazynier.doc rozeznanie-rynku-6-badania-lekarskie-M\u0142odzi-na-start.doc rozeznanie-rynku-6-materia\u0142y-zu\u017cywalne.doc rozeznanie-rynku-7-materia\u0142y-zu\u017cywalne.doc rozeznanie-rynku-8-fryzjer-M\u0142odzi-na-start.doc rozeznanie-rynku-10-magazynier.doc rozeznanie-rynku-11-pracownik-dzia\u0142u-ksi\u0119gowo-kadrowego-M\u0142odzi-na-start.doc zapytanie-ofertowe-operator-koparko-\u0142adowarki-M\u0142odzi-na-start.doc zapytanie-ofertowe-pracownik-dzia\u0142u-kadrowo-ksi\u0119gowego-M\u0142odzi-na-start.doc zawiadomienie-z-zapytania-ofertowego-M\u0142odzi-na-start.doc REKRUTACJA al. IX Wiek\u00f3w Kielc 8\/2425-516 Kielce \u00a0\u00a0tel.\u00a041 3680066tel.\/fax\u00a041 3600066 \u00a0 \u00a0 \u00a0 \u00a0 \u00a0 \u00a0 \u00a0 \u00a0 \u00a0 \u00a0 \u00a0 \u00a0 tel. 662-536-086 Sekretariat czynny&#8230;<\/p>\n","protected":false},"author":1,"featured_media":0,"parent":55,"menu_order":0,"comment_status":"closed","ping_status":"closed","template":"","meta":{"footnotes":""},"class_list":["post-795","page","type-page","status-publish","hentry"],"yoast_head":"<!-- This site is optimized with the Yoast SEO plugin v26.9 - https:\/\/yoast.com\/product\/yoast-seo-wordpress\/ -->\n<title>M\u0142odzi na start - Akademia Zdrowia Kielce<\/title>\n<meta name=\"robots\" content=\"index, follow, max-snippet:-1, max-image-preview:large, max-video-preview:-1\" \/>\n<link rel=\"canonical\" href=\"https:\/\/akademia-zdrowia.pl\/kielce\/oferta-szkoleniowa\/projekty-unijne\/mlodzi-na-start\/\" \/>\n<meta property=\"og:locale\" content=\"pl_PL\" \/>\n<meta property=\"og:type\" content=\"article\" \/>\n<meta property=\"og:title\" content=\"M\u0142odzi na start - Akademia Zdrowia Kielce\" \/>\n<meta property=\"og:description\" content=\"O PROJEKCIE ZAPYTANIA OFERTOWE\/ROZEZNANIE RYNKU REKRUTACJA O PROJEKCIE ZAPYTANIA OFERTOWE\/ROZEZNANIE RYNKU Pliki do pobrania: rozeznanie-rynku-1-M\u0142odzi-na-start.doc rozeznanie-rynku-2-A.62-M\u0142odzi-na-start.doc rozeznanie-rynku-3-magazynier-z-uprawnieniami-i-wjp-M\u0142odzi-na-start.doc rozeznanie-rynku-4-catering-M\u0142odzi-na-start.doc rozeznanie-rynku-5-A.62-M\u0142odzi-na-start.doc rozeznanie-rynku-5-magazynier.doc rozeznanie-rynku-6-badania-lekarskie-M\u0142odzi-na-start.doc rozeznanie-rynku-6-materia\u0142y-zu\u017cywalne.doc rozeznanie-rynku-7-materia\u0142y-zu\u017cywalne.doc rozeznanie-rynku-8-fryzjer-M\u0142odzi-na-start.doc rozeznanie-rynku-10-magazynier.doc rozeznanie-rynku-11-pracownik-dzia\u0142u-ksi\u0119gowo-kadrowego-M\u0142odzi-na-start.doc zapytanie-ofertowe-operator-koparko-\u0142adowarki-M\u0142odzi-na-start.doc zapytanie-ofertowe-pracownik-dzia\u0142u-kadrowo-ksi\u0119gowego-M\u0142odzi-na-start.doc zawiadomienie-z-zapytania-ofertowego-M\u0142odzi-na-start.doc REKRUTACJA al. IX Wiek\u00f3w Kielc 8\/2425-516 Kielce \u00a0\u00a0tel.\u00a041 3680066tel.\/fax\u00a041 3600066 \u00a0 \u00a0 \u00a0 \u00a0 \u00a0 \u00a0 \u00a0 \u00a0 \u00a0 \u00a0 \u00a0 \u00a0 tel. 662-536-086 Sekretariat czynny...\" \/>\n<meta property=\"og:url\" content=\"https:\/\/akademia-zdrowia.pl\/kielce\/oferta-szkoleniowa\/projekty-unijne\/mlodzi-na-start\/\" \/>\n<meta property=\"og:site_name\" content=\"Akademia Zdrowia Kielce\" \/>\n<meta property=\"article:modified_time\" content=\"2024-05-07T10:23:13+00:00\" \/>\n<meta property=\"og:image\" content=\"https:\/\/akademia-zdrowia.pl\/kielce\/wp-content\/uploads\/2023\/08\/AZ-KIELCE-1.jpg\" \/>\n<meta name=\"twitter:card\" content=\"summary_large_image\" \/>\n<meta name=\"twitter:label1\" content=\"Szacowany czas czytania\" \/>\n\t<meta name=\"twitter:data1\" content=\"2 minuty\" \/>\n<script type=\"application\/ld+json\" class=\"yoast-schema-graph\">{\"@context\":\"https:\/\/schema.org\",\"@graph\":[{\"@type\":\"WebPage\",\"@id\":\"https:\/\/akademia-zdrowia.pl\/kielce\/oferta-szkoleniowa\/projekty-unijne\/mlodzi-na-start\/\",\"url\":\"https:\/\/akademia-zdrowia.pl\/kielce\/oferta-szkoleniowa\/projekty-unijne\/mlodzi-na-start\/\",\"name\":\"M\u0142odzi na start - Akademia Zdrowia Kielce\",\"isPartOf\":{\"@id\":\"https:\/\/akademia-zdrowia.pl\/kielce\/#website\"},\"primaryImageOfPage\":{\"@id\":\"https:\/\/akademia-zdrowia.pl\/kielce\/oferta-szkoleniowa\/projekty-unijne\/mlodzi-na-start\/#primaryimage\"},\"image\":{\"@id\":\"https:\/\/akademia-zdrowia.pl\/kielce\/oferta-szkoleniowa\/projekty-unijne\/mlodzi-na-start\/#primaryimage\"},\"thumbnailUrl\":\"https:\/\/akademia-zdrowia.pl\/kielce\/wp-content\/uploads\/2023\/08\/AZ-KIELCE-1.jpg\",\"datePublished\":\"2018-01-11T14:16:25+00:00\",\"dateModified\":\"2024-05-07T10:23:13+00:00\",\"breadcrumb\":{\"@id\":\"https:\/\/akademia-zdrowia.pl\/kielce\/oferta-szkoleniowa\/projekty-unijne\/mlodzi-na-start\/#breadcrumb\"},\"inLanguage\":\"pl-PL\",\"potentialAction\":[{\"@type\":\"ReadAction\",\"target\":[\"https:\/\/akademia-zdrowia.pl\/kielce\/oferta-szkoleniowa\/projekty-unijne\/mlodzi-na-start\/\"]}]},{\"@type\":\"ImageObject\",\"inLanguage\":\"pl-PL\",\"@id\":\"https:\/\/akademia-zdrowia.pl\/kielce\/oferta-szkoleniowa\/projekty-unijne\/mlodzi-na-start\/#primaryimage\",\"url\":\"https:\/\/akademia-zdrowia.pl\/kielce\/wp-content\/uploads\/2023\/08\/AZ-KIELCE-1.jpg\",\"contentUrl\":\"https:\/\/akademia-zdrowia.pl\/kielce\/wp-content\/uploads\/2023\/08\/AZ-KIELCE-1.jpg\",\"width\":1200,\"height\":801},{\"@type\":\"BreadcrumbList\",\"@id\":\"https:\/\/akademia-zdrowia.pl\/kielce\/oferta-szkoleniowa\/projekty-unijne\/mlodzi-na-start\/#breadcrumb\",\"itemListElement\":[{\"@type\":\"ListItem\",\"position\":1,\"name\":\"Strona g\u0142\u00f3wna\",\"item\":\"https:\/\/akademia-zdrowia.pl\/kielce\/\"},{\"@type\":\"ListItem\",\"position\":2,\"name\":\"Oferta szkoleniowa\",\"item\":\"https:\/\/akademia-zdrowia.pl\/kielce\/oferta-szkoleniowa\/\"},{\"@type\":\"ListItem\",\"position\":3,\"name\":\"Projekty unijne\",\"item\":\"https:\/\/akademia-zdrowia.pl\/kielce\/oferta-szkoleniowa\/projekty-unijne\/\"},{\"@type\":\"ListItem\",\"position\":4,\"name\":\"M\u0142odzi na start\"}]},{\"@type\":\"WebSite\",\"@id\":\"https:\/\/akademia-zdrowia.pl\/kielce\/#website\",\"url\":\"https:\/\/akademia-zdrowia.pl\/kielce\/\",\"name\":\"Akademia Zdrowia Kielce\",\"description\":\"Kolejna witryna oparta na WordPressie\",\"potentialAction\":[{\"@type\":\"SearchAction\",\"target\":{\"@type\":\"EntryPoint\",\"urlTemplate\":\"https:\/\/akademia-zdrowia.pl\/kielce\/?s={search_term_string}\"},\"query-input\":{\"@type\":\"PropertyValueSpecification\",\"valueRequired\":true,\"valueName\":\"search_term_string\"}}],\"inLanguage\":\"pl-PL\"}]}<\/script>\n<!-- \/ Yoast SEO plugin. -->","yoast_head_json":{"title":"M\u0142odzi na start - Akademia Zdrowia Kielce","robots":{"index":"index","follow":"follow","max-snippet":"max-snippet:-1","max-image-preview":"max-image-preview:large","max-video-preview":"max-video-preview:-1"},"canonical":"https:\/\/akademia-zdrowia.pl\/kielce\/oferta-szkoleniowa\/projekty-unijne\/mlodzi-na-start\/","og_locale":"pl_PL","og_type":"article","og_title":"M\u0142odzi na start - Akademia Zdrowia Kielce","og_description":"O PROJEKCIE ZAPYTANIA OFERTOWE\/ROZEZNANIE RYNKU REKRUTACJA O PROJEKCIE ZAPYTANIA OFERTOWE\/ROZEZNANIE RYNKU Pliki do pobrania: rozeznanie-rynku-1-M\u0142odzi-na-start.doc rozeznanie-rynku-2-A.62-M\u0142odzi-na-start.doc rozeznanie-rynku-3-magazynier-z-uprawnieniami-i-wjp-M\u0142odzi-na-start.doc rozeznanie-rynku-4-catering-M\u0142odzi-na-start.doc rozeznanie-rynku-5-A.62-M\u0142odzi-na-start.doc rozeznanie-rynku-5-magazynier.doc rozeznanie-rynku-6-badania-lekarskie-M\u0142odzi-na-start.doc rozeznanie-rynku-6-materia\u0142y-zu\u017cywalne.doc rozeznanie-rynku-7-materia\u0142y-zu\u017cywalne.doc rozeznanie-rynku-8-fryzjer-M\u0142odzi-na-start.doc rozeznanie-rynku-10-magazynier.doc rozeznanie-rynku-11-pracownik-dzia\u0142u-ksi\u0119gowo-kadrowego-M\u0142odzi-na-start.doc zapytanie-ofertowe-operator-koparko-\u0142adowarki-M\u0142odzi-na-start.doc zapytanie-ofertowe-pracownik-dzia\u0142u-kadrowo-ksi\u0119gowego-M\u0142odzi-na-start.doc zawiadomienie-z-zapytania-ofertowego-M\u0142odzi-na-start.doc REKRUTACJA al. IX Wiek\u00f3w Kielc 8\/2425-516 Kielce \u00a0\u00a0tel.\u00a041 3680066tel.\/fax\u00a041 3600066 \u00a0 \u00a0 \u00a0 \u00a0 \u00a0 \u00a0 \u00a0 \u00a0 \u00a0 \u00a0 \u00a0 \u00a0 tel. 662-536-086 Sekretariat czynny...","og_url":"https:\/\/akademia-zdrowia.pl\/kielce\/oferta-szkoleniowa\/projekty-unijne\/mlodzi-na-start\/","og_site_name":"Akademia Zdrowia Kielce","article_modified_time":"2024-05-07T10:23:13+00:00","og_image":[{"url":"https:\/\/akademia-zdrowia.pl\/kielce\/wp-content\/uploads\/2023\/08\/AZ-KIELCE-1.jpg","type":"","width":"","height":""}],"twitter_card":"summary_large_image","twitter_misc":{"Szacowany czas czytania":"2 minuty"},"schema":{"@context":"https:\/\/schema.org","@graph":[{"@type":"WebPage","@id":"https:\/\/akademia-zdrowia.pl\/kielce\/oferta-szkoleniowa\/projekty-unijne\/mlodzi-na-start\/","url":"https:\/\/akademia-zdrowia.pl\/kielce\/oferta-szkoleniowa\/projekty-unijne\/mlodzi-na-start\/","name":"M\u0142odzi na start - Akademia Zdrowia Kielce","isPartOf":{"@id":"https:\/\/akademia-zdrowia.pl\/kielce\/#website"},"primaryImageOfPage":{"@id":"https:\/\/akademia-zdrowia.pl\/kielce\/oferta-szkoleniowa\/projekty-unijne\/mlodzi-na-start\/#primaryimage"},"image":{"@id":"https:\/\/akademia-zdrowia.pl\/kielce\/oferta-szkoleniowa\/projekty-unijne\/mlodzi-na-start\/#primaryimage"},"thumbnailUrl":"https:\/\/akademia-zdrowia.pl\/kielce\/wp-content\/uploads\/2023\/08\/AZ-KIELCE-1.jpg","datePublished":"2018-01-11T14:16:25+00:00","dateModified":"2024-05-07T10:23:13+00:00","breadcrumb":{"@id":"https:\/\/akademia-zdrowia.pl\/kielce\/oferta-szkoleniowa\/projekty-unijne\/mlodzi-na-start\/#breadcrumb"},"inLanguage":"pl-PL","potentialAction":[{"@type":"ReadAction","target":["https:\/\/akademia-zdrowia.pl\/kielce\/oferta-szkoleniowa\/projekty-unijne\/mlodzi-na-start\/"]}]},{"@type":"ImageObject","inLanguage":"pl-PL","@id":"https:\/\/akademia-zdrowia.pl\/kielce\/oferta-szkoleniowa\/projekty-unijne\/mlodzi-na-start\/#primaryimage","url":"https:\/\/akademia-zdrowia.pl\/kielce\/wp-content\/uploads\/2023\/08\/AZ-KIELCE-1.jpg","contentUrl":"https:\/\/akademia-zdrowia.pl\/kielce\/wp-content\/uploads\/2023\/08\/AZ-KIELCE-1.jpg","width":1200,"height":801},{"@type":"BreadcrumbList","@id":"https:\/\/akademia-zdrowia.pl\/kielce\/oferta-szkoleniowa\/projekty-unijne\/mlodzi-na-start\/#breadcrumb","itemListElement":[{"@type":"ListItem","position":1,"name":"Strona g\u0142\u00f3wna","item":"https:\/\/akademia-zdrowia.pl\/kielce\/"},{"@type":"ListItem","position":2,"name":"Oferta szkoleniowa","item":"https:\/\/akademia-zdrowia.pl\/kielce\/oferta-szkoleniowa\/"},{"@type":"ListItem","position":3,"name":"Projekty unijne","item":"https:\/\/akademia-zdrowia.pl\/kielce\/oferta-szkoleniowa\/projekty-unijne\/"},{"@type":"ListItem","position":4,"name":"M\u0142odzi na start"}]},{"@type":"WebSite","@id":"https:\/\/akademia-zdrowia.pl\/kielce\/#website","url":"https:\/\/akademia-zdrowia.pl\/kielce\/","name":"Akademia Zdrowia Kielce","description":"Kolejna witryna oparta na WordPressie","potentialAction":[{"@type":"SearchAction","target":{"@type":"EntryPoint","urlTemplate":"https:\/\/akademia-zdrowia.pl\/kielce\/?s={search_term_string}"},"query-input":{"@type":"PropertyValueSpecification","valueRequired":true,"valueName":"search_term_string"}}],"inLanguage":"pl-PL"}]}},"_links":{"self":[{"href":"https:\/\/akademia-zdrowia.pl\/kielce\/wp-json\/wp\/v2\/pages\/795","targetHints":{"allow":["GET"]}}],"collection":[{"href":"https:\/\/akademia-zdrowia.pl\/kielce\/wp-json\/wp\/v2\/pages"}],"about":[{"href":"https:\/\/akademia-zdrowia.pl\/kielce\/wp-json\/wp\/v2\/types\/page"}],"author":[{"embeddable":true,"href":"https:\/\/akademia-zdrowia.pl\/kielce\/wp-json\/wp\/v2\/users\/1"}],"replies":[{"embeddable":true,"href":"https:\/\/akademia-zdrowia.pl\/kielce\/wp-json\/wp\/v2\/comments?post=795"}],"version-history":[{"count":51,"href":"https:\/\/akademia-zdrowia.pl\/kielce\/wp-json\/wp\/v2\/pages\/795\/revisions"}],"predecessor-version":[{"id":7553,"href":"https:\/\/akademia-zdrowia.pl\/kielce\/wp-json\/wp\/v2\/pages\/795\/revisions\/7553"}],"up":[{"embeddable":true,"href":"https:\/\/akademia-zdrowia.pl\/kielce\/wp-json\/wp\/v2\/pages\/55"}],"wp:attachment":[{"href":"https:\/\/akademia-zdrowia.pl\/kielce\/wp-json\/wp\/v2\/media?parent=795"}],"curies":[{"name":"wp","href":"https:\/\/api.w.org\/{rel}","templated":true}]}}