{"id":9750,"date":"2025-11-24T11:15:36","date_gmt":"2025-11-24T10:15:36","guid":{"rendered":"https:\/\/akademia-zdrowia.pl\/kielce\/?page_id=9750"},"modified":"2026-04-15T13:08:46","modified_gmt":"2026-04-15T11:08:46","slug":"kobiety-przyszlosci","status":"publish","type":"page","link":"https:\/\/akademia-zdrowia.pl\/kielce\/oferta-szkoleniowa\/projekty-unijne\/kobiety-przyszlosci\/","title":{"rendered":"Kobiety przysz\u0142o\u015bci"},"content":{"rendered":"\t\t<div data-elementor-type=\"wp-page\" data-elementor-id=\"9750\" class=\"elementor elementor-9750\" data-elementor-post-type=\"page\">\n\t\t\t\t\t\t<section class=\"elementor-section elementor-top-section elementor-element elementor-element-5db7963b elementor-section-stretched elementor-section-boxed elementor-section-height-default elementor-section-height-default\" data-id=\"5db7963b\" data-element_type=\"section\" data-e-type=\"section\" data-settings=\"{&quot;stretch_section&quot;:&quot;section-stretched&quot;}\">\n\t\t\t\t\t\t<div class=\"elementor-container elementor-column-gap-default\">\n\t\t\t\t\t<div class=\"elementor-column elementor-col-100 elementor-top-column elementor-element elementor-element-64a5ac61\" data-id=\"64a5ac61\" data-element_type=\"column\" data-e-type=\"column\">\n\t\t\t<div class=\"elementor-widget-wrap elementor-element-populated\">\n\t\t\t\t\t\t<div class=\"elementor-element elementor-element-72a5a1c elementor-tabs-view-horizontal elementor-widget elementor-widget-tabs\" data-id=\"72a5a1c\" data-element_type=\"widget\" data-e-type=\"widget\" data-widget_type=\"tabs.default\">\n\t\t\t\t<div class=\"elementor-widget-container\">\n\t\t\t\t\t\t\t<div class=\"elementor-tabs\">\n\t\t\t<div class=\"elementor-tabs-wrapper\" role=\"tablist\" >\n\t\t\t\t\t\t\t\t\t<div id=\"elementor-tab-title-1201\" class=\"elementor-tab-title elementor-tab-desktop-title\" aria-selected=\"true\" data-tab=\"1\" role=\"tab\" tabindex=\"0\" aria-controls=\"elementor-tab-content-1201\" aria-expanded=\"false\">O PROJEKCIE<\/div>\n\t\t\t\t\t\t\t\t\t<div id=\"elementor-tab-title-1202\" class=\"elementor-tab-title elementor-tab-desktop-title\" aria-selected=\"false\" data-tab=\"2\" role=\"tab\" tabindex=\"-1\" aria-controls=\"elementor-tab-content-1202\" aria-expanded=\"false\">HARMONOGRAMY<\/div>\n\t\t\t\t\t\t\t\t\t<div id=\"elementor-tab-title-1203\" class=\"elementor-tab-title elementor-tab-desktop-title\" aria-selected=\"false\" data-tab=\"3\" role=\"tab\" tabindex=\"-1\" aria-controls=\"elementor-tab-content-1203\" aria-expanded=\"false\">AKTUALNO\u015aCI<\/div>\n\t\t\t\t\t\t\t\t\t<div id=\"elementor-tab-title-1204\" class=\"elementor-tab-title elementor-tab-desktop-title\" aria-selected=\"false\" data-tab=\"4\" role=\"tab\" tabindex=\"-1\" aria-controls=\"elementor-tab-content-1204\" aria-expanded=\"false\">REKRUTACJA<\/div>\n\t\t\t\t\t\t\t\t\t<div id=\"elementor-tab-title-1205\" class=\"elementor-tab-title elementor-tab-desktop-title\" aria-selected=\"false\" data-tab=\"5\" role=\"tab\" tabindex=\"-1\" aria-controls=\"elementor-tab-content-1205\" aria-expanded=\"false\">DO POBRANIA<\/div>\n\t\t\t\t\t\t\t\t\t<div id=\"elementor-tab-title-1206\" class=\"elementor-tab-title elementor-tab-desktop-title\" aria-selected=\"false\" data-tab=\"6\" role=\"tab\" tabindex=\"-1\" aria-controls=\"elementor-tab-content-1206\" aria-expanded=\"false\">KONTAKT<\/div>\n\t\t\t\t\t\t\t<\/div>\n\t\t\t<div class=\"elementor-tabs-content-wrapper\" role=\"tablist\" aria-orientation=\"vertical\">\n\t\t\t\t\t\t\t\t\t<div class=\"elementor-tab-title elementor-tab-mobile-title\" aria-selected=\"true\" data-tab=\"1\" role=\"tab\" tabindex=\"0\" aria-controls=\"elementor-tab-content-1201\" aria-expanded=\"false\">O PROJEKCIE<\/div>\n\t\t\t\t\t<div id=\"elementor-tab-content-1201\" class=\"elementor-tab-content elementor-clearfix\" data-tab=\"1\" role=\"tabpanel\" aria-labelledby=\"elementor-tab-title-1201\" tabindex=\"0\" hidden=\"false\"><h2><img fetchpriority=\"high\" decoding=\"async\" class=\"aligncenter wp-image-7452 size-full\" src=\"https:\/\/akademia-zdrowia.pl\/kielce\/wp-content\/uploads\/2024\/03\/fes_zestawienie_znakow_dofinansowane_poziom_przyklad.png\" alt=\"\" width=\"700\" height=\"74\" srcset=\"https:\/\/akademia-zdrowia.pl\/kielce\/wp-content\/uploads\/2024\/03\/fes_zestawienie_znakow_dofinansowane_poziom_przyklad.png 700w, https:\/\/akademia-zdrowia.pl\/kielce\/wp-content\/uploads\/2024\/03\/fes_zestawienie_znakow_dofinansowane_poziom_przyklad-300x32.png 300w, https:\/\/akademia-zdrowia.pl\/kielce\/wp-content\/uploads\/2024\/03\/fes_zestawienie_znakow_dofinansowane_poziom_przyklad-500x53.png 500w\" sizes=\"(max-width: 700px) 100vw, 700px\" \/><\/h2><p>Projekt \u201eKobiety przysz\u0142o\u015bci\u201d realizowany jest przez Akademi\u0119 Zdrowia Izabela \u0141ajs w ramach programu regionalnego Fundusze Europejskie dla \u015awi\u0119tokrzyskiego 2021-2027 wsp\u00f3\u0142finansowanego ze \u015brodk\u00f3w Europejskiego Funduszu Spo\u0142ecznego Plus (EFS+)<\/p><p><strong>Warto\u015b\u0107 projektu: 897\u00a0758,75 z\u0142<\/strong><br \/><strong>Dofinansowanie projektu: 852\u00a0870,81 z\u0142<\/strong><br \/><strong>Okres realizacji projektu: od 01.09.2025 r. do 31.01.2027 r.<\/strong><br \/>Zasi\u0119g projektu: wojew\u00f3dztwo \u015bwi\u0119tokrzyskie<br \/>www.mapadotacji.gov.pl<\/p><p>Celem projektu jest promowanie aktywno\u015bci zawodowej kobiet oraz zmniejszenie segregacji na rynku pracy ze wzgl\u0119du na p\u0142e\u0107 i szkolenia 60 kobiet w wieku aktywno\u015bci zawodowej, pozostaj\u0105ce bez pracy sprawuj\u0105cych opiek\u0119 nad dzieckiem do lat 7 lub osobami potrzebuj\u0105cymi wsparcia w codziennym funkcjonowaniu, powracaj\u0105cych na rynek pracy po zako\u0144czonym okresie sprawowania opieki, w tym 33 kobiety zamieszkuj\u0105ce obszary wiejskie z powiat\u00f3w: kieleckiego, opatowskiego, ostrowieckiego, sandomierskiego oraz kobiety zamieszkuj\u0105ce tereny miejskie ww. powiat\u00f3w oraz miasta Kielce poprzez realizacje kompleksowego oraz zindywidualizowanego planu dzia\u0142ania w okresie 01.09.2025 r. \u2013 30.01.2027 r. Podejmowane w projekcie dzia\u0142ania przyczyni\u0105 si\u0119 do realizacji celu szczeg\u00f3\u0142owego dzia\u0142ania FESW.10.05 poprzez zwi\u0119kszenie trwa\u0142ego udzia\u0142u kobiet na rynku pracy, rozwoju ich kariery zawodowej, ograniczenia segregacji na rynku pracy,zwi\u0119kszenia r\u00f3wno\u015bci p\u0142ci w obszarze kszta\u0142cenia i szkolenia, przeciwdzia\u0142ania stereotypom kobiet oraz propagowania godzenia pracy i \u017cycia osobistego poprzez dost\u0119p do opieki nad dzie\u0107mi i osobami potrzebuj\u0105cymi wsparcia w codziennym funkcjonowaniu. Projekt zgodny z Kart\u0105 Praw Podstawowych Unii Europejskiej (Dz. Urz. UE C 326 z 26.10.2012, str. 391) oraz Konwencj\u0105 o Prawach Os\u00f3b Niepe\u0142nosprawnych (Dz. U. z 2012 r. poz. 1169, z p\u00f3\u017an.zm.).<\/p><p><strong>Grupa docelowa projektu:<\/strong><br \/>Projekt jest skierowany do kobiet z<strong> obszaru wojew\u00f3dztwa \u015bwi\u0119tokrzyskiego<\/strong>, kt\u00f3re \u2013 jako osoby fizyczne \u2013 <strong>zamieszkuj\u0105, ucz\u0105 si\u0119 lub pracuj\u0105 na terenie wojew\u00f3dztwa \u015bwi\u0119tokrzyskiego.<\/strong><\/p><p>Wsparciem zostanie obj\u0119tych<strong> 60 kobiet w wieku aktywno\u015bci zawodowej<\/strong>, kt\u00f3re:<br \/>&#8211; <strong>pozostaj\u0105 bez zatrudnienia<\/strong>, oraz<br \/>&#8211; s<strong>prawuj\u0105 opiek\u0119 nad dzieckiem do uko\u0144czenia 7. roku \u017cycia lub opiekuj\u0105 si\u0119 osob\u0105 wymagaj\u0105c\u0105 wsparcia w codziennym funkcjonowaniu<\/strong>, oraz<br \/>&#8211; <strong>powracaj\u0105 na rynek pracy po zako\u0144czonym okresie sprawowania opieki.<\/strong><\/p><p>W projekcie szczeg\u00f3lny nacisk k\u0142adziemy na dotarcie do kobiet znajduj\u0105cych si\u0119 w najtrudniejszej sytuacji na rynku pracy. W ramach grupy <strong>60 uczestniczek przewidujemy, \u017ce co najmniej 33 kobiety (55%)<\/strong> b\u0119d\u0105 zamieszkiwa\u0107 tereny wiejskie po\u0142o\u017cone na obszarze powiat\u00f3w:<br \/>&#8211; kieleckiego,<br \/>&#8211; opatowskiego,<br \/>&#8211; ostrowieckiego,<br \/>&#8211; sandomierskiego.<\/p><p>Do udzia\u0142u w projekcie uprawnione s\u0105 r\u00f3wnie\u017c kobiety zamieszkuj\u0105ce tereny miejskie tych powiat\u00f3w oraz miasto Kielce, zgodnie z zasad\u0105 okre\u015blenia miejsca zamieszkania w Kodeksie Cywilnym.<\/p><p><strong>REZULTATY PROJEKTU:<\/strong><br \/>Liczba os\u00f3b, kt\u00f3re podnios\u0142y poziom wiedzy w zakresie r\u00f3wno\u015bci kobiet i m\u0119\u017cczyzn dzi\u0119ki wsparciu w programie \u2013 54 Liczba os\u00f3b znajduj\u0105cych si\u0119 w lepszej sytuacji na rynku pracy po opuszczeniu programy \u2013 24 Liczba os\u00f3b z niepe\u0142nosprawno\u015bciami obj\u0119tych wsparciem w programie \u2013 6<\/p><p><strong>ZAKRES I ORGANIZACJA WSPARCIA<\/strong><br \/>W ramach realizacji projektu zaplanowano dla Grupy docelowej nast\u0119puj\u0105ce formy wsparcia:<\/p><p><strong>INDYWIDUALNA, KOMPLEKSOWA \u015aCIE\u017bKA WSPARCIA (IPD) DLA UCZESTNICZEK PROJEKTU<\/strong><br \/>W ramach projektu ka\u017cda z 60 uczestniczek otrzyma indywidualn\u0105, kompleksow\u0105 \u015bcie\u017ck\u0119 wsparcia (IPD), przygotowan\u0105 na podstawie szczeg\u00f3\u0142owej diagnozy sytuacji zawodowej i spo\u0142ecznej. Celem dzia\u0142ania jest stworzenie dostosowanej do potrzeb uczestniczki drogi powrotu na rynek pracy.<\/p><p><strong>Zakres i forma wsparcia<\/strong><br \/>8 godzin wsparcia indywidualnego na osob\u0119, obejmuj\u0105cego:<br \/>2 spotkania z psychologiem\/psycholo\u017ck\u0105 (2 \u00d7 2 godz.),<br \/>2 spotkania z doradc\u0105\/doradczyni\u0105 zawodow\u0105 (2 \u00d7 2 godz.).<\/p><p>Wsparcie prowadzone jest indywidualnie, z pe\u0142nym dostosowaniem do sytuacji, kompetencji i potrzeb uczestniczki, w tym potrzeb os\u00f3b z niepe\u0142nosprawno\u015bciami.<\/p><p><strong>Etapy tworzenia i realizacji IPD<\/strong><br \/>Diagnoza sytuacji zawodowej i spo\u0142ecznej<br \/>Analiza potencja\u0142u, predyspozycji, kwalifikacji, ogranicze\u0144 zdrowotnych i spo\u0142ecznych oraz preferencji zawodowych.<br \/>Opracowanie Indywidualnego Planu Dzia\u0142ania (IPD)<\/p><p>IPD tworzony jest wsp\u00f3lnie przez uczestniczk\u0119, psychologa i doradc\u0119 zawodowego. Okre\u015bla cele, dzia\u0142ania, narz\u0119dzia, terminy i oczekiwane rezultaty. Dokument jest podpisywany przez uczestniczk\u0119.<\/p><p><strong>Realizacja IPD<\/strong><br \/>Uczestniczka korzysta z form wsparcia przewidzianych w projekcie w zadaniach 2\u20139. Plan mo\u017ce by\u0107 aktualizowany w trakcie trwania projektu. W przypadku uczestniczek w wieku 18\u201329 lat, wsparcie poprzedzone b\u0119dzie ocen\u0105 umiej\u0119tno\u015bci cyfrowych i \u2013 je\u015bli to konieczne \u2013 ich uzupe\u0142nieniem, szczeg\u00f3lnie w obszarach zwi\u0105zanych z zielon\u0105 gospodark\u0105, nowoczesnym rolnictwem, us\u0142ugami zdrowotnymi oraz zawodami przysz\u0142o\u015bci.<br \/>Dodatkowe wsparcie w ramach zadania:<br \/>&#8211; zwrot koszt\u00f3w dojazdu dla 50% uczestniczek,<br \/>&#8211; zwrot koszt\u00f3w opieki nad dzieckiem lub osob\u0105 zale\u017cn\u0105 dla 40% uczestniczek.<\/p><p><strong>GRUPOWE PORADNICTWO ZAWODOWE<\/strong><br \/>W ramach zadania ka\u017cda uczestniczka we\u017amie udzia\u0142 w warsztatach rozwijaj\u0105cych umiej\u0119tno\u015bci zawodowe i kompetencje zwi\u0105zane z poruszaniem si\u0119 po rynku pracy. Celem zaj\u0119\u0107 jest zwi\u0119kszenie pewno\u015bci siebie, lepsze przygotowanie do poszukiwania pracy oraz rozw\u00f3j umiej\u0119tno\u015bci radzenia sobie z wyzwaniami zawodowymi.<\/p><p>Cel wsparcia<br \/>&#8211; rozw\u00f3j umiej\u0119tno\u015bci rozwi\u0105zywania problem\u00f3w zawodowych,<br \/>&#8211; zdobycie praktycznej wiedzy o rynku pracy,<br \/>&#8211; zwi\u0119kszenie samodzielno\u015bci w procesie poszukiwania zatrudnienia.<\/p><p><strong>Organizacja i forma zaj\u0119\u0107<\/strong><br \/>&#8211; 15 godzin zaj\u0119\u0107 grupowych (3 dni \u00d7 5 godzin)<br \/>&#8211; 12 grup \u00d7 5 uczestniczek<br \/>&#8211; Zaj\u0119cia prowadzone przez wykwalifikowanego doradc\u0119\/trenerk\u0119 zawodow\u0105.<\/p><p><strong>Zakres warsztat\u00f3w<\/strong><br \/>Uczestniczki zdob\u0119d\u0105 praktyczne umiej\u0119tno\u015bci m.in. w obszarach:<br \/>&#8211; rozpoznanie w\u0142asnego potencja\u0142u i mocnych stron,<br \/>&#8211; przygotowanie do rozmowy z pracodawc\u0105,<br \/>&#8211; skuteczne sposoby dotarcia do pracodawc\u00f3w,<br \/>&#8211; formy zatrudnienia i mo\u017cliwo\u015bci samozatrudnienia,<br \/>&#8211; planowanie i rozw\u00f3j \u015bcie\u017cki zawodowej.<\/p><p>Zaj\u0119cia wykorzystuj\u0105 metody pracy indywidualnej i grupowej oraz nowoczesne narz\u0119dzia multimedialne.<\/p><p>Dodatkowe udogodnienia<br \/>&#8211; zwrot koszt\u00f3w dojazdu dla 50% uczestniczek,<br \/>&#8211; zwrot koszt\u00f3w opieki nad dzieckiem lub osob\u0105 zale\u017cn\u0105 dla 40% uczestniczek,<br \/>&#8211; przerwa kawowa podczas zaj\u0119\u0107.<\/p><p><strong>WARSZTATY Z ZAKRESU WIZERUNKU BIZNESOWEGO(BLOK KOMPETENCJI MI\u0118KKICH)<\/strong><\/p><p>Warsztaty maj\u0105 na celu wyposa\u017cenie uczestniczek w praktyczne umiej\u0119tno\u015bci budowania profesjonalnego wizerunku w \u017cyciu zawodowym oraz wzmocnienie ich poczucia w\u0142asnej<br \/>warto\u015bci. Zaj\u0119cia odpowiadaj\u0105 na zidentyfikowane potrzeby kobiet, kt\u00f3re cz\u0119sto zmagaj\u0105 si\u0119 z deficytami w zakresie kreowania w\u0142asnego wizerunku na rynku pracy.<\/p><p><strong>Cel wsparcia<\/strong><br \/>&#8211; rozw\u00f3j umiej\u0119tno\u015bci zwi\u0105zanych z prezentowaniem si\u0119 w \u015brodowisku zawodowym,<br \/>&#8211; zrozumienie wp\u0142ywu wizerunku na odbi\u00f3r w pracy,<br \/>&#8211; poprawa pewno\u015bci siebie i autoprezentacji.<\/p><p><strong>Organizacja i forma zaj\u0119\u0107<\/strong><br \/>&#8211; 18 godzin zaj\u0119\u0107 grupowych (3 dni \u00d7 6 godzin),<br \/>&#8211; 12 grup \u00d7 5 uczestniczek,<\/p><p><strong>Zakres tematyczny<\/strong><br \/>Program obejmuje m.in.:<br \/>&#8211; efekt pierwszego wra\u017cenia,<br \/>&#8211; komunikacja niewerbalna i znaczenie wizerunku,<br \/>&#8211; zasady dress code i ich zastosowanie,<br \/>&#8211; dob\u00f3r cel\u00f3w wizerunkowych,<br \/>&#8211; podstawowe typy sylwetek damskich,<br \/>&#8211; kolory w biznesie i ich znaczenie.<\/p><p><strong>Dodatkowe udogodnienia<\/strong><br \/>&#8211; zwrot koszt\u00f3w dojazdu dla 50% uczestniczek,<br \/>&#8211; zwrot koszt\u00f3w opieki nad dzieckiem\/osob\u0105 zale\u017cn\u0105 dla 40% uczestniczek,<br \/>&#8211; przerwa kawowa,<br \/>&#8211; stypendium szkoleniowe,<br \/>&#8211; materia\u0142y szkoleniowe<\/p><p><strong>SZKOLENIA Z ZAKRESU R\u00d3WNO\u015aCI SZANS KOBIET I M\u0118\u017bCZYZN (BLOK KOMPETENCJI MI\u0118KKICH)<\/strong><br \/>Warsztaty maj\u0105 na celu zwi\u0119kszenie wiedzy uczestniczek w zakresie r\u00f3wnego traktowania, identyfikowania przejaw\u00f3w dyskryminacji oraz skutecznego reagowania na sytuacje<br \/>naruszaj\u0105ce prawa kobiet. Zaj\u0119cia odpowiadaj\u0105 na zdiagnozowane potrzeby grupy docelowej w obszarze braku wiedzy o nier\u00f3wno\u015bciach oraz barierach r\u00f3wno\u015bciowych.<\/p><p><strong>Cel wsparcia<\/strong><br \/>&#8211; przybli\u017cenie zasad polityki r\u00f3wno\u015bci p\u0142ci,<br \/>&#8211; rozw\u00f3j umiej\u0119tno\u015bci rozpoznawania stereotyp\u00f3w i dyskryminacji,<br \/>&#8211; wzmocnienie \u015bwiadomo\u015bci i poczucia sprawczo\u015bci,<br \/>&#8211; przygotowanie do reagowania na naruszenia r\u00f3wnego traktowania.<\/p><p><strong>Organizacja i forma zaj\u0119\u0107<\/strong><br \/>&#8211; 8 godzin zaj\u0119\u0107 grupowych (2 dni \u00d7 4 godziny),<br \/>&#8211; 12 grup \u00d7 5 uczestniczek,<br \/>&#8211; zaj\u0119cia prowadzone przez wykwalifikowan\u0105 kadr\u0119 trenersk\u0105.<\/p><p><strong>Zakres tematyczny<\/strong><br \/>Program obejmuje m.in.:<br \/>&#8211; podstawy polityki r\u00f3wno\u015bci p\u0142ci i kluczowe poj\u0119cia,<br \/>&#8211; p\u0142e\u0107 spo\u0142eczno-kulturow\u0105 (gender) oraz jej wp\u0142yw na funkcjonowanie w spo\u0142ecze\u0144stwie,<br \/>&#8211; bariery r\u00f3wno\u015bciowe \u2013 indywidualne i spo\u0142eczne,<br \/>&#8211; r\u00f3\u017cnice mi\u0119dzy stereotypami, uprzedzeniami i dyskryminacj\u0105,<br \/>&#8211; rodzaje dyskryminacji i ich konsekwencje,<br \/>&#8211; praktyczne sposoby reagowania na zachowania dyskryminacyjne.<\/p><p><strong>Dodatkowe udogodnienia<\/strong><br \/>&#8211; zwrot koszt\u00f3w dojazdu dla 50% uczestniczek,<br \/>&#8211; zwrot koszt\u00f3w opieki nad dzieckiem\/osob\u0105 wymagaj\u0105c\u0105 wsparcia dla 40% uczestniczek,<br \/>&#8211; przerwa kawowa,<br \/>&#8211; materia\u0142y szkoleniowe dla uczestniczek.<\/p><p><strong>KURS KOMPUTEROWY (BLOK KOMPETENCJI TIK)<\/strong><\/p><p>Szkolenie ma na celu podniesienie kluczowych kompetencji cyfrowych uczestniczek, kt\u00f3re wp\u0142ywaj\u0105 na ich sytuacj\u0119 zawodow\u0105, mo\u017cliwo\u015bci funkcjonowania we wsp\u00f3\u0142czesnym<br \/>\u015brodowisku pracy oraz przeciwdzia\u0142aj\u0105 wykluczeniu informacyjnemu. Wsparciem obj\u0119tych zostanie 6 kobiet, u kt\u00f3rych zdiagnozowano deficyty w zakresie ICT.<\/p><p><strong>Cel szkolenia<\/strong><br \/>&#8211; wzmocnienie kompetencji cyfrowych umo\u017cliwiaj\u0105cych sprawne funkcjonowanie na rynku pracy,<br \/>&#8211; przeciwdzia\u0142anie wykluczeniu cyfrowemu i spo\u0142ecznemu,<br \/>&#8211; zwi\u0119kszenie szans na podj\u0119cie zatrudnienia.<\/p><p><strong>Organizacja i forma<\/strong><br \/>&#8211; \u015brednio 40 godzin szkoleniowych,<br \/>&#8211; forma indywidualna lub grupowa,<br \/>&#8211; udzia\u0142: 6 uczestniczek.<br \/>Zakres szkolenia b\u0119dzie indywidualnie dopasowany do umiej\u0119tno\u015bci i potrzeb ka\u017cdej kobiety, na podstawie diagnozy przeprowadzonej w ramach IPD.<\/p><p><strong>Dodatkowe udogodnienia<\/strong><br \/>&#8211; zwrot koszt\u00f3w dojazdu dla 50% uczestniczek,<br \/>&#8211; zwrot koszt\u00f3w opieki nad dzieckiem lub osob\u0105 zale\u017cn\u0105 dla 40% uczestniczek,<br \/>&#8211; przerwa kawowa,<br \/>&#8211; stypendium szkoleniowe,<br \/>&#8211; materia\u0142y szkoleniowe zapewnione w ca\u0142o\u015bci.<\/p><p><strong>WARSZTATY I KONSULTACJE DIETETYCZNE WRAZ Z TRENINGIEM PERSONALNYM<\/strong><br \/>Zadanie ma na celu kszta\u0142towanie zdrowych nawyk\u00f3w, popraw\u0119 samopoczucia uczestniczek oraz wzmocnienie ich samooceny i poczucia w\u0142asnej warto\u015bci. Zaj\u0119cia odpowiadaj\u0105 na potrzeby kobiet, kt\u00f3re \u2013 zgodnie z diagnoz\u0105 \u2013 wymagaj\u0105 wsparcia w zakresie zdrowego stylu \u017cycia, aktywno\u015bci fizycznej i w\u0142a\u015bciwego od\u017cywiania.<\/p><p><strong>Cel wsparcia<\/strong><br \/>&#8211; poprawa samopoczucia i zdrowia,<br \/>&#8211; wprowadzenie trwa\u0142ych, zdrowych nawyk\u00f3w,<br \/>&#8211; zwi\u0119kszenie \u015bwiadomo\u015bci \u017cywieniowej,<br \/>&#8211; wzmocnienie pewno\u015bci siebie.<\/p><p><strong>Zakres programu<\/strong><br \/>1. Warsztaty grupowe z dietetykiem<br \/>&#8211; 1 dzie\u0144 \u00d7 3 godziny dla ka\u017cdej z 12 grup,<br \/>&#8211; tematy: wp\u0142yw diety na zdrowie, podstawy zdrowego \u017cywienia, budowanie w\u0142a\u015bciwych nawyk\u00f3w,<br \/>&#8211; uczestniczki otrzymaj\u0105 materia\u0142y szkoleniowe.<br \/>2. Konsultacje indywidualne z dietetykiem<br \/>&#8211; 6 spotka\u0144 \u00d7 1 godzina na uczestniczk\u0119,<br \/>&#8211; zakres:<br \/>&#8211; pomiar masy cia\u0142a, BMI, obwod\u00f3w i sk\u0142adu cia\u0142a,<br \/>&#8211; dob\u00f3r i modyfikacja indywidualnej diety,<br \/>&#8211; rekomendacje dotycz\u0105ce aktywno\u015bci fizycznej.<\/p><p>3. Aktywno\u015b\u0107 fizyczna \u2013 refundacja<br \/>Zgodnie z preferencjami uczestniczek i zaleceniami dietetyka:<br \/>&#8211; dofinansowanie 3-miesi\u0119cznych karnet\u00f3w sportowych (50% uczestniczek),<br \/>&#8211; refundacja drobnego sprz\u0119tu sportowego<\/p><p>Dodatkowe udogodnienia<br \/>&#8211; zwrot koszt\u00f3w dojazdu dla 50% uczestniczek,<br \/>&#8211; zwrot koszt\u00f3w opieki nad dzieckiem do 3 lat lub osob\u0105 zale\u017cn\u0105 dla 40% uczestniczek.<\/p><p><strong>INDYWIDUALNE PORADNICTWO PSYCHOLOGICZNE &#8211; PARTNER<\/strong><br \/>Indywidualne wsparcie psychologiczne ma na celu wzmocnienie odporno\u015bci psychicznej, popraw\u0119 kompetencji spo\u0142ecznych oraz zwi\u0119kszenie zdolno\u015bci uczestniczek do powrotu na<br \/>rynek pracy. Obejmuje ono 60 kobiet, kt\u00f3re \u2013 zgodnie z diagnoz\u0105 \u2013 do\u015bwiadczaj\u0105 trudno\u015bci w zakresie radzenia sobie z obowi\u0105zkami rodzinnymi i zawodowymi, niskiej samooceny oraz braku umiej\u0119tno\u015bci spo\u0142ecznych.<\/p><p><strong>Cel wsparcia<\/strong><br \/>&#8211; wzrost kompetencji spo\u0142ecznych,<br \/>&#8211; wzmocnienie odporno\u015bci psychicznej,<br \/>&#8211; poprawa poczucia w\u0142asnej warto\u015bci oraz sprawczo\u015bci,<br \/>&#8211; wsparcie w r\u00f3wnowa\u017ceniu r\u00f3l rodzinnych i zawodowych.<\/p><p><strong>Organizacja i forma<\/strong><br \/>&#8211; 6 godzin wsparcia indywidualnego na uczestniczk\u0119 (3 spotkania \u00d7 2 godziny),<br \/>&#8211; realizowane przez wykwalifikowanego psychologa\/psycholo\u017ck\u0119,<br \/>&#8211; wsparcie udzielane w ca\u0142ym okresie udzia\u0142u uczestniczki w projekcie.<\/p><p><strong>Zakres tematyczny<\/strong><br \/>Tematyka wsparcia dostosowana jest do indywidualnych potrzeb i mo\u017ce obejmowa\u0107 m.in.:<br \/>&#8211; pomoc psychologiczno-motywacyjn\u0105,<br \/>&#8211; rozwi\u0105zywanie problem\u00f3w osobistych,<br \/>\u00a0 \u00a0 \u00a0&#8211;wzmacnianie kompetencji rodzicielskich,<br \/>\u00a0 \u00a0 \u00a0&#8212; rozw\u00f3j osobisty i budowanie postawy proaktywnej,<br \/>&#8211; stawianie cel\u00f3w i ustalanie priorytet\u00f3w,<br \/>&#8211; radzenie sobie ze stresem i trudno\u015bciami \u017cycia codziennego.<\/p><p><strong>Dodatkowe udogodnienia<\/strong><br \/>&#8211; zwrot koszt\u00f3w dojazdu dla 50% uczestniczek,<br \/>&#8211; zwrot koszt\u00f3w opieki nad dzieckiem lub osob\u0105 zale\u017cn\u0105 dla 40% uczestniczek.<\/p><p><strong>KURSY I SZKOLENIA PODNOSZ\u0104CE KWALIFIKACJE\/UMIEJ\u0118TNO\u015aCI ZAWODOWE<\/strong><br \/>W ramach zadania Uczestniczki b\u0119d\u0105 mog\u0142y skorzysta\u0107 z indywidualnie dopasowanych kurs\u00f3w i szkole\u0144 zawodowych, kt\u00f3rych celem jest zdobycie nowych kwalifikacji lub kompetencji zawodowych, zwi\u0119kszaj\u0105cych szans\u0119 na zatrudnienie oraz popraw\u0119 warunk\u00f3w pracy.<\/p><p>Ze wsparcia skorzysta 39 kobiet (65% grupy docelowej).<br \/><strong><br \/>Cel wsparcia<\/strong><br \/>&#8211; podniesienie, uzupe\u0142nienie lub zdobycie nowych kwalifikacji zawodowych,<br \/>&#8211; zwi\u0119kszenie konkurencyjno\u015bci na rynku pracy,<br \/>&#8211; dostosowanie umiej\u0119tno\u015bci uczestniczek do aktualnych potrzeb pracodawc\u00f3w,<br \/>&#8211; poprawa stabilizacji zawodowej oraz mo\u017cliwo\u015bci zatrudnienia.<\/p><p><strong>Forma i organizacja<\/strong><br \/>&#8211; \u015brednio 60 godzin szkoleniowych,<br \/>&#8211; szkolenia indywidualne lub grupowe,<br \/>&#8211; realizowane jako us\u0142uga zlecona przez wyspecjalizowane instytucje szkoleniowe (co najmniej 2-letnie do\u015bwiadczenie, wpis do RIS a od stycznia 2026 \u2013 wpis do BUR),<br \/>&#8211; zakres kursu ka\u017cdej uczestniczki wynika bezpo\u015brednio z jej Indywidualnego Planu Dzia\u0142ania (IPD).<\/p><p><strong>Charakter szkole\u0144<\/strong><br \/>&#8211; szkolenia zawodowe maj\u0105 charakter zindywidualizowany, dobierany do predyspozycji, cel\u00f3w zawodowych i sytuacji na lokalnym rynku pracy,<br \/>&#8211; ostateczny zestaw kurs\u00f3w b\u0119dzie ustalony po analizie potrzeb uczestniczek i opracowaniu ich IPD.<br \/><strong><br \/>Dodatkowe udogodnienia<\/strong><br \/>&#8211; stypendium szkoleniowe,<br \/>&#8211; zwrot koszt\u00f3w dojazdu dla 50% uczestniczek,<br \/>&#8211; zwrot koszt\u00f3w opieki nad dzieckiem lub osob\u0105 zale\u017cn\u0105 dla 40% uczestniczek,<br \/>&#8211; przerwa kawowa \/ catering,<br \/>&#8211; ubezpieczenie NNW,<br \/>&#8211; materia\u0142y szkoleniowe dla ka\u017cdej uczestniczki.<\/p><p><strong>INDYWIDUALNE PO\u015aREDNICTWO PRACY<\/strong><br \/>Wsparcie w zakresie po\u015brednictwa pracy ma na celu zwi\u0119kszenie szans na zatrudnienie 60 uczestniczek projektu poprzez pomoc w wykorzystaniu ich kompetencji, potencja\u0142u i nowo zdobytych kwalifikacji. Us\u0142uga jest w pe\u0142ni indywidualna i odpowiada na zdiagnozowane potrzeby kobiet, kt\u00f3re wymagaj\u0105 profesjonalnego wsparcia w poszukiwaniu pracy oraz nawi\u0105zywaniu kontakt\u00f3w z pracodawcami.<\/p><p><strong>Cel wsparcia<\/strong><br \/>&#8211; zwi\u0119kszenie skuteczno\u015bci w poszukiwaniu pracy,<br \/>&#8211; pomoc w wykorzystaniu nowych kompetencji zawodowych,<br \/>&#8211; wsparcie w kontaktach z pracodawcami,<br \/>&#8211; promowanie uczestniczek (w tym kobiet z obowi\u0105zkami opieku\u0144czymi i os\u00f3b z niepe\u0142nosprawno\u015bciami) w\u015br\u00f3d pracodawc\u00f3w.<br \/>Organizacja i forma<br \/>&#8211; 4 godziny indywidualnego wsparcia (2 spotkania \u00d7 2 godziny),<br \/>&#8211; prowadzone przez wykwalifikowanego po\u015brednika pracy,<br \/>Dodatkowe udogodnienia<br \/>&#8211; zwrot koszt\u00f3w dojazdu dla 50% uczestniczek,<br \/>&#8211; zwrot koszt\u00f3w opieki nad dzieckiem lub osob\u0105 zale\u017cn\u0105 dla 40% uczestniczek.<\/p><p><img decoding=\"async\" class=\"alignnone wp-image-9794 size-full\" src=\"https:\/\/akademia-zdrowia.pl\/kielce\/wp-content\/uploads\/2025\/11\/Plakat_A3_kobiety_przyszlosci-scaled.jpg\" alt=\"\" width=\"1817\" height=\"2560\" srcset=\"https:\/\/akademia-zdrowia.pl\/kielce\/wp-content\/uploads\/2025\/11\/Plakat_A3_kobiety_przyszlosci-scaled.jpg 1817w, https:\/\/akademia-zdrowia.pl\/kielce\/wp-content\/uploads\/2025\/11\/Plakat_A3_kobiety_przyszlosci-213x300.jpg 213w, https:\/\/akademia-zdrowia.pl\/kielce\/wp-content\/uploads\/2025\/11\/Plakat_A3_kobiety_przyszlosci-727x1024.jpg 727w, https:\/\/akademia-zdrowia.pl\/kielce\/wp-content\/uploads\/2025\/11\/Plakat_A3_kobiety_przyszlosci-768x1082.jpg 768w, https:\/\/akademia-zdrowia.pl\/kielce\/wp-content\/uploads\/2025\/11\/Plakat_A3_kobiety_przyszlosci-1090x1536.jpg 1090w, https:\/\/akademia-zdrowia.pl\/kielce\/wp-content\/uploads\/2025\/11\/Plakat_A3_kobiety_przyszlosci-1454x2048.jpg 1454w, https:\/\/akademia-zdrowia.pl\/kielce\/wp-content\/uploads\/2025\/11\/Plakat_A3_kobiety_przyszlosci-500x704.jpg 500w, https:\/\/akademia-zdrowia.pl\/kielce\/wp-content\/uploads\/2025\/11\/Plakat_A3_kobiety_przyszlosci-1320x1860.jpg 1320w\" sizes=\"(max-width: 1817px) 100vw, 1817px\" \/><\/p><\/div>\n\t\t\t\t\t\t\t\t\t<div class=\"elementor-tab-title elementor-tab-mobile-title\" aria-selected=\"false\" data-tab=\"2\" role=\"tab\" tabindex=\"-1\" aria-controls=\"elementor-tab-content-1202\" aria-expanded=\"false\">HARMONOGRAMY<\/div>\n\t\t\t\t\t<div id=\"elementor-tab-content-1202\" class=\"elementor-tab-content elementor-clearfix\" data-tab=\"2\" role=\"tabpanel\" aria-labelledby=\"elementor-tab-title-1202\" tabindex=\"0\" hidden=\"hidden\"><p><a href=\"https:\/\/akademia-zdrowia.pl\/kielce\/wp-content\/uploads\/2026\/04\/Kwartalny-harmonogram-planowanych-do-przeprowadzenia-form-wsparcia_Indywidualna-doradca-okreslenie-IPD-21-22.03.2026.pdf\">Kwartalny harmonogram planowanych do przeprowadzenia form wsparcia_Indywidualna-doradca &#8211; okre\u015blenie IPD 21-22.03.2026<\/a><br \/><a href=\"https:\/\/akademia-zdrowia.pl\/kielce\/wp-content\/uploads\/2026\/04\/Kwartalny-harmonogram-planowanych-do-przeprowadzenia-form-wsparcia_Indywidualna-doradca-okreslenie-IPD-22-25.02.2026.pdf\">Kwartalny harmonogram planowanych do przeprowadzenia form wsparcia_Indywidualna-doradca &#8211; okre\u015blenie IPD 22-25.02.2026<\/a><br \/><a href=\"https:\/\/akademia-zdrowia.pl\/kielce\/wp-content\/uploads\/2026\/04\/Kwartalny-harmonogram-planowanych-do-przeprowadzenia-form-wsparcia_Indywidualna-doradca-okreslenie-IPD-27-28.12.2025.pdf\">Kwartalny harmonogram planowanych do przeprowadzenia form wsparcia_Indywidualna-doradca &#8211; okre\u015blenie IPD 27-28.12.2025<\/a><br \/><a href=\"https:\/\/akademia-zdrowia.pl\/kielce\/wp-content\/uploads\/2026\/04\/Kwartalny-harmonogram-planowanych-do-przeprowadzenia-form-wsparcia_Indywidualna-doradca-okreslenie-IPD-31.01-07.02.2026.pdf\">Kwartalny harmonogram planowanych do przeprowadzenia form wsparcia_Indywidualna-doradca &#8211; okre\u015blenie IPD 31.01- 07.02.2026<\/a><br \/><a href=\"https:\/\/akademia-zdrowia.pl\/kielce\/wp-content\/uploads\/2026\/04\/Kwartalny-harmonogram-planowanych-do-przeprowadzenia-form-wsparcia_Indywidualna-doradca-okreslenie-IPD31.01-16.02.26.pdf\">Kwartalny harmonogram planowanych do przeprowadzenia form wsparcia_Indywidualna-doradca-okre\u015blenie IPD31.01-16.02.26<\/a><br \/><a href=\"https:\/\/akademia-zdrowia.pl\/kielce\/wp-content\/uploads\/2026\/04\/Kwartalny-harmonogram-planowanych-do-przeprowadzenia-form-wsparcia_-Grupowe-poradnictwo-zawodowe-05-07.03.2026-gr.-1.pdf\">Kwartalny harmonogram planowanych do przeprowadzenia form wsparcia_ Grupowe poradnictwo zawodowe 05-07.03.2026 gr. 1<\/a><br \/><a href=\"https:\/\/akademia-zdrowia.pl\/kielce\/wp-content\/uploads\/2026\/04\/Kwartalny-harmonogram-planowanych-do-przeprowadzenia-form-wsparcia_-Grupowe-poradnictwo-zawodowe-05-07.03.2026-gr.-1.pdf\">Kwartalny harmonogram planowanych do przeprowadzenia form wsparcia_ Grupowe poradnictwo zawodowe 05-07.03.2026 gr. 2<\/a><br \/><a href=\"https:\/\/akademia-zdrowia.pl\/kielce\/wp-content\/uploads\/2026\/04\/Kwartalny-harmonogram-planowanych-do-przeprowadzenia-form-wsparcia_-Grupowe-poradnictwo-zawodowe-06-08.03.2026-1.pdf\">Kwartalny harmonogram planowanych do przeprowadzenia form wsparcia_ Grupowe poradnictwo zawodowe 06-08.03.2026<\/a><br \/><a href=\"https:\/\/akademia-zdrowia.pl\/kielce\/wp-content\/uploads\/2026\/04\/Kwartalny-harmonogram-planowanych-do-przeprowadzenia-form-wsparcia_-Grupowe-poradnictwo-zawodowe-10-13.01.2026.pdf\">Kwartalny harmonogram planowanych do przeprowadzenia form wsparcia_ Grupowe poradnictwo zawodowe 10-13.01.2026<\/a><br \/><a href=\"https:\/\/akademia-zdrowia.pl\/kielce\/wp-content\/uploads\/2026\/04\/Kwartalny-harmonogram-planowanych-do-przeprowadzenia-form-wsparcia-warszataty-z-wizreunku-biznesowego-10-12.03.2026.pdf\">Kwartalny harmonogram planowanych do przeprowadzenia form wsparcia &#8211; warszataty z wizreunku biznesowego 10-12.03.2026<\/a><br \/><a href=\"https:\/\/akademia-zdrowia.pl\/kielce\/wp-content\/uploads\/2026\/04\/Kwartalny-harmonogram-planowanych-do-przeprowadzenia-form-wsparcia-warszataty-z-wizreunku-biznesowego-20-23.02.2026.pdf\">Kwartalny harmonogram planowanych do przeprowadzenia form wsparcia &#8211; warszataty z wizreunku biznesowego 20-23.02.2026<\/a><br \/><a href=\"https:\/\/akademia-zdrowia.pl\/kielce\/wp-content\/uploads\/2026\/04\/Kwartalny-harmonogram-planowanych-do-przeprowadzenia-form-wsparcia_Szkolenie-z-zakresu-rownosci-szans-kobiet-i-mezczyzn-01-02.04.2026-gr-2.pdf\">Kwartalny harmonogram planowanych do przeprowadzenia form wsparcia_Szkolenie z zakresu r\u00f3wno\u015bci szans kobiet i m\u0119\u017cczyzn 01-02.04.2026 gr 2<\/a><br \/><a href=\"https:\/\/akademia-zdrowia.pl\/kielce\/wp-content\/uploads\/2026\/04\/Kwartalny-harmonogram-planowanych-do-przeprowadzenia-form-wsparcia_Szkolenie-z-zakresu-rownosci-szans-kobiet-i-mezczyzn-01-02.04.2026-gr.-1.pdf\">Kwartalny harmonogram planowanych do przeprowadzenia form wsparcia_Szkolenie z zakresu r\u00f3wno\u015bci szans kobiet i m\u0119\u017cczyzn 01-02.04.2026 gr. 1<\/a><br \/><a href=\"https:\/\/akademia-zdrowia.pl\/kielce\/wp-content\/uploads\/2026\/04\/Kwartalny-harmonogram-planowanych-do-przeprowadzenia-form-wsparcia_Szkolenie-z-zakresu-rownosci-szans-kobiet-i-mezczyzn-13-14.03.2026.pdf\">Kwartalny harmonogram planowanych do przeprowadzenia form wsparcia_Szkolenie z zakresu r\u00f3wno\u015bci szans kobiet i m\u0119\u017cczyzn 13-14.03.2026<\/a><br \/><a href=\"https:\/\/akademia-zdrowia.pl\/kielce\/wp-content\/uploads\/2026\/04\/Kwartalny-harmonogram-planowanych-do-przeprowadzenia-form-wsparcia_Szkolenie-z-zakresu-rownosci-szans-kobiet-i-mezczyzn-27-28.02.2026.pdf\">Kwartalny harmonogram planowanych do przeprowadzenia form wsparcia_Szkolenie z zakresu r\u00f3wno\u015bci szans kobiet i m\u0119\u017cczyzn 27-28.02.2026<\/a><br \/><a href=\"https:\/\/akademia-zdrowia.pl\/kielce\/wp-content\/uploads\/2026\/04\/Kwartalny-harmonogram-planowanych-do-przeprowadzenia-form-wsparcia_-Dietetyk-konsultacje-indywidualne-19-21.02.2026-Aktualizacja.pdf\">Kwartalny harmonogram planowanych do przeprowadzenia form wsparcia_ Dietetyk &#8211; konsultacje indywidualne 19-21.02.2026 &#8211; Aktualizacja<\/a><br \/><a href=\"https:\/\/akademia-zdrowia.pl\/kielce\/wp-content\/uploads\/2026\/04\/Kwartalny-harmonogram-planowanych-do-przeprowadzenia-form-wsparcia_-Dietetyk-konsultacje-indywidualne-19-21.02.2026.pdf\">Kwartalny harmonogram planowanych do przeprowadzenia form wsparcia_ Dietetyk &#8211; konsultacje indywidualne 19-21.02.2026<\/a><br \/><a href=\"https:\/\/akademia-zdrowia.pl\/kielce\/wp-content\/uploads\/2026\/04\/Kwartalny-harmonogram-planowanych-do-przeprowadzenia-form-wsparcia_-Dietetyk-konsultacje-indywidualne-26-27.03.2026.pdf\">Kwartalny harmonogram planowanych do przeprowadzenia form wsparcia_ Dietetyk &#8211; konsultacje indywidualne 26-27.03.2026<\/a><br \/><a href=\"https:\/\/akademia-zdrowia.pl\/kielce\/wp-content\/uploads\/2026\/04\/Kwartalny-harmonogram-planowanych-do-przeprowadzenia-form-wsparcia_-Dietetyk-warszaty-grupowe-09.03.2026.pdf\">Kwartalny harmonogram planowanych do przeprowadzenia form wsparcia_ Dietetyk &#8211; warszaty grupowe 09.03.2026<\/a><br \/><a href=\"https:\/\/akademia-zdrowia.pl\/kielce\/wp-content\/uploads\/2026\/04\/Kwartalny-harmonogram-planowanych-do-przeprowadzenia-form-wsparcia_Dietetyk-warszaty-grupowe-20.03.2026.pdf\">Kwartalny harmonogram planowanych do przeprowadzenia form wsparcia_Dietetyk &#8211; warszaty grupowe 20.03.2026<\/a><br \/><a href=\"https:\/\/akademia-zdrowia.pl\/kielce\/wp-content\/uploads\/2026\/04\/Kwartalny-harmonogram-planowanych-do-przeprowadzenia-form-wsparcia_Dietetyk-warszaty-grupowe-25.01.2026.pdf\">Kwartalny harmonogram planowanych do przeprowadzenia form wsparcia_Dietetyk &#8211; warszaty grupowe 25.01.2026<\/a><br \/><a href=\"https:\/\/akademia-zdrowia.pl\/kielce\/wp-content\/uploads\/2026\/04\/Kwartalny-harmonogram-planowanych-do-przeprowadzenia-form-wsparcia_Indywidualna-psycholog-okreslenie-IPD-12-15.02.2026.pdf\">Kwartalny harmonogram planowanych do przeprowadzenia form wsparcia_Indywidualna-psycholog-okre\u015blenie IPD 12-15.02.2026<\/a><br \/><a href=\"https:\/\/akademia-zdrowia.pl\/kielce\/wp-content\/uploads\/2026\/04\/Kwartalny-harmonogram-planowanych-do-przeprowadzenia-form-wsparcia_Indywidualna-psycholog-okreslenie-IPD-21-22.03.2026.pdf\">Kwartalny harmonogram planowanych do przeprowadzenia form wsparcia_Indywidualna-psycholog-okre\u015blenie IPD 21-22.03.2026<\/a><br \/><a href=\"https:\/\/akademia-zdrowia.pl\/kielce\/wp-content\/uploads\/2026\/04\/Kwartalny-harmonogram-planowanych-do-przeprowadzenia-form-wsparcia_Indywidualna-psycholog-okreslenie-IPD-21-28.02.2026.pdf\">Kwartalny harmonogram planowanych do przeprowadzenia form wsparcia_Indywidualna-psycholog-okre\u015blenie IPD 21-28.02.2026<\/a><br \/><a href=\"https:\/\/akademia-zdrowia.pl\/kielce\/wp-content\/uploads\/2026\/04\/Kwartalny-harmonogram-planowanych-do-przeprowadzenia-form-wsparcia_Indywidualna-psycholog-okreslenie-IPD-29-30.12.2025.pdf\">Kwartalny harmonogram planowanych do przeprowadzenia form wsparcia_Indywidualna-psycholog-okre\u015blenie IPD 29-30.12.2025<\/a><br \/><a href=\"https:\/\/akademia-zdrowia.pl\/kielce\/wp-content\/uploads\/2026\/04\/Kwartalny-harmonogram-planowanych-do-przeprowadzenia-form-wsparcia_szkolenie_18.03.2026.pdf\">Kwartalny harmonogram planowanych do przeprowadzenia form wsparcia_szkolenie_18.03.2026<\/a><br \/><br \/><\/p><\/div>\n\t\t\t\t\t\t\t\t\t<div class=\"elementor-tab-title elementor-tab-mobile-title\" aria-selected=\"false\" data-tab=\"3\" role=\"tab\" tabindex=\"-1\" aria-controls=\"elementor-tab-content-1203\" aria-expanded=\"false\">AKTUALNO\u015aCI<\/div>\n\t\t\t\t\t<div id=\"elementor-tab-content-1203\" class=\"elementor-tab-content elementor-clearfix\" data-tab=\"3\" role=\"tabpanel\" aria-labelledby=\"elementor-tab-title-1203\" tabindex=\"0\" hidden=\"hidden\"><p><strong>02.01.2026 r.<\/strong><br \/>Akademia Zdrowia Izabela \u0141ajs informuje, i\u017c rozpocz\u0119\u0142a si\u0119 II tura rekrutacji do projektu <strong>Kobiety przysz\u0142o\u015bci &#8211; skierowanego do kobiet z wojew\u00f3dztwa \u015bwi\u0119tokrzyskiego<\/strong>, kt\u00f3re chc\u0105 podnie\u015b\u0107 swoje kompetencje, wzmocni\u0107 potencja\u0142 zawodowy i zwi\u0119kszy\u0107 swoje szanse na powr\u00f3t lub wej\u015bcie na rynek pracy. Rekrutacja prowadzona jest w spos\u00f3b <strong>otwarty, bezstronny i przejrzysty<\/strong>, z pe\u0142nym poszanowaniem zasad r\u00f3wno\u015bci szans, niedyskryminacji oraz dost\u0119pno\u015bci dla os\u00f3b z niepe\u0142nosprawno\u015bciami.<\/p><p>Dokumenty rekrutacyjne dost\u0119pne s\u0105 w <strong>Biurze Projektu<\/strong> w Kielcach oraz w wersji elektronicznej na stronie internetowej.<br \/><strong><br \/>Kogo zapraszamy?<\/strong><br \/>Do udzia\u0142u mog\u0105 zg\u0142asza\u0107 si\u0119 kobiety, kt\u00f3re spe\u0142niaj\u0105 kryteria okre\u015blone w regulaminie rekrutacji, w tym m.in.:<br \/>&#8211; pozostaj\u0105 bez zatrudnienia,<br \/>&#8211; sprawuj\u0105 opiek\u0119 nad dzieckiem do 7 lat lub osob\u0105 potrzebuj\u0105c\u0105 wsparcia,<br \/>&#8211; zamieszkuj\u0105 na obszarze wojew\u00f3dztwa \u015bwi\u0119tokrzyskiego.<\/p><p><strong>Co oferujemy?<\/strong><br \/>Uczestniczki projektu otrzymaj\u0105 dost\u0119p do <strong>kompleksowego wsparcia<\/strong>, m.in.:<br \/>&#8211; doradztwo zawodowe i psychologiczne,<br \/>&#8211; kursy i szkolenia zawodowe \u201eszyte na miar\u0119\u201d,<br \/>&#8211; wsparcie w poszukiwaniu pracy,<br \/>&#8211; szkolenia ICT, warsztaty tematyczne i zaj\u0119cia prozdrowotne,<br \/>&#8211; zwrot koszt\u00f3w dojazdu i opieki nad dzieckiem\/osob\u0105 zale\u017cn\u0105 (zgodnie z zasadami projektu).<\/p><p><strong>Jak si\u0119 zg\u0142osi\u0107?<\/strong><br \/>Formularze zg\u0142oszeniowe mo\u017cna sk\u0142ada\u0107:<br \/>&#8211; osobi\u015bcie w Biurze Projektu,<br \/>&#8211; elektronicznie,<br \/>&#8211; drog\u0105 pocztow\u0105 lub kuriersk\u0105.<\/p><p>Szczeg\u00f3\u0142owe informacj\u0119 udzielne s\u0105 przez biuro projektu:<br \/>Biuro projektu \u201eKobiety przysz\u0142o\u015bci\u201d<br \/>al. IX Wiek\u00f3w Kielc 8\/24 25-516 Kielce<br \/>tel.: 721 704 647,<\/p><p>e-mail: <a href=\"mailto:kobietyprzyszlosci@akademia-zdrowia.pl\">kobietyprzyszlosci@akademia-zdrowia.pl<\/a><\/p><p><strong>31.12.2025 r.<\/strong><br \/>Akademia Zdrowia Izabela \u0141ajs informuje, i\u017c zako\u0144czy\u0142a si\u0119 I tura rekrutacji do projektu <b>Kobiety przysz\u0142o\u015bci &#8211; skierowanego do kobiet z wojew\u00f3dztwa \u015bwi\u0119tokrzyskiego<\/b>, kt\u00f3re chc\u0105 podnie\u015b\u0107 swoje kompetencje, wzmocni\u0107 potencja\u0142 zawodowy i zwi\u0119kszy\u0107 swoje szanse na powr\u00f3t lub wej\u015bcie na rynek pracy.\u00a0Do biura projektu wp\u0142yn\u0119\u0142o 6 formularzy od Kandydatek spe\u0142niaj\u0105cych wymagania formalne projektu.<\/p><p>Szczeg\u00f3\u0142owe informacj\u0119 udzielne s\u0105 przez biuro projektu:<br \/><b>Biuro projektu \u201eKobiety przysz\u0142o\u015bci\u201d<\/b><br \/>al. IX Wiek\u00f3w Kielc 8\/24 25-516 Kielce<br \/>tel.: 721 704 647,<br \/>e-mail: <a href=\"mailto:kobietyprzyszlosci@akademia-zdrowia.pl\">kobietyprzyszlosci@akademia-zdrowia.pl<\/a><\/p><p><strong>03.11.2025 r.<\/strong><br \/>Akademia Zdrowia Izabela \u0141ajs informuje, \u017ce <strong>rozpocz\u0119\u0142a si\u0119 rekrutacja do projektu Kobiety przysz\u0142o\u015bci<\/strong> <strong>&#8211; skierowanego do kobiet z wojew\u00f3dztwa \u015bwi\u0119tokrzyskiego<\/strong>, kt\u00f3re chc\u0105 podnie\u015b\u0107 swoje kompetencje, wzmocni\u0107 potencja\u0142 zawodowy i zwi\u0119kszy\u0107 swoje szanse na powr\u00f3t lub wej\u015bcie na rynek pracy.<\/p><p>Rekrutacja prowadzona jest w spos\u00f3b <strong>otwarty, bezstronny i przejrzysty<\/strong>, z pe\u0142nym poszanowaniem zasad r\u00f3wno\u015bci szans, niedyskryminacji oraz dost\u0119pno\u015bci dla os\u00f3b z niepe\u0142nosprawno\u015bciami. Dokumenty rekrutacyjne dost\u0119pne s\u0105 w <strong>Biurze Projektu w Kielcach<\/strong> oraz w wersji elektronicznej na stronie internetowej.<\/p><p><strong>Kogo zapraszamy?<\/strong><br \/>Do udzia\u0142u mog\u0105 zg\u0142asza\u0107 si\u0119 kobiety, kt\u00f3re spe\u0142niaj\u0105 kryteria okre\u015blone w regulaminie rekrutacji, w tym m.in.:<br \/>&#8211; pozostaj\u0105 bez zatrudnienia,<br \/>&#8211; sprawuj\u0105 opiek\u0119 nad dzieckiem do 7 lat lub osob\u0105 potrzebuj\u0105c\u0105 wsparcia,<br \/>&#8211; zamieszkuj\u0105 na obszarze wojew\u00f3dztwa \u015bwi\u0119tokrzyskiego.<\/p><p><strong>Co oferujemy?<\/strong><br \/>Uczestniczki projektu otrzymaj\u0105 dost\u0119p do kompleksowego wsparcia, m.in.:<br \/>&#8211; doradztwo zawodowe i psychologiczne,<br \/>&#8211; kursy i szkolenia zawodowe \u201eszyte na miar\u0119\u201d,<br \/>&#8211; wsparcie w poszukiwaniu pracy,<br \/>&#8211; szkolenia ICT, warsztaty tematyczne i zaj\u0119cia prozdrowotne,<br \/>&#8211; zwrot koszt\u00f3w dojazdu i opieki nad dzieckiem\/osob\u0105 zale\u017cn\u0105 (zgodnie z zasadami projektu).<\/p><p><strong>Jak si\u0119 zg\u0142osi\u0107?<\/strong><\/p><p>Formularze zg\u0142oszeniowe mo\u017cna sk\u0142ada\u0107:<br \/>&#8211; osobi\u015bcie w Biurze Projektu,<br \/>&#8211; elektronicznie,<br \/>&#8211; drog\u0105 pocztow\u0105 lub kuriersk\u0105.<\/p><\/div>\n\t\t\t\t\t\t\t\t\t<div class=\"elementor-tab-title elementor-tab-mobile-title\" aria-selected=\"false\" data-tab=\"4\" role=\"tab\" tabindex=\"-1\" aria-controls=\"elementor-tab-content-1204\" aria-expanded=\"false\">REKRUTACJA<\/div>\n\t\t\t\t\t<div id=\"elementor-tab-content-1204\" class=\"elementor-tab-content elementor-clearfix\" data-tab=\"4\" role=\"tabpanel\" aria-labelledby=\"elementor-tab-title-1204\" tabindex=\"0\" hidden=\"hidden\"><p><img decoding=\"async\" class=\"wp-image-7452 size-full aligncenter\" src=\"https:\/\/akademia-zdrowia.pl\/kielce\/wp-content\/uploads\/2024\/03\/fes_zestawienie_znakow_dofinansowane_poziom_przyklad.png\" alt=\"\" width=\"700\" height=\"74\" srcset=\"https:\/\/akademia-zdrowia.pl\/kielce\/wp-content\/uploads\/2024\/03\/fes_zestawienie_znakow_dofinansowane_poziom_przyklad.png 700w, https:\/\/akademia-zdrowia.pl\/kielce\/wp-content\/uploads\/2024\/03\/fes_zestawienie_znakow_dofinansowane_poziom_przyklad-300x32.png 300w, https:\/\/akademia-zdrowia.pl\/kielce\/wp-content\/uploads\/2024\/03\/fes_zestawienie_znakow_dofinansowane_poziom_przyklad-500x53.png 500w\" sizes=\"(max-width: 700px) 100vw, 700px\" \/><\/p><p><strong>Zasady rekrutacji<\/strong><br \/>Rekrutacja prowadzona jest w oparciu o <strong>zasady bezstronno\u015bci, jawno\u015bci i przejrzysto\u015bci<\/strong>, z poszanowaniem <strong>zasady r\u00f3wnych szans, r\u00f3wno\u015bci p\u0142ci i niedyskryminacji<\/strong>. Zapewniamy dost\u0119pno\u015b\u0107 dla os\u00f3b z niepe\u0142nosprawno\u015bciami \u2014 wszystkie materia\u0142y i formularze b\u0119d\u0105 dost\u0119pne w wersji papierowej i elektronicznej, dostosowanej do wymog\u00f3w WCAG 2.1. Rekrutacja jest <strong>otwarta dla wszystkich zainteresowanych kobiet<\/strong>, bez wzgl\u0119du na ras\u0119, pochodzenie etniczne, religi\u0119 lub \u015bwiatopogl\u0105d, niepe\u0142nosprawno\u015b\u0107 czy wiek. Zapewniamy pe\u0142ny i sprawiedliwy udzia\u0142 ka\u017cdej kandydatki.<\/p><p><strong>Biuro projektu (miejsce sk\u0142adania dokument\u00f3w i informacji):<\/strong><br \/><strong>Biuro projektu \u201eKobiety przysz\u0142o\u015bci\u201d<\/strong><br \/>al. IX Wiek\u00f3w Kielc 8\/24 25-516 Kielce<br \/>tel.: 721 704 647,<br \/>e-mail: <a href=\"kobietyprzyszlosci@akademia-zdrowia.pl\">kobietyprzyszlosci@akademia-zdrowia.pl<\/a><\/p><p>Mo\u017cesz z\u0142o\u017cy\u0107 komplet dokument\u00f3w w jednym z trzech sposob\u00f3w:<br \/>&#8211; osobi\u015bcie w Biurze Projektu w Kielcach,<br \/>&#8211; zdalnie \u2014 formularz elektroniczny dost\u0119pny na stronie projektu,<br \/>&#8211; drog\u0105 pocztow\u0105 lub kuriersk\u0105 (dla os\u00f3b z ograniczonym dost\u0119pem).<\/p><p>Formularz rekrutacyjny jest dost\u0119pny w wersji papierowej i elektronicznej.<\/p><p><strong>Kryteria dost\u0119pu (obowi\u0105zkowe)<\/strong><br \/>Kandydatka spe\u0142nia kryteria dost\u0119pu, je\u015bli:<br \/>1. zamieszkuje na obszarze obj\u0119tym wsparciem (miejsce zamieszkania musi by\u0107 zadeklarowane we formularzu; prosimy o za\u0142\u0105czenie kserokopii 1. strony PIT lub innego dokumentu potwierdzaj\u0105cego adres),<br \/>2. sprawuje opiek\u0119 nad dzieckiem do 7. roku \u017cycia lub opiekuje si\u0119 osob\u0105 wymagaj\u0105c\u0105 wsparcia w codziennym funkcjonowaniu \u2014 powr\u00f3t na rynek pracy po okresie sprawowania opieki (o\u015bwiadczenie),<br \/>3. pozostaje bez zatrudnienia (potwierdzenie np. za\u015bwiadczeniem z PUP lub dokumentem ZUS).<\/p><p><strong>Kryteria pierwsze\u0144stwa:<\/strong><br \/>W procesie oceny przyznawane b\u0119d\u0105 punkty dodatkowe:<br \/>1. Miejsce zamieszkania \u2013 tereny wiejskie: +15 pkt<br \/>2. Niskie kwalifikacje (samodzielne o\u015bwiadczenie we wniosku): +10 pkt<br \/>3. Osoba z niepe\u0142nosprawno\u015bci\u0105 (orzeczenie lub inny dokument potwierdzaj\u0105cy stan zdrowia): +5 pkt<\/p><p><strong>Proces rekrutacji:<\/strong><br \/>1. Ocena formalna i merytoryczna \u2014 weryfikacja kryteri\u00f3w dost\u0119pu i przyznanie punkt\u00f3w zgodnie z formularzem.<br \/>2. Tworzenie rankingu \u2014 lista uczestniczek powstaje na podstawie zebranych punkt\u00f3w. o W razie r\u00f3wnej liczby punkt\u00f3w, o zakwalifikowaniu decyduje d\u0142u\u017cszy okres pozostawania bez zatrudnienia.<br \/>3. Og\u0142oszenie wynik\u00f3w \u2014 rekrutacja odbywa si\u0119 ci\u0105gle, wyniki og\u0142aszane s\u0105 na bie\u017c\u0105co. Ostateczna lista os\u00f3b zakwalifikowanych b\u0119dzie dost\u0119pna w Biurze Projektu (informacje udzielane r\u00f3wnie\u017c telefonicznie). Przygotowana zostanie tak\u017ce lista rezerwowa (4 osoby), kt\u00f3re zostan\u0105 zaproszone w przypadku rezygnacji zakwalifikowanych uczestniczek. W regulaminie rekrutacji zostan\u0105 zawarte informacje o prawie do odwo\u0142ania. Wnioskodawca zapewnia informacj\u0119 zwrotn\u0105 ka\u017cdej kandydatce.<\/p><p><strong>Dokumenty wymagane przy zg\u0142oszeniu<\/strong><br \/>&#8211; wype\u0142niony formularz rekrutacyjny (wersja papierowa lub elektroniczna),<br \/>&#8211; dokumenty potwierdzaj\u0105ce spe\u0142nianie kryteri\u00f3w (np. za\u015bwiadczenie PUP\/ZUS, orzeczenie o niepe\u0142nosprawno\u015bci),<br \/>&#8211; dokumenty potwierdzaj\u0105ce miejsce zamieszkania (np. kserokopia 1. strony PIT).<\/p><p><strong>Po zakwalifikowaniu:<\/strong> Uczestniczki zostan\u0105 zaproszone do biura projektu w celu podpisania umowy oraz o\u015bwiadczenia RODO.<\/p><\/div>\n\t\t\t\t\t\t\t\t\t<div class=\"elementor-tab-title elementor-tab-mobile-title\" aria-selected=\"false\" data-tab=\"5\" role=\"tab\" tabindex=\"-1\" aria-controls=\"elementor-tab-content-1205\" aria-expanded=\"false\">DO POBRANIA<\/div>\n\t\t\t\t\t<div id=\"elementor-tab-content-1205\" class=\"elementor-tab-content elementor-clearfix\" data-tab=\"5\" role=\"tabpanel\" aria-labelledby=\"elementor-tab-title-1205\" tabindex=\"0\" hidden=\"hidden\"><p><img decoding=\"async\" class=\"wp-image-7452 size-full aligncenter\" src=\"https:\/\/akademia-zdrowia.pl\/kielce\/wp-content\/uploads\/2024\/03\/fes_zestawienie_znakow_dofinansowane_poziom_przyklad.png\" alt=\"\" width=\"700\" height=\"74\" srcset=\"https:\/\/akademia-zdrowia.pl\/kielce\/wp-content\/uploads\/2024\/03\/fes_zestawienie_znakow_dofinansowane_poziom_przyklad.png 700w, https:\/\/akademia-zdrowia.pl\/kielce\/wp-content\/uploads\/2024\/03\/fes_zestawienie_znakow_dofinansowane_poziom_przyklad-300x32.png 300w, https:\/\/akademia-zdrowia.pl\/kielce\/wp-content\/uploads\/2024\/03\/fes_zestawienie_znakow_dofinansowane_poziom_przyklad-500x53.png 500w\" sizes=\"(max-width: 700px) 100vw, 700px\" \/><\/p><p><a href=\"https:\/\/akademia-zdrowia.pl\/kielce\/wp-content\/uploads\/2026\/01\/Regulamin-rekrutacji-i-uczestnictwa-w-projekcie.pdf\">Regulamin rekrutacji i uczestnictwa w projekcie<\/a><br \/><a href=\"https:\/\/akademia-zdrowia.pl\/kielce\/wp-content\/uploads\/2026\/01\/Formularz-rekrutacyjny-wraz-za-zalacznikami.docx\">Formularz rekrutacyjny wraz za za\u0142\u0105cznikami<\/a><\/p><\/div>\n\t\t\t\t\t\t\t\t\t<div class=\"elementor-tab-title elementor-tab-mobile-title\" aria-selected=\"false\" data-tab=\"6\" role=\"tab\" tabindex=\"-1\" aria-controls=\"elementor-tab-content-1206\" aria-expanded=\"false\">KONTAKT<\/div>\n\t\t\t\t\t<div id=\"elementor-tab-content-1206\" class=\"elementor-tab-content elementor-clearfix\" data-tab=\"6\" role=\"tabpanel\" aria-labelledby=\"elementor-tab-title-1206\" tabindex=\"0\" hidden=\"hidden\"><p><img decoding=\"async\" class=\"wp-image-7452 size-full aligncenter\" src=\"https:\/\/akademia-zdrowia.pl\/kielce\/wp-content\/uploads\/2024\/03\/fes_zestawienie_znakow_dofinansowane_poziom_przyklad.png\" alt=\"\" width=\"700\" height=\"74\" srcset=\"https:\/\/akademia-zdrowia.pl\/kielce\/wp-content\/uploads\/2024\/03\/fes_zestawienie_znakow_dofinansowane_poziom_przyklad.png 700w, https:\/\/akademia-zdrowia.pl\/kielce\/wp-content\/uploads\/2024\/03\/fes_zestawienie_znakow_dofinansowane_poziom_przyklad-300x32.png 300w, https:\/\/akademia-zdrowia.pl\/kielce\/wp-content\/uploads\/2024\/03\/fes_zestawienie_znakow_dofinansowane_poziom_przyklad-500x53.png 500w\" sizes=\"(max-width: 700px) 100vw, 700px\" \/><\/p><p><strong>Biuro projektu \u201eKobiety przysz\u0142o\u015bci\u201d<\/strong><br \/>al. IX Wiek\u00f3w Kielc 8\/24 25-516 Kielce<br \/>tel.: 721 704 647<br \/>e-mail: <a href=\"mailto:kobietyprzyszlosci@akademia-zdrowia.pl\">kobietyprzyszlosci@akademia-zdrowia.pl<\/a><\/p><\/div>\n\t\t\t\t\t\t\t<\/div>\n\t\t<\/div>\n\t\t\t\t\t\t<\/div>\n\t\t\t\t<\/div>\n\t\t\t\t\t<\/div>\n\t\t<\/div>\n\t\t\t\t\t<\/div>\n\t\t<\/section>\n\t\t\t\t<\/div>\n\t\t","protected":false},"excerpt":{"rendered":"<p>O PROJEKCIE HARMONOGRAMY AKTUALNO\u015aCI REKRUTACJA DO POBRANIA KONTAKT O PROJEKCIE Projekt \u201eKobiety przysz\u0142o\u015bci\u201d realizowany jest przez Akademi\u0119 Zdrowia Izabela \u0141ajs w ramach programu regionalnego Fundusze Europejskie dla \u015awi\u0119tokrzyskiego 2021-2027 wsp\u00f3\u0142finansowanego ze \u015brodk\u00f3w Europejskiego Funduszu Spo\u0142ecznego Plus (EFS+) Warto\u015b\u0107 projektu: 897\u00a0758,75 z\u0142Dofinansowanie projektu: 852\u00a0870,81 z\u0142Okres realizacji projektu: od 01.09.2025 r. do 31.01.2027 r.Zasi\u0119g projektu: wojew\u00f3dztwo \u015bwi\u0119tokrzyskiewww.mapadotacji.gov.pl&#8230;<\/p>\n","protected":false},"author":3,"featured_media":0,"parent":55,"menu_order":0,"comment_status":"closed","ping_status":"closed","template":"","meta":{"footnotes":""},"class_list":["post-9750","page","type-page","status-publish","hentry"],"yoast_head":"<!-- This site is optimized with the Yoast SEO plugin v26.9 - https:\/\/yoast.com\/product\/yoast-seo-wordpress\/ -->\n<title>Kobiety przysz\u0142o\u015bci - Akademia Zdrowia Kielce<\/title>\n<meta name=\"robots\" content=\"index, follow, max-snippet:-1, max-image-preview:large, max-video-preview:-1\" \/>\n<link rel=\"canonical\" href=\"https:\/\/akademia-zdrowia.pl\/kielce\/oferta-szkoleniowa\/projekty-unijne\/kobiety-przyszlosci\/\" \/>\n<meta property=\"og:locale\" content=\"pl_PL\" \/>\n<meta property=\"og:type\" content=\"article\" \/>\n<meta property=\"og:title\" content=\"Kobiety przysz\u0142o\u015bci - Akademia Zdrowia Kielce\" \/>\n<meta property=\"og:description\" content=\"O PROJEKCIE HARMONOGRAMY AKTUALNO\u015aCI REKRUTACJA DO POBRANIA KONTAKT O PROJEKCIE Projekt \u201eKobiety przysz\u0142o\u015bci\u201d realizowany jest przez Akademi\u0119 Zdrowia Izabela \u0141ajs w ramach programu regionalnego Fundusze Europejskie dla \u015awi\u0119tokrzyskiego 2021-2027 wsp\u00f3\u0142finansowanego ze \u015brodk\u00f3w Europejskiego Funduszu Spo\u0142ecznego Plus (EFS+) Warto\u015b\u0107 projektu: 897\u00a0758,75 z\u0142Dofinansowanie projektu: 852\u00a0870,81 z\u0142Okres realizacji projektu: od 01.09.2025 r. do 31.01.2027 r.Zasi\u0119g projektu: wojew\u00f3dztwo \u015bwi\u0119tokrzyskiewww.mapadotacji.gov.pl...\" \/>\n<meta property=\"og:url\" content=\"https:\/\/akademia-zdrowia.pl\/kielce\/oferta-szkoleniowa\/projekty-unijne\/kobiety-przyszlosci\/\" \/>\n<meta property=\"og:site_name\" content=\"Akademia Zdrowia Kielce\" \/>\n<meta property=\"article:modified_time\" content=\"2026-04-15T11:08:46+00:00\" \/>\n<meta property=\"og:image\" content=\"https:\/\/akademia-zdrowia.pl\/kielce\/wp-content\/uploads\/2024\/03\/fes_zestawienie_znakow_dofinansowane_poziom_przyklad.png\" \/>\n\t<meta property=\"og:image:width\" content=\"700\" \/>\n\t<meta property=\"og:image:height\" content=\"74\" \/>\n\t<meta property=\"og:image:type\" content=\"image\/png\" \/>\n<meta name=\"twitter:card\" content=\"summary_large_image\" \/>\n<meta name=\"twitter:label1\" content=\"Szacowany czas czytania\" \/>\n\t<meta name=\"twitter:data1\" content=\"20 minut\" \/>\n<script type=\"application\/ld+json\" class=\"yoast-schema-graph\">{\"@context\":\"https:\/\/schema.org\",\"@graph\":[{\"@type\":\"WebPage\",\"@id\":\"https:\/\/akademia-zdrowia.pl\/kielce\/oferta-szkoleniowa\/projekty-unijne\/kobiety-przyszlosci\/\",\"url\":\"https:\/\/akademia-zdrowia.pl\/kielce\/oferta-szkoleniowa\/projekty-unijne\/kobiety-przyszlosci\/\",\"name\":\"Kobiety przysz\u0142o\u015bci - Akademia Zdrowia Kielce\",\"isPartOf\":{\"@id\":\"https:\/\/akademia-zdrowia.pl\/kielce\/#website\"},\"primaryImageOfPage\":{\"@id\":\"https:\/\/akademia-zdrowia.pl\/kielce\/oferta-szkoleniowa\/projekty-unijne\/kobiety-przyszlosci\/#primaryimage\"},\"image\":{\"@id\":\"https:\/\/akademia-zdrowia.pl\/kielce\/oferta-szkoleniowa\/projekty-unijne\/kobiety-przyszlosci\/#primaryimage\"},\"thumbnailUrl\":\"https:\/\/akademia-zdrowia.pl\/kielce\/wp-content\/uploads\/2024\/03\/fes_zestawienie_znakow_dofinansowane_poziom_przyklad.png\",\"datePublished\":\"2025-11-24T10:15:36+00:00\",\"dateModified\":\"2026-04-15T11:08:46+00:00\",\"breadcrumb\":{\"@id\":\"https:\/\/akademia-zdrowia.pl\/kielce\/oferta-szkoleniowa\/projekty-unijne\/kobiety-przyszlosci\/#breadcrumb\"},\"inLanguage\":\"pl-PL\",\"potentialAction\":[{\"@type\":\"ReadAction\",\"target\":[\"https:\/\/akademia-zdrowia.pl\/kielce\/oferta-szkoleniowa\/projekty-unijne\/kobiety-przyszlosci\/\"]}]},{\"@type\":\"ImageObject\",\"inLanguage\":\"pl-PL\",\"@id\":\"https:\/\/akademia-zdrowia.pl\/kielce\/oferta-szkoleniowa\/projekty-unijne\/kobiety-przyszlosci\/#primaryimage\",\"url\":\"https:\/\/akademia-zdrowia.pl\/kielce\/wp-content\/uploads\/2024\/03\/fes_zestawienie_znakow_dofinansowane_poziom_przyklad.png\",\"contentUrl\":\"https:\/\/akademia-zdrowia.pl\/kielce\/wp-content\/uploads\/2024\/03\/fes_zestawienie_znakow_dofinansowane_poziom_przyklad.png\",\"width\":700,\"height\":74},{\"@type\":\"BreadcrumbList\",\"@id\":\"https:\/\/akademia-zdrowia.pl\/kielce\/oferta-szkoleniowa\/projekty-unijne\/kobiety-przyszlosci\/#breadcrumb\",\"itemListElement\":[{\"@type\":\"ListItem\",\"position\":1,\"name\":\"Strona g\u0142\u00f3wna\",\"item\":\"https:\/\/akademia-zdrowia.pl\/kielce\/\"},{\"@type\":\"ListItem\",\"position\":2,\"name\":\"Oferta szkoleniowa\",\"item\":\"https:\/\/akademia-zdrowia.pl\/kielce\/oferta-szkoleniowa\/\"},{\"@type\":\"ListItem\",\"position\":3,\"name\":\"Projekty unijne\",\"item\":\"https:\/\/akademia-zdrowia.pl\/kielce\/oferta-szkoleniowa\/projekty-unijne\/\"},{\"@type\":\"ListItem\",\"position\":4,\"name\":\"Kobiety przysz\u0142o\u015bci\"}]},{\"@type\":\"WebSite\",\"@id\":\"https:\/\/akademia-zdrowia.pl\/kielce\/#website\",\"url\":\"https:\/\/akademia-zdrowia.pl\/kielce\/\",\"name\":\"Akademia Zdrowia Kielce\",\"description\":\"Kolejna witryna oparta na WordPressie\",\"potentialAction\":[{\"@type\":\"SearchAction\",\"target\":{\"@type\":\"EntryPoint\",\"urlTemplate\":\"https:\/\/akademia-zdrowia.pl\/kielce\/?s={search_term_string}\"},\"query-input\":{\"@type\":\"PropertyValueSpecification\",\"valueRequired\":true,\"valueName\":\"search_term_string\"}}],\"inLanguage\":\"pl-PL\"}]}<\/script>\n<!-- \/ Yoast SEO plugin. -->","yoast_head_json":{"title":"Kobiety przysz\u0142o\u015bci - Akademia Zdrowia Kielce","robots":{"index":"index","follow":"follow","max-snippet":"max-snippet:-1","max-image-preview":"max-image-preview:large","max-video-preview":"max-video-preview:-1"},"canonical":"https:\/\/akademia-zdrowia.pl\/kielce\/oferta-szkoleniowa\/projekty-unijne\/kobiety-przyszlosci\/","og_locale":"pl_PL","og_type":"article","og_title":"Kobiety przysz\u0142o\u015bci - Akademia Zdrowia Kielce","og_description":"O PROJEKCIE HARMONOGRAMY AKTUALNO\u015aCI REKRUTACJA DO POBRANIA KONTAKT O PROJEKCIE Projekt \u201eKobiety przysz\u0142o\u015bci\u201d realizowany jest przez Akademi\u0119 Zdrowia Izabela \u0141ajs w ramach programu regionalnego Fundusze Europejskie dla \u015awi\u0119tokrzyskiego 2021-2027 wsp\u00f3\u0142finansowanego ze \u015brodk\u00f3w Europejskiego Funduszu Spo\u0142ecznego Plus (EFS+) Warto\u015b\u0107 projektu: 897\u00a0758,75 z\u0142Dofinansowanie projektu: 852\u00a0870,81 z\u0142Okres realizacji projektu: od 01.09.2025 r. do 31.01.2027 r.Zasi\u0119g projektu: wojew\u00f3dztwo \u015bwi\u0119tokrzyskiewww.mapadotacji.gov.pl...","og_url":"https:\/\/akademia-zdrowia.pl\/kielce\/oferta-szkoleniowa\/projekty-unijne\/kobiety-przyszlosci\/","og_site_name":"Akademia Zdrowia Kielce","article_modified_time":"2026-04-15T11:08:46+00:00","og_image":[{"width":700,"height":74,"url":"https:\/\/akademia-zdrowia.pl\/kielce\/wp-content\/uploads\/2024\/03\/fes_zestawienie_znakow_dofinansowane_poziom_przyklad.png","type":"image\/png"}],"twitter_card":"summary_large_image","twitter_misc":{"Szacowany czas czytania":"20 minut"},"schema":{"@context":"https:\/\/schema.org","@graph":[{"@type":"WebPage","@id":"https:\/\/akademia-zdrowia.pl\/kielce\/oferta-szkoleniowa\/projekty-unijne\/kobiety-przyszlosci\/","url":"https:\/\/akademia-zdrowia.pl\/kielce\/oferta-szkoleniowa\/projekty-unijne\/kobiety-przyszlosci\/","name":"Kobiety przysz\u0142o\u015bci - Akademia Zdrowia Kielce","isPartOf":{"@id":"https:\/\/akademia-zdrowia.pl\/kielce\/#website"},"primaryImageOfPage":{"@id":"https:\/\/akademia-zdrowia.pl\/kielce\/oferta-szkoleniowa\/projekty-unijne\/kobiety-przyszlosci\/#primaryimage"},"image":{"@id":"https:\/\/akademia-zdrowia.pl\/kielce\/oferta-szkoleniowa\/projekty-unijne\/kobiety-przyszlosci\/#primaryimage"},"thumbnailUrl":"https:\/\/akademia-zdrowia.pl\/kielce\/wp-content\/uploads\/2024\/03\/fes_zestawienie_znakow_dofinansowane_poziom_przyklad.png","datePublished":"2025-11-24T10:15:36+00:00","dateModified":"2026-04-15T11:08:46+00:00","breadcrumb":{"@id":"https:\/\/akademia-zdrowia.pl\/kielce\/oferta-szkoleniowa\/projekty-unijne\/kobiety-przyszlosci\/#breadcrumb"},"inLanguage":"pl-PL","potentialAction":[{"@type":"ReadAction","target":["https:\/\/akademia-zdrowia.pl\/kielce\/oferta-szkoleniowa\/projekty-unijne\/kobiety-przyszlosci\/"]}]},{"@type":"ImageObject","inLanguage":"pl-PL","@id":"https:\/\/akademia-zdrowia.pl\/kielce\/oferta-szkoleniowa\/projekty-unijne\/kobiety-przyszlosci\/#primaryimage","url":"https:\/\/akademia-zdrowia.pl\/kielce\/wp-content\/uploads\/2024\/03\/fes_zestawienie_znakow_dofinansowane_poziom_przyklad.png","contentUrl":"https:\/\/akademia-zdrowia.pl\/kielce\/wp-content\/uploads\/2024\/03\/fes_zestawienie_znakow_dofinansowane_poziom_przyklad.png","width":700,"height":74},{"@type":"BreadcrumbList","@id":"https:\/\/akademia-zdrowia.pl\/kielce\/oferta-szkoleniowa\/projekty-unijne\/kobiety-przyszlosci\/#breadcrumb","itemListElement":[{"@type":"ListItem","position":1,"name":"Strona g\u0142\u00f3wna","item":"https:\/\/akademia-zdrowia.pl\/kielce\/"},{"@type":"ListItem","position":2,"name":"Oferta szkoleniowa","item":"https:\/\/akademia-zdrowia.pl\/kielce\/oferta-szkoleniowa\/"},{"@type":"ListItem","position":3,"name":"Projekty unijne","item":"https:\/\/akademia-zdrowia.pl\/kielce\/oferta-szkoleniowa\/projekty-unijne\/"},{"@type":"ListItem","position":4,"name":"Kobiety przysz\u0142o\u015bci"}]},{"@type":"WebSite","@id":"https:\/\/akademia-zdrowia.pl\/kielce\/#website","url":"https:\/\/akademia-zdrowia.pl\/kielce\/","name":"Akademia Zdrowia Kielce","description":"Kolejna witryna oparta na WordPressie","potentialAction":[{"@type":"SearchAction","target":{"@type":"EntryPoint","urlTemplate":"https:\/\/akademia-zdrowia.pl\/kielce\/?s={search_term_string}"},"query-input":{"@type":"PropertyValueSpecification","valueRequired":true,"valueName":"search_term_string"}}],"inLanguage":"pl-PL"}]}},"_links":{"self":[{"href":"https:\/\/akademia-zdrowia.pl\/kielce\/wp-json\/wp\/v2\/pages\/9750","targetHints":{"allow":["GET"]}}],"collection":[{"href":"https:\/\/akademia-zdrowia.pl\/kielce\/wp-json\/wp\/v2\/pages"}],"about":[{"href":"https:\/\/akademia-zdrowia.pl\/kielce\/wp-json\/wp\/v2\/types\/page"}],"author":[{"embeddable":true,"href":"https:\/\/akademia-zdrowia.pl\/kielce\/wp-json\/wp\/v2\/users\/3"}],"replies":[{"embeddable":true,"href":"https:\/\/akademia-zdrowia.pl\/kielce\/wp-json\/wp\/v2\/comments?post=9750"}],"version-history":[{"count":118,"href":"https:\/\/akademia-zdrowia.pl\/kielce\/wp-json\/wp\/v2\/pages\/9750\/revisions"}],"predecessor-version":[{"id":10034,"href":"https:\/\/akademia-zdrowia.pl\/kielce\/wp-json\/wp\/v2\/pages\/9750\/revisions\/10034"}],"up":[{"embeddable":true,"href":"https:\/\/akademia-zdrowia.pl\/kielce\/wp-json\/wp\/v2\/pages\/55"}],"wp:attachment":[{"href":"https:\/\/akademia-zdrowia.pl\/kielce\/wp-json\/wp\/v2\/media?parent=9750"}],"curies":[{"name":"wp","href":"https:\/\/api.w.org\/{rel}","templated":true}]}}