{"id":10433,"date":"2022-11-21T10:18:09","date_gmt":"2022-11-21T09:18:09","guid":{"rendered":"https:\/\/akademia-zdrowia.pl\/lodz\/?page_id=10433"},"modified":"2022-11-21T11:41:54","modified_gmt":"2022-11-21T10:41:54","slug":"harmonogramy-spotkan-warsztaty-reintegracji-spoleczno-zawodowej","status":"publish","type":"page","link":"https:\/\/akademia-zdrowia.pl\/lodz\/oferta-szkoleniowa\/projekty-unijne\/postaw-na-siebie\/harmonogramy-postaw-na-siebie\/harmonogramy-spotkan-warsztaty-reintegracji-spoleczno-zawodowej\/","title":{"rendered":"Harmonogramy spotka\u0144 &#8211; Warsztaty reintegracji spo\u0142eczno-zawodowej"},"content":{"rendered":"\t\t<div data-elementor-type=\"wp-page\" data-elementor-id=\"10433\" class=\"elementor elementor-10433\" data-elementor-post-type=\"page\">\n\t\t\t\t\t\t<section class=\"elementor-section elementor-top-section elementor-element elementor-element-818b070 elementor-section-boxed elementor-section-height-default elementor-section-height-default\" data-id=\"818b070\" data-element_type=\"section\" data-e-type=\"section\">\n\t\t\t\t\t\t<div class=\"elementor-container elementor-column-gap-default\">\n\t\t\t\t\t<div class=\"elementor-column elementor-col-100 elementor-top-column elementor-element elementor-element-63add68\" data-id=\"63add68\" data-element_type=\"column\" data-e-type=\"column\">\n\t\t\t<div class=\"elementor-widget-wrap elementor-element-populated\">\n\t\t\t\t\t\t<div class=\"elementor-element elementor-element-74d87e7 elementor-widget elementor-widget-image\" data-id=\"74d87e7\" data-element_type=\"widget\" data-e-type=\"widget\" data-widget_type=\"image.default\">\n\t\t\t\t<div class=\"elementor-widget-container\">\n\t\t\t\t\t\t\t\t\t\t\t\t\t\t\t<img decoding=\"async\" width=\"626\" height=\"71\" src=\"https:\/\/akademia-zdrowia.pl\/lodz\/wp-content\/uploads\/2022\/11\/image001.png\" class=\"attachment-large size-large wp-image-10553\" alt=\"\" srcset=\"https:\/\/akademia-zdrowia.pl\/lodz\/wp-content\/uploads\/2022\/11\/image001.png 626w, https:\/\/akademia-zdrowia.pl\/lodz\/wp-content\/uploads\/2022\/11\/image001-300x34.png 300w, https:\/\/akademia-zdrowia.pl\/lodz\/wp-content\/uploads\/2022\/11\/image001-500x57.png 500w\" sizes=\"(max-width: 626px) 100vw, 626px\" \/>\t\t\t\t\t\t\t\t\t\t\t\t\t\t\t<\/div>\n\t\t\t\t<\/div>\n\t\t\t\t\t<\/div>\n\t\t<\/div>\n\t\t\t\t\t<\/div>\n\t\t<\/section>\n\t\t\t\t<section class=\"elementor-section elementor-top-section elementor-element elementor-element-bb22a5e elementor-section-boxed elementor-section-height-default elementor-section-height-default\" data-id=\"bb22a5e\" data-element_type=\"section\" data-e-type=\"section\">\n\t\t\t\t\t\t<div class=\"elementor-container elementor-column-gap-default\">\n\t\t\t\t\t<div class=\"elementor-column elementor-col-100 elementor-top-column elementor-element elementor-element-d2ef77f\" data-id=\"d2ef77f\" data-element_type=\"column\" data-e-type=\"column\">\n\t\t\t<div class=\"elementor-widget-wrap elementor-element-populated\">\n\t\t\t\t\t\t<div class=\"elementor-element elementor-element-2de00e4 elementor-widget elementor-widget-text-editor\" data-id=\"2de00e4\" data-element_type=\"widget\" data-e-type=\"widget\" data-widget_type=\"text-editor.default\">\n\t\t\t\t<div class=\"elementor-widget-container\">\n\t\t\t\t\t\t\t\t\t<ol><li><a href=\"https:\/\/akademia-zdrowia.pl\/lodz\/wp-content\/uploads\/2022\/11\/1.-Harmonogram-wsparcia-warsztaty-reintegracji-spoleczno-zawodowej-Gr.1-Gr.2-Gr.3.pdf\">Harmonogram wsparcia warsztaty reintegracji spo\u0142eczno-zawodowej Gr.1, Gr.2, Gr.3<\/a><\/li><li><a href=\"https:\/\/akademia-zdrowia.pl\/lodz\/wp-content\/uploads\/2022\/11\/2.-Harmonogram-wsparcia-warsztaty-reintegracji-spoleczno-zawodowej-gr.4.pdf\">Harmonogram wsparcia warsztaty reintegracji spo\u0142eczno &#8211; zawodowej gr.4<\/a><\/li><li><a href=\"https:\/\/akademia-zdrowia.pl\/lodz\/wp-content\/uploads\/2022\/11\/3.-Harmonogram-wsparcia-warsztaty-reintegracji-spoleczno-zawodowej-gr.-5-kwiecien-2022.pdf\">Harmonogram wsparcia warsztaty reintegracji spo\u0142eczno-zawodowej gr. 5 &#8211; kwiecie\u0144 2022<\/a><\/li><li><a href=\"https:\/\/akademia-zdrowia.pl\/lodz\/wp-content\/uploads\/2022\/11\/4.-Harmonogram-wsparcia-warszty-reintegracji-spoleczno-zawodowej-gr.-6.pdf\">Harmonogram wsparcia warszty reintegracji spo\u0142eczno zawodowej gr. 6<\/a><\/li><\/ol>\t\t\t\t\t\t\t\t<\/div>\n\t\t\t\t<\/div>\n\t\t\t\t\t<\/div>\n\t\t<\/div>\n\t\t\t\t\t<\/div>\n\t\t<\/section>\n\t\t\t\t<\/div>\n\t\t","protected":false},"excerpt":{"rendered":"<p>Harmonogram wsparcia warsztaty reintegracji spo\u0142eczno-zawodowej Gr.1, Gr.2, Gr.3 Harmonogram wsparcia warsztaty reintegracji spo\u0142eczno &#8211; zawodowej gr.4 Harmonogram wsparcia warsztaty reintegracji spo\u0142eczno-zawodowej gr. 5 &#8211; kwiecie\u0144 2022 Harmonogram wsparcia warszty reintegracji spo\u0142eczno zawodowej gr. 6<\/p>\n","protected":false},"author":3,"featured_media":0,"parent":3523,"menu_order":0,"comment_status":"closed","ping_status":"closed","template":"","meta":{"footnotes":""},"class_list":["post-10433","page","type-page","status-publish","hentry"],"yoast_head":"<!-- This site is optimized with the Yoast SEO Premium plugin v18.9 (Yoast SEO v27.2) - https:\/\/yoast.com\/product\/yoast-seo-premium-wordpress\/ -->\n<title>Harmonogramy spotka\u0144 - Warsztaty reintegracji spo\u0142eczno-zawodowej - Akademia Zdrowia \u0141\u00f3d\u017a - Kursy zawodowe, szko\u0142y policealne, szko\u0142y dla doros\u0142ych<\/title>\n<meta name=\"description\" content=\"Harmonogram wsparcia warsztaty reintegracji spo\u0142eczno-zawodowej Gr.1, Gr.2, Gr.3Harmonogram wsparcia warsztaty reintegracji spo\u0142eczno - zawodowej\" \/>\n<meta name=\"robots\" content=\"index, follow, max-snippet:-1, max-image-preview:large, max-video-preview:-1\" \/>\n<link rel=\"canonical\" href=\"https:\/\/akademia-zdrowia.pl\/lodz\/oferta-szkoleniowa\/projekty-unijne\/postaw-na-siebie\/harmonogramy-postaw-na-siebie\/harmonogramy-spotkan-warsztaty-reintegracji-spoleczno-zawodowej\/\" \/>\n<meta property=\"og:locale\" content=\"pl_PL\" \/>\n<meta property=\"og:type\" content=\"article\" \/>\n<meta property=\"og:title\" content=\"Harmonogramy spotka\u0144 - Warsztaty reintegracji spo\u0142eczno-zawodowej\" \/>\n<meta property=\"og:description\" content=\"Harmonogram wsparcia warsztaty reintegracji spo\u0142eczno-zawodowej Gr.1, Gr.2, Gr.3Harmonogram wsparcia warsztaty reintegracji spo\u0142eczno - zawodowej\" \/>\n<meta property=\"og:url\" content=\"https:\/\/akademia-zdrowia.pl\/lodz\/oferta-szkoleniowa\/projekty-unijne\/postaw-na-siebie\/harmonogramy-postaw-na-siebie\/harmonogramy-spotkan-warsztaty-reintegracji-spoleczno-zawodowej\/\" \/>\n<meta property=\"og:site_name\" content=\"Akademia Zdrowia \u0141\u00f3d\u017a\" \/>\n<meta property=\"article:modified_time\" content=\"2022-11-21T10:41:54+00:00\" \/>\n<meta property=\"og:image\" content=\"https:\/\/akademia-zdrowia.pl\/lodz\/wp-content\/uploads\/2022\/11\/image001.png\" \/>\n<meta name=\"twitter:card\" content=\"summary_large_image\" \/>\n<meta name=\"twitter:label1\" content=\"Szacowany czas czytania\" \/>\n\t<meta name=\"twitter:data1\" content=\"1 minuta\" \/>\n<script type=\"application\/ld+json\" class=\"yoast-schema-graph\">{\"@context\":\"https:\/\/schema.org\",\"@graph\":[{\"@type\":\"WebPage\",\"@id\":\"https:\/\/akademia-zdrowia.pl\/lodz\/oferta-szkoleniowa\/projekty-unijne\/postaw-na-siebie\/harmonogramy-postaw-na-siebie\/harmonogramy-spotkan-warsztaty-reintegracji-spoleczno-zawodowej\/\",\"url\":\"https:\/\/akademia-zdrowia.pl\/lodz\/oferta-szkoleniowa\/projekty-unijne\/postaw-na-siebie\/harmonogramy-postaw-na-siebie\/harmonogramy-spotkan-warsztaty-reintegracji-spoleczno-zawodowej\/\",\"name\":\"Harmonogramy spotka\u0144 - Warsztaty reintegracji spo\u0142eczno-zawodowej - Akademia Zdrowia \u0141\u00f3d\u017a - Kursy zawodowe, szko\u0142y policealne, szko\u0142y dla doros\u0142ych\",\"isPartOf\":{\"@id\":\"https:\/\/akademia-zdrowia.pl\/lodz\/#website\"},\"primaryImageOfPage\":{\"@id\":\"https:\/\/akademia-zdrowia.pl\/lodz\/oferta-szkoleniowa\/projekty-unijne\/postaw-na-siebie\/harmonogramy-postaw-na-siebie\/harmonogramy-spotkan-warsztaty-reintegracji-spoleczno-zawodowej\/#primaryimage\"},\"image\":{\"@id\":\"https:\/\/akademia-zdrowia.pl\/lodz\/oferta-szkoleniowa\/projekty-unijne\/postaw-na-siebie\/harmonogramy-postaw-na-siebie\/harmonogramy-spotkan-warsztaty-reintegracji-spoleczno-zawodowej\/#primaryimage\"},\"thumbnailUrl\":\"https:\/\/akademia-zdrowia.pl\/lodz\/wp-content\/uploads\/2022\/11\/image001.png\",\"datePublished\":\"2022-11-21T09:18:09+00:00\",\"dateModified\":\"2022-11-21T10:41:54+00:00\",\"description\":\"Harmonogram wsparcia warsztaty reintegracji spo\u0142eczno-zawodowej Gr.1, Gr.2, Gr.3Harmonogram wsparcia warsztaty reintegracji spo\u0142eczno - zawodowej\",\"breadcrumb\":{\"@id\":\"https:\/\/akademia-zdrowia.pl\/lodz\/oferta-szkoleniowa\/projekty-unijne\/postaw-na-siebie\/harmonogramy-postaw-na-siebie\/harmonogramy-spotkan-warsztaty-reintegracji-spoleczno-zawodowej\/#breadcrumb\"},\"inLanguage\":\"pl-PL\",\"potentialAction\":[{\"@type\":\"ReadAction\",\"target\":[\"https:\/\/akademia-zdrowia.pl\/lodz\/oferta-szkoleniowa\/projekty-unijne\/postaw-na-siebie\/harmonogramy-postaw-na-siebie\/harmonogramy-spotkan-warsztaty-reintegracji-spoleczno-zawodowej\/\"]}]},{\"@type\":\"ImageObject\",\"inLanguage\":\"pl-PL\",\"@id\":\"https:\/\/akademia-zdrowia.pl\/lodz\/oferta-szkoleniowa\/projekty-unijne\/postaw-na-siebie\/harmonogramy-postaw-na-siebie\/harmonogramy-spotkan-warsztaty-reintegracji-spoleczno-zawodowej\/#primaryimage\",\"url\":\"https:\/\/akademia-zdrowia.pl\/lodz\/wp-content\/uploads\/2022\/11\/image001.png\",\"contentUrl\":\"https:\/\/akademia-zdrowia.pl\/lodz\/wp-content\/uploads\/2022\/11\/image001.png\",\"width\":626,\"height\":71},{\"@type\":\"BreadcrumbList\",\"@id\":\"https:\/\/akademia-zdrowia.pl\/lodz\/oferta-szkoleniowa\/projekty-unijne\/postaw-na-siebie\/harmonogramy-postaw-na-siebie\/harmonogramy-spotkan-warsztaty-reintegracji-spoleczno-zawodowej\/#breadcrumb\",\"itemListElement\":[{\"@type\":\"ListItem\",\"position\":1,\"name\":\"Strona g\u0142\u00f3wna\",\"item\":\"https:\/\/akademia-zdrowia.pl\/lodz\/\"},{\"@type\":\"ListItem\",\"position\":2,\"name\":\"Oferta szkoleniowa\",\"item\":\"https:\/\/akademia-zdrowia.pl\/lodz\/oferta-szkoleniowa\/\"},{\"@type\":\"ListItem\",\"position\":3,\"name\":\"Projekty unijne\",\"item\":\"https:\/\/akademia-zdrowia.pl\/lodz\/oferta-szkoleniowa\/projekty-unijne\/\"},{\"@type\":\"ListItem\",\"position\":4,\"name\":\"Postaw na siebie\",\"item\":\"https:\/\/akademia-zdrowia.pl\/lodz\/oferta-szkoleniowa\/projekty-unijne\/postaw-na-siebie\/\"},{\"@type\":\"ListItem\",\"position\":5,\"name\":\"HARMONOGRAMY POSTAW NA SIEBIE\",\"item\":\"https:\/\/akademia-zdrowia.pl\/lodz\/oferta-szkoleniowa\/projekty-unijne\/postaw-na-siebie\/harmonogramy-postaw-na-siebie\/\"},{\"@type\":\"ListItem\",\"position\":6,\"name\":\"Harmonogramy spotka\u0144 &#8211; Warsztaty reintegracji spo\u0142eczno-zawodowej\"}]},{\"@type\":\"WebSite\",\"@id\":\"https:\/\/akademia-zdrowia.pl\/lodz\/#website\",\"url\":\"https:\/\/akademia-zdrowia.pl\/lodz\/\",\"name\":\"Akademia Zdrowia \u0141\u00f3d\u017a\",\"description\":\"\",\"potentialAction\":[{\"@type\":\"SearchAction\",\"target\":{\"@type\":\"EntryPoint\",\"urlTemplate\":\"https:\/\/akademia-zdrowia.pl\/lodz\/?s={search_term_string}\"},\"query-input\":{\"@type\":\"PropertyValueSpecification\",\"valueRequired\":true,\"valueName\":\"search_term_string\"}}],\"inLanguage\":\"pl-PL\"}]}<\/script>\n<!-- \/ Yoast SEO Premium plugin. -->","yoast_head_json":{"title":"Harmonogramy spotka\u0144 - Warsztaty reintegracji spo\u0142eczno-zawodowej - Akademia Zdrowia \u0141\u00f3d\u017a - Kursy zawodowe, szko\u0142y policealne, szko\u0142y dla doros\u0142ych","description":"Harmonogram wsparcia warsztaty reintegracji spo\u0142eczno-zawodowej Gr.1, Gr.2, Gr.3Harmonogram wsparcia warsztaty reintegracji spo\u0142eczno - zawodowej","robots":{"index":"index","follow":"follow","max-snippet":"max-snippet:-1","max-image-preview":"max-image-preview:large","max-video-preview":"max-video-preview:-1"},"canonical":"https:\/\/akademia-zdrowia.pl\/lodz\/oferta-szkoleniowa\/projekty-unijne\/postaw-na-siebie\/harmonogramy-postaw-na-siebie\/harmonogramy-spotkan-warsztaty-reintegracji-spoleczno-zawodowej\/","og_locale":"pl_PL","og_type":"article","og_title":"Harmonogramy spotka\u0144 - Warsztaty reintegracji spo\u0142eczno-zawodowej","og_description":"Harmonogram wsparcia warsztaty reintegracji spo\u0142eczno-zawodowej Gr.1, Gr.2, Gr.3Harmonogram wsparcia warsztaty reintegracji spo\u0142eczno - zawodowej","og_url":"https:\/\/akademia-zdrowia.pl\/lodz\/oferta-szkoleniowa\/projekty-unijne\/postaw-na-siebie\/harmonogramy-postaw-na-siebie\/harmonogramy-spotkan-warsztaty-reintegracji-spoleczno-zawodowej\/","og_site_name":"Akademia Zdrowia \u0141\u00f3d\u017a","article_modified_time":"2022-11-21T10:41:54+00:00","og_image":[{"url":"https:\/\/akademia-zdrowia.pl\/lodz\/wp-content\/uploads\/2022\/11\/image001.png","type":"","width":"","height":""}],"twitter_card":"summary_large_image","twitter_misc":{"Szacowany czas czytania":"1 minuta"},"schema":{"@context":"https:\/\/schema.org","@graph":[{"@type":"WebPage","@id":"https:\/\/akademia-zdrowia.pl\/lodz\/oferta-szkoleniowa\/projekty-unijne\/postaw-na-siebie\/harmonogramy-postaw-na-siebie\/harmonogramy-spotkan-warsztaty-reintegracji-spoleczno-zawodowej\/","url":"https:\/\/akademia-zdrowia.pl\/lodz\/oferta-szkoleniowa\/projekty-unijne\/postaw-na-siebie\/harmonogramy-postaw-na-siebie\/harmonogramy-spotkan-warsztaty-reintegracji-spoleczno-zawodowej\/","name":"Harmonogramy spotka\u0144 - Warsztaty reintegracji spo\u0142eczno-zawodowej - Akademia Zdrowia \u0141\u00f3d\u017a - Kursy zawodowe, szko\u0142y policealne, szko\u0142y dla doros\u0142ych","isPartOf":{"@id":"https:\/\/akademia-zdrowia.pl\/lodz\/#website"},"primaryImageOfPage":{"@id":"https:\/\/akademia-zdrowia.pl\/lodz\/oferta-szkoleniowa\/projekty-unijne\/postaw-na-siebie\/harmonogramy-postaw-na-siebie\/harmonogramy-spotkan-warsztaty-reintegracji-spoleczno-zawodowej\/#primaryimage"},"image":{"@id":"https:\/\/akademia-zdrowia.pl\/lodz\/oferta-szkoleniowa\/projekty-unijne\/postaw-na-siebie\/harmonogramy-postaw-na-siebie\/harmonogramy-spotkan-warsztaty-reintegracji-spoleczno-zawodowej\/#primaryimage"},"thumbnailUrl":"https:\/\/akademia-zdrowia.pl\/lodz\/wp-content\/uploads\/2022\/11\/image001.png","datePublished":"2022-11-21T09:18:09+00:00","dateModified":"2022-11-21T10:41:54+00:00","description":"Harmonogram wsparcia warsztaty reintegracji spo\u0142eczno-zawodowej Gr.1, Gr.2, Gr.3Harmonogram wsparcia warsztaty reintegracji spo\u0142eczno - zawodowej","breadcrumb":{"@id":"https:\/\/akademia-zdrowia.pl\/lodz\/oferta-szkoleniowa\/projekty-unijne\/postaw-na-siebie\/harmonogramy-postaw-na-siebie\/harmonogramy-spotkan-warsztaty-reintegracji-spoleczno-zawodowej\/#breadcrumb"},"inLanguage":"pl-PL","potentialAction":[{"@type":"ReadAction","target":["https:\/\/akademia-zdrowia.pl\/lodz\/oferta-szkoleniowa\/projekty-unijne\/postaw-na-siebie\/harmonogramy-postaw-na-siebie\/harmonogramy-spotkan-warsztaty-reintegracji-spoleczno-zawodowej\/"]}]},{"@type":"ImageObject","inLanguage":"pl-PL","@id":"https:\/\/akademia-zdrowia.pl\/lodz\/oferta-szkoleniowa\/projekty-unijne\/postaw-na-siebie\/harmonogramy-postaw-na-siebie\/harmonogramy-spotkan-warsztaty-reintegracji-spoleczno-zawodowej\/#primaryimage","url":"https:\/\/akademia-zdrowia.pl\/lodz\/wp-content\/uploads\/2022\/11\/image001.png","contentUrl":"https:\/\/akademia-zdrowia.pl\/lodz\/wp-content\/uploads\/2022\/11\/image001.png","width":626,"height":71},{"@type":"BreadcrumbList","@id":"https:\/\/akademia-zdrowia.pl\/lodz\/oferta-szkoleniowa\/projekty-unijne\/postaw-na-siebie\/harmonogramy-postaw-na-siebie\/harmonogramy-spotkan-warsztaty-reintegracji-spoleczno-zawodowej\/#breadcrumb","itemListElement":[{"@type":"ListItem","position":1,"name":"Strona g\u0142\u00f3wna","item":"https:\/\/akademia-zdrowia.pl\/lodz\/"},{"@type":"ListItem","position":2,"name":"Oferta szkoleniowa","item":"https:\/\/akademia-zdrowia.pl\/lodz\/oferta-szkoleniowa\/"},{"@type":"ListItem","position":3,"name":"Projekty unijne","item":"https:\/\/akademia-zdrowia.pl\/lodz\/oferta-szkoleniowa\/projekty-unijne\/"},{"@type":"ListItem","position":4,"name":"Postaw na siebie","item":"https:\/\/akademia-zdrowia.pl\/lodz\/oferta-szkoleniowa\/projekty-unijne\/postaw-na-siebie\/"},{"@type":"ListItem","position":5,"name":"HARMONOGRAMY POSTAW NA SIEBIE","item":"https:\/\/akademia-zdrowia.pl\/lodz\/oferta-szkoleniowa\/projekty-unijne\/postaw-na-siebie\/harmonogramy-postaw-na-siebie\/"},{"@type":"ListItem","position":6,"name":"Harmonogramy spotka\u0144 &#8211; Warsztaty reintegracji spo\u0142eczno-zawodowej"}]},{"@type":"WebSite","@id":"https:\/\/akademia-zdrowia.pl\/lodz\/#website","url":"https:\/\/akademia-zdrowia.pl\/lodz\/","name":"Akademia Zdrowia \u0141\u00f3d\u017a","description":"","potentialAction":[{"@type":"SearchAction","target":{"@type":"EntryPoint","urlTemplate":"https:\/\/akademia-zdrowia.pl\/lodz\/?s={search_term_string}"},"query-input":{"@type":"PropertyValueSpecification","valueRequired":true,"valueName":"search_term_string"}}],"inLanguage":"pl-PL"}]}},"_links":{"self":[{"href":"https:\/\/akademia-zdrowia.pl\/lodz\/wp-json\/wp\/v2\/pages\/10433","targetHints":{"allow":["GET"]}}],"collection":[{"href":"https:\/\/akademia-zdrowia.pl\/lodz\/wp-json\/wp\/v2\/pages"}],"about":[{"href":"https:\/\/akademia-zdrowia.pl\/lodz\/wp-json\/wp\/v2\/types\/page"}],"author":[{"embeddable":true,"href":"https:\/\/akademia-zdrowia.pl\/lodz\/wp-json\/wp\/v2\/users\/3"}],"replies":[{"embeddable":true,"href":"https:\/\/akademia-zdrowia.pl\/lodz\/wp-json\/wp\/v2\/comments?post=10433"}],"version-history":[{"count":4,"href":"https:\/\/akademia-zdrowia.pl\/lodz\/wp-json\/wp\/v2\/pages\/10433\/revisions"}],"predecessor-version":[{"id":10566,"href":"https:\/\/akademia-zdrowia.pl\/lodz\/wp-json\/wp\/v2\/pages\/10433\/revisions\/10566"}],"up":[{"embeddable":true,"href":"https:\/\/akademia-zdrowia.pl\/lodz\/wp-json\/wp\/v2\/pages\/3523"}],"wp:attachment":[{"href":"https:\/\/akademia-zdrowia.pl\/lodz\/wp-json\/wp\/v2\/media?parent=10433"}],"curies":[{"name":"wp","href":"https:\/\/api.w.org\/{rel}","templated":true}]}}