{"id":12420,"date":"2024-04-23T12:00:40","date_gmt":"2024-04-23T10:00:40","guid":{"rendered":"https:\/\/akademia-zdrowia.pl\/lodz\/?page_id=12420"},"modified":"2026-02-11T17:36:15","modified_gmt":"2026-02-11T16:36:15","slug":"aktywni-w-lodzkim","status":"publish","type":"page","link":"https:\/\/akademia-zdrowia.pl\/lodz\/oferta-szkoleniowa\/projekty-unijne\/aktywni-w-lodzkim\/","title":{"rendered":"Aktywni w \u0142\u00f3dzkim"},"content":{"rendered":"\t\t<div data-elementor-type=\"wp-page\" data-elementor-id=\"12420\" class=\"elementor elementor-12420\" data-elementor-post-type=\"page\">\n\t\t\t\t\t\t<section class=\"elementor-section elementor-top-section elementor-element elementor-element-3f6375d elementor-section-boxed elementor-section-height-default elementor-section-height-default\" data-id=\"3f6375d\" data-element_type=\"section\" data-e-type=\"section\">\n\t\t\t\t\t\t<div class=\"elementor-container elementor-column-gap-default\">\n\t\t\t\t\t<div class=\"elementor-column elementor-col-100 elementor-top-column elementor-element elementor-element-f74370a\" data-id=\"f74370a\" data-element_type=\"column\" data-e-type=\"column\">\n\t\t\t<div class=\"elementor-widget-wrap elementor-element-populated\">\n\t\t\t\t\t\t<div class=\"elementor-element elementor-element-168bd9b elementor-widget elementor-widget-rs-heading\" data-id=\"168bd9b\" data-element_type=\"widget\" data-e-type=\"widget\" data-widget_type=\"rs-heading.default\">\n\t\t\t\t<div class=\"elementor-widget-container\">\n\t\t\t\t\t        <div class=\"rs-heading default \">\r\n        \t<div class=\"title-inner\">\r\n        \t\t      \t\t\r\n\t            <span class=\"sub-text \">AKADEMIA ZDROWIA PROJEKTY UNIJNE<\/span><h1 class=\"title\"><span class=\"watermark\"><\/span>Aktywni w \u0142\u00f3dzkim<\/h1>\t        <\/div>\r\n\t                <\/div>\r\n        \t\t\t\t<\/div>\n\t\t\t\t<\/div>\n\t\t\t\t\t<\/div>\n\t\t<\/div>\n\t\t\t\t\t<\/div>\n\t\t<\/section>\n\t\t\t\t<section class=\"elementor-section elementor-top-section elementor-element elementor-element-99f3bbe elementor-section-stretched elementor-section-boxed elementor-section-height-default elementor-section-height-default\" data-id=\"99f3bbe\" data-element_type=\"section\" data-e-type=\"section\" data-settings=\"{&quot;stretch_section&quot;:&quot;section-stretched&quot;}\">\n\t\t\t\t\t\t<div class=\"elementor-container elementor-column-gap-default\">\n\t\t\t\t\t<div class=\"elementor-column elementor-col-100 elementor-top-column elementor-element elementor-element-954c3d8\" data-id=\"954c3d8\" data-element_type=\"column\" data-e-type=\"column\">\n\t\t\t<div class=\"elementor-widget-wrap elementor-element-populated\">\n\t\t\t\t\t\t<div class=\"elementor-element elementor-element-abf57ce elementor-tabs-view-horizontal elementor-widget elementor-widget-tabs\" data-id=\"abf57ce\" data-element_type=\"widget\" data-e-type=\"widget\" data-widget_type=\"tabs.default\">\n\t\t\t\t<div class=\"elementor-widget-container\">\n\t\t\t\t\t\t\t<div class=\"elementor-tabs\">\n\t\t\t<div class=\"elementor-tabs-wrapper\" role=\"tablist\" >\n\t\t\t\t\t\t\t\t\t<div id=\"elementor-tab-title-1801\" class=\"elementor-tab-title elementor-tab-desktop-title\" aria-selected=\"true\" data-tab=\"1\" role=\"tab\" tabindex=\"0\" aria-controls=\"elementor-tab-content-1801\" aria-expanded=\"false\">Projekt<\/div>\n\t\t\t\t\t\t\t\t\t<div id=\"elementor-tab-title-1802\" class=\"elementor-tab-title elementor-tab-desktop-title\" aria-selected=\"false\" data-tab=\"2\" role=\"tab\" tabindex=\"-1\" aria-controls=\"elementor-tab-content-1802\" aria-expanded=\"false\">Zapytania ofertowe<\/div>\n\t\t\t\t\t\t\t\t\t<div id=\"elementor-tab-title-1803\" class=\"elementor-tab-title elementor-tab-desktop-title\" aria-selected=\"false\" data-tab=\"3\" role=\"tab\" tabindex=\"-1\" aria-controls=\"elementor-tab-content-1803\" aria-expanded=\"false\">Harmonogram<\/div>\n\t\t\t\t\t\t\t\t\t<div id=\"elementor-tab-title-1804\" class=\"elementor-tab-title elementor-tab-desktop-title\" aria-selected=\"false\" data-tab=\"4\" role=\"tab\" tabindex=\"-1\" aria-controls=\"elementor-tab-content-1804\" aria-expanded=\"false\">Pliki do pobrania<\/div>\n\t\t\t\t\t\t\t<\/div>\n\t\t\t<div class=\"elementor-tabs-content-wrapper\" role=\"tablist\" aria-orientation=\"vertical\">\n\t\t\t\t\t\t\t\t\t<div class=\"elementor-tab-title elementor-tab-mobile-title\" aria-selected=\"true\" data-tab=\"1\" role=\"tab\" tabindex=\"0\" aria-controls=\"elementor-tab-content-1801\" aria-expanded=\"false\">Projekt<\/div>\n\t\t\t\t\t<div id=\"elementor-tab-content-1801\" class=\"elementor-tab-content elementor-clearfix\" data-tab=\"1\" role=\"tabpanel\" aria-labelledby=\"elementor-tab-title-1801\" tabindex=\"0\" hidden=\"false\"><p><img fetchpriority=\"high\" decoding=\"async\" class=\"alignnone wp-image-16953 size-full\" src=\"https:\/\/akademia-zdrowia.pl\/lodz\/wp-content\/uploads\/2025\/05\/zestawienie-znakow-kolor-scaled.jpg\" alt=\"\" width=\"2560\" height=\"257\" srcset=\"https:\/\/akademia-zdrowia.pl\/lodz\/wp-content\/uploads\/2025\/05\/zestawienie-znakow-kolor-scaled.jpg 2560w, https:\/\/akademia-zdrowia.pl\/lodz\/wp-content\/uploads\/2025\/05\/zestawienie-znakow-kolor-300x30.jpg 300w, https:\/\/akademia-zdrowia.pl\/lodz\/wp-content\/uploads\/2025\/05\/zestawienie-znakow-kolor-1024x103.jpg 1024w, https:\/\/akademia-zdrowia.pl\/lodz\/wp-content\/uploads\/2025\/05\/zestawienie-znakow-kolor-768x77.jpg 768w, https:\/\/akademia-zdrowia.pl\/lodz\/wp-content\/uploads\/2025\/05\/zestawienie-znakow-kolor-1536x154.jpg 1536w, https:\/\/akademia-zdrowia.pl\/lodz\/wp-content\/uploads\/2025\/05\/zestawienie-znakow-kolor-2048x206.jpg 2048w, https:\/\/akademia-zdrowia.pl\/lodz\/wp-content\/uploads\/2025\/05\/zestawienie-znakow-kolor-500x50.jpg 500w\" sizes=\"(max-width: 2560px) 100vw, 2560px\" \/><\/p><p>Od 1 marca 2024 r. Akademia Zdrowia Izabela \u0141ajs rozpocz\u0119\u0142a realizacj\u0119 projektu \u201eAktywni w \u0142\u00f3dzkim\u201d wsp\u00f3\u0142finansowanego ze \u015brodk\u00f3w Funduszu Europejskiego dla \u0141\u00f3dzkiego 2021-2027.<\/p><p>Celem projektu jest podniesienie kompetencji spo\u0142eczno- zawodowych 60 (36K\/24M) osobom w wieku aktywno\u015bci zawodowej 18 lat i wi\u0119cej, biernych zawodowo i zagro\u017conych ub\u00f3stwem lub wykluczeniem spo\u0142ecznym w tym os\u00f3b bezrobotnych, kt\u00f3re w pierwszej kolejno\u015bci wymagaj\u0105 aktywizacji spo\u0142ecznej zamieszka\u0142ych na terenie wojew\u00f3dztwa \u0142\u00f3dzkiego poprzez udzia\u0142 w kompleksowym i zindywidualizowanym wsparciu zawieraj\u0105cym instrumenty aktywizacji spo\u0142ecznej i zawodowej przeprowadzonym w terminie 01.03.2024-31.03.2026r.<\/p><p>Efektem realizowanego projektu ma by\u0107:<\/p><ul><li>podj\u0119cie zatrudnienia przez 12 uczestnik\u00f3w\/uczestniczek,<\/li><li>uzyskanie kwalifikacji zawodowych przez 48 uczestnik\u00f3w\/ uczestniczek,<\/li><li>poszukiwania zatrudnienia przez 18 uczestnik\u00f3w\/ uczestniczek.<\/li><\/ul><p>Grupa docelowa: 60 os\u00f3b fizycznych w wieku aktywno\u015bci zawodowej 18 lat i wi\u0119cej<br \/>zamieszka\u0142ych na terenie wojew\u00f3dztwa \u0142\u00f3dzkiego, biernych zawodowych lub<br \/>zagro\u017conych ub\u00f3stwem lub wykluczeniem spo\u0142ecznym, kt\u00f3re w pierwszej kolejno\u015bci wymagaj\u0105 aktywizacji spo\u0142ecznej.<\/p><p>W ramach projektu proponujemy:<\/p><ul><li>instrumenty aktywizacji spo\u0142ecznej- indywidualne poradnictwo psychologiczne i specjalistyczne oraz warsztaty interpersonalne,<\/li><li>instrumenty aktywizacji spo\u0142ecznej- kursy komputerowe,<\/li><li>instrumenty aktywizacji zawodowej- wysokiej jako\u015bci szkolenia,<\/li><li>Instrumenty aktywizacji zawodowej- wysokiej jako\u015bci sta\u017ce zawodowe i<br \/>po\u015brednictwo pracy.<\/li><\/ul><p>Osoby zainteresowane zapraszamy do biura projektu \u201eAktywni w \u0142\u00f3dzkim\u201d Akademia Zdrowia Izabela \u0141ajs mieszcz\u0105cego si\u0119 przy ul. Jana Kili\u0144skiego 21, 90-205 \u0141\u00f3d\u017a tel. 42\u00a0255 77 03; e-mail: aktywniwlodzkim@akademia-zdrowia.pl<\/p><p>Ca\u0142kowity koszt projektu: 1 033 848,89 z\u0142<br \/>Wysoko\u015b\u0107 wk\u0142adu z Funduszy Europejskich: 982 008,94 z\u0142<br \/>#FunduszeUE #FunduszeEuropejskie<\/p><\/div>\n\t\t\t\t\t\t\t\t\t<div class=\"elementor-tab-title elementor-tab-mobile-title\" aria-selected=\"false\" data-tab=\"2\" role=\"tab\" tabindex=\"-1\" aria-controls=\"elementor-tab-content-1802\" aria-expanded=\"false\">Zapytania ofertowe<\/div>\n\t\t\t\t\t<div id=\"elementor-tab-content-1802\" class=\"elementor-tab-content elementor-clearfix\" data-tab=\"2\" role=\"tabpanel\" aria-labelledby=\"elementor-tab-title-1802\" tabindex=\"0\" hidden=\"hidden\"><p><img decoding=\"async\" src=\"https:\/\/akademia-zdrowia.pl\/lodz\/wp-content\/uploads\/2025\/05\/zestawienie-znakow-kolor-scaled.jpg\" \/><\/p><p><a href=\"https:\/\/akademia-zdrowia.pl\/lodz\/wp-content\/uploads\/2024\/04\/SZACOWANIE-WARTOSCI-ZAMOWIENIA-NR-1-.-.docx\">Szacowanie warto\u015bci zam\u00f3wienia nr 1 z dnia 17.04.2024 r.<\/a><br \/><a href=\"https:\/\/akademia-zdrowia.pl\/lodz\/wp-content\/uploads\/2024\/05\/zapytanie-ofertowe-nr-1-z-dnia-30.04.2024-r.docx\">Zapytanie ofertowe nr 1 z dnia 30.04.2024 r.<\/a><br \/><a href=\"https:\/\/akademia-zdrowia.pl\/lodz\/wp-content\/uploads\/2024\/05\/protokol-do-zapytania-ofertowego-nr-1-z-14.05.2024-r.-.docx\">Protok\u00f3\u0142 do zapytania ofertowego nr 1 z 14.05.2024 r.<\/a><br \/><a href=\"https:\/\/akademia-zdrowia.pl\/lodz\/wp-content\/uploads\/2024\/05\/zapytanie-ofertowe-nr-2-z-dnia-15.05.2024.docx\">Zapytanie ofertowe nr 2 z dnia 15.05.2024<\/a><br \/><a href=\"https:\/\/akademia-zdrowia.pl\/lodz\/wp-content\/uploads\/2024\/06\/zapytanie-ofertowe-nr-3-z-dnia-16.06.2024.docx\">Zapytanie ofertowe nr 3 z dnia 16.06.2024 r.<\/a><\/p><\/div>\n\t\t\t\t\t\t\t\t\t<div class=\"elementor-tab-title elementor-tab-mobile-title\" aria-selected=\"false\" data-tab=\"3\" role=\"tab\" tabindex=\"-1\" aria-controls=\"elementor-tab-content-1803\" aria-expanded=\"false\">Harmonogram<\/div>\n\t\t\t\t\t<div id=\"elementor-tab-content-1803\" class=\"elementor-tab-content elementor-clearfix\" data-tab=\"3\" role=\"tabpanel\" aria-labelledby=\"elementor-tab-title-1803\" tabindex=\"0\" hidden=\"hidden\"><p><img decoding=\"async\" src=\"https:\/\/akademia-zdrowia.pl\/lodz\/wp-content\/uploads\/2025\/05\/zestawienie-znakow-kolor-scaled.jpg\" \/><\/p><p><a href=\"https:\/\/akademia-zdrowia.pl\/lodz\/wp-content\/uploads\/2024\/09\/Harmonogram-realizowanych-dzialan.doc\">Harmonogram realizowanych dzia\u0142a\u0144<\/a><br \/><a href=\"https:\/\/akademia-zdrowia.pl\/lodz\/wp-content\/uploads\/2026\/02\/harmonogram-realizowanych-dzialan-stazowych-w-ramach-projektu-Aktywni-w-lodzkim.pdf\">Harmonogram realizowanych dzia\u0142a\u0144 sta\u017cowych w ramach projektu Aktywni w \u0142\u00f3dzkim<\/a><\/p><\/div>\n\t\t\t\t\t\t\t\t\t<div class=\"elementor-tab-title elementor-tab-mobile-title\" aria-selected=\"false\" data-tab=\"4\" role=\"tab\" tabindex=\"-1\" aria-controls=\"elementor-tab-content-1804\" aria-expanded=\"false\">Pliki do pobrania<\/div>\n\t\t\t\t\t<div id=\"elementor-tab-content-1804\" class=\"elementor-tab-content elementor-clearfix\" data-tab=\"4\" role=\"tabpanel\" aria-labelledby=\"elementor-tab-title-1804\" tabindex=\"0\" hidden=\"hidden\"><p><img decoding=\"async\" src=\"https:\/\/akademia-zdrowia.pl\/lodz\/wp-content\/uploads\/2025\/05\/zestawienie-znakow-kolor-scaled.jpg\" \/><\/p><p><a href=\"https:\/\/akademia-zdrowia.pl\/lodz\/wp-content\/uploads\/2025\/05\/formularz-rekrutacyjny.docx\">formularz rekrutacyjny.docx<\/a><br \/><a href=\"https:\/\/akademia-zdrowia.pl\/lodz\/wp-content\/uploads\/2025\/05\/regulamin-projektu.docx\">regulamin projektu.dox<\/a><\/p><\/div>\n\t\t\t\t\t\t\t<\/div>\n\t\t<\/div>\n\t\t\t\t\t\t<\/div>\n\t\t\t\t<\/div>\n\t\t\t\t\t<\/div>\n\t\t<\/div>\n\t\t\t\t\t<\/div>\n\t\t<\/section>\n\t\t\t\t<section class=\"elementor-section elementor-top-section elementor-element elementor-element-1cd4e40 elementor-section-boxed elementor-section-height-default elementor-section-height-default\" data-id=\"1cd4e40\" data-element_type=\"section\" data-e-type=\"section\" data-settings=\"{&quot;background_background&quot;:&quot;classic&quot;}\">\n\t\t\t\t\t\t<div class=\"elementor-container elementor-column-gap-default\">\n\t\t\t\t\t<div class=\"elementor-column elementor-col-50 elementor-top-column elementor-element elementor-element-fe8affc\" data-id=\"fe8affc\" data-element_type=\"column\" data-e-type=\"column\" data-settings=\"{&quot;background_background&quot;:&quot;classic&quot;}\">\n\t\t\t<div class=\"elementor-widget-wrap elementor-element-populated\">\n\t\t\t\t\t\t<div class=\"elementor-element elementor-element-66e9cd0 elementor-widget-mobile__width-initial elementor-widget elementor-widget-rs-heading\" data-id=\"66e9cd0\" data-element_type=\"widget\" data-e-type=\"widget\" data-widget_type=\"rs-heading.default\">\n\t\t\t\t<div class=\"elementor-widget-container\">\n\t\t\t\t\t        <div class=\"rs-heading default \">\r\n        \t<div class=\"title-inner\">\r\n        \t\t      \t\t\r\n\t            <span class=\"sub-text \">MASZ PYTANIA<\/span><h2 class=\"title\"><span class=\"watermark\"><\/span>Skontaktuj  si\u0119 z nami!<\/h2>\t        <\/div>\r\n\t                    \t<div class=\"description\">\r\n            \t\t<p>Jeste\u015bmy tu po to aby Wam pom\u00f3c!\u00a0<\/p>            \t\t\r\n            \t<\/div>\r\n        \t        <\/div>\r\n        \t\t\t\t<\/div>\n\t\t\t\t<\/div>\n\t\t\t\t<div class=\"elementor-element elementor-element-da8ca28 elementor-widget elementor-widget-rs-button\" data-id=\"da8ca28\" data-element_type=\"widget\" data-e-type=\"widget\" data-widget_type=\"rs-button.default\">\n\t\t\t\t<div class=\"elementor-widget-container\">\n\t\t\t\t\t\t\r\n\t\t\r\n\t\t<div class=\"rs-view-btn\">\r\n\t\t\t\t\t\t<a class=\"rs-btn rs-btnblack rs-btn-style1\" href=\"tel:+4842%20255%2077%2000\" >\t\t\t\t\r\n\t\t\t\t<span class=\"rs_btn__text\"><span class=\"btn_text\">ZADZWO\u0143 - 42 255 77 00<\/span><\/span>\r\n\t\t\t<\/a>\r\n\t\t<\/div>    \r\n\t\t\t\t\t<\/div>\n\t\t\t\t<\/div>\n\t\t\t\t\t<\/div>\n\t\t<\/div>\n\t\t\t\t<div class=\"elementor-column elementor-col-50 elementor-top-column elementor-element elementor-element-9d4bbc4\" data-id=\"9d4bbc4\" data-element_type=\"column\" data-e-type=\"column\">\n\t\t\t<div class=\"elementor-widget-wrap elementor-element-populated\">\n\t\t\t\t\t\t<div class=\"elementor-element elementor-element-b9115bf elementor-widget elementor-widget-rs-heading\" data-id=\"b9115bf\" data-element_type=\"widget\" data-e-type=\"widget\" data-widget_type=\"rs-heading.default\">\n\t\t\t\t<div class=\"elementor-widget-container\">\n\t\t\t\t\t        <div class=\"rs-heading default \">\r\n        \t<div class=\"title-inner\">\r\n        \t\t      \t\t\r\n\t            <span class=\"sub-text \">ZAUFANY PARTNER<\/span><h2 class=\"title\"><span class=\"watermark\"><\/span>Dlaczego warto wybra\u0107 nas<\/h2>\t        <\/div>\r\n\t                    \t<div class=\"description\">\r\n            \t\t<p>Zaufaj naszemu wieloletniemu do\u015bwiadczeniu i zespo\u0142owi specjalist\u00f3w. Oferujemy profesjonalne szkolenia, kt\u00f3re pomog\u0105 rozwija\u0107 Tw\u00f3j biznes. Wybieraj\u0105c nas, inwestujesz w sprawdzonego partnera, kt\u00f3ry wspiera sukces Twojej firmy. Skontaktuj si\u0119 z nami i zacznij rozwija\u0107 si\u0119 razem z nami!<\/p>            \t\t\r\n            \t<\/div>\r\n        \t        <\/div>\r\n        \t\t\t\t<\/div>\n\t\t\t\t<\/div>\n\t\t\t\t\t<\/div>\n\t\t<\/div>\n\t\t\t\t\t<\/div>\n\t\t<\/section>\n\t\t\t\t<\/div>\n\t\t","protected":false},"excerpt":{"rendered":"<p>AKADEMIA ZDROWIA PROJEKTY UNIJNE Aktywni w \u0142\u00f3dzkim Projekt Zapytania ofertowe Harmonogram Pliki do pobrania Projekt Od 1 marca 2024 r. Akademia Zdrowia Izabela \u0141ajs rozpocz\u0119\u0142a realizacj\u0119 projektu \u201eAktywni w \u0142\u00f3dzkim\u201d wsp\u00f3\u0142finansowanego ze \u015brodk\u00f3w Funduszu Europejskiego dla \u0141\u00f3dzkiego 2021-2027. Celem projektu jest podniesienie kompetencji spo\u0142eczno- zawodowych 60 (36K\/24M) osobom w wieku aktywno\u015bci zawodowej 18 lat i&#8230;<\/p>\n","protected":false},"author":3,"featured_media":0,"parent":55,"menu_order":0,"comment_status":"closed","ping_status":"closed","template":"","meta":{"footnotes":""},"class_list":["post-12420","page","type-page","status-publish","hentry"],"yoast_head":"<!-- This site is optimized with the Yoast SEO Premium plugin v18.9 (Yoast SEO v27.2) - https:\/\/yoast.com\/product\/yoast-seo-premium-wordpress\/ -->\n<title>Aktywni w \u0142\u00f3dzkim - Akademia Zdrowia \u0141\u00f3d\u017a - Kursy zawodowe, szko\u0142y policealne, szko\u0142y dla doros\u0142ych<\/title>\n<meta name=\"description\" content=\"AKADEMIA ZDROWIA PROJEKTY UNIJNEAktywni w \u0142\u00f3dzkim Projekt Zapytania ofertowe Harmonogram Pliki do pobrania Projekt Od 1 marca 2024 r. Akademia Zdrowia\" \/>\n<meta name=\"robots\" content=\"index, follow, max-snippet:-1, max-image-preview:large, max-video-preview:-1\" \/>\n<link rel=\"canonical\" href=\"https:\/\/akademia-zdrowia.pl\/lodz\/oferta-szkoleniowa\/projekty-unijne\/aktywni-w-lodzkim\/\" \/>\n<meta property=\"og:locale\" content=\"pl_PL\" \/>\n<meta property=\"og:type\" content=\"article\" \/>\n<meta property=\"og:title\" content=\"Aktywni w \u0142\u00f3dzkim\" \/>\n<meta property=\"og:description\" content=\"AKADEMIA ZDROWIA PROJEKTY UNIJNEAktywni w \u0142\u00f3dzkim Projekt Zapytania ofertowe Harmonogram Pliki do pobrania Projekt Od 1 marca 2024 r. Akademia Zdrowia\" \/>\n<meta property=\"og:url\" content=\"https:\/\/akademia-zdrowia.pl\/lodz\/oferta-szkoleniowa\/projekty-unijne\/aktywni-w-lodzkim\/\" \/>\n<meta property=\"og:site_name\" content=\"Akademia Zdrowia \u0141\u00f3d\u017a\" \/>\n<meta property=\"article:modified_time\" content=\"2026-02-11T16:36:15+00:00\" \/>\n<meta property=\"og:image\" content=\"https:\/\/akademia-zdrowia.pl\/lodz\/wp-content\/uploads\/2025\/05\/zestawienie-znakow-kolor-scaled.jpg\" \/>\n<meta name=\"twitter:card\" content=\"summary_large_image\" \/>\n<meta name=\"twitter:label1\" content=\"Szacowany czas czytania\" \/>\n\t<meta name=\"twitter:data1\" content=\"3 minuty\" \/>\n<script type=\"application\/ld+json\" class=\"yoast-schema-graph\">{\"@context\":\"https:\/\/schema.org\",\"@graph\":[{\"@type\":\"WebPage\",\"@id\":\"https:\/\/akademia-zdrowia.pl\/lodz\/oferta-szkoleniowa\/projekty-unijne\/aktywni-w-lodzkim\/\",\"url\":\"https:\/\/akademia-zdrowia.pl\/lodz\/oferta-szkoleniowa\/projekty-unijne\/aktywni-w-lodzkim\/\",\"name\":\"Aktywni w \u0142\u00f3dzkim - Akademia Zdrowia \u0141\u00f3d\u017a - Kursy zawodowe, szko\u0142y policealne, szko\u0142y dla doros\u0142ych\",\"isPartOf\":{\"@id\":\"https:\/\/akademia-zdrowia.pl\/lodz\/#website\"},\"primaryImageOfPage\":{\"@id\":\"https:\/\/akademia-zdrowia.pl\/lodz\/oferta-szkoleniowa\/projekty-unijne\/aktywni-w-lodzkim\/#primaryimage\"},\"image\":{\"@id\":\"https:\/\/akademia-zdrowia.pl\/lodz\/oferta-szkoleniowa\/projekty-unijne\/aktywni-w-lodzkim\/#primaryimage\"},\"thumbnailUrl\":\"https:\/\/akademia-zdrowia.pl\/lodz\/wp-content\/uploads\/2025\/05\/zestawienie-znakow-kolor-scaled.jpg\",\"datePublished\":\"2024-04-23T10:00:40+00:00\",\"dateModified\":\"2026-02-11T16:36:15+00:00\",\"description\":\"AKADEMIA ZDROWIA PROJEKTY UNIJNEAktywni w \u0142\u00f3dzkim Projekt Zapytania ofertowe Harmonogram Pliki do pobrania Projekt Od 1 marca 2024 r. Akademia Zdrowia\",\"breadcrumb\":{\"@id\":\"https:\/\/akademia-zdrowia.pl\/lodz\/oferta-szkoleniowa\/projekty-unijne\/aktywni-w-lodzkim\/#breadcrumb\"},\"inLanguage\":\"pl-PL\",\"potentialAction\":[{\"@type\":\"ReadAction\",\"target\":[\"https:\/\/akademia-zdrowia.pl\/lodz\/oferta-szkoleniowa\/projekty-unijne\/aktywni-w-lodzkim\/\"]}]},{\"@type\":\"ImageObject\",\"inLanguage\":\"pl-PL\",\"@id\":\"https:\/\/akademia-zdrowia.pl\/lodz\/oferta-szkoleniowa\/projekty-unijne\/aktywni-w-lodzkim\/#primaryimage\",\"url\":\"https:\/\/akademia-zdrowia.pl\/lodz\/wp-content\/uploads\/2025\/05\/zestawienie-znakow-kolor-scaled.jpg\",\"contentUrl\":\"https:\/\/akademia-zdrowia.pl\/lodz\/wp-content\/uploads\/2025\/05\/zestawienie-znakow-kolor-scaled.jpg\",\"width\":2560,\"height\":257},{\"@type\":\"BreadcrumbList\",\"@id\":\"https:\/\/akademia-zdrowia.pl\/lodz\/oferta-szkoleniowa\/projekty-unijne\/aktywni-w-lodzkim\/#breadcrumb\",\"itemListElement\":[{\"@type\":\"ListItem\",\"position\":1,\"name\":\"Strona g\u0142\u00f3wna\",\"item\":\"https:\/\/akademia-zdrowia.pl\/lodz\/\"},{\"@type\":\"ListItem\",\"position\":2,\"name\":\"Oferta szkoleniowa\",\"item\":\"https:\/\/akademia-zdrowia.pl\/lodz\/oferta-szkoleniowa\/\"},{\"@type\":\"ListItem\",\"position\":3,\"name\":\"Projekty unijne\",\"item\":\"https:\/\/akademia-zdrowia.pl\/lodz\/oferta-szkoleniowa\/projekty-unijne\/\"},{\"@type\":\"ListItem\",\"position\":4,\"name\":\"Aktywni w \u0142\u00f3dzkim\"}]},{\"@type\":\"WebSite\",\"@id\":\"https:\/\/akademia-zdrowia.pl\/lodz\/#website\",\"url\":\"https:\/\/akademia-zdrowia.pl\/lodz\/\",\"name\":\"Akademia Zdrowia \u0141\u00f3d\u017a\",\"description\":\"\",\"potentialAction\":[{\"@type\":\"SearchAction\",\"target\":{\"@type\":\"EntryPoint\",\"urlTemplate\":\"https:\/\/akademia-zdrowia.pl\/lodz\/?s={search_term_string}\"},\"query-input\":{\"@type\":\"PropertyValueSpecification\",\"valueRequired\":true,\"valueName\":\"search_term_string\"}}],\"inLanguage\":\"pl-PL\"}]}<\/script>\n<!-- \/ Yoast SEO Premium plugin. -->","yoast_head_json":{"title":"Aktywni w \u0142\u00f3dzkim - Akademia Zdrowia \u0141\u00f3d\u017a - Kursy zawodowe, szko\u0142y policealne, szko\u0142y dla doros\u0142ych","description":"AKADEMIA ZDROWIA PROJEKTY UNIJNEAktywni w \u0142\u00f3dzkim Projekt Zapytania ofertowe Harmonogram Pliki do pobrania Projekt Od 1 marca 2024 r. Akademia Zdrowia","robots":{"index":"index","follow":"follow","max-snippet":"max-snippet:-1","max-image-preview":"max-image-preview:large","max-video-preview":"max-video-preview:-1"},"canonical":"https:\/\/akademia-zdrowia.pl\/lodz\/oferta-szkoleniowa\/projekty-unijne\/aktywni-w-lodzkim\/","og_locale":"pl_PL","og_type":"article","og_title":"Aktywni w \u0142\u00f3dzkim","og_description":"AKADEMIA ZDROWIA PROJEKTY UNIJNEAktywni w \u0142\u00f3dzkim Projekt Zapytania ofertowe Harmonogram Pliki do pobrania Projekt Od 1 marca 2024 r. Akademia Zdrowia","og_url":"https:\/\/akademia-zdrowia.pl\/lodz\/oferta-szkoleniowa\/projekty-unijne\/aktywni-w-lodzkim\/","og_site_name":"Akademia Zdrowia \u0141\u00f3d\u017a","article_modified_time":"2026-02-11T16:36:15+00:00","og_image":[{"url":"https:\/\/akademia-zdrowia.pl\/lodz\/wp-content\/uploads\/2025\/05\/zestawienie-znakow-kolor-scaled.jpg","type":"","width":"","height":""}],"twitter_card":"summary_large_image","twitter_misc":{"Szacowany czas czytania":"3 minuty"},"schema":{"@context":"https:\/\/schema.org","@graph":[{"@type":"WebPage","@id":"https:\/\/akademia-zdrowia.pl\/lodz\/oferta-szkoleniowa\/projekty-unijne\/aktywni-w-lodzkim\/","url":"https:\/\/akademia-zdrowia.pl\/lodz\/oferta-szkoleniowa\/projekty-unijne\/aktywni-w-lodzkim\/","name":"Aktywni w \u0142\u00f3dzkim - Akademia Zdrowia \u0141\u00f3d\u017a - Kursy zawodowe, szko\u0142y policealne, szko\u0142y dla doros\u0142ych","isPartOf":{"@id":"https:\/\/akademia-zdrowia.pl\/lodz\/#website"},"primaryImageOfPage":{"@id":"https:\/\/akademia-zdrowia.pl\/lodz\/oferta-szkoleniowa\/projekty-unijne\/aktywni-w-lodzkim\/#primaryimage"},"image":{"@id":"https:\/\/akademia-zdrowia.pl\/lodz\/oferta-szkoleniowa\/projekty-unijne\/aktywni-w-lodzkim\/#primaryimage"},"thumbnailUrl":"https:\/\/akademia-zdrowia.pl\/lodz\/wp-content\/uploads\/2025\/05\/zestawienie-znakow-kolor-scaled.jpg","datePublished":"2024-04-23T10:00:40+00:00","dateModified":"2026-02-11T16:36:15+00:00","description":"AKADEMIA ZDROWIA PROJEKTY UNIJNEAktywni w \u0142\u00f3dzkim Projekt Zapytania ofertowe Harmonogram Pliki do pobrania Projekt Od 1 marca 2024 r. Akademia Zdrowia","breadcrumb":{"@id":"https:\/\/akademia-zdrowia.pl\/lodz\/oferta-szkoleniowa\/projekty-unijne\/aktywni-w-lodzkim\/#breadcrumb"},"inLanguage":"pl-PL","potentialAction":[{"@type":"ReadAction","target":["https:\/\/akademia-zdrowia.pl\/lodz\/oferta-szkoleniowa\/projekty-unijne\/aktywni-w-lodzkim\/"]}]},{"@type":"ImageObject","inLanguage":"pl-PL","@id":"https:\/\/akademia-zdrowia.pl\/lodz\/oferta-szkoleniowa\/projekty-unijne\/aktywni-w-lodzkim\/#primaryimage","url":"https:\/\/akademia-zdrowia.pl\/lodz\/wp-content\/uploads\/2025\/05\/zestawienie-znakow-kolor-scaled.jpg","contentUrl":"https:\/\/akademia-zdrowia.pl\/lodz\/wp-content\/uploads\/2025\/05\/zestawienie-znakow-kolor-scaled.jpg","width":2560,"height":257},{"@type":"BreadcrumbList","@id":"https:\/\/akademia-zdrowia.pl\/lodz\/oferta-szkoleniowa\/projekty-unijne\/aktywni-w-lodzkim\/#breadcrumb","itemListElement":[{"@type":"ListItem","position":1,"name":"Strona g\u0142\u00f3wna","item":"https:\/\/akademia-zdrowia.pl\/lodz\/"},{"@type":"ListItem","position":2,"name":"Oferta szkoleniowa","item":"https:\/\/akademia-zdrowia.pl\/lodz\/oferta-szkoleniowa\/"},{"@type":"ListItem","position":3,"name":"Projekty unijne","item":"https:\/\/akademia-zdrowia.pl\/lodz\/oferta-szkoleniowa\/projekty-unijne\/"},{"@type":"ListItem","position":4,"name":"Aktywni w \u0142\u00f3dzkim"}]},{"@type":"WebSite","@id":"https:\/\/akademia-zdrowia.pl\/lodz\/#website","url":"https:\/\/akademia-zdrowia.pl\/lodz\/","name":"Akademia Zdrowia \u0141\u00f3d\u017a","description":"","potentialAction":[{"@type":"SearchAction","target":{"@type":"EntryPoint","urlTemplate":"https:\/\/akademia-zdrowia.pl\/lodz\/?s={search_term_string}"},"query-input":{"@type":"PropertyValueSpecification","valueRequired":true,"valueName":"search_term_string"}}],"inLanguage":"pl-PL"}]}},"_links":{"self":[{"href":"https:\/\/akademia-zdrowia.pl\/lodz\/wp-json\/wp\/v2\/pages\/12420","targetHints":{"allow":["GET"]}}],"collection":[{"href":"https:\/\/akademia-zdrowia.pl\/lodz\/wp-json\/wp\/v2\/pages"}],"about":[{"href":"https:\/\/akademia-zdrowia.pl\/lodz\/wp-json\/wp\/v2\/types\/page"}],"author":[{"embeddable":true,"href":"https:\/\/akademia-zdrowia.pl\/lodz\/wp-json\/wp\/v2\/users\/3"}],"replies":[{"embeddable":true,"href":"https:\/\/akademia-zdrowia.pl\/lodz\/wp-json\/wp\/v2\/comments?post=12420"}],"version-history":[{"count":87,"href":"https:\/\/akademia-zdrowia.pl\/lodz\/wp-json\/wp\/v2\/pages\/12420\/revisions"}],"predecessor-version":[{"id":17784,"href":"https:\/\/akademia-zdrowia.pl\/lodz\/wp-json\/wp\/v2\/pages\/12420\/revisions\/17784"}],"up":[{"embeddable":true,"href":"https:\/\/akademia-zdrowia.pl\/lodz\/wp-json\/wp\/v2\/pages\/55"}],"wp:attachment":[{"href":"https:\/\/akademia-zdrowia.pl\/lodz\/wp-json\/wp\/v2\/media?parent=12420"}],"curies":[{"name":"wp","href":"https:\/\/api.w.org\/{rel}","templated":true}]}}