{"id":16491,"date":"2024-11-20T13:52:53","date_gmt":"2024-11-20T12:52:53","guid":{"rendered":"https:\/\/akademia-zdrowia.pl\/lodz\/?page_id=16491"},"modified":"2024-11-20T14:00:53","modified_gmt":"2024-11-20T13:00:53","slug":"pomocna-dlon-w-lodzi","status":"publish","type":"page","link":"https:\/\/akademia-zdrowia.pl\/lodz\/oferta-szkoleniowa\/projekty-unijne\/pomocna-dlon-w-lodzi\/","title":{"rendered":"Pomocna d\u0142o\u0144 w \u0141odzi"},"content":{"rendered":"\t\t<div data-elementor-type=\"wp-page\" data-elementor-id=\"16491\" class=\"elementor elementor-16491\" data-elementor-post-type=\"page\">\n\t\t\t\t\t\t<section class=\"elementor-section elementor-top-section elementor-element elementor-element-06c2d43 elementor-section-boxed elementor-section-height-default elementor-section-height-default\" data-id=\"06c2d43\" data-element_type=\"section\" data-e-type=\"section\">\n\t\t\t\t\t\t<div class=\"elementor-container elementor-column-gap-default\">\n\t\t\t\t\t<div class=\"elementor-column elementor-col-100 elementor-top-column elementor-element elementor-element-a5af931\" data-id=\"a5af931\" data-element_type=\"column\" data-e-type=\"column\">\n\t\t\t<div class=\"elementor-widget-wrap elementor-element-populated\">\n\t\t\t\t\t\t<div class=\"elementor-element elementor-element-eb51389 elementor-widget elementor-widget-rs-heading\" data-id=\"eb51389\" data-element_type=\"widget\" data-e-type=\"widget\" data-widget_type=\"rs-heading.default\">\n\t\t\t\t<div class=\"elementor-widget-container\">\n\t\t\t\t\t        <div class=\"rs-heading default \">\r\n        \t<div class=\"title-inner\">\r\n        \t\t      \t\t\r\n\t            <span class=\"sub-text \">AKADEMIA ZDROWIA PROJEKTY UNIJNE<\/span><h1 class=\"title\"><span class=\"watermark\"><\/span>Pomocna d\u0142o\u0144 w \u0141odzi<\/h1>\t        <\/div>\r\n\t                <\/div>\r\n        \t\t\t\t<\/div>\n\t\t\t\t<\/div>\n\t\t\t\t\t<\/div>\n\t\t<\/div>\n\t\t\t\t\t<\/div>\n\t\t<\/section>\n\t\t\t\t<section class=\"elementor-section elementor-top-section elementor-element elementor-element-9fc8893 elementor-section-stretched elementor-section-boxed elementor-section-height-default elementor-section-height-default\" data-id=\"9fc8893\" data-element_type=\"section\" data-e-type=\"section\" data-settings=\"{&quot;stretch_section&quot;:&quot;section-stretched&quot;}\">\n\t\t\t\t\t\t<div class=\"elementor-container elementor-column-gap-default\">\n\t\t\t\t\t<div class=\"elementor-column elementor-col-100 elementor-top-column elementor-element elementor-element-862cb3e\" data-id=\"862cb3e\" data-element_type=\"column\" data-e-type=\"column\">\n\t\t\t<div class=\"elementor-widget-wrap elementor-element-populated\">\n\t\t\t\t\t\t<div class=\"elementor-element elementor-element-9d95530 elementor-tabs-view-horizontal elementor-widget elementor-widget-tabs\" data-id=\"9d95530\" data-element_type=\"widget\" data-e-type=\"widget\" data-widget_type=\"tabs.default\">\n\t\t\t\t<div class=\"elementor-widget-container\">\n\t\t\t\t\t\t\t<div class=\"elementor-tabs\">\n\t\t\t<div class=\"elementor-tabs-wrapper\" role=\"tablist\" >\n\t\t\t\t\t\t\t\t\t<div id=\"elementor-tab-title-1651\" class=\"elementor-tab-title elementor-tab-desktop-title\" aria-selected=\"true\" data-tab=\"1\" role=\"tab\" tabindex=\"0\" aria-controls=\"elementor-tab-content-1651\" aria-expanded=\"false\">Projekt<\/div>\n\t\t\t\t\t\t\t<\/div>\n\t\t\t<div class=\"elementor-tabs-content-wrapper\" role=\"tablist\" aria-orientation=\"vertical\">\n\t\t\t\t\t\t\t\t\t<div class=\"elementor-tab-title elementor-tab-mobile-title\" aria-selected=\"true\" data-tab=\"1\" role=\"tab\" tabindex=\"0\" aria-controls=\"elementor-tab-content-1651\" aria-expanded=\"false\">Projekt<\/div>\n\t\t\t\t\t<div id=\"elementor-tab-content-1651\" class=\"elementor-tab-content elementor-clearfix\" data-tab=\"1\" role=\"tabpanel\" aria-labelledby=\"elementor-tab-title-1651\" tabindex=\"0\" hidden=\"false\"><h2><img fetchpriority=\"high\" decoding=\"async\" class=\"alignnone wp-image-16500 size-full\" src=\"https:\/\/akademia-zdrowia.pl\/lodz\/wp-content\/uploads\/2024\/11\/FERPUEWL-KOLOR-scaled.jpg\" alt=\"\" width=\"2560\" height=\"272\" srcset=\"https:\/\/akademia-zdrowia.pl\/lodz\/wp-content\/uploads\/2024\/11\/FERPUEWL-KOLOR-scaled.jpg 2560w, https:\/\/akademia-zdrowia.pl\/lodz\/wp-content\/uploads\/2024\/11\/FERPUEWL-KOLOR-300x32.jpg 300w, https:\/\/akademia-zdrowia.pl\/lodz\/wp-content\/uploads\/2024\/11\/FERPUEWL-KOLOR-1024x109.jpg 1024w, https:\/\/akademia-zdrowia.pl\/lodz\/wp-content\/uploads\/2024\/11\/FERPUEWL-KOLOR-768x82.jpg 768w, https:\/\/akademia-zdrowia.pl\/lodz\/wp-content\/uploads\/2024\/11\/FERPUEWL-KOLOR-1536x163.jpg 1536w, https:\/\/akademia-zdrowia.pl\/lodz\/wp-content\/uploads\/2024\/11\/FERPUEWL-KOLOR-2048x218.jpg 2048w, https:\/\/akademia-zdrowia.pl\/lodz\/wp-content\/uploads\/2024\/11\/FERPUEWL-KOLOR-500x53.jpg 500w, https:\/\/akademia-zdrowia.pl\/lodz\/wp-content\/uploads\/2024\/11\/FERPUEWL-KOLOR-1320x140.jpg 1320w\" sizes=\"(max-width: 2560px) 100vw, 2560px\" \/><br \/><br \/><b>Projekt \u201ePomocna d\u0142o\u0144 w \u0141odzi\u201d<\/b><\/h2><p><b>Okres realizacji projektu: od 1 sierpnia 2024r. do 31 grudnia 2025r.<\/b><\/p><p><b>Cel:\u00a0<\/b><span style=\"font-weight: 400;\">Zwi\u0119kszenie samodzielno\u015bci oraz zdolno\u015bci do uczestniczenia w \u017cyciu spo\u0142ecznym 23 os\u00f3b potrzebuj\u0105cych wsparcia w codziennym funkcjonowaniu ze wzgl\u0119du na wiek, stan zdrowia, niepe\u0142nosprawno\u015b\u0107, z terenu woj. \u0142\u00f3dzkiego, w szczeg\u00f3lno\u015bci m. \u0141odzi, poprzez zapewnienie kompleksowych us\u0142ug opieku\u0144czych w miejscu zamieszkania, dzia\u0142a\u0144 towarzysz\u0105cych w postaci poradnictwa specjalistycznego i teleopieki oraz wsparcia dla opiekun\u00f3w faktycznych w okresie 1.08.2024-31.12.2025r.\u00a0<\/span><\/p><p><b>Grupa docelowa:\u00a0<\/b><span style=\"font-weight: 400;\">23 osoby potrzebuj\u0105ce wsparcia w codziennym funkcjonowaniu ze wzgl\u0119du na wiek, stan zdrowia, niepe\u0142nosprawno\u015b\u0107 oraz otoczenie os\u00f3b niesamodzielnych oraz 23 opiekun\u00f3w faktycznych os. fizycznych zamieszkuj\u0105cych w rozumieniu przepis\u00f3w KC na obszarze woj. \u0142\u00f3dzkiego., w szczeg\u00f3lno\u015bci w m. \u0141odzi.\u00a0<\/span><\/p><p><b>W ramach projektu oferujemy:\u00a0<\/b><\/p><ul><li aria-level=\"1\"><span style=\"font-weight: 400;\">Us\u0142ugi opieku\u0144cze w miejscu zamieszkania\u00a0<\/span><\/li><li aria-level=\"1\"><span style=\"font-weight: 400;\">Dzia\u0142ania towarzysz\u0105ce, czyli poradnictwo specjalistyczne i teleopieka\u00a0<\/span><\/li><li aria-level=\"1\"><span style=\"font-weight: 400;\">Wsparcie opiekun\u00f3w faktycznych<\/span><\/li><\/ul><p>\u00a0<\/p><p><b>Biuro Projektu \u201ePomocna d\u0142o\u0144 w \u0141odzi\u201d<\/b><\/p><p><b>Akademia Zdrowia Izabela \u0141ajs,<\/b><\/p><ol><li><b> Kili\u0144skiego 21, 90-205 \u0141\u00f3d\u017a<\/b><\/li><\/ol><p><b>tel.: 42 255 77 00<\/b><\/p><p><b>Biuro projektu jest czynne od poniedzia\u0142ku do pi\u0105tku w godzinach 08:00-16:00<\/b><\/p><p><span style=\"font-weight: 400;\">Projekt \u201ePomocna d\u0142o\u0144 w \u0141odzi\u201d wsp\u00f3\u0142finansowany jest ze \u015brodk\u00f3w Europejskiego Funduszu Spo\u0142ecznego Plus w ramach programu regionalnego Fundusze Europejskie dla \u0141\u00f3dzkiego 2021-2027. Ca\u0142kowita warto\u015b\u0107 projektu 1088406,00 z\u0142, w tym wysoko\u015b\u0107 wk\u0142adu Funduszy Europejskich 1033985,70 z\u0142.<\/span><\/p><\/div>\n\t\t\t\t\t\t\t<\/div>\n\t\t<\/div>\n\t\t\t\t\t\t<\/div>\n\t\t\t\t<\/div>\n\t\t\t\t\t<\/div>\n\t\t<\/div>\n\t\t\t\t\t<\/div>\n\t\t<\/section>\n\t\t\t\t<section class=\"elementor-section elementor-top-section elementor-element elementor-element-41514d8 elementor-section-boxed elementor-section-height-default elementor-section-height-default\" data-id=\"41514d8\" data-element_type=\"section\" data-e-type=\"section\" data-settings=\"{&quot;background_background&quot;:&quot;classic&quot;}\">\n\t\t\t\t\t\t<div class=\"elementor-container elementor-column-gap-default\">\n\t\t\t\t\t<div class=\"elementor-column elementor-col-50 elementor-top-column elementor-element elementor-element-caba532\" data-id=\"caba532\" data-element_type=\"column\" data-e-type=\"column\" data-settings=\"{&quot;background_background&quot;:&quot;classic&quot;}\">\n\t\t\t<div class=\"elementor-widget-wrap elementor-element-populated\">\n\t\t\t\t\t\t<div class=\"elementor-element elementor-element-0df0e50 elementor-widget-mobile__width-initial elementor-widget elementor-widget-rs-heading\" data-id=\"0df0e50\" data-element_type=\"widget\" data-e-type=\"widget\" data-widget_type=\"rs-heading.default\">\n\t\t\t\t<div class=\"elementor-widget-container\">\n\t\t\t\t\t        <div class=\"rs-heading default \">\r\n        \t<div class=\"title-inner\">\r\n        \t\t      \t\t\r\n\t            <span class=\"sub-text \">MASZ PYTANIA<\/span><h2 class=\"title\"><span class=\"watermark\"><\/span>Skontaktuj  si\u0119 z nami!<\/h2>\t        <\/div>\r\n\t                    \t<div class=\"description\">\r\n            \t\t<p>Jeste\u015bmy tu po to aby Wam pom\u00f3c!\u00a0<\/p>            \t\t\r\n            \t<\/div>\r\n        \t        <\/div>\r\n        \t\t\t\t<\/div>\n\t\t\t\t<\/div>\n\t\t\t\t<div class=\"elementor-element elementor-element-d5dfda2 elementor-widget elementor-widget-rs-button\" data-id=\"d5dfda2\" data-element_type=\"widget\" data-e-type=\"widget\" data-widget_type=\"rs-button.default\">\n\t\t\t\t<div class=\"elementor-widget-container\">\n\t\t\t\t\t\t\r\n\t\t\r\n\t\t<div class=\"rs-view-btn\">\r\n\t\t\t\t\t\t<a class=\"rs-btn rs-btnblack rs-btn-style1\" href=\"tel:+4842%20255%2077%2000\" >\t\t\t\t\r\n\t\t\t\t<span class=\"rs_btn__text\"><span class=\"btn_text\">ZADZWO\u0143 - 42 255 77 00<\/span><\/span>\r\n\t\t\t<\/a>\r\n\t\t<\/div>    \r\n\t\t\t\t\t<\/div>\n\t\t\t\t<\/div>\n\t\t\t\t\t<\/div>\n\t\t<\/div>\n\t\t\t\t<div class=\"elementor-column elementor-col-50 elementor-top-column elementor-element elementor-element-67fe1b7\" data-id=\"67fe1b7\" data-element_type=\"column\" data-e-type=\"column\">\n\t\t\t<div class=\"elementor-widget-wrap elementor-element-populated\">\n\t\t\t\t\t\t<div class=\"elementor-element elementor-element-b3e7c80 elementor-widget elementor-widget-rs-heading\" data-id=\"b3e7c80\" data-element_type=\"widget\" data-e-type=\"widget\" data-widget_type=\"rs-heading.default\">\n\t\t\t\t<div class=\"elementor-widget-container\">\n\t\t\t\t\t        <div class=\"rs-heading default \">\r\n        \t<div class=\"title-inner\">\r\n        \t\t      \t\t\r\n\t            <span class=\"sub-text \">ZAUFANY PARTNER<\/span><h2 class=\"title\"><span class=\"watermark\"><\/span>Dlaczego warto wybra\u0107 nas<\/h2>\t        <\/div>\r\n\t                    \t<div class=\"description\">\r\n            \t\t<p>Zaufaj naszemu wieloletniemu do\u015bwiadczeniu i zespo\u0142owi specjalist\u00f3w. Oferujemy profesjonalne szkolenia, kt\u00f3re pomog\u0105 rozwija\u0107 Tw\u00f3j biznes. Wybieraj\u0105c nas, inwestujesz w sprawdzonego partnera, kt\u00f3ry wspiera sukces Twojej firmy. Skontaktuj si\u0119 z nami i zacznij rozwija\u0107 si\u0119 razem z nami!<\/p>            \t\t\r\n            \t<\/div>\r\n        \t        <\/div>\r\n        \t\t\t\t<\/div>\n\t\t\t\t<\/div>\n\t\t\t\t\t<\/div>\n\t\t<\/div>\n\t\t\t\t\t<\/div>\n\t\t<\/section>\n\t\t\t\t<\/div>\n\t\t","protected":false},"excerpt":{"rendered":"<p>AKADEMIA ZDROWIA PROJEKTY UNIJNE Pomocna d\u0142o\u0144 w \u0141odzi Projekt Projekt Projekt \u201ePomocna d\u0142o\u0144 w \u0141odzi\u201d Okres realizacji projektu: od 1 sierpnia 2024r. do 31 grudnia 2025r. Cel:\u00a0Zwi\u0119kszenie samodzielno\u015bci oraz zdolno\u015bci do uczestniczenia w \u017cyciu spo\u0142ecznym 23 os\u00f3b potrzebuj\u0105cych wsparcia w codziennym funkcjonowaniu ze wzgl\u0119du na wiek, stan zdrowia, niepe\u0142nosprawno\u015b\u0107, z terenu woj. \u0142\u00f3dzkiego, w szczeg\u00f3lno\u015bci&#8230;<\/p>\n","protected":false},"author":3,"featured_media":0,"parent":55,"menu_order":0,"comment_status":"closed","ping_status":"closed","template":"","meta":{"footnotes":""},"class_list":["post-16491","page","type-page","status-publish","hentry"],"yoast_head":"<!-- This site is optimized with the Yoast SEO Premium plugin v18.9 (Yoast SEO v27.2) - https:\/\/yoast.com\/product\/yoast-seo-premium-wordpress\/ -->\n<title>Pomocna d\u0142o\u0144 w \u0141odzi - Akademia Zdrowia \u0141\u00f3d\u017a - Kursy zawodowe, szko\u0142y policealne, szko\u0142y dla doros\u0142ych<\/title>\n<meta name=\"description\" content=\"AKADEMIA ZDROWIA PROJEKTY UNIJNEPomocna d\u0142o\u0144 w \u0141odzi Projekt Projekt Projekt \u201ePomocna d\u0142o\u0144 w \u0141odzi\u201dOkres realizacji projektu: od 1 sierpnia 2024r. do 31\" \/>\n<meta name=\"robots\" content=\"index, follow, max-snippet:-1, max-image-preview:large, max-video-preview:-1\" \/>\n<link rel=\"canonical\" href=\"https:\/\/akademia-zdrowia.pl\/lodz\/oferta-szkoleniowa\/projekty-unijne\/pomocna-dlon-w-lodzi\/\" \/>\n<meta property=\"og:locale\" content=\"pl_PL\" \/>\n<meta property=\"og:type\" content=\"article\" \/>\n<meta property=\"og:title\" content=\"Pomocna d\u0142o\u0144 w \u0141odzi\" \/>\n<meta property=\"og:description\" content=\"AKADEMIA ZDROWIA PROJEKTY UNIJNEPomocna d\u0142o\u0144 w \u0141odzi Projekt Projekt Projekt \u201ePomocna d\u0142o\u0144 w \u0141odzi\u201dOkres realizacji projektu: od 1 sierpnia 2024r. do 31\" \/>\n<meta property=\"og:url\" content=\"https:\/\/akademia-zdrowia.pl\/lodz\/oferta-szkoleniowa\/projekty-unijne\/pomocna-dlon-w-lodzi\/\" \/>\n<meta property=\"og:site_name\" content=\"Akademia Zdrowia \u0141\u00f3d\u017a\" \/>\n<meta property=\"article:modified_time\" content=\"2024-11-20T13:00:53+00:00\" \/>\n<meta property=\"og:image\" content=\"https:\/\/akademia-zdrowia.pl\/lodz\/wp-content\/uploads\/2024\/11\/FERPUEWL-KOLOR-scaled.jpg\" \/>\n\t<meta property=\"og:image:width\" content=\"2560\" \/>\n\t<meta property=\"og:image:height\" content=\"272\" \/>\n\t<meta property=\"og:image:type\" content=\"image\/jpeg\" \/>\n<meta name=\"twitter:card\" content=\"summary_large_image\" \/>\n<meta name=\"twitter:label1\" content=\"Szacowany czas czytania\" \/>\n\t<meta name=\"twitter:data1\" content=\"2 minuty\" \/>\n<script type=\"application\/ld+json\" class=\"yoast-schema-graph\">{\"@context\":\"https:\/\/schema.org\",\"@graph\":[{\"@type\":\"WebPage\",\"@id\":\"https:\/\/akademia-zdrowia.pl\/lodz\/oferta-szkoleniowa\/projekty-unijne\/pomocna-dlon-w-lodzi\/\",\"url\":\"https:\/\/akademia-zdrowia.pl\/lodz\/oferta-szkoleniowa\/projekty-unijne\/pomocna-dlon-w-lodzi\/\",\"name\":\"Pomocna d\u0142o\u0144 w \u0141odzi - Akademia Zdrowia \u0141\u00f3d\u017a - Kursy zawodowe, szko\u0142y policealne, szko\u0142y dla doros\u0142ych\",\"isPartOf\":{\"@id\":\"https:\/\/akademia-zdrowia.pl\/lodz\/#website\"},\"primaryImageOfPage\":{\"@id\":\"https:\/\/akademia-zdrowia.pl\/lodz\/oferta-szkoleniowa\/projekty-unijne\/pomocna-dlon-w-lodzi\/#primaryimage\"},\"image\":{\"@id\":\"https:\/\/akademia-zdrowia.pl\/lodz\/oferta-szkoleniowa\/projekty-unijne\/pomocna-dlon-w-lodzi\/#primaryimage\"},\"thumbnailUrl\":\"https:\/\/akademia-zdrowia.pl\/lodz\/wp-content\/uploads\/2024\/11\/FERPUEWL-KOLOR-scaled.jpg\",\"datePublished\":\"2024-11-20T12:52:53+00:00\",\"dateModified\":\"2024-11-20T13:00:53+00:00\",\"description\":\"AKADEMIA ZDROWIA PROJEKTY UNIJNEPomocna d\u0142o\u0144 w \u0141odzi Projekt Projekt Projekt \u201ePomocna d\u0142o\u0144 w \u0141odzi\u201dOkres realizacji projektu: od 1 sierpnia 2024r. do 31\",\"breadcrumb\":{\"@id\":\"https:\/\/akademia-zdrowia.pl\/lodz\/oferta-szkoleniowa\/projekty-unijne\/pomocna-dlon-w-lodzi\/#breadcrumb\"},\"inLanguage\":\"pl-PL\",\"potentialAction\":[{\"@type\":\"ReadAction\",\"target\":[\"https:\/\/akademia-zdrowia.pl\/lodz\/oferta-szkoleniowa\/projekty-unijne\/pomocna-dlon-w-lodzi\/\"]}]},{\"@type\":\"ImageObject\",\"inLanguage\":\"pl-PL\",\"@id\":\"https:\/\/akademia-zdrowia.pl\/lodz\/oferta-szkoleniowa\/projekty-unijne\/pomocna-dlon-w-lodzi\/#primaryimage\",\"url\":\"https:\/\/akademia-zdrowia.pl\/lodz\/wp-content\/uploads\/2024\/11\/FERPUEWL-KOLOR-scaled.jpg\",\"contentUrl\":\"https:\/\/akademia-zdrowia.pl\/lodz\/wp-content\/uploads\/2024\/11\/FERPUEWL-KOLOR-scaled.jpg\",\"width\":2560,\"height\":272},{\"@type\":\"BreadcrumbList\",\"@id\":\"https:\/\/akademia-zdrowia.pl\/lodz\/oferta-szkoleniowa\/projekty-unijne\/pomocna-dlon-w-lodzi\/#breadcrumb\",\"itemListElement\":[{\"@type\":\"ListItem\",\"position\":1,\"name\":\"Strona g\u0142\u00f3wna\",\"item\":\"https:\/\/akademia-zdrowia.pl\/lodz\/\"},{\"@type\":\"ListItem\",\"position\":2,\"name\":\"Oferta szkoleniowa\",\"item\":\"https:\/\/akademia-zdrowia.pl\/lodz\/oferta-szkoleniowa\/\"},{\"@type\":\"ListItem\",\"position\":3,\"name\":\"Projekty unijne\",\"item\":\"https:\/\/akademia-zdrowia.pl\/lodz\/oferta-szkoleniowa\/projekty-unijne\/\"},{\"@type\":\"ListItem\",\"position\":4,\"name\":\"Pomocna d\u0142o\u0144 w \u0141odzi\"}]},{\"@type\":\"WebSite\",\"@id\":\"https:\/\/akademia-zdrowia.pl\/lodz\/#website\",\"url\":\"https:\/\/akademia-zdrowia.pl\/lodz\/\",\"name\":\"Akademia Zdrowia \u0141\u00f3d\u017a\",\"description\":\"\",\"potentialAction\":[{\"@type\":\"SearchAction\",\"target\":{\"@type\":\"EntryPoint\",\"urlTemplate\":\"https:\/\/akademia-zdrowia.pl\/lodz\/?s={search_term_string}\"},\"query-input\":{\"@type\":\"PropertyValueSpecification\",\"valueRequired\":true,\"valueName\":\"search_term_string\"}}],\"inLanguage\":\"pl-PL\"}]}<\/script>\n<!-- \/ Yoast SEO Premium plugin. -->","yoast_head_json":{"title":"Pomocna d\u0142o\u0144 w \u0141odzi - Akademia Zdrowia \u0141\u00f3d\u017a - Kursy zawodowe, szko\u0142y policealne, szko\u0142y dla doros\u0142ych","description":"AKADEMIA ZDROWIA PROJEKTY UNIJNEPomocna d\u0142o\u0144 w \u0141odzi Projekt Projekt Projekt \u201ePomocna d\u0142o\u0144 w \u0141odzi\u201dOkres realizacji projektu: od 1 sierpnia 2024r. do 31","robots":{"index":"index","follow":"follow","max-snippet":"max-snippet:-1","max-image-preview":"max-image-preview:large","max-video-preview":"max-video-preview:-1"},"canonical":"https:\/\/akademia-zdrowia.pl\/lodz\/oferta-szkoleniowa\/projekty-unijne\/pomocna-dlon-w-lodzi\/","og_locale":"pl_PL","og_type":"article","og_title":"Pomocna d\u0142o\u0144 w \u0141odzi","og_description":"AKADEMIA ZDROWIA PROJEKTY UNIJNEPomocna d\u0142o\u0144 w \u0141odzi Projekt Projekt Projekt \u201ePomocna d\u0142o\u0144 w \u0141odzi\u201dOkres realizacji projektu: od 1 sierpnia 2024r. do 31","og_url":"https:\/\/akademia-zdrowia.pl\/lodz\/oferta-szkoleniowa\/projekty-unijne\/pomocna-dlon-w-lodzi\/","og_site_name":"Akademia Zdrowia \u0141\u00f3d\u017a","article_modified_time":"2024-11-20T13:00:53+00:00","og_image":[{"width":2560,"height":272,"url":"https:\/\/akademia-zdrowia.pl\/lodz\/wp-content\/uploads\/2024\/11\/FERPUEWL-KOLOR-scaled.jpg","type":"image\/jpeg"}],"twitter_card":"summary_large_image","twitter_misc":{"Szacowany czas czytania":"2 minuty"},"schema":{"@context":"https:\/\/schema.org","@graph":[{"@type":"WebPage","@id":"https:\/\/akademia-zdrowia.pl\/lodz\/oferta-szkoleniowa\/projekty-unijne\/pomocna-dlon-w-lodzi\/","url":"https:\/\/akademia-zdrowia.pl\/lodz\/oferta-szkoleniowa\/projekty-unijne\/pomocna-dlon-w-lodzi\/","name":"Pomocna d\u0142o\u0144 w \u0141odzi - Akademia Zdrowia \u0141\u00f3d\u017a - Kursy zawodowe, szko\u0142y policealne, szko\u0142y dla doros\u0142ych","isPartOf":{"@id":"https:\/\/akademia-zdrowia.pl\/lodz\/#website"},"primaryImageOfPage":{"@id":"https:\/\/akademia-zdrowia.pl\/lodz\/oferta-szkoleniowa\/projekty-unijne\/pomocna-dlon-w-lodzi\/#primaryimage"},"image":{"@id":"https:\/\/akademia-zdrowia.pl\/lodz\/oferta-szkoleniowa\/projekty-unijne\/pomocna-dlon-w-lodzi\/#primaryimage"},"thumbnailUrl":"https:\/\/akademia-zdrowia.pl\/lodz\/wp-content\/uploads\/2024\/11\/FERPUEWL-KOLOR-scaled.jpg","datePublished":"2024-11-20T12:52:53+00:00","dateModified":"2024-11-20T13:00:53+00:00","description":"AKADEMIA ZDROWIA PROJEKTY UNIJNEPomocna d\u0142o\u0144 w \u0141odzi Projekt Projekt Projekt \u201ePomocna d\u0142o\u0144 w \u0141odzi\u201dOkres realizacji projektu: od 1 sierpnia 2024r. do 31","breadcrumb":{"@id":"https:\/\/akademia-zdrowia.pl\/lodz\/oferta-szkoleniowa\/projekty-unijne\/pomocna-dlon-w-lodzi\/#breadcrumb"},"inLanguage":"pl-PL","potentialAction":[{"@type":"ReadAction","target":["https:\/\/akademia-zdrowia.pl\/lodz\/oferta-szkoleniowa\/projekty-unijne\/pomocna-dlon-w-lodzi\/"]}]},{"@type":"ImageObject","inLanguage":"pl-PL","@id":"https:\/\/akademia-zdrowia.pl\/lodz\/oferta-szkoleniowa\/projekty-unijne\/pomocna-dlon-w-lodzi\/#primaryimage","url":"https:\/\/akademia-zdrowia.pl\/lodz\/wp-content\/uploads\/2024\/11\/FERPUEWL-KOLOR-scaled.jpg","contentUrl":"https:\/\/akademia-zdrowia.pl\/lodz\/wp-content\/uploads\/2024\/11\/FERPUEWL-KOLOR-scaled.jpg","width":2560,"height":272},{"@type":"BreadcrumbList","@id":"https:\/\/akademia-zdrowia.pl\/lodz\/oferta-szkoleniowa\/projekty-unijne\/pomocna-dlon-w-lodzi\/#breadcrumb","itemListElement":[{"@type":"ListItem","position":1,"name":"Strona g\u0142\u00f3wna","item":"https:\/\/akademia-zdrowia.pl\/lodz\/"},{"@type":"ListItem","position":2,"name":"Oferta szkoleniowa","item":"https:\/\/akademia-zdrowia.pl\/lodz\/oferta-szkoleniowa\/"},{"@type":"ListItem","position":3,"name":"Projekty unijne","item":"https:\/\/akademia-zdrowia.pl\/lodz\/oferta-szkoleniowa\/projekty-unijne\/"},{"@type":"ListItem","position":4,"name":"Pomocna d\u0142o\u0144 w \u0141odzi"}]},{"@type":"WebSite","@id":"https:\/\/akademia-zdrowia.pl\/lodz\/#website","url":"https:\/\/akademia-zdrowia.pl\/lodz\/","name":"Akademia Zdrowia \u0141\u00f3d\u017a","description":"","potentialAction":[{"@type":"SearchAction","target":{"@type":"EntryPoint","urlTemplate":"https:\/\/akademia-zdrowia.pl\/lodz\/?s={search_term_string}"},"query-input":{"@type":"PropertyValueSpecification","valueRequired":true,"valueName":"search_term_string"}}],"inLanguage":"pl-PL"}]}},"_links":{"self":[{"href":"https:\/\/akademia-zdrowia.pl\/lodz\/wp-json\/wp\/v2\/pages\/16491","targetHints":{"allow":["GET"]}}],"collection":[{"href":"https:\/\/akademia-zdrowia.pl\/lodz\/wp-json\/wp\/v2\/pages"}],"about":[{"href":"https:\/\/akademia-zdrowia.pl\/lodz\/wp-json\/wp\/v2\/types\/page"}],"author":[{"embeddable":true,"href":"https:\/\/akademia-zdrowia.pl\/lodz\/wp-json\/wp\/v2\/users\/3"}],"replies":[{"embeddable":true,"href":"https:\/\/akademia-zdrowia.pl\/lodz\/wp-json\/wp\/v2\/comments?post=16491"}],"version-history":[{"count":13,"href":"https:\/\/akademia-zdrowia.pl\/lodz\/wp-json\/wp\/v2\/pages\/16491\/revisions"}],"predecessor-version":[{"id":16513,"href":"https:\/\/akademia-zdrowia.pl\/lodz\/wp-json\/wp\/v2\/pages\/16491\/revisions\/16513"}],"up":[{"embeddable":true,"href":"https:\/\/akademia-zdrowia.pl\/lodz\/wp-json\/wp\/v2\/pages\/55"}],"wp:attachment":[{"href":"https:\/\/akademia-zdrowia.pl\/lodz\/wp-json\/wp\/v2\/media?parent=16491"}],"curies":[{"name":"wp","href":"https:\/\/api.w.org\/{rel}","templated":true}]}}