{"id":18396,"date":"2026-08-20T14:50:06","date_gmt":"2026-08-20T12:50:06","guid":{"rendered":"https:\/\/akademia-zdrowia.pl\/lodz\/?page_id=18396"},"modified":"2026-08-21T11:10:52","modified_gmt":"2026-08-21T09:10:52","slug":"aktywni-w-lodzkim-edycja-2","status":"publish","type":"page","link":"https:\/\/akademia-zdrowia.pl\/lodz\/oferta-szkoleniowa\/projekty-unijne\/aktywni-w-lodzkim-edycja-2\/","title":{"rendered":"Aktywni w \u0141\u00f3dzkim \u2013 edycja 2"},"content":{"rendered":"\t\t<div data-elementor-type=\"wp-page\" data-elementor-id=\"18396\" class=\"elementor elementor-18396\" data-elementor-post-type=\"page\">\n\t\t\t\t\t\t<section class=\"elementor-section elementor-top-section elementor-element elementor-element-d1ba2dc elementor-section-boxed elementor-section-height-default elementor-section-height-default\" data-id=\"d1ba2dc\" data-element_type=\"section\" data-e-type=\"section\">\n\t\t\t\t\t\t<div class=\"elementor-container elementor-column-gap-default\">\n\t\t\t\t\t<div class=\"elementor-column elementor-col-100 elementor-top-column elementor-element elementor-element-1b75a92\" data-id=\"1b75a92\" data-element_type=\"column\" data-e-type=\"column\">\n\t\t\t<div class=\"elementor-widget-wrap elementor-element-populated\">\n\t\t\t\t\t\t<div class=\"elementor-element elementor-element-204ad1d elementor-widget elementor-widget-rs-heading\" data-id=\"204ad1d\" data-element_type=\"widget\" data-e-type=\"widget\" data-widget_type=\"rs-heading.default\">\n\t\t\t\t<div class=\"elementor-widget-container\">\n\t\t\t\t\t        <div class=\"rs-heading default \">\r\n        \t<div class=\"title-inner\">\r\n        \t\t      \t\t\r\n\t            <span class=\"sub-text \">AKADEMIA ZDROWIA PROJEKTY UNIJNE<\/span><h1 class=\"title\"><span class=\"watermark\"><\/span>Aktywni w \u0141\u00f3dzkim \u2013 edycja 2<\/h1>\t        <\/div>\r\n\t                <\/div>\r\n        \t\t\t\t<\/div>\n\t\t\t\t<\/div>\n\t\t\t\t\t<\/div>\n\t\t<\/div>\n\t\t\t\t\t<\/div>\n\t\t<\/section>\n\t\t\t\t<section class=\"elementor-section elementor-top-section elementor-element elementor-element-84a410e elementor-section-stretched elementor-section-boxed elementor-section-height-default elementor-section-height-default\" data-id=\"84a410e\" data-element_type=\"section\" data-e-type=\"section\" data-settings=\"{&quot;stretch_section&quot;:&quot;section-stretched&quot;}\">\n\t\t\t\t\t\t<div class=\"elementor-container elementor-column-gap-default\">\n\t\t\t\t\t<div class=\"elementor-column elementor-col-100 elementor-top-column elementor-element elementor-element-9ec7659\" data-id=\"9ec7659\" data-element_type=\"column\" data-e-type=\"column\">\n\t\t\t<div class=\"elementor-widget-wrap elementor-element-populated\">\n\t\t\t\t\t\t<div class=\"elementor-element elementor-element-05eb283 elementor-tabs-view-horizontal elementor-widget elementor-widget-tabs\" data-id=\"05eb283\" data-element_type=\"widget\" data-e-type=\"widget\" data-widget_type=\"tabs.default\">\n\t\t\t\t<div class=\"elementor-widget-container\">\n\t\t\t\t\t\t\t<div class=\"elementor-tabs\">\n\t\t\t<div class=\"elementor-tabs-wrapper\" role=\"tablist\" >\n\t\t\t\t\t\t\t\t\t<div id=\"elementor-tab-title-6201\" class=\"elementor-tab-title elementor-tab-desktop-title\" aria-selected=\"true\" data-tab=\"1\" role=\"tab\" tabindex=\"0\" aria-controls=\"elementor-tab-content-6201\" aria-expanded=\"false\">Projekt<\/div>\n\t\t\t\t\t\t\t\t\t<div id=\"elementor-tab-title-6202\" class=\"elementor-tab-title elementor-tab-desktop-title\" aria-selected=\"false\" data-tab=\"2\" role=\"tab\" tabindex=\"-1\" aria-controls=\"elementor-tab-content-6202\" aria-expanded=\"false\">Harmonogramy<\/div>\n\t\t\t\t\t\t\t<\/div>\n\t\t\t<div class=\"elementor-tabs-content-wrapper\" role=\"tablist\" aria-orientation=\"vertical\">\n\t\t\t\t\t\t\t\t\t<div class=\"elementor-tab-title elementor-tab-mobile-title\" aria-selected=\"true\" data-tab=\"1\" role=\"tab\" tabindex=\"0\" aria-controls=\"elementor-tab-content-6201\" aria-expanded=\"false\">Projekt<\/div>\n\t\t\t\t\t<div id=\"elementor-tab-content-6201\" class=\"elementor-tab-content elementor-clearfix\" data-tab=\"1\" role=\"tabpanel\" aria-labelledby=\"elementor-tab-title-6201\" tabindex=\"0\" hidden=\"false\"><p><strong>Projekt \u201eAktywni w \u0141\u00f3dzkim \u2013 edycja 2\u201d<br \/><\/strong><br \/>Akademia Zdrowia Izabela \u0141ajs realizuje projekt pn. \u201eAktywni w \u0141\u00f3dzkim \u2013 edycja 2\u201d, nr FELD.07.05-IP.01-0111\/25, wsp\u00f3\u0142finansowany ze \u015brodk\u00f3w Europejskiego Funduszu Spo\u0142ecznego Plus (EFS+) w ramach programu regionalnego Fundusze Europejskie dla \u0141\u00f3dzkiego 2021\u20132027. Okres realizacji projektu: 01.08.2026 r. \u2013 31.12.2027 r.<\/p><p><strong>Cel projektu:<\/strong><br \/>Celem projektu jest podniesienie kompetencji spo\u0142eczno-zawodowych 40 os\u00f3b (24 kobiet i 16 m\u0119\u017cczyzn) pozostaj\u0105cych bez zatrudnienia, zagro\u017conych ub\u00f3stwem lub wykluczeniem spo\u0142ecznym, zamieszkuj\u0105cych na terenie miasta \u0141odzi, powiatu zgierskiego, powiatu pabianickiego lub powiatu \u0142\u00f3dzkiego wschodniego. Cel zostanie osi\u0105gni\u0119ty poprzez udzia\u0142 uczestnik\u00f3w i uczestniczek w kompleksowym oraz zindywidualizowanym wsparciu obejmuj\u0105cym instrumenty aktywizacji spo\u0142ecznej i zawodowej.<\/p><p><strong>Grupa docelowa:<\/strong><br \/>Projekt skierowany jest do 40 os\u00f3b w wieku 18 lat i wi\u0119cej, pozostaj\u0105cych bez zatrudnienia, zagro\u017conych ub\u00f3stwem lub wykluczeniem spo\u0142ecznym, zamieszkuj\u0105cych w rozumieniu Kodeksu cywilnego na terenie:<\/p><ul><li>miasta \u0141odzi,<\/li><li>powiatu zgierskiego,<\/li><li>powiatu pabianickiego,<\/li><li>powiatu \u0142\u00f3dzkiego wschodniego.<\/li><\/ul><p>W ramach grupy docelowej wsparciem zostan\u0105 obj\u0119te m.in. osoby bezrobotne i bierne zawodowo, osoby z niepe\u0142nosprawno\u015bciami, osoby z niskimi kwalifikacjami, kobiety w wieku 55+ oraz osoby w wieku 18\u201329 lat.<\/p><p><strong>Zadania realizowane w projekcie:<\/strong><br \/>W ramach projektu zaplanowano nast\u0119puj\u0105ce formy wsparcia:<br \/>1. Okre\u015blenie \u015bcie\u017cki reintegracji spo\u0142eczno-zawodowej \u2013 diagnoza indywidualnej sytuacji uczestnika\/uczestniczki oraz okre\u015blenie potrzeb, potencja\u0142u, predyspozycji i barierutrudniaj\u0105cych aktywizacj\u0119 spo\u0142eczn\u0105 i zawodow\u0105.<br \/>2. Indywidualne wsparcie spo\u0142eczne \u2013 obejmuj\u0105ce m.in. indywidualne poradnictwo psychologiczne oraz specjalistyczne, dostosowane do zdiagnozowanych potrzeb uczestnik\u00f3w i uczestniczek.<br \/>3. Grupowe wsparcie spo\u0142eczne \u2013 ukierunkowane na rozw\u00f3j kompetencji spo\u0142ecznych, zwi\u0119kszenie samodzielno\u015bci oraz popraw\u0119 funkcjonowania uczestnik\u00f3w i uczestniczek w \u017cyciu spo\u0142ecznym i zawodowym.<br \/>4. Kurs komputerowy \u2013 umo\u017cliwiaj\u0105cy rozw\u00f3j kompetencji cyfrowych, w tym m.in. w zakresie podstaw pracy z komputerem, pracy w sieci, przetwarzania tekst\u00f3w oraz obs\u0142ugi arkuszy kalkulacyjnych.<br \/>5. Szkolenia zawodowe \u2013 dostosowane do indywidualnych potrzeb i predyspozycji uczestnik\u00f3w oraz potrzeb rynku pracy, prowadz\u0105ce do uzyskania kwalifikacji lub kompetencji zawodowych.<br \/>6. Sta\u017ce zawodowe \u2013 umo\u017cliwiaj\u0105ce zdobycie praktycznych umiej\u0119tno\u015bci i do\u015bwiadczenia zawodowego w rzeczywistym \u015brodowisku pracy.<br \/>7. Po\u015brednictwo pracy \u2013 wspieraj\u0105ce uczestnik\u00f3w i uczestniczki w aktywnym poszukiwaniu zatrudnienia oraz wej\u015bciu lub powrocie na rynek pracy.<\/p><p><strong>Planowane efekty projektu:<\/strong><br \/>W wyniku realizacji projektu zak\u0142ada si\u0119 m.in.<\/p><ul><li>obj\u0119cie wsparciem 40 os\u00f3b pozostaj\u0105cych bez zatrudnienia,<\/li><li>uzyskanie kwalifikacji przez 32 osoby po opuszczeniu programu,<\/li><li>popraw\u0119 sytuacji spo\u0142ecznej 32 os\u00f3b po opuszczeniu programu,<\/li><li>podj\u0119cie pracy, w tym pracy na w\u0142asny rachunek, przez 8 os\u00f3b po opuszczeniu programu,<\/li><li>podj\u0119cie poszukiwania pracy przez 5 os\u00f3b po opuszczeniu programu.<\/li><\/ul><p>Realizacja projektu ma przyczyni\u0107 si\u0119 do zwi\u0119kszenia aktywno\u015bci spo\u0142ecznej i zawodowej uczestnik\u00f3w i uczestniczek, podniesienia ich kompetencji i kwalifikacji, ograniczenia barier utrudniaj\u0105cych wej\u015bcie lub powr\u00f3t na rynek pracy oraz zwi\u0119kszenia ich szans na zatrudnienie.<\/p><p><strong>Warto\u015b\u0107 projektu<\/strong><br \/>Ca\u0142kowita warto\u015b\u0107 projektu: 1 021 012,38 z\u0142<br \/>Wysoko\u015b\u0107 dofinansowania: 969 961,76 z\u0142<\/p><p style=\"text-align: center;\"><strong>Biuro Projektu \u201eAktywni w \u0141\u00f3dzkim \u2013 edycja 2\u201d<\/strong><br \/>Akademia Zdrowia Izabela \u0141ajs, ul. Jana Kili\u0144skiego 21, 90-205 \u0141\u00f3d\u017a, tel. 42 255 77 03<br \/>Projekt wsp\u00f3\u0142finansowany ze \u015brodk\u00f3w Europejskiego Funduszu Spo\u0142ecznego Plus w ramach<br \/>programu Fundusze Europejskie dla \u0141\u00f3dzkiego 2021\u20132027.<br \/>#FunduszeUE #FunduszeEuropejskie<\/p><p><img fetchpriority=\"high\" decoding=\"async\" class=\"alignnone wp-image-18421 size-full\" src=\"https:\/\/akademia-zdrowia.pl\/lodz\/wp-content\/uploads\/2026\/08\/Aktywni-w-Lodzkim-1.png\" alt=\"\" width=\"1024\" height=\"1536\" srcset=\"https:\/\/akademia-zdrowia.pl\/lodz\/wp-content\/uploads\/2026\/08\/Aktywni-w-Lodzkim-1.png 1024w, https:\/\/akademia-zdrowia.pl\/lodz\/wp-content\/uploads\/2026\/08\/Aktywni-w-Lodzkim-1-200x300.png 200w, https:\/\/akademia-zdrowia.pl\/lodz\/wp-content\/uploads\/2026\/08\/Aktywni-w-Lodzkim-1-683x1024.png 683w, https:\/\/akademia-zdrowia.pl\/lodz\/wp-content\/uploads\/2026\/08\/Aktywni-w-Lodzkim-1-768x1152.png 768w\" sizes=\"(max-width: 1024px) 100vw, 1024px\" \/><\/p><p><img decoding=\"async\" class=\"alignnone wp-image-16953 size-full\" src=\"https:\/\/akademia-zdrowia.pl\/lodz\/wp-content\/uploads\/2025\/05\/zestawienie-znakow-kolor-scaled.jpg\" alt=\"\" width=\"2560\" height=\"257\" srcset=\"https:\/\/akademia-zdrowia.pl\/lodz\/wp-content\/uploads\/2025\/05\/zestawienie-znakow-kolor-scaled.jpg 2560w, https:\/\/akademia-zdrowia.pl\/lodz\/wp-content\/uploads\/2025\/05\/zestawienie-znakow-kolor-300x30.jpg 300w, https:\/\/akademia-zdrowia.pl\/lodz\/wp-content\/uploads\/2025\/05\/zestawienie-znakow-kolor-1024x103.jpg 1024w, https:\/\/akademia-zdrowia.pl\/lodz\/wp-content\/uploads\/2025\/05\/zestawienie-znakow-kolor-768x77.jpg 768w, https:\/\/akademia-zdrowia.pl\/lodz\/wp-content\/uploads\/2025\/05\/zestawienie-znakow-kolor-1536x154.jpg 1536w, https:\/\/akademia-zdrowia.pl\/lodz\/wp-content\/uploads\/2025\/05\/zestawienie-znakow-kolor-2048x206.jpg 2048w, https:\/\/akademia-zdrowia.pl\/lodz\/wp-content\/uploads\/2025\/05\/zestawienie-znakow-kolor-500x50.jpg 500w\" sizes=\"(max-width: 2560px) 100vw, 2560px\" \/><\/p><\/div>\n\t\t\t\t\t\t\t\t\t<div class=\"elementor-tab-title elementor-tab-mobile-title\" aria-selected=\"false\" data-tab=\"2\" role=\"tab\" tabindex=\"-1\" aria-controls=\"elementor-tab-content-6202\" aria-expanded=\"false\">Harmonogramy<\/div>\n\t\t\t\t\t<div id=\"elementor-tab-content-6202\" class=\"elementor-tab-content elementor-clearfix\" data-tab=\"2\" role=\"tabpanel\" aria-labelledby=\"elementor-tab-title-6202\" tabindex=\"0\" hidden=\"hidden\"><p><a href=\"https:\/\/akademia-zdrowia.pl\/lodz\/wp-content\/uploads\/2026\/08\/Regulamin_projektu_Aktywni_w_Lodzkim_edycja_2.pdf\">Regulamin_projektu_Aktywni_w_Lodzkim_edycja_2<\/a><\/p><\/div>\n\t\t\t\t\t\t\t<\/div>\n\t\t<\/div>\n\t\t\t\t\t\t<\/div>\n\t\t\t\t<\/div>\n\t\t\t\t\t<\/div>\n\t\t<\/div>\n\t\t\t\t\t<\/div>\n\t\t<\/section>\n\t\t\t\t<\/div>\n\t\t","protected":false},"excerpt":{"rendered":"<p>AKADEMIA ZDROWIA PROJEKTY UNIJNE Aktywni w \u0141\u00f3dzkim \u2013 edycja 2 Projekt Harmonogramy Projekt Projekt \u201eAktywni w \u0141\u00f3dzkim \u2013 edycja 2\u201dAkademia Zdrowia Izabela \u0141ajs realizuje projekt pn. \u201eAktywni w \u0141\u00f3dzkim \u2013 edycja 2\u201d, nr FELD.07.05-IP.01-0111\/25, wsp\u00f3\u0142finansowany ze \u015brodk\u00f3w Europejskiego Funduszu Spo\u0142ecznego Plus (EFS+) w ramach programu regionalnego Fundusze Europejskie dla \u0141\u00f3dzkiego 2021\u20132027. Okres realizacji projektu: 01.08.2026&#8230;<\/p>\n","protected":false},"author":3,"featured_media":0,"parent":55,"menu_order":0,"comment_status":"closed","ping_status":"closed","template":"","meta":{"footnotes":""},"class_list":["post-18396","page","type-page","status-publish","hentry"],"yoast_head":"<!-- This site is optimized with the Yoast SEO Premium plugin v18.9 (Yoast SEO v27.8) - https:\/\/yoast.com\/product\/yoast-seo-premium-wordpress\/ -->\n<title>Aktywni w \u0141\u00f3dzkim \u2013 edycja 2 - Akademia Zdrowia \u0141\u00f3d\u017a - Kursy zawodowe, szko\u0142y policealne, szko\u0142y dla doros\u0142ych<\/title>\n<meta name=\"description\" content=\"AKADEMIA ZDROWIA PROJEKTY UNIJNEAktywni w \u0141\u00f3dzkim \u2013 edycja 2 Projekt Harmonogramy Projekt Projekt \u201eAktywni w \u0141\u00f3dzkim \u2013 edycja 2\u201dAkademia Zdrowia Izabela\" \/>\n<meta name=\"robots\" content=\"index, follow, max-snippet:-1, max-image-preview:large, max-video-preview:-1\" \/>\n<link rel=\"canonical\" href=\"https:\/\/akademia-zdrowia.pl\/lodz\/oferta-szkoleniowa\/projekty-unijne\/aktywni-w-lodzkim-edycja-2\/\" \/>\n<meta property=\"og:locale\" content=\"pl_PL\" \/>\n<meta property=\"og:type\" content=\"article\" \/>\n<meta property=\"og:title\" content=\"Aktywni w \u0141\u00f3dzkim \u2013 edycja 2\" \/>\n<meta property=\"og:description\" content=\"AKADEMIA ZDROWIA PROJEKTY UNIJNEAktywni w \u0141\u00f3dzkim \u2013 edycja 2 Projekt Harmonogramy Projekt Projekt \u201eAktywni w \u0141\u00f3dzkim \u2013 edycja 2\u201dAkademia Zdrowia Izabela\" \/>\n<meta property=\"og:url\" content=\"https:\/\/akademia-zdrowia.pl\/lodz\/oferta-szkoleniowa\/projekty-unijne\/aktywni-w-lodzkim-edycja-2\/\" \/>\n<meta property=\"og:site_name\" content=\"Akademia Zdrowia \u0141\u00f3d\u017a\" \/>\n<meta property=\"article:modified_time\" content=\"2026-08-21T09:10:52+00:00\" \/>\n<meta property=\"og:image\" content=\"https:\/\/akademia-zdrowia.pl\/lodz\/wp-content\/uploads\/2026\/08\/Aktywni-w-Lodzkim-1.png\" \/>\n\t<meta property=\"og:image:width\" content=\"1024\" \/>\n\t<meta property=\"og:image:height\" content=\"1536\" \/>\n\t<meta property=\"og:image:type\" content=\"image\/png\" \/>\n<meta name=\"twitter:card\" content=\"summary_large_image\" \/>\n<meta name=\"twitter:label1\" content=\"Szacowany czas czytania\" \/>\n\t<meta name=\"twitter:data1\" content=\"4 minuty\" \/>\n<script type=\"application\/ld+json\" class=\"yoast-schema-graph\">{\"@context\":\"https:\\\/\\\/schema.org\",\"@graph\":[{\"@type\":\"WebPage\",\"@id\":\"https:\\\/\\\/akademia-zdrowia.pl\\\/lodz\\\/oferta-szkoleniowa\\\/projekty-unijne\\\/aktywni-w-lodzkim-edycja-2\\\/\",\"url\":\"https:\\\/\\\/akademia-zdrowia.pl\\\/lodz\\\/oferta-szkoleniowa\\\/projekty-unijne\\\/aktywni-w-lodzkim-edycja-2\\\/\",\"name\":\"Aktywni w \u0141\u00f3dzkim \u2013 edycja 2 - Akademia Zdrowia \u0141\u00f3d\u017a - Kursy zawodowe, szko\u0142y policealne, szko\u0142y dla doros\u0142ych\",\"isPartOf\":{\"@id\":\"https:\\\/\\\/akademia-zdrowia.pl\\\/lodz\\\/#website\"},\"primaryImageOfPage\":{\"@id\":\"https:\\\/\\\/akademia-zdrowia.pl\\\/lodz\\\/oferta-szkoleniowa\\\/projekty-unijne\\\/aktywni-w-lodzkim-edycja-2\\\/#primaryimage\"},\"image\":{\"@id\":\"https:\\\/\\\/akademia-zdrowia.pl\\\/lodz\\\/oferta-szkoleniowa\\\/projekty-unijne\\\/aktywni-w-lodzkim-edycja-2\\\/#primaryimage\"},\"thumbnailUrl\":\"https:\\\/\\\/akademia-zdrowia.pl\\\/lodz\\\/wp-content\\\/uploads\\\/2026\\\/08\\\/Aktywni-w-Lodzkim-1.png\",\"datePublished\":\"2026-08-20T12:50:06+00:00\",\"dateModified\":\"2026-08-21T09:10:52+00:00\",\"description\":\"AKADEMIA ZDROWIA PROJEKTY UNIJNEAktywni w \u0141\u00f3dzkim \u2013 edycja 2 Projekt Harmonogramy Projekt Projekt \u201eAktywni w \u0141\u00f3dzkim \u2013 edycja 2\u201dAkademia Zdrowia Izabela\",\"breadcrumb\":{\"@id\":\"https:\\\/\\\/akademia-zdrowia.pl\\\/lodz\\\/oferta-szkoleniowa\\\/projekty-unijne\\\/aktywni-w-lodzkim-edycja-2\\\/#breadcrumb\"},\"inLanguage\":\"pl-PL\",\"potentialAction\":[{\"@type\":\"ReadAction\",\"target\":[\"https:\\\/\\\/akademia-zdrowia.pl\\\/lodz\\\/oferta-szkoleniowa\\\/projekty-unijne\\\/aktywni-w-lodzkim-edycja-2\\\/\"]}]},{\"@type\":\"ImageObject\",\"inLanguage\":\"pl-PL\",\"@id\":\"https:\\\/\\\/akademia-zdrowia.pl\\\/lodz\\\/oferta-szkoleniowa\\\/projekty-unijne\\\/aktywni-w-lodzkim-edycja-2\\\/#primaryimage\",\"url\":\"https:\\\/\\\/akademia-zdrowia.pl\\\/lodz\\\/wp-content\\\/uploads\\\/2026\\\/08\\\/Aktywni-w-Lodzkim-1.png\",\"contentUrl\":\"https:\\\/\\\/akademia-zdrowia.pl\\\/lodz\\\/wp-content\\\/uploads\\\/2026\\\/08\\\/Aktywni-w-Lodzkim-1.png\",\"width\":1024,\"height\":1536},{\"@type\":\"BreadcrumbList\",\"@id\":\"https:\\\/\\\/akademia-zdrowia.pl\\\/lodz\\\/oferta-szkoleniowa\\\/projekty-unijne\\\/aktywni-w-lodzkim-edycja-2\\\/#breadcrumb\",\"itemListElement\":[{\"@type\":\"ListItem\",\"position\":1,\"name\":\"Strona g\u0142\u00f3wna\",\"item\":\"https:\\\/\\\/akademia-zdrowia.pl\\\/lodz\\\/\"},{\"@type\":\"ListItem\",\"position\":2,\"name\":\"Oferta szkoleniowa\",\"item\":\"https:\\\/\\\/akademia-zdrowia.pl\\\/lodz\\\/oferta-szkoleniowa\\\/\"},{\"@type\":\"ListItem\",\"position\":3,\"name\":\"Projekty unijne\",\"item\":\"https:\\\/\\\/akademia-zdrowia.pl\\\/lodz\\\/oferta-szkoleniowa\\\/projekty-unijne\\\/\"},{\"@type\":\"ListItem\",\"position\":4,\"name\":\"Aktywni w \u0141\u00f3dzkim \u2013 edycja 2\"}]},{\"@type\":\"WebSite\",\"@id\":\"https:\\\/\\\/akademia-zdrowia.pl\\\/lodz\\\/#website\",\"url\":\"https:\\\/\\\/akademia-zdrowia.pl\\\/lodz\\\/\",\"name\":\"Akademia Zdrowia \u0141\u00f3d\u017a\",\"description\":\"\",\"potentialAction\":[{\"@type\":\"SearchAction\",\"target\":{\"@type\":\"EntryPoint\",\"urlTemplate\":\"https:\\\/\\\/akademia-zdrowia.pl\\\/lodz\\\/?s={search_term_string}\"},\"query-input\":{\"@type\":\"PropertyValueSpecification\",\"valueRequired\":true,\"valueName\":\"search_term_string\"}}],\"inLanguage\":\"pl-PL\"}]}<\/script>\n<!-- \/ Yoast SEO Premium plugin. -->","yoast_head_json":{"title":"Aktywni w \u0141\u00f3dzkim \u2013 edycja 2 - Akademia Zdrowia \u0141\u00f3d\u017a - Kursy zawodowe, szko\u0142y policealne, szko\u0142y dla doros\u0142ych","description":"AKADEMIA ZDROWIA PROJEKTY UNIJNEAktywni w \u0141\u00f3dzkim \u2013 edycja 2 Projekt Harmonogramy Projekt Projekt \u201eAktywni w \u0141\u00f3dzkim \u2013 edycja 2\u201dAkademia Zdrowia Izabela","robots":{"index":"index","follow":"follow","max-snippet":"max-snippet:-1","max-image-preview":"max-image-preview:large","max-video-preview":"max-video-preview:-1"},"canonical":"https:\/\/akademia-zdrowia.pl\/lodz\/oferta-szkoleniowa\/projekty-unijne\/aktywni-w-lodzkim-edycja-2\/","og_locale":"pl_PL","og_type":"article","og_title":"Aktywni w \u0141\u00f3dzkim \u2013 edycja 2","og_description":"AKADEMIA ZDROWIA PROJEKTY UNIJNEAktywni w \u0141\u00f3dzkim \u2013 edycja 2 Projekt Harmonogramy Projekt Projekt \u201eAktywni w \u0141\u00f3dzkim \u2013 edycja 2\u201dAkademia Zdrowia Izabela","og_url":"https:\/\/akademia-zdrowia.pl\/lodz\/oferta-szkoleniowa\/projekty-unijne\/aktywni-w-lodzkim-edycja-2\/","og_site_name":"Akademia Zdrowia \u0141\u00f3d\u017a","article_modified_time":"2026-08-21T09:10:52+00:00","og_image":[{"width":1024,"height":1536,"url":"https:\/\/akademia-zdrowia.pl\/lodz\/wp-content\/uploads\/2026\/08\/Aktywni-w-Lodzkim-1.png","type":"image\/png"}],"twitter_card":"summary_large_image","twitter_misc":{"Szacowany czas czytania":"4 minuty"},"schema":{"@context":"https:\/\/schema.org","@graph":[{"@type":"WebPage","@id":"https:\/\/akademia-zdrowia.pl\/lodz\/oferta-szkoleniowa\/projekty-unijne\/aktywni-w-lodzkim-edycja-2\/","url":"https:\/\/akademia-zdrowia.pl\/lodz\/oferta-szkoleniowa\/projekty-unijne\/aktywni-w-lodzkim-edycja-2\/","name":"Aktywni w \u0141\u00f3dzkim \u2013 edycja 2 - Akademia Zdrowia \u0141\u00f3d\u017a - Kursy zawodowe, szko\u0142y policealne, szko\u0142y dla doros\u0142ych","isPartOf":{"@id":"https:\/\/akademia-zdrowia.pl\/lodz\/#website"},"primaryImageOfPage":{"@id":"https:\/\/akademia-zdrowia.pl\/lodz\/oferta-szkoleniowa\/projekty-unijne\/aktywni-w-lodzkim-edycja-2\/#primaryimage"},"image":{"@id":"https:\/\/akademia-zdrowia.pl\/lodz\/oferta-szkoleniowa\/projekty-unijne\/aktywni-w-lodzkim-edycja-2\/#primaryimage"},"thumbnailUrl":"https:\/\/akademia-zdrowia.pl\/lodz\/wp-content\/uploads\/2026\/08\/Aktywni-w-Lodzkim-1.png","datePublished":"2026-08-20T12:50:06+00:00","dateModified":"2026-08-21T09:10:52+00:00","description":"AKADEMIA ZDROWIA PROJEKTY UNIJNEAktywni w \u0141\u00f3dzkim \u2013 edycja 2 Projekt Harmonogramy Projekt Projekt \u201eAktywni w \u0141\u00f3dzkim \u2013 edycja 2\u201dAkademia Zdrowia Izabela","breadcrumb":{"@id":"https:\/\/akademia-zdrowia.pl\/lodz\/oferta-szkoleniowa\/projekty-unijne\/aktywni-w-lodzkim-edycja-2\/#breadcrumb"},"inLanguage":"pl-PL","potentialAction":[{"@type":"ReadAction","target":["https:\/\/akademia-zdrowia.pl\/lodz\/oferta-szkoleniowa\/projekty-unijne\/aktywni-w-lodzkim-edycja-2\/"]}]},{"@type":"ImageObject","inLanguage":"pl-PL","@id":"https:\/\/akademia-zdrowia.pl\/lodz\/oferta-szkoleniowa\/projekty-unijne\/aktywni-w-lodzkim-edycja-2\/#primaryimage","url":"https:\/\/akademia-zdrowia.pl\/lodz\/wp-content\/uploads\/2026\/08\/Aktywni-w-Lodzkim-1.png","contentUrl":"https:\/\/akademia-zdrowia.pl\/lodz\/wp-content\/uploads\/2026\/08\/Aktywni-w-Lodzkim-1.png","width":1024,"height":1536},{"@type":"BreadcrumbList","@id":"https:\/\/akademia-zdrowia.pl\/lodz\/oferta-szkoleniowa\/projekty-unijne\/aktywni-w-lodzkim-edycja-2\/#breadcrumb","itemListElement":[{"@type":"ListItem","position":1,"name":"Strona g\u0142\u00f3wna","item":"https:\/\/akademia-zdrowia.pl\/lodz\/"},{"@type":"ListItem","position":2,"name":"Oferta szkoleniowa","item":"https:\/\/akademia-zdrowia.pl\/lodz\/oferta-szkoleniowa\/"},{"@type":"ListItem","position":3,"name":"Projekty unijne","item":"https:\/\/akademia-zdrowia.pl\/lodz\/oferta-szkoleniowa\/projekty-unijne\/"},{"@type":"ListItem","position":4,"name":"Aktywni w \u0141\u00f3dzkim \u2013 edycja 2"}]},{"@type":"WebSite","@id":"https:\/\/akademia-zdrowia.pl\/lodz\/#website","url":"https:\/\/akademia-zdrowia.pl\/lodz\/","name":"Akademia Zdrowia \u0141\u00f3d\u017a","description":"","potentialAction":[{"@type":"SearchAction","target":{"@type":"EntryPoint","urlTemplate":"https:\/\/akademia-zdrowia.pl\/lodz\/?s={search_term_string}"},"query-input":{"@type":"PropertyValueSpecification","valueRequired":true,"valueName":"search_term_string"}}],"inLanguage":"pl-PL"}]}},"_links":{"self":[{"href":"https:\/\/akademia-zdrowia.pl\/lodz\/wp-json\/wp\/v2\/pages\/18396","targetHints":{"allow":["GET"]}}],"collection":[{"href":"https:\/\/akademia-zdrowia.pl\/lodz\/wp-json\/wp\/v2\/pages"}],"about":[{"href":"https:\/\/akademia-zdrowia.pl\/lodz\/wp-json\/wp\/v2\/types\/page"}],"author":[{"embeddable":true,"href":"https:\/\/akademia-zdrowia.pl\/lodz\/wp-json\/wp\/v2\/users\/3"}],"replies":[{"embeddable":true,"href":"https:\/\/akademia-zdrowia.pl\/lodz\/wp-json\/wp\/v2\/comments?post=18396"}],"version-history":[{"count":31,"href":"https:\/\/akademia-zdrowia.pl\/lodz\/wp-json\/wp\/v2\/pages\/18396\/revisions"}],"predecessor-version":[{"id":18438,"href":"https:\/\/akademia-zdrowia.pl\/lodz\/wp-json\/wp\/v2\/pages\/18396\/revisions\/18438"}],"up":[{"embeddable":true,"href":"https:\/\/akademia-zdrowia.pl\/lodz\/wp-json\/wp\/v2\/pages\/55"}],"wp:attachment":[{"href":"https:\/\/akademia-zdrowia.pl\/lodz\/wp-json\/wp\/v2\/media?parent=18396"}],"curies":[{"name":"wp","href":"https:\/\/api.w.org\/{rel}","templated":true}]}}