{"id":2232,"date":"2020-03-03T11:40:30","date_gmt":"2020-03-03T10:40:30","guid":{"rendered":"https:\/\/akademia-zdrowia.pl\/lodz\/?page_id=2232"},"modified":"2021-11-26T18:05:38","modified_gmt":"2021-11-26T17:05:38","slug":"o-projekcie","status":"publish","type":"page","link":"https:\/\/akademia-zdrowia.pl\/lodz\/oferta-szkoleniowa\/projekty-unijne\/akademia-lepszego-zycia\/o-projekcie\/","title":{"rendered":"O projekcie Akademia lepszego \u017cycia"},"content":{"rendered":"\t\t<div data-elementor-type=\"wp-page\" data-elementor-id=\"2232\" class=\"elementor elementor-2232\" data-elementor-post-type=\"page\">\n\t\t\t\t\t\t<section class=\"elementor-section elementor-top-section elementor-element elementor-element-342709fe elementor-section-boxed elementor-section-height-default elementor-section-height-default\" data-id=\"342709fe\" data-element_type=\"section\" data-e-type=\"section\">\n\t\t\t\t\t\t<div class=\"elementor-container elementor-column-gap-default\">\n\t\t\t\t\t<div class=\"elementor-column elementor-col-100 elementor-top-column elementor-element elementor-element-5b915779\" data-id=\"5b915779\" data-element_type=\"column\" data-e-type=\"column\">\n\t\t\t<div class=\"elementor-widget-wrap\">\n\t\t\t\t\t\t\t<\/div>\n\t\t<\/div>\n\t\t\t\t\t<\/div>\n\t\t<\/section>\n\t\t\t\t<section class=\"elementor-section elementor-top-section elementor-element elementor-element-f15bd4a elementor-section-boxed elementor-section-height-default elementor-section-height-default\" data-id=\"f15bd4a\" data-element_type=\"section\" data-e-type=\"section\">\n\t\t\t\t\t\t<div class=\"elementor-container elementor-column-gap-default\">\n\t\t\t\t\t<div class=\"elementor-column elementor-col-66 elementor-top-column elementor-element elementor-element-b042d1a\" data-id=\"b042d1a\" data-element_type=\"column\" data-e-type=\"column\">\n\t\t\t<div class=\"elementor-widget-wrap elementor-element-populated\">\n\t\t\t\t\t\t<div class=\"elementor-element elementor-element-18e51f38 elementor-widget elementor-widget-text-editor\" data-id=\"18e51f38\" data-element_type=\"widget\" data-e-type=\"widget\" data-widget_type=\"text-editor.default\">\n\t\t\t\t<div class=\"elementor-widget-container\">\n\t\t\t\t\t\t\t\t\t<p><img decoding=\"async\" width=\"626\" height=\"71\" class=\"aligncenter size-full wp-image-2293\" src=\"https:\/\/akademia-zdrowia.pl\/lodz\/wp-content\/uploads\/2020\/03\/image001.png\" srcset=\"https:\/\/akademia-zdrowia.pl\/lodz\/wp-content\/uploads\/2020\/03\/image001.png 626w, https:\/\/akademia-zdrowia.pl\/lodz\/wp-content\/uploads\/2020\/03\/image001-300x34.png 300w\" sizes=\"(max-width: 626px) 100vw, 626px\" \/><\/p><p>\u00a0<\/p><p><strong>Projekt \u201cAkademia lepszego \u017cycia\u201d wsp\u00f3\u0142finansowany ze \u015brodk\u00f3w Europejskiego Funduszu Spo\u0142ecznego\u00a0 w ramach Regionalnego Programu Operacyjnego Wojew\u00f3dztwa \u0141\u00f3dzkiego na lata 2014-2020<\/strong><\/p><p>\u00a0<\/p><p><strong>Cel projektu:<\/strong>\u00a0podniesienie kompetencji spo\u0142eczno- zawodowych 64 os\u00f3b (38 K, 26 M) w wieku aktywno\u015bci zawodowej 18-64 lata zagro\u017conych ub\u00f3stwem lub wykluczeniem spo\u0142ecznym, w tym osoby bezrobotne, kt\u00f3re w pierwszej kolejno\u015bci wymagaj\u0105 aktywizacji spo\u0142ecznej zamieszka\u0142ych na terenie pow. \u0142\u00f3dzkiego wschodniego, zgierskiego, brzezi\u0144skiego, pabianickiego lub m. \u0141\u00f3d\u017a (teren \u0141OM) poprzez udzia\u0142 w kompleksowym i zindywidualizowanym wsparciu zawieraj\u0105cym instrumenty aktywizacji spo\u0142., edukacyjnej i zaw. Przeprowadzonym w terminie 01.01.2020-30.04.2021 r.<\/p><p><strong>Do zada\u0144 realizowanych w projekcie nale\u017c\u0105:<\/strong><\/p><ul><li>Okre\u015blenie \u015bcie\u017cki reintegracji spo\u0142eczno- zawodowej podczas indywidualnych spotka\u0144 z psychologiem i doradc\u0105 zawodowym.<\/li><li>Indywidualne poradnictwo psychologiczne i specjalistyczne oraz warsztaty reintegracji spo\u0142eczno- zawodowej.<\/li><li>Kurs komputerowy.<\/li><li>Szkolenia zawodowe.<\/li><li>3- miesi\u0119czne sta\u017ce zawodowe.<\/li><li>Po\u015brednictwo pracy.<\/li><\/ul><p><strong>Grupa docelowa projektu:\u00a0<\/strong><a href=\"https:\/\/akademia-zdrowia.pl\/lodz\/wp-content\/uploads\/2020\/03\/Grupa-docelowa-projektu.pdf\">kliknij tutaj, aby dowiedzie\u0107 si\u0119 wi\u0119cej<\/a><\/p><p><strong>Czas realizacji projektu:<\/strong><\/p><p>01.01.2020-30.04.2021<\/p><p><strong>Warto\u015b\u0107 projektu:<\/strong>\u00a0975\u00a0652,81 z\u0142<\/p><p><strong>Kwota dofinansowania:<\/strong>\u00a0901\u00a0972,81 z\u0142<\/p><p><strong>Wk\u0142ad UE:<\/strong>\u00a0829\u00a0304,89 z\u0142<\/p><p>\u00a0<\/p><p><img decoding=\"async\" class=\"aligncenter wp-image-2403 size-large\" src=\"https:\/\/akademia-zdrowia.pl\/lodz\/wp-content\/uploads\/2020\/03\/plakatakademialepszegozycia-1-1-724x1024.jpg\" \/><\/p>\t\t\t\t\t\t\t\t<\/div>\n\t\t\t\t<\/div>\n\t\t\t\t<div class=\"elementor-element elementor-element-3b2bd8f elementor-widget elementor-widget-text-editor\" data-id=\"3b2bd8f\" data-element_type=\"widget\" data-e-type=\"widget\" data-widget_type=\"text-editor.default\">\n\t\t\t\t<div class=\"elementor-widget-container\">\n\t\t\t\t\t\t\t\t\t<img decoding=\"async\" class=\"aligncenter size-full wp-image-2293\" src=\"https:\/\/akademia-zdrowia.pl\/lodz\/wp-content\/uploads\/2020\/03\/image001.png\" sizes=\"(max-width: 626px) 100vw, 626px\" srcset=\"https:\/\/akademia-zdrowia.pl\/lodz\/wp-content\/uploads\/2020\/03\/image001.png 626w, https:\/\/akademia-zdrowia.pl\/lodz\/wp-content\/uploads\/2020\/03\/image001-300x34.png 300w, https:\/\/akademia-zdrowia.pl\/lodz\/wp-content\/uploads\/2020\/03\/image001-150x17.png 150w\" alt=\"\" width=\"626\" height=\"71\" \/>\n\n<strong>Zapytania ofertowe :<\/strong>\n\n<a href=\"https:\/\/akademia-zdrowia.pl\/lodz\/wp-content\/uploads\/2020\/03\/zapytanie-ofertowe-wersja-28.04.2020.docx\">Zapytanie ofertowe nr 1 wersja z dnia 28.04.2020<\/a>\n\n(\u00a0<strong>Przeprowadzenie doradztwa zawodowego i psychologicznego, po\u015brednictwa pracy, a tak\u017ce warsztat\u00f3w.<\/strong>\u00a0)\n<ul>\n \t<li><a href=\"https:\/\/akademia-zdrowia.pl\/lodz\/wp-content\/uploads\/2020\/03\/zalacznik-nr-1-OPZ-28.04.2020.docx\">za\u0142\u0105cznik nr 1- OPZ \u2013 28.04.2020<\/a><\/li>\n \t<li><a href=\"https:\/\/akademia-zdrowia.pl\/lodz\/wp-content\/uploads\/2020\/03\/zalacznik-nr-3-Formularz-ofertowy-28.04.2020.docx\">za\u0142\u0105cznik nr 3 \u2013 Formularz ofertowy \u2013 28.04.2020<\/a><\/li>\n \t<li><a href=\"https:\/\/akademia-zdrowia.pl\/lodz\/wp-content\/uploads\/2020\/03\/zalacznik-nr-3-Formularz-ofertowy-poprawiony-z-dnia-30.04.2020.docx\">za\u0142\u0105cznik nr 3 \u2013 Formularz ofertowy \u2013 poprawiony z dnia 30.04.2020<\/a><\/li>\n \t<li><a href=\"https:\/\/akademia-zdrowia.pl\/lodz\/wp-content\/uploads\/2020\/03\/zalacznik-nr-4-oswiadczenie-28.04.2020.docx\">za\u0142\u0105cznik nr 4 \u2013 o\u015bwiadczenie \u2013 28.04.2020<\/a><\/li>\n \t<li><a href=\"https:\/\/akademia-zdrowia.pl\/lodz\/wp-content\/uploads\/2020\/03\/zalacznik-nr-4-a-wykaz-28.04.2020.docx\">za\u0142\u0105cznik nr 4 a- wykaz \u2013 28.04.2020<\/a><\/li>\n \t<li><a href=\"https:\/\/akademia-zdrowia.pl\/lodz\/wp-content\/uploads\/2020\/03\/zalacznik-nr-5-klauzula-informacyjna-28.04.2020.docx\">za\u0142\u0105cznik nr 5- klauzula informacyjna- 28.04.2020<\/a><\/li>\n<\/ul>\n<a href=\"https:\/\/akademia-zdrowia.pl\/lodz\/wp-content\/uploads\/2020\/03\/anulowanie-zapytania-ofertowego1.pdf\">Anulowanie zapytania ofertowego nr 1 z dnia 28.04.2020<\/a>\n\n<a href=\"https:\/\/akademia-zdrowia.pl\/lodz\/wp-content\/uploads\/2020\/03\/zapytanie-ofertowe-w-wersji-pdf-skompresowany.pdf\">Zapytanie ofertowe nr 1 z dnia 07.07.2020<\/a>\n\n(\u00a0<strong>Przeprowadzenie doradztwa zawodowego i psychologicznego, po\u015brednictwa pracy, a tak\u017ce warsztat\u00f3w.<\/strong>\u00a0)\n<ul>\n \t<li><a href=\"https:\/\/akademia-zdrowia.pl\/lodz\/wp-content\/uploads\/2020\/03\/zalacznik-nr-1-do-zapytania-ofertowego_opis-przedmiotu-zapytania-06.07.2020.docx\">za\u0142\u0105cznik nr 1 do zapytania ofertowego_opis przedmiotu zapytania 06.07.2020<\/a><\/li>\n \t<li><a href=\"https:\/\/akademia-zdrowia.pl\/lodz\/wp-content\/uploads\/2020\/03\/zalacznik-nr-3-do-zapytania-ofertowego_formularz-ofertowy-06.07.2020.docx\">za\u0142\u0105cznik nr 3 do zapytania ofertowego_formularz ofertowy 06.07.2020<\/a><\/li>\n \t<li><a href=\"https:\/\/akademia-zdrowia.pl\/lodz\/wp-content\/uploads\/2020\/03\/zalacznik-nr-4-do-zapytania-ofertowego_Oswiadczenie-o-spelnianiu-warunkow-i-niepodleganiu-wykluczeniu-podmiotu-z-udzialu-w-postepowaniu.docx\">za\u0142\u0105cznik nr 4 do zapytania ofertowego_O\u015bwiadczenie o spe\u0142nianiu warunk\u00f3w i niepodleganiu wykluczeniu podmiotu z udzia\u0142u w post\u0119powaniu<\/a><\/li>\n \t<li><a href=\"https:\/\/akademia-zdrowia.pl\/lodz\/wp-content\/uploads\/2020\/03\/zalacznik-nr-4a-do-zapytania-ofertowego_wykaz-osob.docx\">za\u0142\u0105cznik nr 4a do zapytania ofertowego_wykaz os\u00f3b<\/a><\/li>\n \t<li><a href=\"https:\/\/akademia-zdrowia.pl\/lodz\/wp-content\/uploads\/2020\/03\/zalacznik-nr-5-do-zapytania-ofertowego_klauzula-informacyjna.docx\">za\u0142\u0105cznik nr 5 do zapytania ofertowego_klauzula informacyjna<\/a><\/li>\n<\/ul>\n<strong>Za\u0142\u0105czniki do umowy<\/strong>\n<ul>\n \t<li><a href=\"https:\/\/akademia-zdrowia.pl\/lodz\/wp-content\/uploads\/2020\/03\/zalacznik-do-umowy_szczegolowy-wykaz-posrednictwa-pracy.docx\">za\u0142\u0105cznik do umowy_szczeg\u00f3\u0142owy wykaz po\u015brednictwa pracy<\/a><\/li>\n \t<li><a href=\"https:\/\/akademia-zdrowia.pl\/lodz\/wp-content\/uploads\/2020\/03\/zalacznik-do-umowy_protokol-odbioru.docx\">za\u0142\u0105cznik do umowy_protok\u00f3\u0142 odbioru<\/a><\/li>\n \t<li><a href=\"https:\/\/akademia-zdrowia.pl\/lodz\/wp-content\/uploads\/2020\/03\/zalacznik-do-umowy_lista-obecnosci-do-dziennika-zajec.docx\">za\u0142\u0105cznik do umowy_lista obecno\u015bci do dziennika zaj\u0119\u0107<\/a><\/li>\n \t<li><a href=\"https:\/\/akademia-zdrowia.pl\/lodz\/wp-content\/uploads\/2020\/03\/zalacznik-do-umowy_karta-uslugi-psychologicznej_spotkania-indywidualne.docx\">za\u0142\u0105cznik do umowy_karta us\u0142ugi psychologicznej_spotkania indywidualne<\/a><\/li>\n \t<li><a href=\"https:\/\/akademia-zdrowia.pl\/lodz\/wp-content\/uploads\/2020\/03\/zalacznik-do-umowy_karta-uslugi-psychologicznej_ISR.docx\">za\u0142\u0105cznik do umowy_karta us\u0142ugi psychologicznej_I\u015aR<\/a><\/li>\n \t<li><a href=\"https:\/\/akademia-zdrowia.pl\/lodz\/wp-content\/uploads\/2020\/03\/zalacznik-do-umowy_karta-uslugi-doradczej.docx\">za\u0142\u0105cznik do umowy_karta us\u0142ugi doradczej<\/a><\/li>\n \t<li><a href=\"https:\/\/akademia-zdrowia.pl\/lodz\/wp-content\/uploads\/2020\/03\/zalacznik-do-umowy_dziennik-zajec.docx\">za\u0142\u0105cznik do umowy_dziennik zaj\u0119\u0107<\/a><\/li>\n \t<li><a href=\"https:\/\/akademia-zdrowia.pl\/lodz\/wp-content\/uploads\/2020\/03\/zalacznik-do-umowy_karta-posrednictwa-pracy.docx\">za\u0142\u0105cznik do umowy_karta po\u015brednictwa pracy<\/a><\/li>\n<\/ul>\n<a href=\"https:\/\/akademia-zdrowia.pl\/lodz\/wp-content\/uploads\/2020\/03\/Skan_20200720-31.pdf\">Protok\u00f3\u0142 z wyboru ofert<\/a>\n\n<a href=\"https:\/\/akademia-zdrowia.pl\/lodz\/wp-content\/uploads\/2020\/03\/zapytanie-ofertowe-w-wersji-pdf1-skompresowany.pdf\">Zapytanie ofertowe nr 2 z dnia 13.07.2020<\/a>\n\n(\u00a0<strong>Dostarczenie cateringu\u00a0<\/strong>\u00a0)\n<ul>\n \t<li><a href=\"https:\/\/akademia-zdrowia.pl\/lodz\/wp-content\/uploads\/2020\/03\/zalacznik-nr-1-OPZ.docx\">za\u0142\u0105cznik nr 1 OPZ<\/a><\/li>\n \t<li><a href=\"https:\/\/akademia-zdrowia.pl\/lodz\/wp-content\/uploads\/2020\/03\/zalacznik-nr-3-Formularz-ofertowy.docx\">za\u0142\u0105cznik nr 3 \u2013 Formularz ofertowy<\/a><\/li>\n \t<li><a href=\"https:\/\/akademia-zdrowia.pl\/lodz\/wp-content\/uploads\/2020\/03\/zalacznik-nr-4-oswiadczenie.docx\">za\u0142\u0105cznik nr 4 o\u015bwiadczenie<\/a><\/li>\n<\/ul>\n&nbsp;\n\n<a href=\"https:\/\/akademia-zdrowia.pl\/lodz\/wp-content\/uploads\/2020\/03\/zapytanie-ofertowe-z-dnia-27.08.2020.docx\">Zapytanie ofertowe nr 3 z dnia 27.08.2020<\/a>\n\n<strong>( kurs ECDL )<\/strong>\n<ul>\n \t<li><a href=\"https:\/\/akademia-zdrowia.pl\/lodz\/wp-content\/uploads\/2020\/03\/zalacznik-nr-1-OPZ-z-dnia-27.08.2020.docx\">za\u0142\u0105cznik nr 1- OPZ z dnia 27.08.2020<\/a><\/li>\n \t<li><a href=\"https:\/\/akademia-zdrowia.pl\/lodz\/wp-content\/uploads\/2020\/03\/zalacznik-nr-3-do-zapytania-ofertowego_formularz-ofertowy-z-dnia-27.08.2020.docx\">za\u0142\u0105cznik nr 3 do zapytania ofertowego_formularz ofertowy z dnia 27.08.2020<\/a><\/li>\n \t<li><a href=\"https:\/\/akademia-zdrowia.pl\/lodz\/wp-content\/uploads\/2020\/03\/zalacznik-nr-4-do-zapytania-ofertowego_Oswiadczenie-o-spelnianiu-warunkow-i-niepodleganiu-wykluczeniu-podmiotu-z-udzialu-w-postepowaniu-z-dnia-27.08.2020.docx\">za\u0142\u0105cznik nr 4 do zapytania ofertowego_O\u015bwiadczenie o spe\u0142nianiu warunk\u00f3w i niepodleganiu wykluczeniu podmiotu z udzia\u0142u w post\u0119powaniu z dnia 27.08.2020<\/a><\/li>\n \t<li><a href=\"https:\/\/akademia-zdrowia.pl\/lodz\/wp-content\/uploads\/2020\/03\/zalacznik-nr-4a-do-zapytania-ofertowego_wykaz-osob-z-dnia-27.08.2020.docx\">za\u0142\u0105cznik nr 4a do zapytania ofertowego_wykaz os\u00f3b z dnia 27.08.2020<\/a><\/li>\n \t<li><a href=\"https:\/\/akademia-zdrowia.pl\/lodz\/wp-content\/uploads\/2020\/03\/zalacznik-nr-5-do-zapytania-ofertowego_klauzula-informacyjna-z-dnia-27.08.2020.docx\">za\u0142\u0105cznik nr 5 do zapytania ofertowego_klauzula informacyjna z dnia 27.08.2020<\/a><\/li>\n \t<li><a href=\"https:\/\/akademia-zdrowia.pl\/lodz\/wp-content\/uploads\/2020\/03\/zalacznik-do-umowy_lista-obecnosci-do-dziennika-zajec-1.docx\">za\u0142\u0105cznik do umowy_lista obecno\u015bci do dziennika zaj\u0119\u0107<\/a><\/li>\n \t<li><a href=\"https:\/\/akademia-zdrowia.pl\/lodz\/wp-content\/uploads\/2020\/03\/zalacznik-do-umowy_dziennik-zajec-2.docx\">za\u0142\u0105cznik do umowy_dziennik zaj\u0119\u0107<\/a><\/li>\n<\/ul>\n<a href=\"https:\/\/akademia-zdrowia.pl\/lodz\/wp-content\/uploads\/2020\/03\/protokol.pdf\">Protok\u00f3\u0142 z wyboru oferty<\/a>\n\n<a href=\"https:\/\/akademia-zdrowia.pl\/lodz\/wp-content\/uploads\/2020\/03\/zawiadomienie.pdf\">Zawiadomienie o wyborze najkorzystniejszej oferty<\/a>\n\n&nbsp;\n\n<a href=\"https:\/\/akademia-zdrowia.pl\/lodz\/wp-content\/uploads\/2020\/03\/zapytanie-ofertowe.docx\">Zapytanie ofertowe nr 4 z dnia 18.09.2020<\/a>\n\n(\u00a0<strong>Przeprowadzenie szkolenia: Pracownik biurowy z elementami recepcji medycznej.\u00a0<\/strong>)\n<ul>\n \t<li><a href=\"https:\/\/akademia-zdrowia.pl\/lodz\/wp-content\/uploads\/2020\/03\/zalacznik-nr-1-OPZ1.docx\">za\u0142\u0105cznik nr 1- OPZ<\/a><\/li>\n \t<li><a href=\"https:\/\/akademia-zdrowia.pl\/lodz\/wp-content\/uploads\/2020\/03\/zalacznik-nr-3-do-zapytania-ofertowego_formularz-ofertowy.docx\">za\u0142\u0105cznik nr 3 do zapytania ofertowego_formularz ofertowy<\/a><\/li>\n \t<li><a href=\"https:\/\/akademia-zdrowia.pl\/lodz\/wp-content\/uploads\/2020\/03\/zalacznik-nr-4-do-zapytania-ofertowego_Oswiadczenie-o-spelnianiu-warunkow-i-niepodleganiu-wykluczeniu-podmiotu-z-udzialu-w-postepowaniu-1.docx\">za\u0142\u0105cznik nr 4 do zapytania ofertowego_O\u015bwiadczenie o spe\u0142nianiu warunk\u00f3w i niepodleganiu wykluczeniu podmiotu z udzia\u0142u w post\u0119powaniu<\/a><\/li>\n \t<li><a href=\"https:\/\/akademia-zdrowia.pl\/lodz\/wp-content\/uploads\/2020\/03\/zalacznik-nr-4a-do-zapytania-ofertowego_wykaz-osob-1.docx\">za\u0142\u0105cznik nr 4a do zapytania ofertowego_wykaz os\u00f3b<\/a><\/li>\n \t<li><a href=\"https:\/\/akademia-zdrowia.pl\/lodz\/wp-content\/uploads\/2020\/03\/zalacznik-nr-5-do-zapytania-ofertowego_klauzula-informacyjna-1.docx\">za\u0142\u0105cznik nr 5 do zapytania ofertowego_klauzula informacyjna<\/a><\/li>\n \t<li><a href=\"https:\/\/akademia-zdrowia.pl\/lodz\/wp-content\/uploads\/2020\/03\/zalacznik-do-umowy_lista-obecnosci.docx\">za\u0142\u0105cznik do umowy_lista obecno\u015bci<\/a><\/li>\n \t<li><a href=\"https:\/\/akademia-zdrowia.pl\/lodz\/wp-content\/uploads\/2020\/03\/zalacznik-do-umowy_lista-potwierdzajaca-odbior-skryptow-szkoleniowych1.docx\">za\u0142\u0105cznik do umowy_lista potwierdzaj\u0105ca odbi\u00f3r skrypt\u00f3w szkoleniowych<\/a><\/li>\n \t<li><a href=\"https:\/\/akademia-zdrowia.pl\/lodz\/wp-content\/uploads\/2020\/03\/zalacznik-do-umowy_lista-potwierdzajaca-odbior-cateringu.docx\">za\u0142\u0105cznik do umowy_lista potwierdzaj\u0105ca odbi\u00f3r cateringu<\/a><\/li>\n<\/ul>\n<a href=\"https:\/\/akademia-zdrowia.pl\/lodz\/wp-content\/uploads\/2020\/03\/protokol-i-zawiadomienie.docx\">Protok\u00f3\u0142 z wyboru oferty i zawiadomienie o wyborze najkorzystniejszej oferty<\/a>\n\n&nbsp;\n\n<a href=\"https:\/\/akademia-zdrowia.pl\/lodz\/wp-content\/uploads\/2020\/03\/zapytanie-ofertowe-nr-5-z-dnia-17.11.2020.docx\">Zapytanie ofertowe nr 5 z dnia 17.11.2020<\/a>\n\n<strong>(Przeprowadzenie szkolenia: Pracownik biurowy z elementami rachunkowo\u015bci<\/strong>\n\n<strong>i ksi\u0119gowo\u015bci.)<\/strong>\n<ul>\n \t<li><a href=\"https:\/\/akademia-zdrowia.pl\/lodz\/wp-content\/uploads\/2020\/03\/zalacznik-nr-1-formularz-ofertowy.docx\">za\u0142\u0105cznik nr 1- formularz ofertowy<\/a><\/li>\n \t<li><a href=\"https:\/\/akademia-zdrowia.pl\/lodz\/wp-content\/uploads\/2020\/03\/zalacznik-nr-2-oswiadczenie-o-braku-powiazan.docx\">za\u0142\u0105cznik nr 2-o\u015bwiadczenie o braku powi\u0105za\u0144<\/a><\/li>\n \t<li><a href=\"https:\/\/akademia-zdrowia.pl\/lodz\/wp-content\/uploads\/2020\/03\/zalacznik-nr-2a-lub-2-b.docx\">za\u0142\u0105cznik nr 2a lub 2 b<\/a><\/li>\n \t<li><a href=\"https:\/\/akademia-zdrowia.pl\/lodz\/wp-content\/uploads\/2020\/03\/zalacznik-nr-3.docx\">za\u0142\u0105cznik nr 3<\/a><\/li>\n \t<li><a href=\"https:\/\/akademia-zdrowia.pl\/lodz\/wp-content\/uploads\/2020\/03\/zalacznik-nr-4-do-zapytania-ofertowego_klauzula-informacyjna.docx\">za\u0142\u0105cznik nr 4 do zapytania ofertowego_klauzula informacyjna<\/a><\/li>\n \t<li><a href=\"https:\/\/akademia-zdrowia.pl\/lodz\/wp-content\/uploads\/2020\/03\/zapytanie-ofertowe-nr-5-z-dnia-17.11.20201.docx\">zapytanie ofertowe nr 5 z dnia 17.11.2020(1)<\/a><\/li>\n<\/ul>\n<a href=\"https:\/\/akademia-zdrowia.pl\/lodz\/wp-content\/uploads\/2020\/03\/protokol-i-zawiadomienie-1.docx\">Protok\u00f3\u0142 z wyboru oferty i zawiadomienie o wyborze najkorzystniejszej oferty<\/a>\n\n&nbsp;\n\n<a href=\"https:\/\/akademia-zdrowia.pl\/lodz\/wp-content\/uploads\/2020\/03\/zapytanie-ofertowe-nr-6-z-dnia-27.11.2020.docx\">Zapytanie ofertowe nr 6 z dnia 27.11.2020<\/a>\n\n(\u00a0<strong>Przeprowadzenie szkolenia: Pracownik biurowy z elementami rachunkowo\u015bci<\/strong>\n\n<strong>i ksi\u0119gowo\u015bci).<\/strong>\n<ul>\n \t<li><a href=\"https:\/\/akademia-zdrowia.pl\/lodz\/wp-content\/uploads\/2020\/03\/zalacznik-nr-1-formularz-ofertowy-2.docx\">za\u0142\u0105cznik nr 1- formularz ofertowy<\/a><\/li>\n \t<li><a href=\"https:\/\/akademia-zdrowia.pl\/lodz\/wp-content\/uploads\/2020\/03\/zalacznik-nr-2-oswiadczenie-o-braku-powiazan-1.docx\">za\u0142\u0105cznik nr 2-o\u015bwiadczenie o braku powi\u0105za\u0144<\/a><\/li>\n \t<li><a href=\"https:\/\/akademia-zdrowia.pl\/lodz\/wp-content\/uploads\/2020\/03\/zalacznik-nr-2a-lub-2-b-2.docx\">za\u0142\u0105cznik nr 2a lub 2 b<\/a><\/li>\n \t<li><a href=\"https:\/\/akademia-zdrowia.pl\/lodz\/wp-content\/uploads\/2020\/03\/zalacznik-nr-3-2.docx\">za\u0142\u0105cznik nr 3<\/a><\/li>\n \t<li><a href=\"https:\/\/akademia-zdrowia.pl\/lodz\/wp-content\/uploads\/2020\/03\/zalacznik-nr-4-do-zapytania-ofertowego_klauzula-informacyjna-2.docx\">za\u0142\u0105cznik nr 4 do zapytania ofertowego_klauzula informacyjna<\/a><\/li>\n<\/ul>\n<a href=\"https:\/\/akademia-zdrowia.pl\/lodz\/wp-content\/uploads\/2020\/03\/protokol-i-zawiadomienie-3.docx\">Protok\u00f3\u0142 z wyboru oferty i zawiadomienie o wyborze najkorzystniejszej oferty<\/a>\n\n&nbsp;\n\n<a href=\"https:\/\/akademia-zdrowia.pl\/lodz\/wp-content\/uploads\/2020\/03\/zapytanie-ofertowe-nr-7-1.docx\">Zapytanie ofertowe nr 7 z dnia 09.12.2020<\/a>\n\n<strong>( \u015awiadczenie us\u0142ug poradnictwa specjalistycznego)<\/strong>\n\n<a href=\"https:\/\/akademia-zdrowia.pl\/lodz\/wp-content\/uploads\/2020\/03\/zalacznik-nr-1-formularz-ofertowy-3.docx\">za\u0142\u0105cznik nr 1- formularz ofertowy<\/a>\n\n<a href=\"https:\/\/akademia-zdrowia.pl\/lodz\/wp-content\/uploads\/2020\/03\/zalacznik-nr-2-oswiadczenie-o-braku-powiazan-2.docx\">za\u0142\u0105cznik nr 2-o\u015bwiadczenie o braku powi\u0105za\u0144<\/a>\n\n<a href=\"https:\/\/akademia-zdrowia.pl\/lodz\/wp-content\/uploads\/2020\/03\/zalacznik-nr-3-3.docx\">za\u0142\u0105cznik nr 3<\/a>\n\n<a href=\"https:\/\/akademia-zdrowia.pl\/lodz\/wp-content\/uploads\/2020\/03\/zalacznik-nr-4-do-zapytania-ofertowego_klauzula-informacyjna-3.docx\">za\u0142\u0105cznik nr 4 do zapytania ofertowego_klauzula informacyjna<\/a>\n\n<a href=\"https:\/\/akademia-zdrowia.pl\/lodz\/wp-content\/uploads\/2020\/03\/protokol-i-zawiadomienie-4.docx\">Protok\u00f3\u0142 z wyboru oferty i zawiadomienie o wyborze najkorzystniejszej oferty<\/a>\n\n&nbsp;\n\n<a href=\"https:\/\/akademia-zdrowia.pl\/lodz\/wp-content\/uploads\/2020\/03\/zapytanie-ofertowe-nr-8.docx\">Zapytanie ofertowe nr 8 z dnia 29.12.2020<\/a>\n\n<strong>( Przeprowadzenie szkolenia: Pracownik biurowy z elementami rejestracji medycznej )<\/strong>\n<ul>\n \t<li><a href=\"https:\/\/akademia-zdrowia.pl\/lodz\/wp-content\/uploads\/2020\/03\/zalacznik-nr-1-formularz-ofertowy-4.docx\">za\u0142\u0105cznik nr 1- formularz ofertowy<\/a><\/li>\n \t<li><a href=\"https:\/\/akademia-zdrowia.pl\/lodz\/wp-content\/uploads\/2020\/03\/zalacznik-nr-2-oswiadczenie-o-braku-powiazan-3.docx\">za\u0142\u0105cznik nr 2-o\u015bwiadczenie o braku powi\u0105za\u0144<\/a><\/li>\n \t<li><a href=\"https:\/\/akademia-zdrowia.pl\/lodz\/wp-content\/uploads\/2020\/03\/zalacznik-nr-2a-lub-2-b-3.docx\">za\u0142\u0105cznik nr 2a lub 2 b<\/a><\/li>\n \t<li><a href=\"https:\/\/akademia-zdrowia.pl\/lodz\/wp-content\/uploads\/2020\/03\/zalacznik-nr-3-4.docx\">za\u0142\u0105cznik nr 3<\/a><\/li>\n \t<li><a href=\"https:\/\/akademia-zdrowia.pl\/lodz\/wp-content\/uploads\/2020\/03\/zalacznik-nr-4-do-zapytania-ofertowego_klauzula-informacyjna-4.docx\">za\u0142\u0105cznik nr 4 do zapytania ofertowego_klauzula informacyjna<\/a><\/li>\n<\/ul>\n<a href=\"https:\/\/akademia-zdrowia.pl\/lodz\/wp-content\/uploads\/2020\/03\/zawiadomienie.docx\">Protok\u00f3\u0142 z wyboru oferty i zawiadomienie o wyborze najkorzystniejszej oferty<\/a>\n\n&nbsp;\n\n<a href=\"https:\/\/akademia-zdrowia.pl\/lodz\/wp-content\/uploads\/2020\/03\/zapytanie-ofertowe-nr-9-z-dnia-25.01.2021.docx\">Zapytanie ofertowe nr 9 z dnia 25.01.2021<\/a>\n\n<strong>( Przeprowadzenie szkolenia: Pracownik biurowy z elementami rejestracji medycznej )<\/strong>\n<ul>\n \t<li><a href=\"https:\/\/akademia-zdrowia.pl\/lodz\/wp-content\/uploads\/2020\/03\/zalacznik-nr-1-formularz-ofertowy-5.docx\">za\u0142\u0105cznik nr 1- formularz ofertowy<\/a><\/li>\n \t<li>za\u0142\u0105cznik nr 2a lub 2 b<\/li>\n \t<li><a href=\"https:\/\/akademia-zdrowia.pl\/lodz\/wp-content\/uploads\/2020\/03\/zalacznik-nr-3-5.docx\">za\u0142\u0105cznik nr 3<\/a><\/li>\n \t<li><a href=\"https:\/\/akademia-zdrowia.pl\/lodz\/wp-content\/uploads\/2020\/03\/zalacznik-nr-4-do-zapytania-ofertowego_klauzula-informacyjna-5.docx\">za\u0142\u0105cznik nr 4 do zapytania ofertowego_klauzula informacyjna<\/a><\/li>\n<\/ul>\n<a href=\"https:\/\/akademia-zdrowia.pl\/lodz\/wp-content\/uploads\/2020\/03\/protokol-i-zawiadomienie-5.docx\">Protok\u00f3\u0142 z wyboru oferty i zawiadomienie o wyborze najkorzystniejszej oferty<\/a>\n\n&nbsp;\n\n<a href=\"https:\/\/akademia-zdrowia.pl\/lodz\/wp-content\/uploads\/2020\/03\/zapytanie-ofertowe-nr-10-z-dnia-10.02.2021.docx\">Zapytanie ofertowe nr 10 z dnia 10.02.2021<\/a>\n\n<strong>(Przeprowadzenie szkolenia Specjalista do spraw sprzeda\u017cy internetowej z obs\u0142ug\u0105 klienta)<\/strong>\n<ul>\n \t<li><a href=\"https:\/\/akademia-zdrowia.pl\/lodz\/wp-content\/uploads\/2020\/03\/zalacznik-nr-1-formularz-ofertowy-6.docx\">za\u0142\u0105cznik nr 1- formularz ofertowy<\/a><\/li>\n \t<li><a href=\"https:\/\/akademia-zdrowia.pl\/lodz\/wp-content\/uploads\/2020\/03\/zalacznik-nr-2a-lub-2-b-5.docx\">za\u0142\u0105cznik nr 2a lub 2 b<\/a><\/li>\n \t<li><a href=\"https:\/\/akademia-zdrowia.pl\/lodz\/wp-content\/uploads\/2020\/03\/zalacznik-nr-3-6.docx\">za\u0142\u0105cznik nr 3<\/a><\/li>\n \t<li><a href=\"https:\/\/akademia-zdrowia.pl\/lodz\/wp-content\/uploads\/2020\/03\/zalacznik-nr-4-do-zapytania-ofertowego_klauzula-informacyjna-6.docx\">za\u0142\u0105cznik nr 4 do zapytania ofertowego_klauzula informacyjna<\/a><\/li>\n<\/ul>\n<a href=\"https:\/\/akademia-zdrowia.pl\/lodz\/wp-content\/uploads\/2020\/03\/protokol-i-zawiadomienie-6.docx\">Protok\u00f3\u0142 z wyboru oferty i zawiadomienie o wyborze najkorzystniejszej oferty<\/a>\n\n&nbsp;\n\n<a href=\"https:\/\/akademia-zdrowia.pl\/lodz\/wp-content\/uploads\/2020\/03\/zapytanie-ofertowe-nr-11-z-dnia-24.03.2021.docx\">Zapytanie ofertowe nr 11 z dnia 24.03.2021<\/a>\n\n<strong>( Przeprowadzenie szkolenia: Pracownik biurowy z elementami rejestracji medycznej ).<\/strong>\n<ul>\n \t<li><a href=\"https:\/\/akademia-zdrowia.pl\/lodz\/wp-content\/uploads\/2020\/03\/zalacznik-nr-1-formularz-ofertowy-7.docx\">za\u0142\u0105cznik nr 1- formularz ofertowy<\/a><\/li>\n \t<li><a href=\"https:\/\/akademia-zdrowia.pl\/lodz\/wp-content\/uploads\/2020\/03\/zalacznik-nr-2-oswiadczenie-o-braku-powiazan-4.docx\">za\u0142\u0105cznik nr 2-o\u015bwiadczenie o braku powi\u0105za\u0144<\/a><\/li>\n \t<li><a href=\"https:\/\/akademia-zdrowia.pl\/lodz\/wp-content\/uploads\/2020\/03\/zalacznik-nr-2a-lub-2-b-6.docx\">za\u0142\u0105cznik nr 2a lub 2 b<\/a><\/li>\n \t<li><a href=\"https:\/\/akademia-zdrowia.pl\/lodz\/wp-content\/uploads\/2020\/03\/zalacznik-nr-3-7.docx\">za\u0142\u0105cznik nr 3<\/a><\/li>\n \t<li><a href=\"https:\/\/akademia-zdrowia.pl\/lodz\/wp-content\/uploads\/2020\/03\/zalacznik-nr-4-do-zapytania-ofertowego_klauzula-informacyjna-7.docx\">za\u0142\u0105cznik nr 4 do zapytania ofertowego_klauzula informacyjna<\/a><\/li>\n<\/ul>\n<a href=\"https:\/\/akademia-zdrowia.pl\/lodz\/wp-content\/uploads\/2020\/03\/zawiadomienie-1.docx\">Protok\u00f3\u0142 z wyboru oferty i zawiadomienie o wyborze najkorzystniejszej oferty<\/a>\n\n&nbsp;\n\n<a href=\"https:\/\/akademia-zdrowia.pl\/lodz\/wp-content\/uploads\/2020\/03\/zapytanie-ofertowe-nr-12.docx\">Zapytanie ofertowe nr 12 z dnia 11.05.2021<\/a>\n\n<strong>( Przeprowadzenie szkolenia: Pracownik biurowy z elementami recepcji medycznej )<\/strong>\n<ul>\n \t<li><a href=\"https:\/\/akademia-zdrowia.pl\/lodz\/wp-content\/uploads\/2020\/03\/zalacznik-nr-1-formularz-ofertowy-8.docx\">za\u0142\u0105cznik nr 1- formularz ofertowy<\/a><\/li>\n \t<li><a href=\"https:\/\/akademia-zdrowia.pl\/lodz\/wp-content\/uploads\/2020\/03\/zalacznik-nr-2-oswiadczenie-o-braku-powiazan-5.docx\">za\u0142\u0105cznik nr 2-o\u015bwiadczenie o braku powi\u0105za\u0144<\/a><\/li>\n \t<li><a href=\"https:\/\/akademia-zdrowia.pl\/lodz\/wp-content\/uploads\/2020\/03\/zalacznik-nr-3-8.docx\">za\u0142\u0105cznik nr 3<\/a><\/li>\n \t<li><a href=\"https:\/\/akademia-zdrowia.pl\/lodz\/wp-content\/uploads\/2020\/03\/zalacznik-nr-4-do-zapytania-ofertowego_klauzula-informacyjna-8.docx\">za\u0142\u0105cznik nr 4 do zapytania ofertowego_klauzula informacyjna<\/a><\/li>\n<\/ul>\n&nbsp;\t\t\t\t\t\t\t\t<\/div>\n\t\t\t\t<\/div>\n\t\t\t\t\t<\/div>\n\t\t<\/div>\n\t\t\t\t<div class=\"elementor-column elementor-col-33 elementor-top-column elementor-element elementor-element-26fac75\" data-id=\"26fac75\" data-element_type=\"column\" data-e-type=\"column\">\n\t\t\t<div class=\"elementor-widget-wrap elementor-element-populated\">\n\t\t\t\t\t\t<div class=\"elementor-element elementor-element-75c1acd elementor-widget elementor-widget-rs-image\" data-id=\"75c1acd\" data-element_type=\"widget\" data-e-type=\"widget\" data-widget_type=\"rs-image.default\">\n\t\t\t\t<div class=\"elementor-widget-container\">\n\t\t\t\t\t\n        <div class=\"rs-image \">\n                            <img decoding=\"async\" class=\"rs-multi-image \" src=\"https:\/\/akademia-zdrowia.pl\/lodz\/wp-content\/uploads\/2021\/10\/lodz.png\" alt=\"image\"\/>\n                    <\/div>\n\n              \n    \t\t\t\t<\/div>\n\t\t\t\t<\/div>\n\t\t\t\t<div class=\"elementor-element elementor-element-f6bdc34 elementor-widget elementor-widget-text-editor\" data-id=\"f6bdc34\" data-element_type=\"widget\" data-e-type=\"widget\" data-widget_type=\"text-editor.default\">\n\t\t\t\t<div class=\"elementor-widget-container\">\n\t\t\t\t\t\t\t\t\t<div class=\"adres\"><div class=\"adres\"><p style=\"text-align: center;\">ul. Jana Kili\u0144skiego 21<br \/><span style=\"color: var( --e-global-color-text ); font-family: var( --e-global-typography-text-font-family ), Sans-serif; font-weight: var( --e-global-typography-text-font-weight );\">90-205 \u0141\u00f3d\u017a<br \/><\/span><img decoding=\"async\" style=\"color: var( --e-global-color-text ); font-family: var( --e-global-typography-text-font-family ), Sans-serif; font-weight: var( --e-global-typography-text-font-weight );\" src=\"https:\/\/akademia-zdrowia.pl\/lodz\/wp-content\/themes\/akademia-podstrona\/img\/phone-ico_red.png\" alt=\"marker\" \/><span style=\"color: var( --e-global-color-text ); font-family: var( --e-global-typography-text-font-family ), Sans-serif; font-weight: var( --e-global-typography-text-font-weight );\">\u00a0\u00a0<\/span><span style=\"color: var( --e-global-color-text ); font-family: var( --e-global-typography-text-font-family ), Sans-serif; font-weight: var( --e-global-typography-text-font-weight );\">tel.\u00a0<\/span><a style=\"font-family: var( --e-global-typography-text-font-family ), Sans-serif; font-weight: var( --e-global-typography-text-font-weight ); background-color: #ffffff;\" href=\"tel:42 255 77 00\">42 255 77 00<\/a><span style=\"color: var( --e-global-color-text ); font-family: var( --e-global-typography-text-font-family ), Sans-serif; font-weight: var( --e-global-typography-text-font-weight );\">\u00a0\u00a0<\/span><span style=\"color: var( --e-global-color-text ); font-family: var( --e-global-typography-text-font-family ), Sans-serif; font-weight: var( --e-global-typography-text-font-weight );\">tel.\/fax\u00a0<\/span><a style=\"font-family: var( --e-global-typography-text-font-family ), Sans-serif; font-weight: var( --e-global-typography-text-font-weight ); background-color: #ffffff;\" href=\"tel:42 255 77 01\">42 255 77 01<\/a><\/p><\/div><div class=\"dodatkowe\"><p style=\"text-align: center;\">Sekretariat czynny od poniedzia\u0142ku do pi\u0105tku w godzinach 9.00-16.00<\/p><p style=\"text-align: center;\"><span style=\"color: #000080; font-family: var( --e-global-typography-text-font-family ), Sans-serif;\"><b>Zarezerwuj miejsce ju\u017c dzi\u015b!<\/b><\/span><\/p><\/div><\/div>\t\t\t\t\t\t\t\t<\/div>\n\t\t\t\t<\/div>\n\t\t\t\t\t<\/div>\n\t\t<\/div>\n\t\t\t\t\t<\/div>\n\t\t<\/section>\n\t\t\t\t<\/div>\n\t\t","protected":false},"excerpt":{"rendered":"<p>\u00a0 Projekt \u201cAkademia lepszego \u017cycia\u201d wsp\u00f3\u0142finansowany ze \u015brodk\u00f3w Europejskiego Funduszu Spo\u0142ecznego\u00a0 w ramach Regionalnego Programu Operacyjnego Wojew\u00f3dztwa \u0141\u00f3dzkiego na lata 2014-2020 \u00a0 Cel projektu:\u00a0podniesienie kompetencji spo\u0142eczno- zawodowych 64 os\u00f3b (38 K, 26 M) w wieku aktywno\u015bci zawodowej 18-64 lata zagro\u017conych ub\u00f3stwem lub wykluczeniem spo\u0142ecznym, w tym osoby bezrobotne, kt\u00f3re w pierwszej kolejno\u015bci wymagaj\u0105 aktywizacji spo\u0142ecznej&#8230;<\/p>\n","protected":false},"author":1,"featured_media":0,"parent":2229,"menu_order":0,"comment_status":"closed","ping_status":"closed","template":"","meta":{"footnotes":""},"class_list":["post-2232","page","type-page","status-publish","hentry"],"yoast_head":"<!-- This site is optimized with the Yoast SEO Premium plugin v18.9 (Yoast SEO v27.2) - https:\/\/yoast.com\/product\/yoast-seo-premium-wordpress\/ -->\n<title>O projekcie Akademia lepszego \u017cycia - Akademia Zdrowia \u0141\u00f3d\u017a - Kursy zawodowe, szko\u0142y policealne, szko\u0142y dla doros\u0142ych<\/title>\n<meta name=\"description\" content=\"\u00a0Projekt \u201cAkademia lepszego \u017cycia\u201d wsp\u00f3\u0142finansowany ze \u015brodk\u00f3w Europejskiego Funduszu Spo\u0142ecznego\u00a0 w ramach Regionalnego Programu Operacyjnego Wojew\u00f3dztwa\" \/>\n<meta name=\"robots\" content=\"index, follow, max-snippet:-1, max-image-preview:large, max-video-preview:-1\" \/>\n<link rel=\"canonical\" href=\"https:\/\/akademia-zdrowia.pl\/lodz\/oferta-szkoleniowa\/projekty-unijne\/akademia-lepszego-zycia\/o-projekcie\/\" \/>\n<meta property=\"og:locale\" content=\"pl_PL\" \/>\n<meta property=\"og:type\" content=\"article\" \/>\n<meta property=\"og:title\" content=\"O projekcie Akademia lepszego \u017cycia\" \/>\n<meta property=\"og:description\" content=\"\u00a0Projekt \u201cAkademia lepszego \u017cycia\u201d wsp\u00f3\u0142finansowany ze \u015brodk\u00f3w Europejskiego Funduszu Spo\u0142ecznego\u00a0 w ramach Regionalnego Programu Operacyjnego Wojew\u00f3dztwa\" \/>\n<meta property=\"og:url\" content=\"https:\/\/akademia-zdrowia.pl\/lodz\/oferta-szkoleniowa\/projekty-unijne\/akademia-lepszego-zycia\/o-projekcie\/\" \/>\n<meta property=\"og:site_name\" content=\"Akademia Zdrowia \u0141\u00f3d\u017a\" \/>\n<meta property=\"article:modified_time\" content=\"2021-11-26T17:05:38+00:00\" \/>\n<meta property=\"og:image\" content=\"https:\/\/akademia-zdrowia.pl\/lodz\/wp-content\/uploads\/2020\/03\/image001.png\" \/>\n<meta name=\"twitter:card\" content=\"summary_large_image\" \/>\n<meta name=\"twitter:label1\" content=\"Szacowany czas czytania\" \/>\n\t<meta name=\"twitter:data1\" content=\"5 minut\" \/>\n<script type=\"application\/ld+json\" class=\"yoast-schema-graph\">{\"@context\":\"https:\/\/schema.org\",\"@graph\":[{\"@type\":\"WebPage\",\"@id\":\"https:\/\/akademia-zdrowia.pl\/lodz\/oferta-szkoleniowa\/projekty-unijne\/akademia-lepszego-zycia\/o-projekcie\/\",\"url\":\"https:\/\/akademia-zdrowia.pl\/lodz\/oferta-szkoleniowa\/projekty-unijne\/akademia-lepszego-zycia\/o-projekcie\/\",\"name\":\"O projekcie Akademia lepszego \u017cycia - Akademia Zdrowia \u0141\u00f3d\u017a - Kursy zawodowe, szko\u0142y policealne, szko\u0142y dla doros\u0142ych\",\"isPartOf\":{\"@id\":\"https:\/\/akademia-zdrowia.pl\/lodz\/#website\"},\"primaryImageOfPage\":{\"@id\":\"https:\/\/akademia-zdrowia.pl\/lodz\/oferta-szkoleniowa\/projekty-unijne\/akademia-lepszego-zycia\/o-projekcie\/#primaryimage\"},\"image\":{\"@id\":\"https:\/\/akademia-zdrowia.pl\/lodz\/oferta-szkoleniowa\/projekty-unijne\/akademia-lepszego-zycia\/o-projekcie\/#primaryimage\"},\"thumbnailUrl\":\"https:\/\/akademia-zdrowia.pl\/lodz\/wp-content\/uploads\/2020\/03\/image001.png\",\"datePublished\":\"2020-03-03T10:40:30+00:00\",\"dateModified\":\"2021-11-26T17:05:38+00:00\",\"description\":\"\u00a0Projekt \u201cAkademia lepszego \u017cycia\u201d wsp\u00f3\u0142finansowany ze \u015brodk\u00f3w Europejskiego Funduszu Spo\u0142ecznego\u00a0 w ramach Regionalnego Programu Operacyjnego Wojew\u00f3dztwa\",\"breadcrumb\":{\"@id\":\"https:\/\/akademia-zdrowia.pl\/lodz\/oferta-szkoleniowa\/projekty-unijne\/akademia-lepszego-zycia\/o-projekcie\/#breadcrumb\"},\"inLanguage\":\"pl-PL\",\"potentialAction\":[{\"@type\":\"ReadAction\",\"target\":[\"https:\/\/akademia-zdrowia.pl\/lodz\/oferta-szkoleniowa\/projekty-unijne\/akademia-lepszego-zycia\/o-projekcie\/\"]}]},{\"@type\":\"ImageObject\",\"inLanguage\":\"pl-PL\",\"@id\":\"https:\/\/akademia-zdrowia.pl\/lodz\/oferta-szkoleniowa\/projekty-unijne\/akademia-lepszego-zycia\/o-projekcie\/#primaryimage\",\"url\":\"https:\/\/akademia-zdrowia.pl\/lodz\/wp-content\/uploads\/2020\/03\/image001.png\",\"contentUrl\":\"https:\/\/akademia-zdrowia.pl\/lodz\/wp-content\/uploads\/2020\/03\/image001.png\",\"width\":626,\"height\":71},{\"@type\":\"BreadcrumbList\",\"@id\":\"https:\/\/akademia-zdrowia.pl\/lodz\/oferta-szkoleniowa\/projekty-unijne\/akademia-lepszego-zycia\/o-projekcie\/#breadcrumb\",\"itemListElement\":[{\"@type\":\"ListItem\",\"position\":1,\"name\":\"Strona g\u0142\u00f3wna\",\"item\":\"https:\/\/akademia-zdrowia.pl\/lodz\/\"},{\"@type\":\"ListItem\",\"position\":2,\"name\":\"Oferta szkoleniowa\",\"item\":\"https:\/\/akademia-zdrowia.pl\/lodz\/oferta-szkoleniowa\/\"},{\"@type\":\"ListItem\",\"position\":3,\"name\":\"Projekty unijne\",\"item\":\"https:\/\/akademia-zdrowia.pl\/lodz\/oferta-szkoleniowa\/projekty-unijne\/\"},{\"@type\":\"ListItem\",\"position\":4,\"name\":\"Akademia lepszego \u017cycia\",\"item\":\"https:\/\/akademia-zdrowia.pl\/lodz\/oferta-szkoleniowa\/projekty-unijne\/akademia-lepszego-zycia\/\"},{\"@type\":\"ListItem\",\"position\":5,\"name\":\"O projekcie Akademia lepszego \u017cycia\"}]},{\"@type\":\"WebSite\",\"@id\":\"https:\/\/akademia-zdrowia.pl\/lodz\/#website\",\"url\":\"https:\/\/akademia-zdrowia.pl\/lodz\/\",\"name\":\"Akademia Zdrowia \u0141\u00f3d\u017a\",\"description\":\"\",\"potentialAction\":[{\"@type\":\"SearchAction\",\"target\":{\"@type\":\"EntryPoint\",\"urlTemplate\":\"https:\/\/akademia-zdrowia.pl\/lodz\/?s={search_term_string}\"},\"query-input\":{\"@type\":\"PropertyValueSpecification\",\"valueRequired\":true,\"valueName\":\"search_term_string\"}}],\"inLanguage\":\"pl-PL\"}]}<\/script>\n<!-- \/ Yoast SEO Premium plugin. -->","yoast_head_json":{"title":"O projekcie Akademia lepszego \u017cycia - Akademia Zdrowia \u0141\u00f3d\u017a - Kursy zawodowe, szko\u0142y policealne, szko\u0142y dla doros\u0142ych","description":"\u00a0Projekt \u201cAkademia lepszego \u017cycia\u201d wsp\u00f3\u0142finansowany ze \u015brodk\u00f3w Europejskiego Funduszu Spo\u0142ecznego\u00a0 w ramach Regionalnego Programu Operacyjnego Wojew\u00f3dztwa","robots":{"index":"index","follow":"follow","max-snippet":"max-snippet:-1","max-image-preview":"max-image-preview:large","max-video-preview":"max-video-preview:-1"},"canonical":"https:\/\/akademia-zdrowia.pl\/lodz\/oferta-szkoleniowa\/projekty-unijne\/akademia-lepszego-zycia\/o-projekcie\/","og_locale":"pl_PL","og_type":"article","og_title":"O projekcie Akademia lepszego \u017cycia","og_description":"\u00a0Projekt \u201cAkademia lepszego \u017cycia\u201d wsp\u00f3\u0142finansowany ze \u015brodk\u00f3w Europejskiego Funduszu Spo\u0142ecznego\u00a0 w ramach Regionalnego Programu Operacyjnego Wojew\u00f3dztwa","og_url":"https:\/\/akademia-zdrowia.pl\/lodz\/oferta-szkoleniowa\/projekty-unijne\/akademia-lepszego-zycia\/o-projekcie\/","og_site_name":"Akademia Zdrowia \u0141\u00f3d\u017a","article_modified_time":"2021-11-26T17:05:38+00:00","og_image":[{"url":"https:\/\/akademia-zdrowia.pl\/lodz\/wp-content\/uploads\/2020\/03\/image001.png","type":"","width":"","height":""}],"twitter_card":"summary_large_image","twitter_misc":{"Szacowany czas czytania":"5 minut"},"schema":{"@context":"https:\/\/schema.org","@graph":[{"@type":"WebPage","@id":"https:\/\/akademia-zdrowia.pl\/lodz\/oferta-szkoleniowa\/projekty-unijne\/akademia-lepszego-zycia\/o-projekcie\/","url":"https:\/\/akademia-zdrowia.pl\/lodz\/oferta-szkoleniowa\/projekty-unijne\/akademia-lepszego-zycia\/o-projekcie\/","name":"O projekcie Akademia lepszego \u017cycia - Akademia Zdrowia \u0141\u00f3d\u017a - Kursy zawodowe, szko\u0142y policealne, szko\u0142y dla doros\u0142ych","isPartOf":{"@id":"https:\/\/akademia-zdrowia.pl\/lodz\/#website"},"primaryImageOfPage":{"@id":"https:\/\/akademia-zdrowia.pl\/lodz\/oferta-szkoleniowa\/projekty-unijne\/akademia-lepszego-zycia\/o-projekcie\/#primaryimage"},"image":{"@id":"https:\/\/akademia-zdrowia.pl\/lodz\/oferta-szkoleniowa\/projekty-unijne\/akademia-lepszego-zycia\/o-projekcie\/#primaryimage"},"thumbnailUrl":"https:\/\/akademia-zdrowia.pl\/lodz\/wp-content\/uploads\/2020\/03\/image001.png","datePublished":"2020-03-03T10:40:30+00:00","dateModified":"2021-11-26T17:05:38+00:00","description":"\u00a0Projekt \u201cAkademia lepszego \u017cycia\u201d wsp\u00f3\u0142finansowany ze \u015brodk\u00f3w Europejskiego Funduszu Spo\u0142ecznego\u00a0 w ramach Regionalnego Programu Operacyjnego Wojew\u00f3dztwa","breadcrumb":{"@id":"https:\/\/akademia-zdrowia.pl\/lodz\/oferta-szkoleniowa\/projekty-unijne\/akademia-lepszego-zycia\/o-projekcie\/#breadcrumb"},"inLanguage":"pl-PL","potentialAction":[{"@type":"ReadAction","target":["https:\/\/akademia-zdrowia.pl\/lodz\/oferta-szkoleniowa\/projekty-unijne\/akademia-lepszego-zycia\/o-projekcie\/"]}]},{"@type":"ImageObject","inLanguage":"pl-PL","@id":"https:\/\/akademia-zdrowia.pl\/lodz\/oferta-szkoleniowa\/projekty-unijne\/akademia-lepszego-zycia\/o-projekcie\/#primaryimage","url":"https:\/\/akademia-zdrowia.pl\/lodz\/wp-content\/uploads\/2020\/03\/image001.png","contentUrl":"https:\/\/akademia-zdrowia.pl\/lodz\/wp-content\/uploads\/2020\/03\/image001.png","width":626,"height":71},{"@type":"BreadcrumbList","@id":"https:\/\/akademia-zdrowia.pl\/lodz\/oferta-szkoleniowa\/projekty-unijne\/akademia-lepszego-zycia\/o-projekcie\/#breadcrumb","itemListElement":[{"@type":"ListItem","position":1,"name":"Strona g\u0142\u00f3wna","item":"https:\/\/akademia-zdrowia.pl\/lodz\/"},{"@type":"ListItem","position":2,"name":"Oferta szkoleniowa","item":"https:\/\/akademia-zdrowia.pl\/lodz\/oferta-szkoleniowa\/"},{"@type":"ListItem","position":3,"name":"Projekty unijne","item":"https:\/\/akademia-zdrowia.pl\/lodz\/oferta-szkoleniowa\/projekty-unijne\/"},{"@type":"ListItem","position":4,"name":"Akademia lepszego \u017cycia","item":"https:\/\/akademia-zdrowia.pl\/lodz\/oferta-szkoleniowa\/projekty-unijne\/akademia-lepszego-zycia\/"},{"@type":"ListItem","position":5,"name":"O projekcie Akademia lepszego \u017cycia"}]},{"@type":"WebSite","@id":"https:\/\/akademia-zdrowia.pl\/lodz\/#website","url":"https:\/\/akademia-zdrowia.pl\/lodz\/","name":"Akademia Zdrowia \u0141\u00f3d\u017a","description":"","potentialAction":[{"@type":"SearchAction","target":{"@type":"EntryPoint","urlTemplate":"https:\/\/akademia-zdrowia.pl\/lodz\/?s={search_term_string}"},"query-input":{"@type":"PropertyValueSpecification","valueRequired":true,"valueName":"search_term_string"}}],"inLanguage":"pl-PL"}]}},"_links":{"self":[{"href":"https:\/\/akademia-zdrowia.pl\/lodz\/wp-json\/wp\/v2\/pages\/2232","targetHints":{"allow":["GET"]}}],"collection":[{"href":"https:\/\/akademia-zdrowia.pl\/lodz\/wp-json\/wp\/v2\/pages"}],"about":[{"href":"https:\/\/akademia-zdrowia.pl\/lodz\/wp-json\/wp\/v2\/types\/page"}],"author":[{"embeddable":true,"href":"https:\/\/akademia-zdrowia.pl\/lodz\/wp-json\/wp\/v2\/users\/1"}],"replies":[{"embeddable":true,"href":"https:\/\/akademia-zdrowia.pl\/lodz\/wp-json\/wp\/v2\/comments?post=2232"}],"version-history":[{"count":9,"href":"https:\/\/akademia-zdrowia.pl\/lodz\/wp-json\/wp\/v2\/pages\/2232\/revisions"}],"predecessor-version":[{"id":7067,"href":"https:\/\/akademia-zdrowia.pl\/lodz\/wp-json\/wp\/v2\/pages\/2232\/revisions\/7067"}],"up":[{"embeddable":true,"href":"https:\/\/akademia-zdrowia.pl\/lodz\/wp-json\/wp\/v2\/pages\/2229"}],"wp:attachment":[{"href":"https:\/\/akademia-zdrowia.pl\/lodz\/wp-json\/wp\/v2\/media?parent=2232"}],"curies":[{"name":"wp","href":"https:\/\/api.w.org\/{rel}","templated":true}]}}