{"id":2901,"date":"2020-10-02T12:03:03","date_gmt":"2020-10-02T10:03:03","guid":{"rendered":"https:\/\/akademia-zdrowia.pl\/lodz\/?page_id=2901"},"modified":"2022-02-13T21:58:03","modified_gmt":"2022-02-13T20:58:03","slug":"harmonogram-dzialan-akademia-lepszego-zycia","status":"publish","type":"page","link":"https:\/\/akademia-zdrowia.pl\/lodz\/harmonogram-dzialan-akademia-lepszego-zycia\/","title":{"rendered":"Harmonogram dzia\u0142a\u0144 Akademia lepszego \u017cycia"},"content":{"rendered":"\t\t<div data-elementor-type=\"wp-page\" data-elementor-id=\"2901\" class=\"elementor elementor-2901\" data-elementor-post-type=\"page\">\n\t\t\t\t\t\t<section class=\"elementor-section elementor-top-section elementor-element elementor-element-4adf678 elementor-section-boxed elementor-section-height-default elementor-section-height-default\" data-id=\"4adf678\" data-element_type=\"section\" data-e-type=\"section\">\n\t\t\t\t\t\t<div class=\"elementor-container elementor-column-gap-default\">\n\t\t\t\t\t<div class=\"elementor-column elementor-col-66 elementor-top-column elementor-element elementor-element-cfd3d4e\" data-id=\"cfd3d4e\" data-element_type=\"column\" data-e-type=\"column\">\n\t\t\t<div class=\"elementor-widget-wrap elementor-element-populated\">\n\t\t\t\t\t\t<div class=\"elementor-element elementor-element-248167f5 elementor-widget elementor-widget-text-editor\" data-id=\"248167f5\" data-element_type=\"widget\" data-e-type=\"widget\" data-widget_type=\"text-editor.default\">\n\t\t\t\t<div class=\"elementor-widget-container\">\n\t\t\t\t\t\t\t\t\t<p><img decoding=\"async\" class=\"aligncenter size-full wp-image-2293\" src=\"https:\/\/akademia-zdrowia.pl\/lodz\/wp-content\/uploads\/2020\/03\/image001.png\" alt=\"\" width=\"626\" height=\"71\" srcset=\"https:\/\/akademia-zdrowia.pl\/lodz\/wp-content\/uploads\/2020\/03\/image001.png 626w, https:\/\/akademia-zdrowia.pl\/lodz\/wp-content\/uploads\/2020\/03\/image001-300x34.png 300w\" sizes=\"(max-width: 626px) 100vw, 626px\" \/><\/p><p><span style=\"font-size: 20px;\"><strong>Zapraszamy do zapoznania si\u0119 z harmonogramami kurs\u00f3w.<\/strong><\/span><\/p><p><a href=\"https:\/\/akademia-zdrowia.pl\/lodz\/wp-content\/uploads\/2020\/10\/HARMONOGRAM-DZIA\u0141A\u0143-W-PROJEKCIE.pdf\">HARMONOGRAM DZIA\u0141A\u0143 W PROJEKCIE<\/a><\/p><p><a href=\"https:\/\/akademia-zdrowia.pl\/lodz\/wp-content\/uploads\/2020\/10\/harmonogram-sta\u017cy-zawodowych.docx\">HARMONOGRAM STA\u017bY ZAWODOWYCH<\/a><\/p>\t\t\t\t\t\t\t\t<\/div>\n\t\t\t\t<\/div>\n\t\t\t\t\t<\/div>\n\t\t<\/div>\n\t\t\t\t<div class=\"elementor-column elementor-col-33 elementor-top-column elementor-element elementor-element-fe39f14\" data-id=\"fe39f14\" data-element_type=\"column\" data-e-type=\"column\">\n\t\t\t<div class=\"elementor-widget-wrap elementor-element-populated\">\n\t\t\t\t\t\t<div class=\"elementor-element elementor-element-bf7a81a elementor-widget elementor-widget-rs-image\" data-id=\"bf7a81a\" data-element_type=\"widget\" data-e-type=\"widget\" data-widget_type=\"rs-image.default\">\n\t\t\t\t<div class=\"elementor-widget-container\">\n\t\t\t\t\t\n        <div class=\"rs-image \">\n                            <img decoding=\"async\" class=\"rs-multi-image \" src=\"https:\/\/akademia-zdrowia.pl\/lodz\/wp-content\/uploads\/2022\/01\/IMG_0795-2-scaled.jpg\" alt=\"image\"\/>\n                    <\/div>\n\n              \n    \t\t\t\t<\/div>\n\t\t\t\t<\/div>\n\t\t\t\t<div class=\"elementor-element elementor-element-5aa8963 elementor-widget elementor-widget-text-editor\" data-id=\"5aa8963\" data-element_type=\"widget\" data-e-type=\"widget\" data-widget_type=\"text-editor.default\">\n\t\t\t\t<div class=\"elementor-widget-container\">\n\t\t\t\t\t\t\t\t\t<div class=\"adres\"><div class=\"adres\"><p style=\"text-align: center;\">ul. Jana Kili\u0144skiego 21<br \/><span style=\"color: var( --e-global-color-text ); font-family: var( --e-global-typography-text-font-family ), Sans-serif; font-weight: var( --e-global-typography-text-font-weight );\">90-205 \u0141\u00f3d\u017a<br \/><\/span><img decoding=\"async\" style=\"color: var( --e-global-color-text ); font-family: var( --e-global-typography-text-font-family ), Sans-serif; font-weight: var( --e-global-typography-text-font-weight );\" src=\"https:\/\/akademia-zdrowia.pl\/lodz\/wp-content\/themes\/akademia-podstrona\/img\/phone-ico_red.png\" alt=\"marker\" \/><span style=\"color: var( --e-global-color-text ); font-family: var( --e-global-typography-text-font-family ), Sans-serif; font-weight: var( --e-global-typography-text-font-weight );\">\u00a0\u00a0<\/span><span style=\"color: var( --e-global-color-text ); font-family: var( --e-global-typography-text-font-family ), Sans-serif; font-weight: var( --e-global-typography-text-font-weight );\">tel.\u00a0<\/span><a style=\"font-family: var( --e-global-typography-text-font-family ), Sans-serif; font-weight: var( --e-global-typography-text-font-weight ); background-color: #ffffff;\" href=\"tel:42 255 77 00\">42 255 77 00<\/a><span style=\"color: var( --e-global-color-text ); font-family: var( --e-global-typography-text-font-family ), Sans-serif; font-weight: var( --e-global-typography-text-font-weight );\">\u00a0\u00a0<\/span><span style=\"color: var( --e-global-color-text ); font-family: var( --e-global-typography-text-font-family ), Sans-serif; font-weight: var( --e-global-typography-text-font-weight );\">tel.\/fax\u00a0<\/span><a style=\"font-family: var( --e-global-typography-text-font-family ), Sans-serif; font-weight: var( --e-global-typography-text-font-weight ); background-color: #ffffff;\" href=\"tel:42 255 77 01\">42 255 77 01<\/a><\/p><\/div><div class=\"dodatkowe\"><p style=\"text-align: center;\">Sekretariat czynny od poniedzia\u0142ku do pi\u0105tku w godzinach 9.00-16.00<\/p><p style=\"text-align: center;\"><span style=\"color: #000080; font-family: var( --e-global-typography-text-font-family ), Sans-serif;\"><b>Zarezerwuj miejsce ju\u017c dzi\u015b!<\/b><\/span><\/p><\/div><\/div>\t\t\t\t\t\t\t\t<\/div>\n\t\t\t\t<\/div>\n\t\t\t\t\t<\/div>\n\t\t<\/div>\n\t\t\t\t\t<\/div>\n\t\t<\/section>\n\t\t\t\t<\/div>\n\t\t","protected":false},"excerpt":{"rendered":"<p>Zapraszamy do zapoznania si\u0119 z harmonogramami kurs\u00f3w. HARMONOGRAM DZIA\u0141A\u0143 W PROJEKCIE HARMONOGRAM STA\u017bY ZAWODOWYCH ul. Jana Kili\u0144skiego 2190-205 \u0141\u00f3d\u017a\u00a0\u00a0tel.\u00a042 255 77 00\u00a0\u00a0tel.\/fax\u00a042 255 77 01 Sekretariat czynny od poniedzia\u0142ku do pi\u0105tku w godzinach 9.00-16.00 Zarezerwuj miejsce ju\u017c dzi\u015b! ZAPISZ SI\u0118 O projekcie Akademia lepszego \u017cycia Zapytania ofertowe \/ Rozeznanie rynku Akademia lepszego \u017cycia Dokumenty rekrutacyjne&#8230;<\/p>\n","protected":false},"author":1,"featured_media":0,"parent":0,"menu_order":0,"comment_status":"closed","ping_status":"closed","template":"","meta":{"footnotes":""},"class_list":["post-2901","page","type-page","status-publish","hentry"],"yoast_head":"<!-- This site is optimized with the Yoast SEO Premium plugin v18.9 (Yoast SEO v27.2) - https:\/\/yoast.com\/product\/yoast-seo-premium-wordpress\/ -->\n<title>Harmonogram dzia\u0142a\u0144 Akademia lepszego \u017cycia - Akademia Zdrowia \u0141\u00f3d\u017a - Kursy zawodowe, szko\u0142y policealne, szko\u0142y dla doros\u0142ych<\/title>\n<meta name=\"description\" content=\"Zapraszamy do zapoznania si\u0119 z harmonogramami kurs\u00f3w.HARMONOGRAM DZIA\u0141A\u0143 W PROJEKCIEHARMONOGRAM STA\u017bY ZAWODOWYCH ul. Jana Kili\u0144skiego 2190-205\" \/>\n<meta name=\"robots\" content=\"index, follow, max-snippet:-1, max-image-preview:large, max-video-preview:-1\" \/>\n<link rel=\"canonical\" href=\"https:\/\/akademia-zdrowia.pl\/lodz\/harmonogram-dzialan-akademia-lepszego-zycia\/\" \/>\n<meta property=\"og:locale\" content=\"pl_PL\" \/>\n<meta property=\"og:type\" content=\"article\" \/>\n<meta property=\"og:title\" content=\"Harmonogram dzia\u0142a\u0144 Akademia lepszego \u017cycia\" \/>\n<meta property=\"og:description\" content=\"Zapraszamy do zapoznania si\u0119 z harmonogramami kurs\u00f3w.HARMONOGRAM DZIA\u0141A\u0143 W PROJEKCIEHARMONOGRAM STA\u017bY ZAWODOWYCH ul. Jana Kili\u0144skiego 2190-205\" \/>\n<meta property=\"og:url\" content=\"https:\/\/akademia-zdrowia.pl\/lodz\/harmonogram-dzialan-akademia-lepszego-zycia\/\" \/>\n<meta property=\"og:site_name\" content=\"Akademia Zdrowia \u0141\u00f3d\u017a\" \/>\n<meta property=\"article:modified_time\" content=\"2022-02-13T20:58:03+00:00\" \/>\n<meta property=\"og:image\" content=\"https:\/\/akademia-zdrowia.pl\/lodz\/wp-content\/uploads\/2020\/03\/image001.png\" \/>\n<meta name=\"twitter:card\" content=\"summary_large_image\" \/>\n<meta name=\"twitter:label1\" content=\"Szacowany czas czytania\" \/>\n\t<meta name=\"twitter:data1\" content=\"2 minuty\" \/>\n<script type=\"application\/ld+json\" class=\"yoast-schema-graph\">{\"@context\":\"https:\/\/schema.org\",\"@graph\":[{\"@type\":\"WebPage\",\"@id\":\"https:\/\/akademia-zdrowia.pl\/lodz\/harmonogram-dzialan-akademia-lepszego-zycia\/\",\"url\":\"https:\/\/akademia-zdrowia.pl\/lodz\/harmonogram-dzialan-akademia-lepszego-zycia\/\",\"name\":\"Harmonogram dzia\u0142a\u0144 Akademia lepszego \u017cycia - Akademia Zdrowia \u0141\u00f3d\u017a - Kursy zawodowe, szko\u0142y policealne, szko\u0142y dla doros\u0142ych\",\"isPartOf\":{\"@id\":\"https:\/\/akademia-zdrowia.pl\/lodz\/#website\"},\"primaryImageOfPage\":{\"@id\":\"https:\/\/akademia-zdrowia.pl\/lodz\/harmonogram-dzialan-akademia-lepszego-zycia\/#primaryimage\"},\"image\":{\"@id\":\"https:\/\/akademia-zdrowia.pl\/lodz\/harmonogram-dzialan-akademia-lepszego-zycia\/#primaryimage\"},\"thumbnailUrl\":\"https:\/\/akademia-zdrowia.pl\/lodz\/wp-content\/uploads\/2020\/03\/image001.png\",\"datePublished\":\"2020-10-02T10:03:03+00:00\",\"dateModified\":\"2022-02-13T20:58:03+00:00\",\"description\":\"Zapraszamy do zapoznania si\u0119 z harmonogramami kurs\u00f3w.HARMONOGRAM DZIA\u0141A\u0143 W PROJEKCIEHARMONOGRAM STA\u017bY ZAWODOWYCH ul. Jana Kili\u0144skiego 2190-205\",\"breadcrumb\":{\"@id\":\"https:\/\/akademia-zdrowia.pl\/lodz\/harmonogram-dzialan-akademia-lepszego-zycia\/#breadcrumb\"},\"inLanguage\":\"pl-PL\",\"potentialAction\":[{\"@type\":\"ReadAction\",\"target\":[\"https:\/\/akademia-zdrowia.pl\/lodz\/harmonogram-dzialan-akademia-lepszego-zycia\/\"]}]},{\"@type\":\"ImageObject\",\"inLanguage\":\"pl-PL\",\"@id\":\"https:\/\/akademia-zdrowia.pl\/lodz\/harmonogram-dzialan-akademia-lepszego-zycia\/#primaryimage\",\"url\":\"https:\/\/akademia-zdrowia.pl\/lodz\/wp-content\/uploads\/2020\/03\/image001.png\",\"contentUrl\":\"https:\/\/akademia-zdrowia.pl\/lodz\/wp-content\/uploads\/2020\/03\/image001.png\",\"width\":626,\"height\":71},{\"@type\":\"BreadcrumbList\",\"@id\":\"https:\/\/akademia-zdrowia.pl\/lodz\/harmonogram-dzialan-akademia-lepszego-zycia\/#breadcrumb\",\"itemListElement\":[{\"@type\":\"ListItem\",\"position\":1,\"name\":\"Strona g\u0142\u00f3wna\",\"item\":\"https:\/\/akademia-zdrowia.pl\/lodz\/\"},{\"@type\":\"ListItem\",\"position\":2,\"name\":\"Harmonogram dzia\u0142a\u0144 Akademia lepszego \u017cycia\"}]},{\"@type\":\"WebSite\",\"@id\":\"https:\/\/akademia-zdrowia.pl\/lodz\/#website\",\"url\":\"https:\/\/akademia-zdrowia.pl\/lodz\/\",\"name\":\"Akademia Zdrowia \u0141\u00f3d\u017a\",\"description\":\"\",\"potentialAction\":[{\"@type\":\"SearchAction\",\"target\":{\"@type\":\"EntryPoint\",\"urlTemplate\":\"https:\/\/akademia-zdrowia.pl\/lodz\/?s={search_term_string}\"},\"query-input\":{\"@type\":\"PropertyValueSpecification\",\"valueRequired\":true,\"valueName\":\"search_term_string\"}}],\"inLanguage\":\"pl-PL\"}]}<\/script>\n<!-- \/ Yoast SEO Premium plugin. -->","yoast_head_json":{"title":"Harmonogram dzia\u0142a\u0144 Akademia lepszego \u017cycia - Akademia Zdrowia \u0141\u00f3d\u017a - Kursy zawodowe, szko\u0142y policealne, szko\u0142y dla doros\u0142ych","description":"Zapraszamy do zapoznania si\u0119 z harmonogramami kurs\u00f3w.HARMONOGRAM DZIA\u0141A\u0143 W PROJEKCIEHARMONOGRAM STA\u017bY ZAWODOWYCH ul. Jana Kili\u0144skiego 2190-205","robots":{"index":"index","follow":"follow","max-snippet":"max-snippet:-1","max-image-preview":"max-image-preview:large","max-video-preview":"max-video-preview:-1"},"canonical":"https:\/\/akademia-zdrowia.pl\/lodz\/harmonogram-dzialan-akademia-lepszego-zycia\/","og_locale":"pl_PL","og_type":"article","og_title":"Harmonogram dzia\u0142a\u0144 Akademia lepszego \u017cycia","og_description":"Zapraszamy do zapoznania si\u0119 z harmonogramami kurs\u00f3w.HARMONOGRAM DZIA\u0141A\u0143 W PROJEKCIEHARMONOGRAM STA\u017bY ZAWODOWYCH ul. Jana Kili\u0144skiego 2190-205","og_url":"https:\/\/akademia-zdrowia.pl\/lodz\/harmonogram-dzialan-akademia-lepszego-zycia\/","og_site_name":"Akademia Zdrowia \u0141\u00f3d\u017a","article_modified_time":"2022-02-13T20:58:03+00:00","og_image":[{"url":"https:\/\/akademia-zdrowia.pl\/lodz\/wp-content\/uploads\/2020\/03\/image001.png","type":"","width":"","height":""}],"twitter_card":"summary_large_image","twitter_misc":{"Szacowany czas czytania":"2 minuty"},"schema":{"@context":"https:\/\/schema.org","@graph":[{"@type":"WebPage","@id":"https:\/\/akademia-zdrowia.pl\/lodz\/harmonogram-dzialan-akademia-lepszego-zycia\/","url":"https:\/\/akademia-zdrowia.pl\/lodz\/harmonogram-dzialan-akademia-lepszego-zycia\/","name":"Harmonogram dzia\u0142a\u0144 Akademia lepszego \u017cycia - Akademia Zdrowia \u0141\u00f3d\u017a - Kursy zawodowe, szko\u0142y policealne, szko\u0142y dla doros\u0142ych","isPartOf":{"@id":"https:\/\/akademia-zdrowia.pl\/lodz\/#website"},"primaryImageOfPage":{"@id":"https:\/\/akademia-zdrowia.pl\/lodz\/harmonogram-dzialan-akademia-lepszego-zycia\/#primaryimage"},"image":{"@id":"https:\/\/akademia-zdrowia.pl\/lodz\/harmonogram-dzialan-akademia-lepszego-zycia\/#primaryimage"},"thumbnailUrl":"https:\/\/akademia-zdrowia.pl\/lodz\/wp-content\/uploads\/2020\/03\/image001.png","datePublished":"2020-10-02T10:03:03+00:00","dateModified":"2022-02-13T20:58:03+00:00","description":"Zapraszamy do zapoznania si\u0119 z harmonogramami kurs\u00f3w.HARMONOGRAM DZIA\u0141A\u0143 W PROJEKCIEHARMONOGRAM STA\u017bY ZAWODOWYCH ul. Jana Kili\u0144skiego 2190-205","breadcrumb":{"@id":"https:\/\/akademia-zdrowia.pl\/lodz\/harmonogram-dzialan-akademia-lepszego-zycia\/#breadcrumb"},"inLanguage":"pl-PL","potentialAction":[{"@type":"ReadAction","target":["https:\/\/akademia-zdrowia.pl\/lodz\/harmonogram-dzialan-akademia-lepszego-zycia\/"]}]},{"@type":"ImageObject","inLanguage":"pl-PL","@id":"https:\/\/akademia-zdrowia.pl\/lodz\/harmonogram-dzialan-akademia-lepszego-zycia\/#primaryimage","url":"https:\/\/akademia-zdrowia.pl\/lodz\/wp-content\/uploads\/2020\/03\/image001.png","contentUrl":"https:\/\/akademia-zdrowia.pl\/lodz\/wp-content\/uploads\/2020\/03\/image001.png","width":626,"height":71},{"@type":"BreadcrumbList","@id":"https:\/\/akademia-zdrowia.pl\/lodz\/harmonogram-dzialan-akademia-lepszego-zycia\/#breadcrumb","itemListElement":[{"@type":"ListItem","position":1,"name":"Strona g\u0142\u00f3wna","item":"https:\/\/akademia-zdrowia.pl\/lodz\/"},{"@type":"ListItem","position":2,"name":"Harmonogram dzia\u0142a\u0144 Akademia lepszego \u017cycia"}]},{"@type":"WebSite","@id":"https:\/\/akademia-zdrowia.pl\/lodz\/#website","url":"https:\/\/akademia-zdrowia.pl\/lodz\/","name":"Akademia Zdrowia \u0141\u00f3d\u017a","description":"","potentialAction":[{"@type":"SearchAction","target":{"@type":"EntryPoint","urlTemplate":"https:\/\/akademia-zdrowia.pl\/lodz\/?s={search_term_string}"},"query-input":{"@type":"PropertyValueSpecification","valueRequired":true,"valueName":"search_term_string"}}],"inLanguage":"pl-PL"}]}},"_links":{"self":[{"href":"https:\/\/akademia-zdrowia.pl\/lodz\/wp-json\/wp\/v2\/pages\/2901","targetHints":{"allow":["GET"]}}],"collection":[{"href":"https:\/\/akademia-zdrowia.pl\/lodz\/wp-json\/wp\/v2\/pages"}],"about":[{"href":"https:\/\/akademia-zdrowia.pl\/lodz\/wp-json\/wp\/v2\/types\/page"}],"author":[{"embeddable":true,"href":"https:\/\/akademia-zdrowia.pl\/lodz\/wp-json\/wp\/v2\/users\/1"}],"replies":[{"embeddable":true,"href":"https:\/\/akademia-zdrowia.pl\/lodz\/wp-json\/wp\/v2\/comments?post=2901"}],"version-history":[{"count":15,"href":"https:\/\/akademia-zdrowia.pl\/lodz\/wp-json\/wp\/v2\/pages\/2901\/revisions"}],"predecessor-version":[{"id":8579,"href":"https:\/\/akademia-zdrowia.pl\/lodz\/wp-json\/wp\/v2\/pages\/2901\/revisions\/8579"}],"wp:attachment":[{"href":"https:\/\/akademia-zdrowia.pl\/lodz\/wp-json\/wp\/v2\/media?parent=2901"}],"curies":[{"name":"wp","href":"https:\/\/api.w.org\/{rel}","templated":true}]}}