{"id":4095,"date":"2021-07-02T11:06:19","date_gmt":"2021-07-02T09:06:19","guid":{"rendered":"https:\/\/akademia-zdrowia.pl\/lodz\/?page_id=4095"},"modified":"2024-10-22T10:45:09","modified_gmt":"2024-10-22T08:45:09","slug":"twoj-nowy-start","status":"publish","type":"page","link":"https:\/\/akademia-zdrowia.pl\/lodz\/oferta-szkoleniowa\/projekty-unijne\/twoj-nowy-start\/","title":{"rendered":"Tw\u00f3j nowy start"},"content":{"rendered":"\t\t<div data-elementor-type=\"wp-page\" data-elementor-id=\"4095\" class=\"elementor elementor-4095\" data-elementor-post-type=\"page\">\n\t\t\t\t\t\t<section class=\"elementor-section elementor-top-section elementor-element elementor-element-d843375 elementor-section-boxed elementor-section-height-default elementor-section-height-default\" data-id=\"d843375\" data-element_type=\"section\" data-e-type=\"section\">\n\t\t\t\t\t\t<div class=\"elementor-container elementor-column-gap-default\">\n\t\t\t\t\t<div class=\"elementor-column elementor-col-100 elementor-top-column elementor-element elementor-element-0e14be7\" data-id=\"0e14be7\" data-element_type=\"column\" data-e-type=\"column\">\n\t\t\t<div class=\"elementor-widget-wrap elementor-element-populated\">\n\t\t\t\t\t\t<div class=\"elementor-element elementor-element-520dcf0 elementor-widget elementor-widget-rs-heading\" data-id=\"520dcf0\" data-element_type=\"widget\" data-e-type=\"widget\" data-widget_type=\"rs-heading.default\">\n\t\t\t\t<div class=\"elementor-widget-container\">\n\t\t\t\t\t        <div class=\"rs-heading default \">\r\n        \t<div class=\"title-inner\">\r\n        \t\t      \t\t\r\n\t            <span class=\"sub-text \">AKADEMIA ZDROWIA PROJEKTY UNIJNE<\/span><h1 class=\"title\"><span class=\"watermark\"><\/span>Tw\u00f3j nowy start<\/h1>\t        <\/div>\r\n\t                <\/div>\r\n        \t\t\t\t<\/div>\n\t\t\t\t<\/div>\n\t\t\t\t\t<\/div>\n\t\t<\/div>\n\t\t\t\t\t<\/div>\n\t\t<\/section>\n\t\t\t\t<section class=\"elementor-section elementor-top-section elementor-element elementor-element-abdef6d elementor-section-stretched elementor-section-boxed elementor-section-height-default elementor-section-height-default\" data-id=\"abdef6d\" data-element_type=\"section\" data-e-type=\"section\" data-settings=\"{&quot;stretch_section&quot;:&quot;section-stretched&quot;}\">\n\t\t\t\t\t\t<div class=\"elementor-container elementor-column-gap-default\">\n\t\t\t\t\t<div class=\"elementor-column elementor-col-100 elementor-top-column elementor-element elementor-element-f284519\" data-id=\"f284519\" data-element_type=\"column\" data-e-type=\"column\">\n\t\t\t<div class=\"elementor-widget-wrap elementor-element-populated\">\n\t\t\t\t\t\t<div class=\"elementor-element elementor-element-8ea997a elementor-tabs-view-horizontal elementor-widget elementor-widget-tabs\" data-id=\"8ea997a\" data-element_type=\"widget\" data-e-type=\"widget\" data-widget_type=\"tabs.default\">\n\t\t\t\t<div class=\"elementor-widget-container\">\n\t\t\t\t\t\t\t<div class=\"elementor-tabs\">\n\t\t\t<div class=\"elementor-tabs-wrapper\" role=\"tablist\" >\n\t\t\t\t\t\t\t\t\t<div id=\"elementor-tab-title-1491\" class=\"elementor-tab-title elementor-tab-desktop-title\" aria-selected=\"true\" data-tab=\"1\" role=\"tab\" tabindex=\"0\" aria-controls=\"elementor-tab-content-1491\" aria-expanded=\"false\">Projekt<\/div>\n\t\t\t\t\t\t\t\t\t<div id=\"elementor-tab-title-1492\" class=\"elementor-tab-title elementor-tab-desktop-title\" aria-selected=\"false\" data-tab=\"2\" role=\"tab\" tabindex=\"-1\" aria-controls=\"elementor-tab-content-1492\" aria-expanded=\"false\">Harmonogram dzia\u0142a\u0144<\/div>\n\t\t\t\t\t\t\t\t\t<div id=\"elementor-tab-title-1493\" class=\"elementor-tab-title elementor-tab-desktop-title\" aria-selected=\"false\" data-tab=\"3\" role=\"tab\" tabindex=\"-1\" aria-controls=\"elementor-tab-content-1493\" aria-expanded=\"false\">Zapytania ofertowe\/ rozeznania rynku<\/div>\n\t\t\t\t\t\t\t<\/div>\n\t\t\t<div class=\"elementor-tabs-content-wrapper\" role=\"tablist\" aria-orientation=\"vertical\">\n\t\t\t\t\t\t\t\t\t<div class=\"elementor-tab-title elementor-tab-mobile-title\" aria-selected=\"true\" data-tab=\"1\" role=\"tab\" tabindex=\"0\" aria-controls=\"elementor-tab-content-1491\" aria-expanded=\"false\">Projekt<\/div>\n\t\t\t\t\t<div id=\"elementor-tab-content-1491\" class=\"elementor-tab-content elementor-clearfix\" data-tab=\"1\" role=\"tabpanel\" aria-labelledby=\"elementor-tab-title-1491\" tabindex=\"0\" hidden=\"false\"><p><img decoding=\"async\" class=\"size-full wp-image-2293 alignleft\" src=\"https:\/\/akademia-zdrowia.pl\/lodz\/wp-content\/uploads\/2020\/03\/image001.png\" alt=\"\" width=\"626\" height=\"71\" srcset=\"https:\/\/akademia-zdrowia.pl\/lodz\/wp-content\/uploads\/2020\/03\/image001.png 626w, https:\/\/akademia-zdrowia.pl\/lodz\/wp-content\/uploads\/2020\/03\/image001-300x34.png 300w\" sizes=\"(max-width: 626px) 100vw, 626px\" \/><\/p><p>\u00a0<\/p><p>\u00a0<\/p><p><strong>Projekt: &#8220;Tw\u00f3j nowy start&#8221;\u00a0 wsp\u00f3\u0142finansowany ze \u015brodk\u00f3w Europejskiego Funduszu Spo\u0142ecznego w ramach Regionalnego Programu Operacyjnego Wojew\u00f3dztwa \u0141\u00f3dzkiego na lata 2014-2020.<\/strong><\/p><p><strong>Cel projektu:<\/strong>\u00a0podniesienie kompetencji spo\u0142eczno- zawodowych 60 os\u00f3b (36 K, 24 M) w wieku aktywno\u015bci zawodowej 18-64 lata zagro\u017conych ub\u00f3stwem lub wykluczeniem spo\u0142ecznym, w tym osoby bezrobotne, kt\u00f3re w pierwszej kolejno\u015bci wymagaj\u0105 aktywizacji spo\u0142ecznej zamieszka\u0142ych na terenie woj. \u0142\u00f3dzkiego poprzez udzia\u0142 w kompleksowym i zindywidualizowanym wsparciu zawieraj\u0105cym instrumenty aktywizacji spo\u0142., edukacyjnej, zdrowotnej i zaw. przeprowadzonym w terminie 01.10.2020-31.05.2022 r.<\/p><p><strong>Wsparcie w ramach projektu obejmuje nast\u0119puj\u0105ce formy:<\/strong><\/p><div>a. Okre\u015blenie \u015bcie\u017cki reintegracji spo\u0142. zaw.- 6 h (2 spotkania x 2 h z doradc\u0105 zawodowym, 1 spotkania x 2 h z psychologiem)<\/div><div>b. Instrumenty aktywizacji spo\u0142ecznej- indywidualne poradnictwo psychologiczne i specjalistyczne oraz warsztaty reintegracji spo\u0142eczno- zawodowej:<\/div><ul><li>\u00a0Indywidualne poradnictwo psychologiczne- \u015br. 10 h\/osob\u0119<\/li><li>\u00a0Indywidualne poradnictwo specjalistyczne- \u015br. 4 h\/osob\u0119<\/li><li>\u00a0Warsztaty reintegracji spo\u0142- zaw. 60 h<\/li><\/ul><div>c. Instrumenty aktywizacji edukacyjnej- kurs komputerowy- 80 h\/ 1 grupa<\/div><div>d. Szkolenia zawodowe- oko\u0142o 120 h<\/div><div>e. 3 miesi\u0119czne sta\u017ce zawodowe dla 30 uczestnik\u00f3w\/uczestniczek projektu<\/div><div>f.\u00a0 Po\u015brednictwo pracy- 8 h\/osoba<\/div><div>\u00a0<\/div><div>\u00a0<strong>Grupa docelowa projektu: <a href=\"\/lodz\/wp-content\/uploads\/2021\/05\/czas-na-nowy-start-opis-grupy-docelowej.pdf\">kliknij tutaj aby dowiedzie\u0107 si\u0119 wi\u0119cej<\/a><br \/><\/strong><\/div><div>\u00a0<\/div><div><strong>Czas realizacji projektu:<\/strong> od 2020-10-01\u00a0 do 2022-05-31<\/div><div>\u00a0<\/div><div><strong>Warto\u015b\u0107 projektu:\u00a0<\/strong>963 145,50 z\u0142<\/div><div>\u00a0<\/div><div><strong>Kwota dofinansowania:<\/strong> 866 830,90 z\u0142<\/div><div>\u00a0<\/div><div><strong>Wk\u0142ad UE :\u00a0<\/strong>818 673,67 z\u0142<\/div><div>\u00a0<\/div><div><img fetchpriority=\"high\" decoding=\"async\" class=\"aligncenter size-full wp-image-4098\" src=\"https:\/\/akademia-zdrowia.pl\/lodz\/wp-content\/uploads\/2021\/07\/img_20210702051517_PlakatA3Kielceprojektowy-Mlodzizmieniajaswietokrzyskirynekpracy_zmniejszamy_pl.jpg\" alt=\"\" width=\"707\" height=\"999\" \/><\/div><\/div>\n\t\t\t\t\t\t\t\t\t<div class=\"elementor-tab-title elementor-tab-mobile-title\" aria-selected=\"false\" data-tab=\"2\" role=\"tab\" tabindex=\"-1\" aria-controls=\"elementor-tab-content-1492\" aria-expanded=\"false\">Harmonogram dzia\u0142a\u0144<\/div>\n\t\t\t\t\t<div id=\"elementor-tab-content-1492\" class=\"elementor-tab-content elementor-clearfix\" data-tab=\"2\" role=\"tabpanel\" aria-labelledby=\"elementor-tab-title-1492\" tabindex=\"0\" hidden=\"hidden\"><p><img decoding=\"async\" class=\"size-full wp-image-2293 alignleft\" src=\"https:\/\/akademia-zdrowia.pl\/lodz\/wp-content\/uploads\/2020\/03\/image001.png\" alt=\"\" width=\"626\" height=\"71\" srcset=\"https:\/\/akademia-zdrowia.pl\/lodz\/wp-content\/uploads\/2020\/03\/image001.png 626w, https:\/\/akademia-zdrowia.pl\/lodz\/wp-content\/uploads\/2020\/03\/image001-300x34.png 300w\" sizes=\"(max-width: 626px) 100vw, 626px\" \/><\/p><p>\u00a0<\/p><p>\u00a0<\/p><p><a href=\"https:\/\/akademia-zdrowia.pl\/lodz\/wp-content\/uploads\/2022\/03\/harmonogram-1.docx\"><strong>HARMONOGRAM REALIZOWANYCH DZIA\u0141A\u0143<\/strong><\/a><\/p><\/div>\n\t\t\t\t\t\t\t\t\t<div class=\"elementor-tab-title elementor-tab-mobile-title\" aria-selected=\"false\" data-tab=\"3\" role=\"tab\" tabindex=\"-1\" aria-controls=\"elementor-tab-content-1493\" aria-expanded=\"false\">Zapytania ofertowe\/ rozeznania rynku<\/div>\n\t\t\t\t\t<div id=\"elementor-tab-content-1493\" class=\"elementor-tab-content elementor-clearfix\" data-tab=\"3\" role=\"tabpanel\" aria-labelledby=\"elementor-tab-title-1493\" tabindex=\"0\" hidden=\"hidden\"><p><img decoding=\"async\" src=\"https:\/\/akademia-zdrowia.pl\/lodz\/wp-content\/uploads\/2020\/03\/image001.png\" \/><\/p><p><strong>ZAPYTANIE OFERTOWE:<\/strong>\u00a0<a href=\"https:\/\/akademia-zdrowia.pl\/lodz\/wp-content\/uploads\/2022\/03\/zapytanie-ofertowe.docx\">Zapytanie ofertowe nr 1 z dnia 02.04.2021r.<\/a><\/p><ul><li><a href=\"https:\/\/akademia-zdrowia.pl\/lodz\/wp-content\/uploads\/2022\/03\/zalacznik-nr-1.docx\">Za\u0142\u0105cznik Nr 1 do zapytania ofertowego<\/a><\/li><li><a href=\"https:\/\/akademia-zdrowia.pl\/lodz\/wp-content\/uploads\/2022\/03\/zalacznik-nr-2.docx\">Za\u0142\u0105cznik Nr 2 do zapytania ofertowego<\/a><\/li><li><a href=\"https:\/\/akademia-zdrowia.pl\/lodz\/wp-content\/uploads\/2022\/03\/zalacznik-nr-2a.docx\">Za\u0142\u0105cznik Nr 2a <\/a><a href=\"https:\/\/akademia-zdrowia.pl\/lodz\/wp-content\/uploads\/2022\/03\/zalacznik-nr-2.docx\">do zapytania ofertowego<\/a><\/li><li><a href=\"https:\/\/akademia-zdrowia.pl\/lodz\/wp-content\/uploads\/2022\/03\/zalacznik-nr-3.docx\">Za\u0142\u0105cznik Nr 3 <\/a><a href=\"https:\/\/akademia-zdrowia.pl\/lodz\/wp-content\/uploads\/2022\/03\/zalacznik-nr-2.docx\">do zapytania ofertowego<\/a><\/li><li><a href=\"https:\/\/akademia-zdrowia.pl\/lodz\/wp-content\/uploads\/2022\/03\/umowa.docx\">Umowa <\/a><a href=\"https:\/\/akademia-zdrowia.pl\/lodz\/wp-content\/uploads\/2022\/03\/zalacznik-nr-2.docx\">do zapytania ofertowego<\/a><\/li><li><a href=\"https:\/\/akademia-zdrowia.pl\/lodz\/wp-content\/uploads\/2022\/03\/protokol-zawiadomienie.docx\">Protok\u00f3\u0142 Zawiadomienie<\/a><\/li><\/ul><p><strong>ZAPYTANIE OFERTOWE:<\/strong>\u00a0<a href=\"https:\/\/akademia-zdrowia.pl\/lodz\/wp-content\/uploads\/2022\/03\/zapytanie-ofertowe-1.docx\">Zapytanie ofertowe nr 2 z dnia 05.08.2021r.<\/a><\/p><ul><li><a href=\"https:\/\/akademia-zdrowia.pl\/lodz\/wp-content\/uploads\/2022\/03\/zalacznik-nr-1.docx\">Za\u0142\u0105cznik Nr 1 do zapytania ofertowego<\/a><\/li><li><a href=\"https:\/\/akademia-zdrowia.pl\/lodz\/wp-content\/uploads\/2022\/03\/zalacznik-nr-2.docx\">Za\u0142\u0105cznik Nr 2 do zapytania ofertowego<\/a><\/li><li><a href=\"https:\/\/akademia-zdrowia.pl\/lodz\/wp-content\/uploads\/2022\/03\/zalacznik-nr-2a.docx\">Za\u0142\u0105cznik Nr 2a do zapytania ofertowego<\/a><\/li><li><a href=\"https:\/\/akademia-zdrowia.pl\/lodz\/wp-content\/uploads\/2022\/03\/zalacznik-nr-3.docx\">Za\u0142\u0105cznik Nr 3 do zapytania ofertowego<\/a><\/li><li><a href=\"https:\/\/akademia-zdrowia.pl\/lodz\/wp-content\/uploads\/2022\/03\/umowa.docx\">Umowa do zapytania ofertowego<\/a><\/li><li><a href=\"https:\/\/akademia-zdrowia.pl\/lodz\/wp-content\/uploads\/2022\/03\/protokol-zawiadomienie.docx\">Protok\u00f3\u0142 Zawiadomienie<\/a><\/li><\/ul><p><strong>ZAPYTANIE OFERTOWE:<\/strong> <a href=\"https:\/\/akademia-zdrowia.pl\/lodz\/wp-content\/uploads\/2022\/03\/zapytanie-ofertowe-poprawna-wersja.docx\">Zapytanie ofertowe nr 4 z dnia 25.08.2021 r.<\/a><\/p><ul><li><a href=\"https:\/\/akademia-zdrowia.pl\/lodz\/wp-content\/uploads\/2022\/03\/zalacznik-nr-1-2.docx\">Za\u0142\u0105cznik Nr 1 do zapytania ofertowego<\/a><\/li><li><a href=\"https:\/\/akademia-zdrowia.pl\/lodz\/wp-content\/uploads\/2022\/03\/zalacznik-nr-2-2.docx\">Za\u0142\u0105cznik Nr 2 do zapytania ofertowego<\/a><\/li><li><a href=\"https:\/\/akademia-zdrowia.pl\/lodz\/wp-content\/uploads\/2022\/03\/zalacznik-nr-2a-i-2-b-1.docx\">Za\u0142\u0105cznik Nr 2a I 2 B do zapytania ofertowego<\/a><\/li><li><a href=\"https:\/\/akademia-zdrowia.pl\/lodz\/wp-content\/uploads\/2022\/03\/zalacznik-nr-3-2.docx\">Za\u0142\u0105cznik Nr 3 do zapytania ofertowego<\/a><\/li><li><a href=\"https:\/\/akademia-zdrowia.pl\/lodz\/wp-content\/uploads\/2022\/03\/zalacznik-nr-4-1.docx\">Za\u0142\u0105cznik Nr 4 do zapytania ofertowego<\/a><\/li><li><a href=\"https:\/\/akademia-zdrowia.pl\/lodz\/wp-content\/uploads\/2022\/03\/protokol-zawiadomienie-2.docx\">Protok\u00f3\u0142 Zawiadomienie<\/a><\/li><\/ul><p><strong>ZAPYTANIE OFERTOWE: <\/strong><a href=\"https:\/\/akademia-zdrowia.pl\/lodz\/wp-content\/uploads\/2022\/03\/zapytanie-ofertowe-2.docx\">Zapytanie ofertowe nr 5 z dnia 25.08.2021 r.<\/a><\/p><ul><li><a href=\"https:\/\/akademia-zdrowia.pl\/lodz\/wp-content\/uploads\/2022\/03\/zalacznik-nr-1-3.docx\">Za\u0142\u0105cznik Nr 1 do zapytania ofertowego<\/a><\/li><li><a href=\"https:\/\/akademia-zdrowia.pl\/lodz\/wp-content\/uploads\/2022\/03\/zalacznik-nr-2-3.docx\">Za\u0142\u0105cznik Nr 2 do zapytania ofertowego<\/a><\/li><li><a href=\"https:\/\/akademia-zdrowia.pl\/lodz\/wp-content\/uploads\/2022\/03\/zalacznik-nr-2a-i-2-b-2.docx\">Za\u0142\u0105cznik Nr 2a I 2 B do zapytania ofertowego<\/a><\/li><li><a href=\"https:\/\/akademia-zdrowia.pl\/lodz\/wp-content\/uploads\/2022\/03\/zalacznik-nr-3-3.docx\">Za\u0142\u0105cznik Nr 3 do zapytania ofertowego<\/a><\/li><li><a href=\"https:\/\/akademia-zdrowia.pl\/lodz\/wp-content\/uploads\/2022\/03\/zalacznik-nr-4-2.docx\">Za\u0142\u0105cznik Nr 4 do zapytania ofertowego<\/a><\/li><li><a href=\"https:\/\/akademia-zdrowia.pl\/lodz\/wp-content\/uploads\/2022\/03\/protokol-zawiadomienie-3.docx\">Protok\u00f3\u0142 Zawiadomienie<\/a><\/li><\/ul><p><strong>ZAPYTANIE OFERTOWE:<\/strong> <a href=\"https:\/\/akademia-zdrowia.pl\/lodz\/wp-content\/uploads\/2022\/03\/zapytanie-ofertowe-3.docx\">Zapytanie ofertowe nr 6 z dnia 11.10.2021 r.<\/a><\/p><ul><li><a href=\"https:\/\/akademia-zdrowia.pl\/lodz\/wp-content\/uploads\/2022\/03\/zalacznik-nr-1-4.docx\">Za\u0142\u0105cznik Nr 1 do zapytania ofertowego<\/a><\/li><li><a href=\"https:\/\/akademia-zdrowia.pl\/lodz\/wp-content\/uploads\/2022\/03\/zalacznik-nr-2-4.docx\">Za\u0142\u0105cznik Nr 2 do zapytania ofertowego<\/a><\/li><li><a href=\"https:\/\/akademia-zdrowia.pl\/lodz\/wp-content\/uploads\/2022\/03\/zalacznik-nr-2a-i-2-b-3.docx\">Za\u0142\u0105cznik Nr 2a I 2 B do zapytania ofertowego<\/a><\/li><li><a href=\"https:\/\/akademia-zdrowia.pl\/lodz\/wp-content\/uploads\/2022\/03\/zalacznik-nr-3-4.docx\">Za\u0142\u0105cznik Nr 3 do zapytania ofertowego<\/a><\/li><li><a href=\"https:\/\/akademia-zdrowia.pl\/lodz\/wp-content\/uploads\/2022\/03\/zalacznik-nr-4-3.docx\">Za\u0142\u0105cznik Nr 4 do zapytania ofertowego<\/a><\/li><li><a href=\"https:\/\/akademia-zdrowia.pl\/lodz\/wp-content\/uploads\/2022\/03\/protokol-zawiadomienie-4.docx\">Protok\u00f3\u0142 Zawiadomienie<\/a><\/li><\/ul><p><strong>ZAPYTANIE OFERTOWE:<\/strong> <a href=\"https:\/\/akademia-zdrowia.pl\/lodz\/wp-content\/uploads\/2022\/03\/zapytanie-ofertowe-4.docx\">Zapytanie ofertowe nr 7 z dnia 08.11.2021 r.<\/a><\/p><ul><li><a href=\"https:\/\/akademia-zdrowia.pl\/lodz\/wp-content\/uploads\/2022\/03\/zalacznik-nr-1-5.docx\">Za\u0142\u0105cznik Nr 1 do zapytania ofertowego<\/a><\/li><li><a href=\"https:\/\/akademia-zdrowia.pl\/lodz\/wp-content\/uploads\/2022\/03\/zalacznik-nr-2-5.docx\">Za\u0142\u0105cznik Nr 2 do zapytania ofertowego<\/a><\/li><li><a href=\"https:\/\/akademia-zdrowia.pl\/lodz\/wp-content\/uploads\/2022\/03\/zalacznik-nr-2a-i-2-b-4.docx\">Za\u0142\u0105cznik Nr 2a I 2 B do zapytania ofertowego<\/a><\/li><li><a href=\"https:\/\/akademia-zdrowia.pl\/lodz\/wp-content\/uploads\/2022\/03\/zalacznik-nr-3-5.docx\">Za\u0142\u0105cznik Nr 3 do zapytania ofertowego<\/a><\/li><li><a href=\"https:\/\/akademia-zdrowia.pl\/lodz\/wp-content\/uploads\/2022\/03\/zalacznik-nr-4-4.docx\">Za\u0142\u0105cznik Nr 4 do zapytania ofertowego<\/a><\/li><li><a href=\"https:\/\/akademia-zdrowia.pl\/lodz\/wp-content\/uploads\/2022\/03\/protokol-zawiadomienie-5.docx\">Protok\u00f3\u0142 Zawiadomienie<\/a><\/li><\/ul><p><strong>ZAPYTANIE OFERTOWE:<\/strong> <a href=\"https:\/\/akademia-zdrowia.pl\/lodz\/wp-content\/uploads\/2022\/03\/zapytanie-ofertowe-5.docx\">Zapytanie ofertowe nr 8 z dnia 12.11.2021 r.<\/a><\/p><ul><li><a href=\"https:\/\/akademia-zdrowia.pl\/lodz\/wp-content\/uploads\/2022\/03\/zalacznik-nr-1-6.docx\">Za\u0142\u0105cznik Nr 1 do zapytania ofertowego<\/a><\/li><li><a href=\"https:\/\/akademia-zdrowia.pl\/lodz\/wp-content\/uploads\/2022\/03\/zalacznik-nr-2-6.docx\">Za\u0142\u0105cznik Nr 2 do zapytania ofertowego<\/a><\/li><li><a href=\"https:\/\/akademia-zdrowia.pl\/lodz\/wp-content\/uploads\/2022\/03\/zalacznik-nr-2a-i-2-b-5.docx\">Za\u0142\u0105cznik Nr 2a I 2 B do zapytania ofertowego<\/a><\/li><li><a href=\"https:\/\/akademia-zdrowia.pl\/lodz\/wp-content\/uploads\/2022\/03\/zalacznik-nr-3-6.docx\">Za\u0142\u0105cznik Nr 3 do zapytania ofertowego<\/a><\/li><li><a href=\"https:\/\/akademia-zdrowia.pl\/lodz\/wp-content\/uploads\/2022\/03\/zalacznik-nr-4-5.docx\">Za\u0142\u0105cznik Nr 4 do zapytania ofertowego<\/a><\/li><li><a href=\"https:\/\/akademia-zdrowia.pl\/lodz\/wp-content\/uploads\/2022\/03\/protokol-zawiadomienie-6.docx\">Protok\u00f3\u0142 Zawiadomienie<\/a><\/li><\/ul><p><strong>ROZEZNANIE RYNKU NR 1: <a href=\"https:\/\/akademia-zdrowia.pl\/lodz\/wp-content\/uploads\/2022\/06\/rozeznanie-rynku-nr-1-catering-1.docx\">Catering<\/a><\/strong><\/p><p><a href=\"https:\/\/akademia-zdrowia.pl\/lodz\/wp-content\/uploads\/2022\/05\/NOTATKA-Z-rozeznanie-rynku-nr-1-catering-1.docx\">NOTATKA Z ROZEZNANIA RYNKU NR 1 CATERING<\/a><\/p><\/div>\n\t\t\t\t\t\t\t<\/div>\n\t\t<\/div>\n\t\t\t\t\t\t<\/div>\n\t\t\t\t<\/div>\n\t\t\t\t\t<\/div>\n\t\t<\/div>\n\t\t\t\t\t<\/div>\n\t\t<\/section>\n\t\t\t\t<section class=\"elementor-section elementor-top-section elementor-element elementor-element-23f28b1 elementor-section-boxed elementor-section-height-default elementor-section-height-default\" data-id=\"23f28b1\" data-element_type=\"section\" data-e-type=\"section\" data-settings=\"{&quot;background_background&quot;:&quot;classic&quot;}\">\n\t\t\t\t\t\t<div class=\"elementor-container elementor-column-gap-default\">\n\t\t\t\t\t<div class=\"elementor-column elementor-col-50 elementor-top-column elementor-element elementor-element-aab751e\" data-id=\"aab751e\" data-element_type=\"column\" data-e-type=\"column\" data-settings=\"{&quot;background_background&quot;:&quot;classic&quot;}\">\n\t\t\t<div class=\"elementor-widget-wrap elementor-element-populated\">\n\t\t\t\t\t\t<div class=\"elementor-element elementor-element-b37c007 elementor-widget-mobile__width-initial elementor-widget elementor-widget-rs-heading\" data-id=\"b37c007\" data-element_type=\"widget\" data-e-type=\"widget\" data-widget_type=\"rs-heading.default\">\n\t\t\t\t<div class=\"elementor-widget-container\">\n\t\t\t\t\t        <div class=\"rs-heading default \">\r\n        \t<div class=\"title-inner\">\r\n        \t\t      \t\t\r\n\t            <span class=\"sub-text \">MASZ PYTANIA<\/span><h2 class=\"title\"><span class=\"watermark\"><\/span>Skontaktuj  si\u0119 z nami!<\/h2>\t        <\/div>\r\n\t                    \t<div class=\"description\">\r\n            \t\t<p>Jeste\u015bmy tu po to aby Wam pom\u00f3c!\u00a0<\/p>            \t\t\r\n            \t<\/div>\r\n        \t        <\/div>\r\n        \t\t\t\t<\/div>\n\t\t\t\t<\/div>\n\t\t\t\t<div class=\"elementor-element elementor-element-0ab9c82 elementor-widget elementor-widget-rs-button\" data-id=\"0ab9c82\" data-element_type=\"widget\" data-e-type=\"widget\" data-widget_type=\"rs-button.default\">\n\t\t\t\t<div class=\"elementor-widget-container\">\n\t\t\t\t\t\t\r\n\t\t\r\n\t\t<div class=\"rs-view-btn\">\r\n\t\t\t\t\t\t<a class=\"rs-btn rs-btnblack rs-btn-style1\" href=\"tel:+4842%20255%2077%2000\" >\t\t\t\t\r\n\t\t\t\t<span class=\"rs_btn__text\"><span class=\"btn_text\">ZADZWO\u0143 - 42 255 77 00<\/span><\/span>\r\n\t\t\t<\/a>\r\n\t\t<\/div>    \r\n\t\t\t\t\t<\/div>\n\t\t\t\t<\/div>\n\t\t\t\t\t<\/div>\n\t\t<\/div>\n\t\t\t\t<div class=\"elementor-column elementor-col-50 elementor-top-column elementor-element elementor-element-87d80a7\" data-id=\"87d80a7\" data-element_type=\"column\" data-e-type=\"column\">\n\t\t\t<div class=\"elementor-widget-wrap elementor-element-populated\">\n\t\t\t\t\t\t<div class=\"elementor-element elementor-element-ec747cc elementor-widget elementor-widget-rs-heading\" data-id=\"ec747cc\" data-element_type=\"widget\" data-e-type=\"widget\" data-widget_type=\"rs-heading.default\">\n\t\t\t\t<div class=\"elementor-widget-container\">\n\t\t\t\t\t        <div class=\"rs-heading default \">\r\n        \t<div class=\"title-inner\">\r\n        \t\t      \t\t\r\n\t            <span class=\"sub-text \">ZAUFANY PARTNER<\/span><h2 class=\"title\"><span class=\"watermark\"><\/span>Dlaczego warto wybra\u0107 nas<\/h2>\t        <\/div>\r\n\t                    \t<div class=\"description\">\r\n            \t\t<p>Zaufaj naszemu wieloletniemu do\u015bwiadczeniu i zespo\u0142owi specjalist\u00f3w. Oferujemy profesjonalne szkolenia, kt\u00f3re pomog\u0105 rozwija\u0107 Tw\u00f3j biznes. Wybieraj\u0105c nas, inwestujesz w sprawdzonego partnera, kt\u00f3ry wspiera sukces Twojej firmy. Skontaktuj si\u0119 z nami i zacznij rozwija\u0107 si\u0119 razem z nami!<\/p>            \t\t\r\n            \t<\/div>\r\n        \t        <\/div>\r\n        \t\t\t\t<\/div>\n\t\t\t\t<\/div>\n\t\t\t\t\t<\/div>\n\t\t<\/div>\n\t\t\t\t\t<\/div>\n\t\t<\/section>\n\t\t\t\t<section class=\"elementor-section elementor-top-section elementor-element elementor-element-b023bbe elementor-section-boxed elementor-section-height-default elementor-section-height-default\" data-id=\"b023bbe\" data-element_type=\"section\" data-e-type=\"section\">\n\t\t\t\t\t\t<div class=\"elementor-container elementor-column-gap-default\">\n\t\t\t\t\t<div class=\"elementor-column elementor-col-25 elementor-top-column elementor-element elementor-element-5675ef6\" data-id=\"5675ef6\" data-element_type=\"column\" data-e-type=\"column\">\n\t\t\t<div class=\"elementor-widget-wrap\">\n\t\t\t\t\t\t\t<\/div>\n\t\t<\/div>\n\t\t\t\t<div class=\"elementor-column elementor-col-25 elementor-top-column elementor-element elementor-element-6545fc1\" data-id=\"6545fc1\" data-element_type=\"column\" data-e-type=\"column\">\n\t\t\t<div class=\"elementor-widget-wrap\">\n\t\t\t\t\t\t\t<\/div>\n\t\t<\/div>\n\t\t\t\t<div class=\"elementor-column elementor-col-25 elementor-top-column elementor-element elementor-element-6de8b06\" data-id=\"6de8b06\" data-element_type=\"column\" data-e-type=\"column\">\n\t\t\t<div class=\"elementor-widget-wrap\">\n\t\t\t\t\t\t\t<\/div>\n\t\t<\/div>\n\t\t\t\t<div class=\"elementor-column elementor-col-25 elementor-top-column elementor-element elementor-element-96ed4f6\" data-id=\"96ed4f6\" data-element_type=\"column\" data-e-type=\"column\">\n\t\t\t<div class=\"elementor-widget-wrap\">\n\t\t\t\t\t\t\t<\/div>\n\t\t<\/div>\n\t\t\t\t\t<\/div>\n\t\t<\/section>\n\t\t\t\t<\/div>\n\t\t","protected":false},"excerpt":{"rendered":"<p>AKADEMIA ZDROWIA PROJEKTY UNIJNE Tw\u00f3j nowy start Projekt Harmonogram dzia\u0142a\u0144 Zapytania ofertowe\/ rozeznania rynku Projekt \u00a0 \u00a0 Projekt: &#8220;Tw\u00f3j nowy start&#8221;\u00a0 wsp\u00f3\u0142finansowany ze \u015brodk\u00f3w Europejskiego Funduszu Spo\u0142ecznego w ramach Regionalnego Programu Operacyjnego Wojew\u00f3dztwa \u0141\u00f3dzkiego na lata 2014-2020. Cel projektu:\u00a0podniesienie kompetencji spo\u0142eczno- zawodowych 60 os\u00f3b (36 K, 24 M) w wieku aktywno\u015bci zawodowej 18-64 lata zagro\u017conych&#8230;<\/p>\n","protected":false},"author":1,"featured_media":0,"parent":55,"menu_order":0,"comment_status":"closed","ping_status":"closed","template":"","meta":{"footnotes":""},"class_list":["post-4095","page","type-page","status-publish","hentry"],"yoast_head":"<!-- This site is optimized with the Yoast SEO Premium plugin v18.9 (Yoast SEO v27.2) - https:\/\/yoast.com\/product\/yoast-seo-premium-wordpress\/ -->\n<title>Tw\u00f3j nowy start - Akademia Zdrowia \u0141\u00f3d\u017a - Kursy zawodowe, szko\u0142y policealne, szko\u0142y dla doros\u0142ych<\/title>\n<meta name=\"description\" content=\"AKADEMIA ZDROWIA PROJEKTY UNIJNETw\u00f3j nowy start Projekt Harmonogram dzia\u0142a\u0144 Zapytania ofertowe\/ rozeznania rynku Projekt \u00a0\u00a0Projekt: &#8220;Tw\u00f3j nowy\" \/>\n<meta name=\"robots\" content=\"index, follow, max-snippet:-1, max-image-preview:large, max-video-preview:-1\" \/>\n<link rel=\"canonical\" href=\"https:\/\/akademia-zdrowia.pl\/lodz\/oferta-szkoleniowa\/projekty-unijne\/twoj-nowy-start\/\" \/>\n<meta property=\"og:locale\" content=\"pl_PL\" \/>\n<meta property=\"og:type\" content=\"article\" \/>\n<meta property=\"og:title\" content=\"Tw\u00f3j nowy start\" \/>\n<meta property=\"og:description\" content=\"AKADEMIA ZDROWIA PROJEKTY UNIJNETw\u00f3j nowy start Projekt Harmonogram dzia\u0142a\u0144 Zapytania ofertowe\/ rozeznania rynku Projekt \u00a0\u00a0Projekt: &#8220;Tw\u00f3j nowy\" \/>\n<meta property=\"og:url\" content=\"https:\/\/akademia-zdrowia.pl\/lodz\/oferta-szkoleniowa\/projekty-unijne\/twoj-nowy-start\/\" \/>\n<meta property=\"og:site_name\" content=\"Akademia Zdrowia \u0141\u00f3d\u017a\" \/>\n<meta property=\"article:modified_time\" content=\"2024-10-22T08:45:09+00:00\" \/>\n<meta property=\"og:image\" content=\"https:\/\/akademia-zdrowia.pl\/lodz\/wp-content\/uploads\/2020\/03\/image001.png\" \/>\n<meta name=\"twitter:card\" content=\"summary_large_image\" \/>\n<meta name=\"twitter:label1\" content=\"Szacowany czas czytania\" \/>\n\t<meta name=\"twitter:data1\" content=\"5 minut\" \/>\n<script type=\"application\/ld+json\" class=\"yoast-schema-graph\">{\"@context\":\"https:\/\/schema.org\",\"@graph\":[{\"@type\":\"WebPage\",\"@id\":\"https:\/\/akademia-zdrowia.pl\/lodz\/oferta-szkoleniowa\/projekty-unijne\/twoj-nowy-start\/\",\"url\":\"https:\/\/akademia-zdrowia.pl\/lodz\/oferta-szkoleniowa\/projekty-unijne\/twoj-nowy-start\/\",\"name\":\"Tw\u00f3j nowy start - Akademia Zdrowia \u0141\u00f3d\u017a - Kursy zawodowe, szko\u0142y policealne, szko\u0142y dla doros\u0142ych\",\"isPartOf\":{\"@id\":\"https:\/\/akademia-zdrowia.pl\/lodz\/#website\"},\"primaryImageOfPage\":{\"@id\":\"https:\/\/akademia-zdrowia.pl\/lodz\/oferta-szkoleniowa\/projekty-unijne\/twoj-nowy-start\/#primaryimage\"},\"image\":{\"@id\":\"https:\/\/akademia-zdrowia.pl\/lodz\/oferta-szkoleniowa\/projekty-unijne\/twoj-nowy-start\/#primaryimage\"},\"thumbnailUrl\":\"https:\/\/akademia-zdrowia.pl\/lodz\/wp-content\/uploads\/2020\/03\/image001.png\",\"datePublished\":\"2021-07-02T09:06:19+00:00\",\"dateModified\":\"2024-10-22T08:45:09+00:00\",\"description\":\"AKADEMIA ZDROWIA PROJEKTY UNIJNETw\u00f3j nowy start Projekt Harmonogram dzia\u0142a\u0144 Zapytania ofertowe\/ rozeznania rynku Projekt \u00a0\u00a0Projekt: &#8220;Tw\u00f3j nowy\",\"breadcrumb\":{\"@id\":\"https:\/\/akademia-zdrowia.pl\/lodz\/oferta-szkoleniowa\/projekty-unijne\/twoj-nowy-start\/#breadcrumb\"},\"inLanguage\":\"pl-PL\",\"potentialAction\":[{\"@type\":\"ReadAction\",\"target\":[\"https:\/\/akademia-zdrowia.pl\/lodz\/oferta-szkoleniowa\/projekty-unijne\/twoj-nowy-start\/\"]}]},{\"@type\":\"ImageObject\",\"inLanguage\":\"pl-PL\",\"@id\":\"https:\/\/akademia-zdrowia.pl\/lodz\/oferta-szkoleniowa\/projekty-unijne\/twoj-nowy-start\/#primaryimage\",\"url\":\"https:\/\/akademia-zdrowia.pl\/lodz\/wp-content\/uploads\/2020\/03\/image001.png\",\"contentUrl\":\"https:\/\/akademia-zdrowia.pl\/lodz\/wp-content\/uploads\/2020\/03\/image001.png\",\"width\":626,\"height\":71},{\"@type\":\"BreadcrumbList\",\"@id\":\"https:\/\/akademia-zdrowia.pl\/lodz\/oferta-szkoleniowa\/projekty-unijne\/twoj-nowy-start\/#breadcrumb\",\"itemListElement\":[{\"@type\":\"ListItem\",\"position\":1,\"name\":\"Strona g\u0142\u00f3wna\",\"item\":\"https:\/\/akademia-zdrowia.pl\/lodz\/\"},{\"@type\":\"ListItem\",\"position\":2,\"name\":\"Oferta szkoleniowa\",\"item\":\"https:\/\/akademia-zdrowia.pl\/lodz\/oferta-szkoleniowa\/\"},{\"@type\":\"ListItem\",\"position\":3,\"name\":\"Projekty unijne\",\"item\":\"https:\/\/akademia-zdrowia.pl\/lodz\/oferta-szkoleniowa\/projekty-unijne\/\"},{\"@type\":\"ListItem\",\"position\":4,\"name\":\"Tw\u00f3j nowy start\"}]},{\"@type\":\"WebSite\",\"@id\":\"https:\/\/akademia-zdrowia.pl\/lodz\/#website\",\"url\":\"https:\/\/akademia-zdrowia.pl\/lodz\/\",\"name\":\"Akademia Zdrowia \u0141\u00f3d\u017a\",\"description\":\"\",\"potentialAction\":[{\"@type\":\"SearchAction\",\"target\":{\"@type\":\"EntryPoint\",\"urlTemplate\":\"https:\/\/akademia-zdrowia.pl\/lodz\/?s={search_term_string}\"},\"query-input\":{\"@type\":\"PropertyValueSpecification\",\"valueRequired\":true,\"valueName\":\"search_term_string\"}}],\"inLanguage\":\"pl-PL\"}]}<\/script>\n<!-- \/ Yoast SEO Premium plugin. -->","yoast_head_json":{"title":"Tw\u00f3j nowy start - Akademia Zdrowia \u0141\u00f3d\u017a - Kursy zawodowe, szko\u0142y policealne, szko\u0142y dla doros\u0142ych","description":"AKADEMIA ZDROWIA PROJEKTY UNIJNETw\u00f3j nowy start Projekt Harmonogram dzia\u0142a\u0144 Zapytania ofertowe\/ rozeznania rynku Projekt \u00a0\u00a0Projekt: &#8220;Tw\u00f3j nowy","robots":{"index":"index","follow":"follow","max-snippet":"max-snippet:-1","max-image-preview":"max-image-preview:large","max-video-preview":"max-video-preview:-1"},"canonical":"https:\/\/akademia-zdrowia.pl\/lodz\/oferta-szkoleniowa\/projekty-unijne\/twoj-nowy-start\/","og_locale":"pl_PL","og_type":"article","og_title":"Tw\u00f3j nowy start","og_description":"AKADEMIA ZDROWIA PROJEKTY UNIJNETw\u00f3j nowy start Projekt Harmonogram dzia\u0142a\u0144 Zapytania ofertowe\/ rozeznania rynku Projekt \u00a0\u00a0Projekt: &#8220;Tw\u00f3j nowy","og_url":"https:\/\/akademia-zdrowia.pl\/lodz\/oferta-szkoleniowa\/projekty-unijne\/twoj-nowy-start\/","og_site_name":"Akademia Zdrowia \u0141\u00f3d\u017a","article_modified_time":"2024-10-22T08:45:09+00:00","og_image":[{"url":"https:\/\/akademia-zdrowia.pl\/lodz\/wp-content\/uploads\/2020\/03\/image001.png","type":"","width":"","height":""}],"twitter_card":"summary_large_image","twitter_misc":{"Szacowany czas czytania":"5 minut"},"schema":{"@context":"https:\/\/schema.org","@graph":[{"@type":"WebPage","@id":"https:\/\/akademia-zdrowia.pl\/lodz\/oferta-szkoleniowa\/projekty-unijne\/twoj-nowy-start\/","url":"https:\/\/akademia-zdrowia.pl\/lodz\/oferta-szkoleniowa\/projekty-unijne\/twoj-nowy-start\/","name":"Tw\u00f3j nowy start - Akademia Zdrowia \u0141\u00f3d\u017a - Kursy zawodowe, szko\u0142y policealne, szko\u0142y dla doros\u0142ych","isPartOf":{"@id":"https:\/\/akademia-zdrowia.pl\/lodz\/#website"},"primaryImageOfPage":{"@id":"https:\/\/akademia-zdrowia.pl\/lodz\/oferta-szkoleniowa\/projekty-unijne\/twoj-nowy-start\/#primaryimage"},"image":{"@id":"https:\/\/akademia-zdrowia.pl\/lodz\/oferta-szkoleniowa\/projekty-unijne\/twoj-nowy-start\/#primaryimage"},"thumbnailUrl":"https:\/\/akademia-zdrowia.pl\/lodz\/wp-content\/uploads\/2020\/03\/image001.png","datePublished":"2021-07-02T09:06:19+00:00","dateModified":"2024-10-22T08:45:09+00:00","description":"AKADEMIA ZDROWIA PROJEKTY UNIJNETw\u00f3j nowy start Projekt Harmonogram dzia\u0142a\u0144 Zapytania ofertowe\/ rozeznania rynku Projekt \u00a0\u00a0Projekt: &#8220;Tw\u00f3j nowy","breadcrumb":{"@id":"https:\/\/akademia-zdrowia.pl\/lodz\/oferta-szkoleniowa\/projekty-unijne\/twoj-nowy-start\/#breadcrumb"},"inLanguage":"pl-PL","potentialAction":[{"@type":"ReadAction","target":["https:\/\/akademia-zdrowia.pl\/lodz\/oferta-szkoleniowa\/projekty-unijne\/twoj-nowy-start\/"]}]},{"@type":"ImageObject","inLanguage":"pl-PL","@id":"https:\/\/akademia-zdrowia.pl\/lodz\/oferta-szkoleniowa\/projekty-unijne\/twoj-nowy-start\/#primaryimage","url":"https:\/\/akademia-zdrowia.pl\/lodz\/wp-content\/uploads\/2020\/03\/image001.png","contentUrl":"https:\/\/akademia-zdrowia.pl\/lodz\/wp-content\/uploads\/2020\/03\/image001.png","width":626,"height":71},{"@type":"BreadcrumbList","@id":"https:\/\/akademia-zdrowia.pl\/lodz\/oferta-szkoleniowa\/projekty-unijne\/twoj-nowy-start\/#breadcrumb","itemListElement":[{"@type":"ListItem","position":1,"name":"Strona g\u0142\u00f3wna","item":"https:\/\/akademia-zdrowia.pl\/lodz\/"},{"@type":"ListItem","position":2,"name":"Oferta szkoleniowa","item":"https:\/\/akademia-zdrowia.pl\/lodz\/oferta-szkoleniowa\/"},{"@type":"ListItem","position":3,"name":"Projekty unijne","item":"https:\/\/akademia-zdrowia.pl\/lodz\/oferta-szkoleniowa\/projekty-unijne\/"},{"@type":"ListItem","position":4,"name":"Tw\u00f3j nowy start"}]},{"@type":"WebSite","@id":"https:\/\/akademia-zdrowia.pl\/lodz\/#website","url":"https:\/\/akademia-zdrowia.pl\/lodz\/","name":"Akademia Zdrowia \u0141\u00f3d\u017a","description":"","potentialAction":[{"@type":"SearchAction","target":{"@type":"EntryPoint","urlTemplate":"https:\/\/akademia-zdrowia.pl\/lodz\/?s={search_term_string}"},"query-input":{"@type":"PropertyValueSpecification","valueRequired":true,"valueName":"search_term_string"}}],"inLanguage":"pl-PL"}]}},"_links":{"self":[{"href":"https:\/\/akademia-zdrowia.pl\/lodz\/wp-json\/wp\/v2\/pages\/4095","targetHints":{"allow":["GET"]}}],"collection":[{"href":"https:\/\/akademia-zdrowia.pl\/lodz\/wp-json\/wp\/v2\/pages"}],"about":[{"href":"https:\/\/akademia-zdrowia.pl\/lodz\/wp-json\/wp\/v2\/types\/page"}],"author":[{"embeddable":true,"href":"https:\/\/akademia-zdrowia.pl\/lodz\/wp-json\/wp\/v2\/users\/1"}],"replies":[{"embeddable":true,"href":"https:\/\/akademia-zdrowia.pl\/lodz\/wp-json\/wp\/v2\/comments?post=4095"}],"version-history":[{"count":52,"href":"https:\/\/akademia-zdrowia.pl\/lodz\/wp-json\/wp\/v2\/pages\/4095\/revisions"}],"predecessor-version":[{"id":16298,"href":"https:\/\/akademia-zdrowia.pl\/lodz\/wp-json\/wp\/v2\/pages\/4095\/revisions\/16298"}],"up":[{"embeddable":true,"href":"https:\/\/akademia-zdrowia.pl\/lodz\/wp-json\/wp\/v2\/pages\/55"}],"wp:attachment":[{"href":"https:\/\/akademia-zdrowia.pl\/lodz\/wp-json\/wp\/v2\/media?parent=4095"}],"curies":[{"name":"wp","href":"https:\/\/api.w.org\/{rel}","templated":true}]}}