{"id":482,"date":"2018-01-10T12:51:33","date_gmt":"2018-01-10T11:51:33","guid":{"rendered":"http:\/\/www.akademia-zdrowia.pl\/lodz\/?page_id=482"},"modified":"2026-03-19T14:26:48","modified_gmt":"2026-03-19T13:26:48","slug":"pielegniarstwo-anestezjologiczne-i-intensywnej-opieki-2","status":"publish","type":"page","link":"https:\/\/akademia-zdrowia.pl\/warszawa\/oferta-szkoleniowa\/ksztalcenie-pielegniarek-i-poloznych\/specjalizacje\/pielegniarstwo-anestezjologiczne-i-intensywnej-opieki-2\/","title":{"rendered":"Piel\u0119gniarstwo anestezjologiczne i intensywnej opieki"},"content":{"rendered":"\t\t<div data-elementor-type=\"wp-page\" data-elementor-id=\"482\" class=\"elementor elementor-482\" data-elementor-post-type=\"page\">\n\t\t\t\t\t\t<section class=\"elementor-section elementor-top-section elementor-element elementor-element-3e7dfe5 elementor-section-stretched elementor-section-boxed elementor-section-height-default elementor-section-height-default\" data-id=\"3e7dfe5\" data-element_type=\"section\" data-settings=\"{&quot;stretch_section&quot;:&quot;section-stretched&quot;}\">\n\t\t\t\t\t\t<div class=\"elementor-container elementor-column-gap-default\">\n\t\t\t\t\t<div class=\"elementor-column elementor-col-100 elementor-top-column elementor-element elementor-element-ef97cb2\" data-id=\"ef97cb2\" data-element_type=\"column\">\n\t\t\t<div class=\"elementor-widget-wrap elementor-element-populated\">\n\t\t\t\t\t\t<div class=\"elementor-element elementor-element-17615a8 elementor-widget elementor-widget-bdt-advanced-heading\" data-id=\"17615a8\" data-element_type=\"widget\" data-widget_type=\"bdt-advanced-heading.default\">\n\t\t\t\t<div class=\"elementor-widget-container\">\n\t\t\t\t\t<div id =\"17615a8\" class=\"bdt-ep-advanced-heading\" data-settings=\"{&quot;titleMultiColor&quot;:&quot;no&quot;}\"><div class=\"bdt-ep-advanced-heading-content bdt-visible@m\"><div class=\"bdt-transform-origin-top-left\">Specjalizacja z piel\u0119gniarstwa anestezjologicznego i intensywnej opieki <\/div><\/div><h2 class=\"bdt-ep-advanced-heading-title\"><span class=\"bdt-ep-advanced-heading-main-title\"><span class=\"bdt-ep-advanced-heading-main-title-inner\">Specjalizacja z piel\u0119gniarstwa anestezjologicznego i intensywnej opieki dla piel\u0119gniarek\/piel\u0119gniarzy<\/span><\/span><\/h2><\/div>\t\t\t\t<\/div>\n\t\t\t\t<\/div>\n\t\t\t\t<div class=\"elementor-element elementor-element-28430df elementor-widget elementor-widget-text-editor\" data-id=\"28430df\" data-element_type=\"widget\" data-widget_type=\"text-editor.default\">\n\t\t\t\t<div class=\"elementor-widget-container\">\n\t\t\t\t\t\t\t\t\t<div>\u00a0<\/div><div>\u00a0<\/div><ol><li><strong> Cel kszta\u0142cenia<\/strong><\/li><\/ol><p><strong>\u00a0<\/strong>Piel\u0119gniarka po uko\u0144czeniu szkolenia specjalizacyjnego w dziedzinie piel\u0119gniarstwa anestezjologicznego i intensywnej opieki obejmuje specjalistyczn\u0105 opiek\u0105 pacjent\u00f3w w okresie oko\u0142ooperacyjnym, na wszystkich etapach znieczulenia i w bezpo\u015brednim okresie poznieczuleniowym oraz prowadzi specjalistyczn\u0105 opiek\u0119 nad ci\u0119\u017cko chorymi pacjentami w oddziale intensywnej terapii.<\/p><ol><li><strong> Czas trwania kszta\u0142cenia zgodnie z Rozporz\u0105dzeniem nie kr\u00f3cej ni\u017c 15 miesi\u0119cy i nie d\u0142u\u017cej ni\u017c 20 miesi\u0119cy<\/strong><\/li><\/ol><p><strong>\u0141\u0105czna ilo\u015b\u0107 godzin: 979 godzin dydaktycznych<\/strong><\/p><ul><li>zaj\u0119cia teoretyczne \u2013 330 godzin,<\/li><li>zaj\u0119cia praktyczne \u2013 649 godzin.<\/li><\/ul><p>Zaj\u0119cia teoretyczne w systemie weekendowym dwa razy w miesi\u0105cu::<\/p><ul><li>pi\u0105tek godz. 16:00<\/li><li>sobota i niedziela godz. 9:00<\/li><\/ul><p>Zaj\u0119cia sta\u017cowe\u00a0 w wybrane dni powszednie od poniedzia\u0142ku do pi\u0105tku<\/p><p>*196godzin Organizator Kszta\u0142cenia mo\u017ce przeznaczy\u0107 na samokszta\u0142cenie \u2013 prac\u0119 w\u0142asn\u0105 Uczestnika specjalizacji<\/p><p><strong><u>Dokumenty niezb\u0119dne, aby przyst\u0105pi\u0107 do specjalizacji:<\/u><\/strong><\/p><ol><li>wniosek wys\u0142any elektronicznie poprzez system SMK.<\/li><\/ol><p>Do wniosku w polu POTWIERDZENIE STA\u017bU PRACY nale\u017cy pod\u0142\u0105czy\u0107 skan lub zdj\u0119cia za\u015bwiadczenia z zak\u0142adu pracy\/\u015bwiadectwa pracy, z kt\u00f3rego wynika co najmniej 2-letni sta\u017c w zawodzie piel\u0119gniarki\/piel\u0119gniarza<\/p><ol start=\"2\"><li>wniosek o dofinansowanie dostarczony w wersji papierowej do sekretariatu w dniu rozpocz\u0119cia specjalizacji<\/li><\/ol>\t\t\t\t\t\t\t\t<\/div>\n\t\t\t\t<\/div>\n\t\t\t\t\t<\/div>\n\t\t<\/div>\n\t\t\t\t\t<\/div>\n\t\t<\/section>\n\t\t\t\t<section class=\"elementor-section elementor-top-section elementor-element elementor-element-0f8b80f elementor-section-stretched elementor-section-boxed elementor-section-height-default elementor-section-height-default\" data-id=\"0f8b80f\" data-element_type=\"section\" data-settings=\"{&quot;stretch_section&quot;:&quot;section-stretched&quot;}\">\n\t\t\t\t\t\t<div class=\"elementor-container elementor-column-gap-default\">\n\t\t\t\t\t<div class=\"elementor-column elementor-col-100 elementor-top-column elementor-element elementor-element-63ff588\" data-id=\"63ff588\" data-element_type=\"column\">\n\t\t\t<div class=\"elementor-widget-wrap elementor-element-populated\">\n\t\t\t\t\t\t<div class=\"elementor-element elementor-element-04c406d elementor-widget elementor-widget-text-editor\" data-id=\"04c406d\" data-element_type=\"widget\" data-widget_type=\"text-editor.default\">\n\t\t\t\t<div class=\"elementor-widget-container\">\n\t\t\t\t\t\t\t\t\t<p>Szczeg\u00f3\u0142owy program kursu:<br \/><a href=\"https:\/\/ckppip.edu.pl\/wp-content\/uploads\/2020\/10\/Specjalizacja-w-dz.-piel.-anestezjologicznego-i-intensywnej-opieki.pdf\">https:\/\/ckppip.edu.pl\/wp-content\/uploads\/2020\/10\/Specjalizacja-w-dz.-piel.-anestezjologicznego-i-intensywnej-opieki.pdf<\/a><\/p><p>Zapisy tylko i wy\u0142\u0105cznie przez system SMK:<br \/><a href=\"https:\/\/smk.ezdrowie.gov.pl\/login.jsp\">https:\/\/smk.ezdrowie.gov.pl\/login.jsp<\/a><\/p><p>Link do pobrania wniosku o dofinansowanie kszta\u0142cenia podyplomowego oraz z WOIPiP:<br \/><a href=\"http:\/\/woipip.pl\/ksztalcenie\/komplet-wnioskow\/\">http:\/\/woipip.pl\/ksztalcenie\/komplet-wnioskow\/<\/a><\/p>\t\t\t\t\t\t\t\t<\/div>\n\t\t\t\t<\/div>\n\t\t\t\t\t<\/div>\n\t\t<\/div>\n\t\t\t\t\t<\/div>\n\t\t<\/section>\n\t\t\t\t<\/div>\n\t\t","protected":false},"excerpt":{"rendered":"<p>Specjalizacja z piel\u0119gniarstwa anestezjologicznego i intensywnej opieki Specjalizacja z piel\u0119gniarstwa anestezjologicznego i intensywnej opieki dla piel\u0119gniarek\/piel\u0119gniarzy \u00a0\u00a0 Cel kszta\u0142cenia \u00a0Piel\u0119gniarka po uko\u0144czeniu szkolenia specjalizacyjnego w dziedzinie piel\u0119gniarstwa anestezjologicznego i intensywnej opieki obejmuje specjalistyczn\u0105 opiek\u0105 pacjent\u00f3w w okresie oko\u0142ooperacyjnym, na wszystkich etapach znieczulenia i w bezpo\u015brednim okresie poznieczuleniowym oraz prowadzi specjalistyczn\u0105 opiek\u0119 nad ci\u0119\u017cko chorymi pacjentami&#8230;<\/p>\n","protected":false},"author":1,"featured_media":0,"parent":401,"menu_order":0,"comment_status":"closed","ping_status":"closed","template":"","meta":{"footnotes":""},"class_list":["post-482","page","type-page","status-publish","hentry"],"yoast_head":"<!-- This site is optimized with the Yoast SEO plugin v26.8 - https:\/\/yoast.com\/product\/yoast-seo-wordpress\/ -->\n<title>Piel\u0119gniarstwo anestezjologiczne i intensywnej opieki - Akademia zdrowia \u2013 Warszawa \u2013 Kursy zawodowe, szko\u0142y policealne<\/title>\n<meta name=\"description\" content=\"Specjalizacja z piel\u0119gniarstwa anestezjologicznego i intensywnej opieki Specjalizacja z piel\u0119gniarstwa anestezjologicznego i intensywnej opieki dla\" \/>\n<meta name=\"robots\" content=\"index, follow, max-snippet:-1, max-image-preview:large, max-video-preview:-1\" \/>\n<link rel=\"canonical\" href=\"https:\/\/akademia-zdrowia.pl\/warszawa\/oferta-szkoleniowa\/ksztalcenie-pielegniarek-i-poloznych\/specjalizacje\/pielegniarstwo-anestezjologiczne-i-intensywnej-opieki-2\/\" \/>\n<meta property=\"og:locale\" content=\"pl_PL\" \/>\n<meta property=\"og:type\" content=\"article\" \/>\n<meta property=\"og:title\" content=\"Piel\u0119gniarstwo anestezjologiczne i intensywnej opieki - Akademia zdrowia \u2013 Warszawa \u2013 Kursy zawodowe, szko\u0142y policealne\" \/>\n<meta property=\"og:description\" content=\"Specjalizacja z piel\u0119gniarstwa anestezjologicznego i intensywnej opieki Specjalizacja z piel\u0119gniarstwa anestezjologicznego i intensywnej opieki dla\" \/>\n<meta property=\"og:url\" content=\"https:\/\/akademia-zdrowia.pl\/warszawa\/oferta-szkoleniowa\/ksztalcenie-pielegniarek-i-poloznych\/specjalizacje\/pielegniarstwo-anestezjologiczne-i-intensywnej-opieki-2\/\" \/>\n<meta property=\"og:site_name\" content=\"Nowa kategoria kursu\" \/>\n<meta property=\"article:modified_time\" content=\"2026-03-19T13:26:48+00:00\" \/>\n<meta name=\"twitter:card\" content=\"summary_large_image\" \/>\n<meta name=\"twitter:label1\" content=\"Szacowany czas czytania\" \/>\n\t<meta name=\"twitter:data1\" content=\"2 minuty\" \/>\n<script type=\"application\/ld+json\" class=\"yoast-schema-graph\">{\"@context\":\"https:\/\/schema.org\",\"@graph\":[{\"@type\":\"WebPage\",\"@id\":\"https:\/\/akademia-zdrowia.pl\/warszawa\/oferta-szkoleniowa\/ksztalcenie-pielegniarek-i-poloznych\/specjalizacje\/pielegniarstwo-anestezjologiczne-i-intensywnej-opieki-2\/\",\"url\":\"https:\/\/akademia-zdrowia.pl\/warszawa\/oferta-szkoleniowa\/ksztalcenie-pielegniarek-i-poloznych\/specjalizacje\/pielegniarstwo-anestezjologiczne-i-intensywnej-opieki-2\/\",\"name\":\"Piel\u0119gniarstwo anestezjologiczne i intensywnej opieki - Akademia zdrowia \u2013 Warszawa \u2013 Kursy zawodowe, szko\u0142y policealne\",\"isPartOf\":{\"@id\":\"https:\/\/akademia-zdrowia.pl\/warszawa\/#website\"},\"datePublished\":\"2018-01-10T11:51:33+00:00\",\"dateModified\":\"2026-03-19T13:26:48+00:00\",\"description\":\"Specjalizacja z piel\u0119gniarstwa anestezjologicznego i intensywnej opieki Specjalizacja z piel\u0119gniarstwa anestezjologicznego i intensywnej opieki dla\",\"breadcrumb\":{\"@id\":\"https:\/\/akademia-zdrowia.pl\/warszawa\/oferta-szkoleniowa\/ksztalcenie-pielegniarek-i-poloznych\/specjalizacje\/pielegniarstwo-anestezjologiczne-i-intensywnej-opieki-2\/#breadcrumb\"},\"inLanguage\":\"pl-PL\",\"potentialAction\":[{\"@type\":\"ReadAction\",\"target\":[\"https:\/\/akademia-zdrowia.pl\/warszawa\/oferta-szkoleniowa\/ksztalcenie-pielegniarek-i-poloznych\/specjalizacje\/pielegniarstwo-anestezjologiczne-i-intensywnej-opieki-2\/\"]}]},{\"@type\":\"BreadcrumbList\",\"@id\":\"https:\/\/akademia-zdrowia.pl\/warszawa\/oferta-szkoleniowa\/ksztalcenie-pielegniarek-i-poloznych\/specjalizacje\/pielegniarstwo-anestezjologiczne-i-intensywnej-opieki-2\/#breadcrumb\",\"itemListElement\":[{\"@type\":\"ListItem\",\"position\":1,\"name\":\"Strona g\u0142\u00f3wna\",\"item\":\"https:\/\/akademia-zdrowia.pl\/warszawa\/\"},{\"@type\":\"ListItem\",\"position\":2,\"name\":\"Oferta szkoleniowa\",\"item\":\"https:\/\/akademia-zdrowia.pl\/warszawa\/oferta-szkoleniowa\/\"},{\"@type\":\"ListItem\",\"position\":3,\"name\":\"Kszta\u0142cenie piel\u0119gniarek i po\u0142o\u017cnych\",\"item\":\"https:\/\/akademia-zdrowia.pl\/warszawa\/oferta-szkoleniowa\/ksztalcenie-pielegniarek-i-poloznych\/\"},{\"@type\":\"ListItem\",\"position\":4,\"name\":\"Specjalizacje\",\"item\":\"https:\/\/akademia-zdrowia.pl\/warszawa\/oferta-szkoleniowa\/ksztalcenie-pielegniarek-i-poloznych\/specjalizacje\/\"},{\"@type\":\"ListItem\",\"position\":5,\"name\":\"Piel\u0119gniarstwo anestezjologiczne i intensywnej opieki\"}]},{\"@type\":\"WebSite\",\"@id\":\"https:\/\/akademia-zdrowia.pl\/warszawa\/#website\",\"url\":\"https:\/\/akademia-zdrowia.pl\/warszawa\/\",\"name\":\"Nowa kategoria kursu\",\"description\":\"Nowy kurs \",\"potentialAction\":[{\"@type\":\"SearchAction\",\"target\":{\"@type\":\"EntryPoint\",\"urlTemplate\":\"https:\/\/akademia-zdrowia.pl\/warszawa\/?s={search_term_string}\"},\"query-input\":{\"@type\":\"PropertyValueSpecification\",\"valueRequired\":true,\"valueName\":\"search_term_string\"}}],\"inLanguage\":\"pl-PL\"}]}<\/script>\n<!-- \/ Yoast SEO plugin. -->","yoast_head_json":{"title":"Piel\u0119gniarstwo anestezjologiczne i intensywnej opieki - Akademia zdrowia \u2013 Warszawa \u2013 Kursy zawodowe, szko\u0142y policealne","description":"Specjalizacja z piel\u0119gniarstwa anestezjologicznego i intensywnej opieki Specjalizacja z piel\u0119gniarstwa anestezjologicznego i intensywnej opieki dla","robots":{"index":"index","follow":"follow","max-snippet":"max-snippet:-1","max-image-preview":"max-image-preview:large","max-video-preview":"max-video-preview:-1"},"canonical":"https:\/\/akademia-zdrowia.pl\/warszawa\/oferta-szkoleniowa\/ksztalcenie-pielegniarek-i-poloznych\/specjalizacje\/pielegniarstwo-anestezjologiczne-i-intensywnej-opieki-2\/","og_locale":"pl_PL","og_type":"article","og_title":"Piel\u0119gniarstwo anestezjologiczne i intensywnej opieki - Akademia zdrowia \u2013 Warszawa \u2013 Kursy zawodowe, szko\u0142y policealne","og_description":"Specjalizacja z piel\u0119gniarstwa anestezjologicznego i intensywnej opieki Specjalizacja z piel\u0119gniarstwa anestezjologicznego i intensywnej opieki dla","og_url":"https:\/\/akademia-zdrowia.pl\/warszawa\/oferta-szkoleniowa\/ksztalcenie-pielegniarek-i-poloznych\/specjalizacje\/pielegniarstwo-anestezjologiczne-i-intensywnej-opieki-2\/","og_site_name":"Nowa kategoria kursu","article_modified_time":"2026-03-19T13:26:48+00:00","twitter_card":"summary_large_image","twitter_misc":{"Szacowany czas czytania":"2 minuty"},"schema":{"@context":"https:\/\/schema.org","@graph":[{"@type":"WebPage","@id":"https:\/\/akademia-zdrowia.pl\/warszawa\/oferta-szkoleniowa\/ksztalcenie-pielegniarek-i-poloznych\/specjalizacje\/pielegniarstwo-anestezjologiczne-i-intensywnej-opieki-2\/","url":"https:\/\/akademia-zdrowia.pl\/warszawa\/oferta-szkoleniowa\/ksztalcenie-pielegniarek-i-poloznych\/specjalizacje\/pielegniarstwo-anestezjologiczne-i-intensywnej-opieki-2\/","name":"Piel\u0119gniarstwo anestezjologiczne i intensywnej opieki - Akademia zdrowia \u2013 Warszawa \u2013 Kursy zawodowe, szko\u0142y policealne","isPartOf":{"@id":"https:\/\/akademia-zdrowia.pl\/warszawa\/#website"},"datePublished":"2018-01-10T11:51:33+00:00","dateModified":"2026-03-19T13:26:48+00:00","description":"Specjalizacja z piel\u0119gniarstwa anestezjologicznego i intensywnej opieki Specjalizacja z piel\u0119gniarstwa anestezjologicznego i intensywnej opieki dla","breadcrumb":{"@id":"https:\/\/akademia-zdrowia.pl\/warszawa\/oferta-szkoleniowa\/ksztalcenie-pielegniarek-i-poloznych\/specjalizacje\/pielegniarstwo-anestezjologiczne-i-intensywnej-opieki-2\/#breadcrumb"},"inLanguage":"pl-PL","potentialAction":[{"@type":"ReadAction","target":["https:\/\/akademia-zdrowia.pl\/warszawa\/oferta-szkoleniowa\/ksztalcenie-pielegniarek-i-poloznych\/specjalizacje\/pielegniarstwo-anestezjologiczne-i-intensywnej-opieki-2\/"]}]},{"@type":"BreadcrumbList","@id":"https:\/\/akademia-zdrowia.pl\/warszawa\/oferta-szkoleniowa\/ksztalcenie-pielegniarek-i-poloznych\/specjalizacje\/pielegniarstwo-anestezjologiczne-i-intensywnej-opieki-2\/#breadcrumb","itemListElement":[{"@type":"ListItem","position":1,"name":"Strona g\u0142\u00f3wna","item":"https:\/\/akademia-zdrowia.pl\/warszawa\/"},{"@type":"ListItem","position":2,"name":"Oferta szkoleniowa","item":"https:\/\/akademia-zdrowia.pl\/warszawa\/oferta-szkoleniowa\/"},{"@type":"ListItem","position":3,"name":"Kszta\u0142cenie piel\u0119gniarek i po\u0142o\u017cnych","item":"https:\/\/akademia-zdrowia.pl\/warszawa\/oferta-szkoleniowa\/ksztalcenie-pielegniarek-i-poloznych\/"},{"@type":"ListItem","position":4,"name":"Specjalizacje","item":"https:\/\/akademia-zdrowia.pl\/warszawa\/oferta-szkoleniowa\/ksztalcenie-pielegniarek-i-poloznych\/specjalizacje\/"},{"@type":"ListItem","position":5,"name":"Piel\u0119gniarstwo anestezjologiczne i intensywnej opieki"}]},{"@type":"WebSite","@id":"https:\/\/akademia-zdrowia.pl\/warszawa\/#website","url":"https:\/\/akademia-zdrowia.pl\/warszawa\/","name":"Nowa kategoria kursu","description":"Nowy kurs ","potentialAction":[{"@type":"SearchAction","target":{"@type":"EntryPoint","urlTemplate":"https:\/\/akademia-zdrowia.pl\/warszawa\/?s={search_term_string}"},"query-input":{"@type":"PropertyValueSpecification","valueRequired":true,"valueName":"search_term_string"}}],"inLanguage":"pl-PL"}]}},"_links":{"self":[{"href":"https:\/\/akademia-zdrowia.pl\/warszawa\/wp-json\/wp\/v2\/pages\/482","targetHints":{"allow":["GET"]}}],"collection":[{"href":"https:\/\/akademia-zdrowia.pl\/warszawa\/wp-json\/wp\/v2\/pages"}],"about":[{"href":"https:\/\/akademia-zdrowia.pl\/warszawa\/wp-json\/wp\/v2\/types\/page"}],"author":[{"embeddable":true,"href":"https:\/\/akademia-zdrowia.pl\/warszawa\/wp-json\/wp\/v2\/users\/1"}],"replies":[{"embeddable":true,"href":"https:\/\/akademia-zdrowia.pl\/warszawa\/wp-json\/wp\/v2\/comments?post=482"}],"version-history":[{"count":16,"href":"https:\/\/akademia-zdrowia.pl\/warszawa\/wp-json\/wp\/v2\/pages\/482\/revisions"}],"predecessor-version":[{"id":6784,"href":"https:\/\/akademia-zdrowia.pl\/warszawa\/wp-json\/wp\/v2\/pages\/482\/revisions\/6784"}],"up":[{"embeddable":true,"href":"https:\/\/akademia-zdrowia.pl\/warszawa\/wp-json\/wp\/v2\/pages\/401"}],"wp:attachment":[{"href":"https:\/\/akademia-zdrowia.pl\/warszawa\/wp-json\/wp\/v2\/media?parent=482"}],"curies":[{"name":"wp","href":"https:\/\/api.w.org\/{rel}","templated":true}]}}