{"id":535,"date":"2018-01-10T13:09:05","date_gmt":"2018-01-10T12:09:05","guid":{"rendered":"http:\/\/www.akademia-zdrowia.pl\/lodz\/?page_id=535"},"modified":"2022-02-28T14:16:23","modified_gmt":"2022-02-28T13:16:23","slug":"pielegniarstwo-internistyczne","status":"publish","type":"page","link":"https:\/\/akademia-zdrowia.pl\/warszawa\/oferta-szkoleniowa\/ksztalcenie-pielegniarek-i-poloznych\/specjalizacje\/pielegniarstwo-internistyczne\/","title":{"rendered":"Piel\u0119gniarstwo internistyczne"},"content":{"rendered":"\t\t<div data-elementor-type=\"wp-page\" data-elementor-id=\"535\" class=\"elementor elementor-535\" data-elementor-post-type=\"page\">\n\t\t\t\t\t\t<section class=\"elementor-section elementor-top-section elementor-element elementor-element-fd4b413 elementor-section-boxed elementor-section-height-default elementor-section-height-default\" data-id=\"fd4b413\" data-element_type=\"section\">\n\t\t\t\t\t\t<div class=\"elementor-container elementor-column-gap-default\">\n\t\t\t\t\t<div class=\"elementor-column elementor-col-100 elementor-top-column elementor-element elementor-element-12eacef\" data-id=\"12eacef\" data-element_type=\"column\">\n\t\t\t<div class=\"elementor-widget-wrap elementor-element-populated\">\n\t\t\t\t\t\t<div class=\"elementor-element elementor-element-80411db elementor-widget elementor-widget-bdt-advanced-heading\" data-id=\"80411db\" data-element_type=\"widget\" data-widget_type=\"bdt-advanced-heading.default\">\n\t\t\t\t<div class=\"elementor-widget-container\">\n\t\t\t\t\t<div id =\"80411db\" class=\"bdt-ep-advanced-heading\" data-settings=\"{&quot;titleMultiColor&quot;:&quot;no&quot;}\"><div class=\"bdt-ep-advanced-heading-content bdt-visible@m\"><div class=\"bdt-transform-origin-top-left\">Specjalizacja z piel\u0119gniarstwa internistycznego <\/div><\/div><h2 class=\"bdt-ep-advanced-heading-title\"><span class=\"bdt-ep-advanced-heading-main-title\"><span class=\"bdt-ep-advanced-heading-main-title-inner\">Specjalizacja z piel\u0119gniarstwa internistycznego dla piel\u0119gniarek\/piel\u0119gniarzy<\/span><\/span><\/h2><\/div>\t\t\t\t<\/div>\n\t\t\t\t<\/div>\n\t\t\t\t<div class=\"elementor-element elementor-element-2147ef9 elementor-widget elementor-widget-text-editor\" data-id=\"2147ef9\" data-element_type=\"widget\" data-widget_type=\"text-editor.default\">\n\t\t\t\t<div class=\"elementor-widget-container\">\n\t\t\t\t\t\t\t\t\t<p><strong><br><\/strong><\/p><p><strong>I. Cel kszta\u0142cenia<\/strong> <br>Celem kszta\u0142cenia jest aktualizowanie wiedzy i umiej\u0119tno\u015bci dotycz\u0105cych piel\u0119gniarstwa<\/p>\n<p>internistycznego. Uzyskanie tytu\u0142u specjalisty popartego uzyskaniem przez piel\u0119gniark\u0119<\/p>\n<p>specjalistycznych kwalifikacji w dziedzinie piel\u0119gniarstwa internistycznego oraz nabyciem<\/p>\n<p>umiej\u0119tno\u015bci uprawniaj\u0105cych do samodzielnego podejmowania \u015bwiadcze\u0144 przewidzianych dla<\/p>\n<p>piel\u0119gniarki po uzyskaniu tytu\u0142u specjalisty z piel\u0119gniarstwa internistycznego.<\/p>\n<p><strong>II. Czas trwania specjalizacji zgodnie z Rozporz\u0105dzeniem nie kr\u00f3cej ni\u017c 15 miesi\u0119cy i nie d\u0142u\u017cej ni\u017c 20 miesi\u0119cy<\/strong><br>\u0141\u0105czna liczba godzin przeznaczonych na realizacj\u0119 programu szkolenia specjalizacyjnego w kontakcie z wyk\u0142adowc\u0105\/opiekunem sta\u017cu wynosi <strong>857 <\/strong>godzin dydaktycznych:<\/p>\n<p>zaj\u0119cia teoretyczne \u2013 <strong>430<\/strong>godzin, \u0107wiczenia <strong>54<\/strong><\/p>\n<p>zaj\u0119cia praktyczne \u2013 <strong>427<\/strong>godzin.<\/p>\n<p><strong><em>*171 godzin Organizator Kszta\u0142cenia mo\u017ce przeznaczy\u0107 na samokszta\u0142cenie \u2013 prac\u0119 w\u0142asn\u0105 Uczestnika specjalizacji<\/em><\/strong><\/p>\n<p><strong>III. System prowadzenia zaj\u0119\u0107<\/strong><\/p>\n<p>Zaj\u0119cia teoretyczne w systemie weekendowym dwa razy w miesi\u0105cu:<\/p>\n<ul>\n<li>pi\u0105tek godz. 16:00<\/li>\n<li>sobota i niedziela godz. 9:00<\/li>\n<\/ul>\n<p>Zaj\u0119cia sta\u017cowe&nbsp; w wybrane dni powszednie od poniedzia\u0142ku do pi\u0105tku<\/p>\n<p><strong><u>Dokumenty niezb\u0119dne, aby przyst\u0105pi\u0107 do specjalizacji:<\/u><\/strong><\/p>\n<ol>\n<li>wniosek wys\u0142any elektronicznie poprzez system SMK.<\/li>\n<\/ol>\n<p>Do wniosku w polu POTWIERDZENIE STA\u017bU PRACY nale\u017cy pod\u0142\u0105czy\u0107 skan lub zdj\u0119cia za\u015bwiadczenia z zak\u0142adu pracy\/\u015bwiadectwa pracy, z kt\u00f3rego wynika co najmniej 2-letni sta\u017c w zawodzie piel\u0119gniarki\/piel\u0119gniarza<\/p>\n<ol start=\"2\">\n<li>wniosek o dofinansowanie dostarczony w wersji papierowej do sekretariatu w dniu rozpocz\u0119cia specjalizacji<\/li>\n<\/ol>\t\t\t\t\t\t\t\t<\/div>\n\t\t\t\t<\/div>\n\t\t\t\t\t<\/div>\n\t\t<\/div>\n\t\t\t\t\t<\/div>\n\t\t<\/section>\n\t\t\t\t<section class=\"elementor-section elementor-top-section elementor-element elementor-element-8c99b2a elementor-section-boxed elementor-section-height-default elementor-section-height-default\" data-id=\"8c99b2a\" data-element_type=\"section\">\n\t\t\t\t\t\t<div class=\"elementor-container elementor-column-gap-default\">\n\t\t\t\t\t<div class=\"elementor-column elementor-col-100 elementor-top-column elementor-element elementor-element-bfb14c9\" data-id=\"bfb14c9\" data-element_type=\"column\">\n\t\t\t<div class=\"elementor-widget-wrap elementor-element-populated\">\n\t\t\t\t\t\t<div class=\"elementor-element elementor-element-e63f47a elementor-widget elementor-widget-text-editor\" data-id=\"e63f47a\" data-element_type=\"widget\" data-widget_type=\"text-editor.default\">\n\t\t\t\t<div class=\"elementor-widget-container\">\n\t\t\t\t\t\t\t\t\t<p><strong>Cena kursu- 2400,00 z\u0142<br \/><\/strong><strong>Cena kursu przy dofinansowaniu z WOIPiP to TYLKO 600,00 z\u0142<\/strong><\/p><p><strong><em>\u00a0P\u0142atno\u015b\u0107 w dogodnych ratach !!!<\/em><\/strong><\/p>\t\t\t\t\t\t\t\t<\/div>\n\t\t\t\t<\/div>\n\t\t\t\t\t<\/div>\n\t\t<\/div>\n\t\t\t\t\t<\/div>\n\t\t<\/section>\n\t\t\t\t<section class=\"elementor-section elementor-top-section elementor-element elementor-element-4c4e66d elementor-section-boxed elementor-section-height-default elementor-section-height-default\" data-id=\"4c4e66d\" data-element_type=\"section\">\n\t\t\t\t\t\t<div class=\"elementor-container elementor-column-gap-default\">\n\t\t\t\t\t<div class=\"elementor-column elementor-col-100 elementor-top-column elementor-element elementor-element-4d21b44\" data-id=\"4d21b44\" data-element_type=\"column\">\n\t\t\t<div class=\"elementor-widget-wrap elementor-element-populated\">\n\t\t\t\t\t\t<div class=\"elementor-element elementor-element-92b08b2 elementor-widget elementor-widget-text-editor\" data-id=\"92b08b2\" data-element_type=\"widget\" data-widget_type=\"text-editor.default\">\n\t\t\t\t<div class=\"elementor-widget-container\">\n\t\t\t\t\t\t\t\t\t<p>Szczeg\u00f3\u0142owy program kursu:<br \/><a href=\"https:\/\/ckppip.edu.pl\/wp-content\/uploads\/2020\/10\/Specjalizacja-w-dz.-piel.-internistycznego.pdf\">https:\/\/ckppip.edu.pl\/wp-content\/uploads\/2020\/10\/Specjalizacja-w-dz.-piel.-internistycznego.pdf<\/a><\/p><p>Zapisy tylko i wy\u0142\u0105cznie przez system SMK:<br \/><a href=\"https:\/\/smk.ezdrowie.gov.pl\/login.jsp\">https:\/\/smk.ezdrowie.gov.pl\/login.jsp<\/a><\/p><p>Link do pobrania wniosku o dofinansowanie kszta\u0142cenia podyplomowego oraz z WOIPiP:<br \/><a href=\"http:\/\/woipip.pl\/ksztalcenie\/komplet-wnioskow\/\">http:\/\/woipip.pl\/ksztalcenie\/komplet-wnioskow\/<\/a><\/p>\t\t\t\t\t\t\t\t<\/div>\n\t\t\t\t<\/div>\n\t\t\t\t\t<\/div>\n\t\t<\/div>\n\t\t\t\t\t<\/div>\n\t\t<\/section>\n\t\t\t\t<\/div>\n\t\t","protected":false},"excerpt":{"rendered":"<p>Specjalizacja z piel\u0119gniarstwa internistycznego Specjalizacja z piel\u0119gniarstwa internistycznego dla piel\u0119gniarek\/piel\u0119gniarzy I. Cel kszta\u0142cenia Celem kszta\u0142cenia jest aktualizowanie wiedzy i umiej\u0119tno\u015bci dotycz\u0105cych piel\u0119gniarstwa internistycznego. Uzyskanie tytu\u0142u specjalisty popartego uzyskaniem przez piel\u0119gniark\u0119 specjalistycznych kwalifikacji w dziedzinie piel\u0119gniarstwa internistycznego oraz nabyciem umiej\u0119tno\u015bci uprawniaj\u0105cych do samodzielnego podejmowania \u015bwiadcze\u0144 przewidzianych dla piel\u0119gniarki po uzyskaniu tytu\u0142u specjalisty z piel\u0119gniarstwa internistycznego. II&#8230;.<\/p>\n","protected":false},"author":1,"featured_media":0,"parent":401,"menu_order":0,"comment_status":"closed","ping_status":"closed","template":"","meta":{"footnotes":""},"class_list":["post-535","page","type-page","status-publish","hentry"],"yoast_head":"<!-- This site is optimized with the Yoast SEO plugin v26.8 - https:\/\/yoast.com\/product\/yoast-seo-wordpress\/ -->\n<title>Piel\u0119gniarstwo internistyczne - Akademia zdrowia \u2013 Warszawa \u2013 Kursy zawodowe, szko\u0142y policealne<\/title>\n<meta name=\"description\" content=\"Specjalizacja z piel\u0119gniarstwa internistycznego Specjalizacja z piel\u0119gniarstwa internistycznego dla piel\u0119gniarek\/piel\u0119gniarzy I. Cel kszta\u0142cenia Celem\" \/>\n<meta name=\"robots\" content=\"index, follow, max-snippet:-1, max-image-preview:large, max-video-preview:-1\" \/>\n<link rel=\"canonical\" href=\"https:\/\/akademia-zdrowia.pl\/warszawa\/oferta-szkoleniowa\/ksztalcenie-pielegniarek-i-poloznych\/specjalizacje\/pielegniarstwo-internistyczne\/\" \/>\n<meta property=\"og:locale\" content=\"pl_PL\" \/>\n<meta property=\"og:type\" content=\"article\" \/>\n<meta property=\"og:title\" content=\"Piel\u0119gniarstwo internistyczne - Akademia zdrowia \u2013 Warszawa \u2013 Kursy zawodowe, szko\u0142y policealne\" \/>\n<meta property=\"og:description\" content=\"Specjalizacja z piel\u0119gniarstwa internistycznego Specjalizacja z piel\u0119gniarstwa internistycznego dla piel\u0119gniarek\/piel\u0119gniarzy I. Cel kszta\u0142cenia Celem\" \/>\n<meta property=\"og:url\" content=\"https:\/\/akademia-zdrowia.pl\/warszawa\/oferta-szkoleniowa\/ksztalcenie-pielegniarek-i-poloznych\/specjalizacje\/pielegniarstwo-internistyczne\/\" \/>\n<meta property=\"og:site_name\" content=\"Nowa kategoria kursu\" \/>\n<meta property=\"article:modified_time\" content=\"2022-02-28T13:16:23+00:00\" \/>\n<meta name=\"twitter:card\" content=\"summary_large_image\" \/>\n<meta name=\"twitter:label1\" content=\"Szacowany czas czytania\" \/>\n\t<meta name=\"twitter:data1\" content=\"2 minuty\" \/>\n<script type=\"application\/ld+json\" class=\"yoast-schema-graph\">{\"@context\":\"https:\/\/schema.org\",\"@graph\":[{\"@type\":\"WebPage\",\"@id\":\"https:\/\/akademia-zdrowia.pl\/warszawa\/oferta-szkoleniowa\/ksztalcenie-pielegniarek-i-poloznych\/specjalizacje\/pielegniarstwo-internistyczne\/\",\"url\":\"https:\/\/akademia-zdrowia.pl\/warszawa\/oferta-szkoleniowa\/ksztalcenie-pielegniarek-i-poloznych\/specjalizacje\/pielegniarstwo-internistyczne\/\",\"name\":\"Piel\u0119gniarstwo internistyczne - Akademia zdrowia \u2013 Warszawa \u2013 Kursy zawodowe, szko\u0142y policealne\",\"isPartOf\":{\"@id\":\"https:\/\/akademia-zdrowia.pl\/warszawa\/#website\"},\"datePublished\":\"2018-01-10T12:09:05+00:00\",\"dateModified\":\"2022-02-28T13:16:23+00:00\",\"description\":\"Specjalizacja z piel\u0119gniarstwa internistycznego Specjalizacja z piel\u0119gniarstwa internistycznego dla piel\u0119gniarek\/piel\u0119gniarzy I. Cel kszta\u0142cenia Celem\",\"breadcrumb\":{\"@id\":\"https:\/\/akademia-zdrowia.pl\/warszawa\/oferta-szkoleniowa\/ksztalcenie-pielegniarek-i-poloznych\/specjalizacje\/pielegniarstwo-internistyczne\/#breadcrumb\"},\"inLanguage\":\"pl-PL\",\"potentialAction\":[{\"@type\":\"ReadAction\",\"target\":[\"https:\/\/akademia-zdrowia.pl\/warszawa\/oferta-szkoleniowa\/ksztalcenie-pielegniarek-i-poloznych\/specjalizacje\/pielegniarstwo-internistyczne\/\"]}]},{\"@type\":\"BreadcrumbList\",\"@id\":\"https:\/\/akademia-zdrowia.pl\/warszawa\/oferta-szkoleniowa\/ksztalcenie-pielegniarek-i-poloznych\/specjalizacje\/pielegniarstwo-internistyczne\/#breadcrumb\",\"itemListElement\":[{\"@type\":\"ListItem\",\"position\":1,\"name\":\"Strona g\u0142\u00f3wna\",\"item\":\"https:\/\/akademia-zdrowia.pl\/warszawa\/\"},{\"@type\":\"ListItem\",\"position\":2,\"name\":\"Oferta szkoleniowa\",\"item\":\"https:\/\/akademia-zdrowia.pl\/warszawa\/oferta-szkoleniowa\/\"},{\"@type\":\"ListItem\",\"position\":3,\"name\":\"Kszta\u0142cenie piel\u0119gniarek i po\u0142o\u017cnych\",\"item\":\"https:\/\/akademia-zdrowia.pl\/warszawa\/oferta-szkoleniowa\/ksztalcenie-pielegniarek-i-poloznych\/\"},{\"@type\":\"ListItem\",\"position\":4,\"name\":\"Specjalizacje\",\"item\":\"https:\/\/akademia-zdrowia.pl\/warszawa\/oferta-szkoleniowa\/ksztalcenie-pielegniarek-i-poloznych\/specjalizacje\/\"},{\"@type\":\"ListItem\",\"position\":5,\"name\":\"Piel\u0119gniarstwo internistyczne\"}]},{\"@type\":\"WebSite\",\"@id\":\"https:\/\/akademia-zdrowia.pl\/warszawa\/#website\",\"url\":\"https:\/\/akademia-zdrowia.pl\/warszawa\/\",\"name\":\"Nowa kategoria kursu\",\"description\":\"Nowy kurs \",\"potentialAction\":[{\"@type\":\"SearchAction\",\"target\":{\"@type\":\"EntryPoint\",\"urlTemplate\":\"https:\/\/akademia-zdrowia.pl\/warszawa\/?s={search_term_string}\"},\"query-input\":{\"@type\":\"PropertyValueSpecification\",\"valueRequired\":true,\"valueName\":\"search_term_string\"}}],\"inLanguage\":\"pl-PL\"}]}<\/script>\n<!-- \/ Yoast SEO plugin. -->","yoast_head_json":{"title":"Piel\u0119gniarstwo internistyczne - Akademia zdrowia \u2013 Warszawa \u2013 Kursy zawodowe, szko\u0142y policealne","description":"Specjalizacja z piel\u0119gniarstwa internistycznego Specjalizacja z piel\u0119gniarstwa internistycznego dla piel\u0119gniarek\/piel\u0119gniarzy I. Cel kszta\u0142cenia Celem","robots":{"index":"index","follow":"follow","max-snippet":"max-snippet:-1","max-image-preview":"max-image-preview:large","max-video-preview":"max-video-preview:-1"},"canonical":"https:\/\/akademia-zdrowia.pl\/warszawa\/oferta-szkoleniowa\/ksztalcenie-pielegniarek-i-poloznych\/specjalizacje\/pielegniarstwo-internistyczne\/","og_locale":"pl_PL","og_type":"article","og_title":"Piel\u0119gniarstwo internistyczne - Akademia zdrowia \u2013 Warszawa \u2013 Kursy zawodowe, szko\u0142y policealne","og_description":"Specjalizacja z piel\u0119gniarstwa internistycznego Specjalizacja z piel\u0119gniarstwa internistycznego dla piel\u0119gniarek\/piel\u0119gniarzy I. Cel kszta\u0142cenia Celem","og_url":"https:\/\/akademia-zdrowia.pl\/warszawa\/oferta-szkoleniowa\/ksztalcenie-pielegniarek-i-poloznych\/specjalizacje\/pielegniarstwo-internistyczne\/","og_site_name":"Nowa kategoria kursu","article_modified_time":"2022-02-28T13:16:23+00:00","twitter_card":"summary_large_image","twitter_misc":{"Szacowany czas czytania":"2 minuty"},"schema":{"@context":"https:\/\/schema.org","@graph":[{"@type":"WebPage","@id":"https:\/\/akademia-zdrowia.pl\/warszawa\/oferta-szkoleniowa\/ksztalcenie-pielegniarek-i-poloznych\/specjalizacje\/pielegniarstwo-internistyczne\/","url":"https:\/\/akademia-zdrowia.pl\/warszawa\/oferta-szkoleniowa\/ksztalcenie-pielegniarek-i-poloznych\/specjalizacje\/pielegniarstwo-internistyczne\/","name":"Piel\u0119gniarstwo internistyczne - Akademia zdrowia \u2013 Warszawa \u2013 Kursy zawodowe, szko\u0142y policealne","isPartOf":{"@id":"https:\/\/akademia-zdrowia.pl\/warszawa\/#website"},"datePublished":"2018-01-10T12:09:05+00:00","dateModified":"2022-02-28T13:16:23+00:00","description":"Specjalizacja z piel\u0119gniarstwa internistycznego Specjalizacja z piel\u0119gniarstwa internistycznego dla piel\u0119gniarek\/piel\u0119gniarzy I. Cel kszta\u0142cenia Celem","breadcrumb":{"@id":"https:\/\/akademia-zdrowia.pl\/warszawa\/oferta-szkoleniowa\/ksztalcenie-pielegniarek-i-poloznych\/specjalizacje\/pielegniarstwo-internistyczne\/#breadcrumb"},"inLanguage":"pl-PL","potentialAction":[{"@type":"ReadAction","target":["https:\/\/akademia-zdrowia.pl\/warszawa\/oferta-szkoleniowa\/ksztalcenie-pielegniarek-i-poloznych\/specjalizacje\/pielegniarstwo-internistyczne\/"]}]},{"@type":"BreadcrumbList","@id":"https:\/\/akademia-zdrowia.pl\/warszawa\/oferta-szkoleniowa\/ksztalcenie-pielegniarek-i-poloznych\/specjalizacje\/pielegniarstwo-internistyczne\/#breadcrumb","itemListElement":[{"@type":"ListItem","position":1,"name":"Strona g\u0142\u00f3wna","item":"https:\/\/akademia-zdrowia.pl\/warszawa\/"},{"@type":"ListItem","position":2,"name":"Oferta szkoleniowa","item":"https:\/\/akademia-zdrowia.pl\/warszawa\/oferta-szkoleniowa\/"},{"@type":"ListItem","position":3,"name":"Kszta\u0142cenie piel\u0119gniarek i po\u0142o\u017cnych","item":"https:\/\/akademia-zdrowia.pl\/warszawa\/oferta-szkoleniowa\/ksztalcenie-pielegniarek-i-poloznych\/"},{"@type":"ListItem","position":4,"name":"Specjalizacje","item":"https:\/\/akademia-zdrowia.pl\/warszawa\/oferta-szkoleniowa\/ksztalcenie-pielegniarek-i-poloznych\/specjalizacje\/"},{"@type":"ListItem","position":5,"name":"Piel\u0119gniarstwo internistyczne"}]},{"@type":"WebSite","@id":"https:\/\/akademia-zdrowia.pl\/warszawa\/#website","url":"https:\/\/akademia-zdrowia.pl\/warszawa\/","name":"Nowa kategoria kursu","description":"Nowy kurs ","potentialAction":[{"@type":"SearchAction","target":{"@type":"EntryPoint","urlTemplate":"https:\/\/akademia-zdrowia.pl\/warszawa\/?s={search_term_string}"},"query-input":{"@type":"PropertyValueSpecification","valueRequired":true,"valueName":"search_term_string"}}],"inLanguage":"pl-PL"}]}},"_links":{"self":[{"href":"https:\/\/akademia-zdrowia.pl\/warszawa\/wp-json\/wp\/v2\/pages\/535","targetHints":{"allow":["GET"]}}],"collection":[{"href":"https:\/\/akademia-zdrowia.pl\/warszawa\/wp-json\/wp\/v2\/pages"}],"about":[{"href":"https:\/\/akademia-zdrowia.pl\/warszawa\/wp-json\/wp\/v2\/types\/page"}],"author":[{"embeddable":true,"href":"https:\/\/akademia-zdrowia.pl\/warszawa\/wp-json\/wp\/v2\/users\/1"}],"replies":[{"embeddable":true,"href":"https:\/\/akademia-zdrowia.pl\/warszawa\/wp-json\/wp\/v2\/comments?post=535"}],"version-history":[{"count":6,"href":"https:\/\/akademia-zdrowia.pl\/warszawa\/wp-json\/wp\/v2\/pages\/535\/revisions"}],"predecessor-version":[{"id":3097,"href":"https:\/\/akademia-zdrowia.pl\/warszawa\/wp-json\/wp\/v2\/pages\/535\/revisions\/3097"}],"up":[{"embeddable":true,"href":"https:\/\/akademia-zdrowia.pl\/warszawa\/wp-json\/wp\/v2\/pages\/401"}],"wp:attachment":[{"href":"https:\/\/akademia-zdrowia.pl\/warszawa\/wp-json\/wp\/v2\/media?parent=535"}],"curies":[{"name":"wp","href":"https:\/\/api.w.org\/{rel}","templated":true}]}}