{"id":6438,"date":"2024-12-02T08:45:17","date_gmt":"2024-12-02T07:45:17","guid":{"rendered":"https:\/\/akademia-zdrowia.pl\/warszawa\/?page_id=6438"},"modified":"2024-12-03T14:35:52","modified_gmt":"2024-12-03T13:35:52","slug":"wsparcie-u-twego-boku-2","status":"publish","type":"page","link":"https:\/\/akademia-zdrowia.pl\/warszawa\/projekty-unijne\/wsparcie-u-twego-boku-2\/","title":{"rendered":"Wsparcie u Twego boku 2"},"content":{"rendered":"\t\t<div data-elementor-type=\"wp-page\" data-elementor-id=\"6438\" class=\"elementor elementor-6438\" data-elementor-post-type=\"page\">\n\t\t\t\t\t\t<section class=\"elementor-section elementor-top-section elementor-element elementor-element-4d5773d elementor-section-boxed elementor-section-height-default elementor-section-height-default\" data-id=\"4d5773d\" data-element_type=\"section\">\n\t\t\t\t\t\t<div class=\"elementor-container elementor-column-gap-default\">\n\t\t\t\t\t<div class=\"elementor-column elementor-col-100 elementor-top-column elementor-element elementor-element-01141a7\" data-id=\"01141a7\" data-element_type=\"column\">\n\t\t\t<div class=\"elementor-widget-wrap elementor-element-populated\">\n\t\t\t\t\t\t<div class=\"elementor-element elementor-element-db465d2 elementor-widget elementor-widget-rs-heading\" data-id=\"db465d2\" data-element_type=\"widget\" data-widget_type=\"rs-heading.default\">\n\t\t\t\t<div class=\"elementor-widget-container\">\n\t\t\t\t\t        <div class=\"rs-heading default \">\r\n        \t<div class=\"title-inner\">\r\n        \t\t      \t\t\r\n\t            <span class=\"sub-text \">AKADEMIA ZDROWIA<\/span><h2 class=\"title\"><span class=\"watermark\"><\/span>Wsparcie u Twego boku 2<\/h2>\t        <\/div>\r\n\t                <\/div>\r\n        \t\t\t\t<\/div>\n\t\t\t\t<\/div>\n\t\t\t\t\t<\/div>\n\t\t<\/div>\n\t\t\t\t\t<\/div>\n\t\t<\/section>\n\t\t\t\t<section class=\"elementor-section elementor-top-section elementor-element elementor-element-2ef485d elementor-section-boxed elementor-section-height-default elementor-section-height-default\" data-id=\"2ef485d\" data-element_type=\"section\">\n\t\t\t\t\t\t<div class=\"elementor-container elementor-column-gap-default\">\n\t\t\t\t\t<div class=\"elementor-column elementor-col-100 elementor-top-column elementor-element elementor-element-3355356\" data-id=\"3355356\" data-element_type=\"column\">\n\t\t\t<div class=\"elementor-widget-wrap elementor-element-populated\">\n\t\t\t\t\t\t<div class=\"elementor-element elementor-element-58c9150 elementor-widget elementor-widget-text-editor\" data-id=\"58c9150\" data-element_type=\"widget\" data-widget_type=\"text-editor.default\">\n\t\t\t\t<div class=\"elementor-widget-container\">\n\t\t\t\t\t\t\t\t\t<p><img decoding=\"async\" src=\"https:\/\/akademia-zdrowia.pl\/warszawa\/wp-content\/uploads\/2024\/12\/Obraz1-1024x96.jpg\" \/><\/p><p>O\u015aWIADCZAMY O GOTOWO\u015aCI DO \u015aWIADCZENIA WSZYSTKICH US\u0141UG W RAMACH PROJEKTU CO NAJMNIEJ DO DN. 31.05.2025r. tj. d\u0142ugoterminowe wsparcie opieku\u0144cze dla 23 os\u00f3b niesamodzielnych w miejscu zamieszkania:<\/p><ul><li>12 miejsc dla os\u00f3b niesamodzielnych potrzebuj\u0105cych wsparcia opieku\u0144czego<\/li><li>11 miejsc dla os\u00f3b niesamodzielnych z niepe\u0142nosprawno\u015bci\u0105 wymagaj\u0105cych specjalistycznej opieki d\u0142ugoterminowej oraz rehabilitacji.<\/li><\/ul><p>W ramach projektu oferujemy r\u00f3wnie\u017c mo\u017cliwo\u015b\u0107 skorzystania z\u00a0<b>wypo\u017cyczalni sprz\u0119tu rehabilitacyjnego<\/b>.<\/p>\t\t\t\t\t\t\t\t<\/div>\n\t\t\t\t<\/div>\n\t\t\t\t\t<\/div>\n\t\t<\/div>\n\t\t\t\t\t<\/div>\n\t\t<\/section>\n\t\t\t\t<section class=\"elementor-section elementor-top-section elementor-element elementor-element-20ac69d elementor-section-stretched elementor-section-boxed elementor-section-height-default elementor-section-height-default\" data-id=\"20ac69d\" data-element_type=\"section\" data-settings=\"{&quot;stretch_section&quot;:&quot;section-stretched&quot;}\">\n\t\t\t\t\t\t<div class=\"elementor-container elementor-column-gap-default\">\n\t\t\t\t\t<div class=\"elementor-column elementor-col-100 elementor-top-column elementor-element elementor-element-1c02a68\" data-id=\"1c02a68\" data-element_type=\"column\">\n\t\t\t<div class=\"elementor-widget-wrap elementor-element-populated\">\n\t\t\t\t\t\t<div class=\"elementor-element elementor-element-d8907fc elementor-tabs-view-horizontal elementor-widget elementor-widget-tabs\" data-id=\"d8907fc\" data-element_type=\"widget\" data-widget_type=\"tabs.default\">\n\t\t\t\t<div class=\"elementor-widget-container\">\n\t\t\t\t\t\t\t<div class=\"elementor-tabs\">\n\t\t\t<div class=\"elementor-tabs-wrapper\" role=\"tablist\" >\n\t\t\t\t\t\t\t\t\t<div id=\"elementor-tab-title-2271\" class=\"elementor-tab-title elementor-tab-desktop-title\" aria-selected=\"true\" data-tab=\"1\" role=\"tab\" tabindex=\"0\" aria-controls=\"elementor-tab-content-2271\" aria-expanded=\"false\">Projekt<\/div>\n\t\t\t\t\t\t\t\t\t<div id=\"elementor-tab-title-2272\" class=\"elementor-tab-title elementor-tab-desktop-title\" aria-selected=\"false\" data-tab=\"2\" role=\"tab\" tabindex=\"-1\" aria-controls=\"elementor-tab-content-2272\" aria-expanded=\"false\">Dokumenty rekrutacyjne<\/div>\n\t\t\t\t\t\t\t\t\t<div id=\"elementor-tab-title-2273\" class=\"elementor-tab-title elementor-tab-desktop-title\" aria-selected=\"false\" data-tab=\"3\" role=\"tab\" tabindex=\"-1\" aria-controls=\"elementor-tab-content-2273\" aria-expanded=\"false\">Zapytanie ofertowe<\/div>\n\t\t\t\t\t\t\t<\/div>\n\t\t\t<div class=\"elementor-tabs-content-wrapper\" role=\"tablist\" aria-orientation=\"vertical\">\n\t\t\t\t\t\t\t\t\t<div class=\"elementor-tab-title elementor-tab-mobile-title\" aria-selected=\"true\" data-tab=\"1\" role=\"tab\" tabindex=\"0\" aria-controls=\"elementor-tab-content-2271\" aria-expanded=\"false\">Projekt<\/div>\n\t\t\t\t\t<div id=\"elementor-tab-content-2271\" class=\"elementor-tab-content elementor-clearfix\" data-tab=\"1\" role=\"tabpanel\" aria-labelledby=\"elementor-tab-title-2271\" tabindex=\"0\" hidden=\"false\"><h2><img fetchpriority=\"high\" decoding=\"async\" class=\"alignnone wp-image-6544 size-large\" src=\"https:\/\/akademia-zdrowia.pl\/warszawa\/wp-content\/uploads\/2024\/12\/Obraz1-1024x96.jpg\" alt=\"\" width=\"1024\" height=\"96\" srcset=\"https:\/\/akademia-zdrowia.pl\/warszawa\/wp-content\/uploads\/2024\/12\/Obraz1-1024x96.jpg 1024w, https:\/\/akademia-zdrowia.pl\/warszawa\/wp-content\/uploads\/2024\/12\/Obraz1-300x28.jpg 300w, https:\/\/akademia-zdrowia.pl\/warszawa\/wp-content\/uploads\/2024\/12\/Obraz1-768x72.jpg 768w, https:\/\/akademia-zdrowia.pl\/warszawa\/wp-content\/uploads\/2024\/12\/Obraz1-1536x144.jpg 1536w, https:\/\/akademia-zdrowia.pl\/warszawa\/wp-content\/uploads\/2024\/12\/Obraz1-500x47.jpg 500w, https:\/\/akademia-zdrowia.pl\/warszawa\/wp-content\/uploads\/2024\/12\/Obraz1-1320x124.jpg 1320w, https:\/\/akademia-zdrowia.pl\/warszawa\/wp-content\/uploads\/2024\/12\/Obraz1.jpg 1890w\" sizes=\"(max-width: 1024px) 100vw, 1024px\" \/><\/h2><h3>Opieka dla os\u00f3b niesamodzielnych i ich opiekun\u00f3w<\/h3><p>Projekt \u201eWsparcie u Twego boku 2\u201d skierowany jest do os\u00f3b niesamodzielnych, w tym r\u00f3wnie\u017c os\u00f3b z niepe\u0142nosprawno\u015bci\u0105 z terenu miasta Warszawa, lub okre\u015blonych powiat\u00f3w wojew\u00f3dztwa mazowieckiego*, kt\u00f3re ze\u00a0wzgl\u0119du na stan zdrowia, niepe\u0142nosprawno\u015b\u0107, wymagaj\u0105 opieki lub wsparcia w\u00a0zwi\u0105zku z\u00a0niemo\u017cno\u015bci\u0105 samodzielnego wykonywania podstawowych czynno\u015bci dnia codziennego, a tak\u017ce ich otoczenia \u2013 w\u00a0szczeg\u00f3lno\u015bci opiekun\u00f3w faktycznych.<\/p><p>Okres realizacji projektu: 1\u00a0kwietnia 2021\u00a0r. do\u00a030\u00a0kwietnia 2023\u00a0r.<\/p><p>Miejscem realizacji projektu jest wojew\u00f3dztwo mazowieckie z uwzgl\u0119dnieniem konkretnych powiat\u00f3w i gmin: m. Warszawa (Bia\u0142o\u0142\u0119ka, Weso\u0142a, Wilan\u00f3w), warsz. zachodni (Izabelin, Kampinos, Leszno, \u0141omianki, O\u017car\u00f3w Mazowiecki, Stare Babice), piaseczy\u0144ski (G\u00f3ra Kalwaria, Lesznowola, Pra\u017cm\u00f3w, Tarczyn), otwocki (Celestyn\u00f3w, J\u00f3zef\u00f3w, Karczew, Ko\u0142biel, Osieck, Sobienie-Jeziory), legionowski (Niepor\u0119t, Serock, Wieliszew), pruszkowski (Micha\u0142owice, Nadarzyn, Piast\u00f3w, Raszyn).<\/p><h2><img fetchpriority=\"high\" decoding=\"async\" class=\"alignnone wp-image-6544 size-large\" src=\"https:\/\/akademia-zdrowia.pl\/warszawa\/wp-content\/uploads\/2024\/12\/Obraz1-1024x96.jpg\" alt=\"\" width=\"1024\" height=\"96\" srcset=\"https:\/\/akademia-zdrowia.pl\/warszawa\/wp-content\/uploads\/2024\/12\/Obraz1-1024x96.jpg 1024w, https:\/\/akademia-zdrowia.pl\/warszawa\/wp-content\/uploads\/2024\/12\/Obraz1-300x28.jpg 300w, https:\/\/akademia-zdrowia.pl\/warszawa\/wp-content\/uploads\/2024\/12\/Obraz1-768x72.jpg 768w, https:\/\/akademia-zdrowia.pl\/warszawa\/wp-content\/uploads\/2024\/12\/Obraz1-1536x144.jpg 1536w, https:\/\/akademia-zdrowia.pl\/warszawa\/wp-content\/uploads\/2024\/12\/Obraz1-500x47.jpg 500w, https:\/\/akademia-zdrowia.pl\/warszawa\/wp-content\/uploads\/2024\/12\/Obraz1-1320x124.jpg 1320w, https:\/\/akademia-zdrowia.pl\/warszawa\/wp-content\/uploads\/2024\/12\/Obraz1.jpg 1890w\" sizes=\"(max-width: 1024px) 100vw, 1024px\" \/><\/h2><h3>Warunki uczestnictwa<\/h3><div class=\"wpb_text_column wpb_content_element \"><div class=\"wpb_wrapper\"><p>Warunkiem wzi\u0119cia udzia\u0142u w rekrutacji do projektu \u201eWsparcie u Twego boku II\u201d jest z\u0142o\u017cenie dokument\u00f3w w Biurze Projektu ul. Jana Kazimierza 45\/5, 01-248 Warszawa (osobi\u015bcie\/listem\/kurierem\/e-mail):<\/p><ul><li>formularza rekrutacyjnego<\/li><li>orzeczenia o\u00a0stopniu niepe\u0142nosprawno\u015bci<\/li><li>za\u015bwiadczenie o\u00a0stanie zdrowia wraz ze\u00a0skierowaniem wystawionym przez lekarza podstawowej opieki zdrowotnej do\u00a0obj\u0119cia d\u0142ugoterminow\u0105 opiek\u0105 wraz z\u00a0kart\u0105 oceny wg\u00a0skali opartej na\u00a0skali Barthel,<\/li><li>o\u015bwiadczenie o\u00a0niekorzystaniu z\u00a0tego samego typu wsparcia w\u00a0innych projektach wsp\u00f3\u0142finansowanych z\u00a0EFS w\u00a0ramach RPO WM 2014-2020,<\/li><li>inne dokumenty potwierdzaj\u0105ce skorzystanie z\u00a0us\u0142ugi zdrowotnej np.: dokumentacja piel\u0119gniarska, lekarska, karty wizyt, itp.<\/li><li>dokumenty potwierdzaj\u0105ce bycie osob\u0105 zagro\u017con\u0105 ub\u00f3stwem lub wykluczeniem spo\u0142ecznym np.\u00a0za\u015bwiadczenie z\u00a0PUP, OPS\/PCPR<\/li><li>w\u00a0celu przyznania dodatkowych punkt\u00f3w kandydat powinien dostarczy\u0107 za\u015bwiadczenie\/o\u015bwiadczenie o\u00a0dochodach, wypis szpitalny dotycz\u0105cy os\u00f3b, kt\u00f3re w\u00a0okresie ostatnich 12 miesi\u0119cy przed\u00a0przyst\u0105pieniem do\u00a0projektu korzysta\u0142y ze\u00a0\u015bwiadczenia zdrowotnego w\u00a0zakresie leczenia szpitalnego.<\/li><\/ul><div class=\"wpb_text_column wpb_content_element \"><div class=\"wpb_wrapper\"><div class=\"wpb_text_column wpb_content_element \"><div class=\"wpb_wrapper\"><h2><img fetchpriority=\"high\" decoding=\"async\" class=\"alignnone wp-image-6544 size-large\" src=\"https:\/\/akademia-zdrowia.pl\/warszawa\/wp-content\/uploads\/2024\/12\/Obraz1-1024x96.jpg\" alt=\"\" width=\"1024\" height=\"96\" srcset=\"https:\/\/akademia-zdrowia.pl\/warszawa\/wp-content\/uploads\/2024\/12\/Obraz1-1024x96.jpg 1024w, https:\/\/akademia-zdrowia.pl\/warszawa\/wp-content\/uploads\/2024\/12\/Obraz1-300x28.jpg 300w, https:\/\/akademia-zdrowia.pl\/warszawa\/wp-content\/uploads\/2024\/12\/Obraz1-768x72.jpg 768w, https:\/\/akademia-zdrowia.pl\/warszawa\/wp-content\/uploads\/2024\/12\/Obraz1-1536x144.jpg 1536w, https:\/\/akademia-zdrowia.pl\/warszawa\/wp-content\/uploads\/2024\/12\/Obraz1-500x47.jpg 500w, https:\/\/akademia-zdrowia.pl\/warszawa\/wp-content\/uploads\/2024\/12\/Obraz1-1320x124.jpg 1320w, https:\/\/akademia-zdrowia.pl\/warszawa\/wp-content\/uploads\/2024\/12\/Obraz1.jpg 1890w\" sizes=\"(max-width: 1024px) 100vw, 1024px\" \/><\/h2><p><strong>Biuro Projektu \u201eWsparcie u Twego boku 2\u201d<\/strong><\/p><p>Akademia Zdrowia Sp. z o.o. Sp.k., ul. Jana Kazimierza 45\/5,<br \/>01-248 Warszawa, tel. 22 862 29 60<br \/>Biuro projektu jest czynne od\u00a0poniedzia\u0142ku do\u00a0pi\u0105tku w\u00a0godzinach 10:00-16:00<\/p><p>Czas trwania: 1\u00a0kwietnia 2021\u00a0r. do\u00a030\u00a0kwietnia 2023\u00a0r.<\/p><p>Projekt realizowany w ramach Regionalnego Programu Operacyjnego Wojew\u00f3dztwa Mazowieckiego na lata 2014-2020 (RPO WM 2014-2020) wsp\u00f3\u0142finansowanym z Europejskiego Funduszu Spo\u0142ecznego, O\u015b: IX Wspieranie w\u0142\u0105czenia spo\u0142ecznego i walka z ub\u00f3stwem; Dzia\u0142anie: IX.2 Us\u0142ugi spo\u0142eczne i us\u0142ugi opieki zdrowotnej; Poddzia\u0142anie:\u00a0 IX.2.1 Zwi\u0119kszenie dost\u0119pno\u015bci us\u0142ug spo\u0142ecznych.<\/p><\/div><\/div><\/div><\/div><\/div><\/div><\/div>\n\t\t\t\t\t\t\t\t\t<div class=\"elementor-tab-title elementor-tab-mobile-title\" aria-selected=\"false\" data-tab=\"2\" role=\"tab\" tabindex=\"-1\" aria-controls=\"elementor-tab-content-2272\" aria-expanded=\"false\">Dokumenty rekrutacyjne<\/div>\n\t\t\t\t\t<div id=\"elementor-tab-content-2272\" class=\"elementor-tab-content elementor-clearfix\" data-tab=\"2\" role=\"tabpanel\" aria-labelledby=\"elementor-tab-title-2272\" tabindex=\"0\" hidden=\"hidden\"><p><a href=\"https:\/\/akademia-zdrowia.pl\/warszawa\/wp-content\/uploads\/2024\/12\/1.-Zalacznik-do-pobrania-Formularz-rekrutacyjny.pdf\">Formularz rekrutacyjny (do pobrania)<\/a><br \/><a href=\"https:\/\/akademia-zdrowia.pl\/warszawa\/wp-content\/uploads\/2024\/12\/2.-Zalacznik-do-pobrania-Oswiadczenie-o-wsparciu.pdf\">O\u015bwiadczenie o niekorzystaniu z wsparcia w innym projekcie unijnym (do pobrania)<\/a><br \/><a href=\"https:\/\/akademia-zdrowia.pl\/warszawa\/wp-content\/uploads\/2024\/12\/3.-Zalacznik-do-pobrania-Ocena-wg-skali-Barthel.pdf\">Ocena wg skali Barthel (do pobrania)<\/a><br \/><a href=\"https:\/\/akademia-zdrowia.pl\/warszawa\/wp-content\/uploads\/2024\/12\/4.-Zalacznik-do-pobrania-Skierowanie-do-objecia-opieka-dlugoterminowa.pdf\">Skierowanie do obj\u0119cia opiek\u0105 d\u0142ugoterminow\u0105 (do pobrania)<\/a><br \/><a href=\"https:\/\/akademia-zdrowia.pl\/warszawa\/wp-content\/uploads\/2024\/12\/5.-Zalacznik-do-pobrania-Oswiadczenie-o-oczekiwaniu-na-swiadczenia.pdf\">O\u015bwiadczenie o oczekiwaniu na wsparcie (do pobrania)<\/a><br \/><a href=\"https:\/\/akademia-zdrowia.pl\/warszawa\/wp-content\/uploads\/2024\/12\/6.-Zalacznik-do-pobrania-Oswiadczenie-uczestnika-projektu-dot.-danych-osobowych.pdf\">O\u015bwiadczenie uczestnika projektu dotycz\u0105ce danych osobowych (do pobrania)<\/a><br \/><a href=\"https:\/\/akademia-zdrowia.pl\/warszawa\/wp-content\/uploads\/2024\/12\/7.-Zalacznik-do-pobrania-Regulamin-rekrutacji.pdf\">Regulamin rekrutacji (do pobrania)<\/a><br \/><a href=\"https:\/\/akademia-zdrowia.pl\/warszawa\/wp-content\/uploads\/2024\/12\/8.-Zalacznik-do-pobrania-RODO.pdf\">RODO (do pobrania)<\/a><\/p><\/div>\n\t\t\t\t\t\t\t\t\t<div class=\"elementor-tab-title elementor-tab-mobile-title\" aria-selected=\"false\" data-tab=\"3\" role=\"tab\" tabindex=\"-1\" aria-controls=\"elementor-tab-content-2273\" aria-expanded=\"false\">Zapytanie ofertowe<\/div>\n\t\t\t\t\t<div id=\"elementor-tab-content-2273\" class=\"elementor-tab-content elementor-clearfix\" data-tab=\"3\" role=\"tabpanel\" aria-labelledby=\"elementor-tab-title-2273\" tabindex=\"0\" hidden=\"hidden\"><p><a href=\"https:\/\/akademia-zdrowia.pl\/warszawa\/wp-content\/uploads\/2024\/12\/Zapytanie-Ofertowe-1-Psycholog.pdf\">Zapytanie ofertowe numer 1 (us\u0142ugi psychologiczne) (do pobrania)<\/a><br \/><a href=\"https:\/\/akademia-zdrowia.pl\/warszawa\/wp-content\/uploads\/2024\/12\/Zapytanie-Ofertowe-2-Uslugi-opiekuncze-dla-os.-niesamodzielnych.pdf\">Zapytanie ofertowe numer 2 (us\u0142ugi opieku\u0144cze) (do pobrania)<\/a><br \/><a href=\"https:\/\/akademia-zdrowia.pl\/warszawa\/wp-content\/uploads\/2024\/12\/Zapytanie-Ofertowe-3-Opiekun-os.-z-niepelnosprawnoscia.pdf\">Zapytanie ofertowe numer 3 (opiekun os\u00f3b z niepe\u0142nosprawno\u015bci\u0105) (do pobrania)<\/a><br \/><a href=\"https:\/\/akademia-zdrowia.pl\/warszawa\/wp-content\/uploads\/2024\/12\/Zapytanie-Ofertowe-4-Specjalistyczne-us.-opiekuncze.pdf\">Zapytanie ofertowe numer 4 (specjalistyczne us\u0142ugi opieku\u0144cze) (do pobrania)<\/a><br \/><a href=\"https:\/\/akademia-zdrowia.pl\/warszawa\/wp-content\/uploads\/2024\/12\/Zapytanie-Ofertowe-5-Fizjoterapeuta.pdf\">Zapytanie ofertowe numer 5 (us\u0142ugi rehabilitacyjne) (do pobrania)<\/a><br \/><br \/><\/p><\/div>\n\t\t\t\t\t\t\t<\/div>\n\t\t<\/div>\n\t\t\t\t\t\t<\/div>\n\t\t\t\t<\/div>\n\t\t\t\t\t<\/div>\n\t\t<\/div>\n\t\t\t\t\t<\/div>\n\t\t<\/section>\n\t\t\t\t<\/div>\n\t\t","protected":false},"excerpt":{"rendered":"<p>AKADEMIA ZDROWIA Wsparcie u Twego boku 2 O\u015aWIADCZAMY O GOTOWO\u015aCI DO \u015aWIADCZENIA WSZYSTKICH US\u0141UG W RAMACH PROJEKTU CO NAJMNIEJ DO DN. 31.05.2025r. tj. d\u0142ugoterminowe wsparcie opieku\u0144cze dla 23 os\u00f3b niesamodzielnych w miejscu zamieszkania: 12 miejsc dla os\u00f3b niesamodzielnych potrzebuj\u0105cych wsparcia opieku\u0144czego 11 miejsc dla os\u00f3b niesamodzielnych z niepe\u0142nosprawno\u015bci\u0105 wymagaj\u0105cych specjalistycznej opieki d\u0142ugoterminowej oraz rehabilitacji. W&#8230;<\/p>\n","protected":false},"author":3,"featured_media":0,"parent":6440,"menu_order":0,"comment_status":"closed","ping_status":"closed","template":"","meta":{"footnotes":""},"class_list":["post-6438","page","type-page","status-publish","hentry"],"yoast_head":"<!-- This site is optimized with the Yoast SEO plugin v26.8 - https:\/\/yoast.com\/product\/yoast-seo-wordpress\/ -->\n<title>Wsparcie u Twego boku 2 - Akademia zdrowia \u2013 Warszawa \u2013 Kursy zawodowe, szko\u0142y policealne<\/title>\n<meta name=\"description\" content=\"AKADEMIA ZDROWIAWsparcie u Twego boku 2 O\u015aWIADCZAMY O GOTOWO\u015aCI DO \u015aWIADCZENIA WSZYSTKICH US\u0141UG W RAMACH PROJEKTU CO NAJMNIEJ DO DN. 31.05.2025r. tj.\" \/>\n<meta name=\"robots\" content=\"index, follow, max-snippet:-1, max-image-preview:large, max-video-preview:-1\" \/>\n<link rel=\"canonical\" href=\"https:\/\/akademia-zdrowia.pl\/warszawa\/projekty-unijne\/wsparcie-u-twego-boku-2\/\" \/>\n<meta property=\"og:locale\" content=\"pl_PL\" \/>\n<meta property=\"og:type\" content=\"article\" \/>\n<meta property=\"og:title\" content=\"Wsparcie u Twego boku 2 - Akademia zdrowia \u2013 Warszawa \u2013 Kursy zawodowe, szko\u0142y policealne\" \/>\n<meta property=\"og:description\" content=\"AKADEMIA ZDROWIAWsparcie u Twego boku 2 O\u015aWIADCZAMY O GOTOWO\u015aCI DO \u015aWIADCZENIA WSZYSTKICH US\u0141UG W RAMACH PROJEKTU CO NAJMNIEJ DO DN. 31.05.2025r. tj.\" \/>\n<meta property=\"og:url\" content=\"https:\/\/akademia-zdrowia.pl\/warszawa\/projekty-unijne\/wsparcie-u-twego-boku-2\/\" \/>\n<meta property=\"og:site_name\" content=\"Nowa kategoria kursu\" \/>\n<meta property=\"article:modified_time\" content=\"2024-12-03T13:35:52+00:00\" \/>\n<meta property=\"og:image\" content=\"https:\/\/akademia-zdrowia.pl\/warszawa\/wp-content\/uploads\/2024\/12\/Obraz1.jpg\" \/>\n\t<meta property=\"og:image:width\" content=\"1890\" \/>\n\t<meta property=\"og:image:height\" content=\"177\" \/>\n\t<meta property=\"og:image:type\" content=\"image\/jpeg\" \/>\n<meta name=\"twitter:card\" content=\"summary_large_image\" \/>\n<meta name=\"twitter:label1\" content=\"Szacowany czas czytania\" \/>\n\t<meta name=\"twitter:data1\" content=\"4 minuty\" \/>\n<script type=\"application\/ld+json\" class=\"yoast-schema-graph\">{\"@context\":\"https:\/\/schema.org\",\"@graph\":[{\"@type\":\"WebPage\",\"@id\":\"https:\/\/akademia-zdrowia.pl\/warszawa\/projekty-unijne\/wsparcie-u-twego-boku-2\/\",\"url\":\"https:\/\/akademia-zdrowia.pl\/warszawa\/projekty-unijne\/wsparcie-u-twego-boku-2\/\",\"name\":\"Wsparcie u Twego boku 2 - Akademia zdrowia \u2013 Warszawa \u2013 Kursy zawodowe, szko\u0142y policealne\",\"isPartOf\":{\"@id\":\"https:\/\/akademia-zdrowia.pl\/warszawa\/#website\"},\"primaryImageOfPage\":{\"@id\":\"https:\/\/akademia-zdrowia.pl\/warszawa\/projekty-unijne\/wsparcie-u-twego-boku-2\/#primaryimage\"},\"image\":{\"@id\":\"https:\/\/akademia-zdrowia.pl\/warszawa\/projekty-unijne\/wsparcie-u-twego-boku-2\/#primaryimage\"},\"thumbnailUrl\":\"https:\/\/akademia-zdrowia.pl\/warszawa\/wp-content\/uploads\/2024\/12\/Obraz1-1024x96.jpg\",\"datePublished\":\"2024-12-02T07:45:17+00:00\",\"dateModified\":\"2024-12-03T13:35:52+00:00\",\"description\":\"AKADEMIA ZDROWIAWsparcie u Twego boku 2 O\u015aWIADCZAMY O GOTOWO\u015aCI DO \u015aWIADCZENIA WSZYSTKICH US\u0141UG W RAMACH PROJEKTU CO NAJMNIEJ DO DN. 31.05.2025r. tj.\",\"breadcrumb\":{\"@id\":\"https:\/\/akademia-zdrowia.pl\/warszawa\/projekty-unijne\/wsparcie-u-twego-boku-2\/#breadcrumb\"},\"inLanguage\":\"pl-PL\",\"potentialAction\":[{\"@type\":\"ReadAction\",\"target\":[\"https:\/\/akademia-zdrowia.pl\/warszawa\/projekty-unijne\/wsparcie-u-twego-boku-2\/\"]}]},{\"@type\":\"ImageObject\",\"inLanguage\":\"pl-PL\",\"@id\":\"https:\/\/akademia-zdrowia.pl\/warszawa\/projekty-unijne\/wsparcie-u-twego-boku-2\/#primaryimage\",\"url\":\"https:\/\/akademia-zdrowia.pl\/warszawa\/wp-content\/uploads\/2024\/12\/Obraz1.jpg\",\"contentUrl\":\"https:\/\/akademia-zdrowia.pl\/warszawa\/wp-content\/uploads\/2024\/12\/Obraz1.jpg\",\"width\":1890,\"height\":177},{\"@type\":\"BreadcrumbList\",\"@id\":\"https:\/\/akademia-zdrowia.pl\/warszawa\/projekty-unijne\/wsparcie-u-twego-boku-2\/#breadcrumb\",\"itemListElement\":[{\"@type\":\"ListItem\",\"position\":1,\"name\":\"Strona g\u0142\u00f3wna\",\"item\":\"https:\/\/akademia-zdrowia.pl\/warszawa\/\"},{\"@type\":\"ListItem\",\"position\":2,\"name\":\"Projekty unijne\",\"item\":\"https:\/\/akademia-zdrowia.pl\/warszawa\/projekty-unijne\/\"},{\"@type\":\"ListItem\",\"position\":3,\"name\":\"Wsparcie u Twego boku 2\"}]},{\"@type\":\"WebSite\",\"@id\":\"https:\/\/akademia-zdrowia.pl\/warszawa\/#website\",\"url\":\"https:\/\/akademia-zdrowia.pl\/warszawa\/\",\"name\":\"Nowa kategoria kursu\",\"description\":\"Nowy kurs \",\"potentialAction\":[{\"@type\":\"SearchAction\",\"target\":{\"@type\":\"EntryPoint\",\"urlTemplate\":\"https:\/\/akademia-zdrowia.pl\/warszawa\/?s={search_term_string}\"},\"query-input\":{\"@type\":\"PropertyValueSpecification\",\"valueRequired\":true,\"valueName\":\"search_term_string\"}}],\"inLanguage\":\"pl-PL\"}]}<\/script>\n<!-- \/ Yoast SEO plugin. -->","yoast_head_json":{"title":"Wsparcie u Twego boku 2 - Akademia zdrowia \u2013 Warszawa \u2013 Kursy zawodowe, szko\u0142y policealne","description":"AKADEMIA ZDROWIAWsparcie u Twego boku 2 O\u015aWIADCZAMY O GOTOWO\u015aCI DO \u015aWIADCZENIA WSZYSTKICH US\u0141UG W RAMACH PROJEKTU CO NAJMNIEJ DO DN. 31.05.2025r. tj.","robots":{"index":"index","follow":"follow","max-snippet":"max-snippet:-1","max-image-preview":"max-image-preview:large","max-video-preview":"max-video-preview:-1"},"canonical":"https:\/\/akademia-zdrowia.pl\/warszawa\/projekty-unijne\/wsparcie-u-twego-boku-2\/","og_locale":"pl_PL","og_type":"article","og_title":"Wsparcie u Twego boku 2 - Akademia zdrowia \u2013 Warszawa \u2013 Kursy zawodowe, szko\u0142y policealne","og_description":"AKADEMIA ZDROWIAWsparcie u Twego boku 2 O\u015aWIADCZAMY O GOTOWO\u015aCI DO \u015aWIADCZENIA WSZYSTKICH US\u0141UG W RAMACH PROJEKTU CO NAJMNIEJ DO DN. 31.05.2025r. tj.","og_url":"https:\/\/akademia-zdrowia.pl\/warszawa\/projekty-unijne\/wsparcie-u-twego-boku-2\/","og_site_name":"Nowa kategoria kursu","article_modified_time":"2024-12-03T13:35:52+00:00","og_image":[{"width":1890,"height":177,"url":"https:\/\/akademia-zdrowia.pl\/warszawa\/wp-content\/uploads\/2024\/12\/Obraz1.jpg","type":"image\/jpeg"}],"twitter_card":"summary_large_image","twitter_misc":{"Szacowany czas czytania":"4 minuty"},"schema":{"@context":"https:\/\/schema.org","@graph":[{"@type":"WebPage","@id":"https:\/\/akademia-zdrowia.pl\/warszawa\/projekty-unijne\/wsparcie-u-twego-boku-2\/","url":"https:\/\/akademia-zdrowia.pl\/warszawa\/projekty-unijne\/wsparcie-u-twego-boku-2\/","name":"Wsparcie u Twego boku 2 - Akademia zdrowia \u2013 Warszawa \u2013 Kursy zawodowe, szko\u0142y policealne","isPartOf":{"@id":"https:\/\/akademia-zdrowia.pl\/warszawa\/#website"},"primaryImageOfPage":{"@id":"https:\/\/akademia-zdrowia.pl\/warszawa\/projekty-unijne\/wsparcie-u-twego-boku-2\/#primaryimage"},"image":{"@id":"https:\/\/akademia-zdrowia.pl\/warszawa\/projekty-unijne\/wsparcie-u-twego-boku-2\/#primaryimage"},"thumbnailUrl":"https:\/\/akademia-zdrowia.pl\/warszawa\/wp-content\/uploads\/2024\/12\/Obraz1-1024x96.jpg","datePublished":"2024-12-02T07:45:17+00:00","dateModified":"2024-12-03T13:35:52+00:00","description":"AKADEMIA ZDROWIAWsparcie u Twego boku 2 O\u015aWIADCZAMY O GOTOWO\u015aCI DO \u015aWIADCZENIA WSZYSTKICH US\u0141UG W RAMACH PROJEKTU CO NAJMNIEJ DO DN. 31.05.2025r. tj.","breadcrumb":{"@id":"https:\/\/akademia-zdrowia.pl\/warszawa\/projekty-unijne\/wsparcie-u-twego-boku-2\/#breadcrumb"},"inLanguage":"pl-PL","potentialAction":[{"@type":"ReadAction","target":["https:\/\/akademia-zdrowia.pl\/warszawa\/projekty-unijne\/wsparcie-u-twego-boku-2\/"]}]},{"@type":"ImageObject","inLanguage":"pl-PL","@id":"https:\/\/akademia-zdrowia.pl\/warszawa\/projekty-unijne\/wsparcie-u-twego-boku-2\/#primaryimage","url":"https:\/\/akademia-zdrowia.pl\/warszawa\/wp-content\/uploads\/2024\/12\/Obraz1.jpg","contentUrl":"https:\/\/akademia-zdrowia.pl\/warszawa\/wp-content\/uploads\/2024\/12\/Obraz1.jpg","width":1890,"height":177},{"@type":"BreadcrumbList","@id":"https:\/\/akademia-zdrowia.pl\/warszawa\/projekty-unijne\/wsparcie-u-twego-boku-2\/#breadcrumb","itemListElement":[{"@type":"ListItem","position":1,"name":"Strona g\u0142\u00f3wna","item":"https:\/\/akademia-zdrowia.pl\/warszawa\/"},{"@type":"ListItem","position":2,"name":"Projekty unijne","item":"https:\/\/akademia-zdrowia.pl\/warszawa\/projekty-unijne\/"},{"@type":"ListItem","position":3,"name":"Wsparcie u Twego boku 2"}]},{"@type":"WebSite","@id":"https:\/\/akademia-zdrowia.pl\/warszawa\/#website","url":"https:\/\/akademia-zdrowia.pl\/warszawa\/","name":"Nowa kategoria kursu","description":"Nowy kurs ","potentialAction":[{"@type":"SearchAction","target":{"@type":"EntryPoint","urlTemplate":"https:\/\/akademia-zdrowia.pl\/warszawa\/?s={search_term_string}"},"query-input":{"@type":"PropertyValueSpecification","valueRequired":true,"valueName":"search_term_string"}}],"inLanguage":"pl-PL"}]}},"_links":{"self":[{"href":"https:\/\/akademia-zdrowia.pl\/warszawa\/wp-json\/wp\/v2\/pages\/6438","targetHints":{"allow":["GET"]}}],"collection":[{"href":"https:\/\/akademia-zdrowia.pl\/warszawa\/wp-json\/wp\/v2\/pages"}],"about":[{"href":"https:\/\/akademia-zdrowia.pl\/warszawa\/wp-json\/wp\/v2\/types\/page"}],"author":[{"embeddable":true,"href":"https:\/\/akademia-zdrowia.pl\/warszawa\/wp-json\/wp\/v2\/users\/3"}],"replies":[{"embeddable":true,"href":"https:\/\/akademia-zdrowia.pl\/warszawa\/wp-json\/wp\/v2\/comments?post=6438"}],"version-history":[{"count":112,"href":"https:\/\/akademia-zdrowia.pl\/warszawa\/wp-json\/wp\/v2\/pages\/6438\/revisions"}],"predecessor-version":[{"id":6600,"href":"https:\/\/akademia-zdrowia.pl\/warszawa\/wp-json\/wp\/v2\/pages\/6438\/revisions\/6600"}],"up":[{"embeddable":true,"href":"https:\/\/akademia-zdrowia.pl\/warszawa\/wp-json\/wp\/v2\/pages\/6440"}],"wp:attachment":[{"href":"https:\/\/akademia-zdrowia.pl\/warszawa\/wp-json\/wp\/v2\/media?parent=6438"}],"curies":[{"name":"wp","href":"https:\/\/api.w.org\/{rel}","templated":true}]}}